{"id":38,"date":"2025-01-31T09:04:39","date_gmt":"2025-01-31T09:04:39","guid":{"rendered":"https:\/\/rentallorca.com\/blog\/?page_id=38"},"modified":"2026-01-16T13:05:55","modified_gmt":"2026-01-16T13:05:55","slug":"tu-viaje-a-mallorca","status":"publish","type":"page","link":"https:\/\/rentallorca.com\/blog\/","title":{"rendered":"Tu viaje a Mallorca"},"content":{"rendered":"\t\t<div data-elementor-type=\"wp-page\" data-elementor-id=\"38\" class=\"elementor elementor-38\" data-elementor-post-type=\"page\">\n\t\t\t\t\t\t<section class=\"elementor-section elementor-top-section elementor-element elementor-element-2e3290db elementor-section-boxed elementor-section-height-default elementor-section-height-default\" data-id=\"2e3290db\" data-element_type=\"section\" data-e-type=\"section\">\n\t\t\t\t\t\t<div class=\"elementor-container elementor-column-gap-default\">\n\t\t\t\t\t<div class=\"elementor-column elementor-col-100 elementor-top-column elementor-element elementor-element-a661a65\" data-id=\"a661a65\" data-element_type=\"column\" data-e-type=\"column\">\n\t\t\t<div class=\"elementor-widget-wrap elementor-element-populated\">\n\t\t\t\t\t\t<div class=\"elementor-element elementor-element-13047b20 elementor-widget elementor-widget-heading\" data-id=\"13047b20\" data-element_type=\"widget\" data-e-type=\"widget\" data-widget_type=\"heading.default\">\n\t\t\t\t<div class=\"elementor-widget-container\">\n\t\t\t\t\t<h1 class=\"elementor-heading-title elementor-size-default\">Tu viaje a Mallorca<\/h1>\t\t\t\t<\/div>\n\t\t\t\t<\/div>\n\t\t\t\t<div class=\"elementor-element elementor-element-1268751 elementor-widget elementor-widget-text-editor\" data-id=\"1268751\" data-element_type=\"widget\" data-e-type=\"widget\" data-widget_type=\"text-editor.default\">\n\t\t\t\t<div class=\"elementor-widget-container\">\n\t\t\t\t\t\t\t\t\t<p>Prepara tu <strong>viaje a Mallorca<\/strong> a trav\u00e9s de nuestros art\u00edculos, donde exploramos los pueblos m\u00e1s pintorescos y encantadores de la isla. Desde la belleza costera de <strong>Alcudia<\/strong> y <strong>Pollensa<\/strong> hasta la autenticidad de <strong>Soller<\/strong> y <strong>Petra<\/strong>, te llevamos a recorrer rincones llenos de historia, naturaleza y gastronom\u00eda local. Si buscas inspiraci\u00f3n para tu pr\u00f3xima escapada, aqu\u00ed encontrar\u00e1s recomendaciones sobre qu\u00e9 ver, d\u00f3nde comer y c\u00f3mo disfrutar al m\u00e1ximo de este para\u00edso mediterr\u00e1neo.<\/p>\t\t\t\t\t\t\t\t<\/div>\n\t\t\t\t<\/div>\n\t\t\t\t\t<\/div>\n\t\t<\/div>\n\t\t\t\t\t<\/div>\n\t\t<\/section>\n\t\t<div class=\"elementor-element elementor-element-58e35c6 e-flex e-con-boxed e-con e-parent\" data-id=\"58e35c6\" data-element_type=\"container\" data-e-type=\"container\">\n\t\t\t\t\t<div class=\"e-con-inner\">\n\t\t\t\t<div class=\"elementor-element elementor-element-4caba91 elementor-widget__width-initial elementor-arrows-position-outside elementor-pagination-type-bullets elementor-pagination-position-outside elementor-widget elementor-widget-loop-carousel\" data-id=\"4caba91\" data-element_type=\"widget\" data-e-type=\"widget\" data-settings=\"{&quot;template_id&quot;:748,&quot;image_spacing_custom&quot;:{&quot;unit&quot;:&quot;px&quot;,&quot;size&quot;:&quot;&quot;,&quot;sizes&quot;:[]},&quot;_skin&quot;:&quot;post&quot;,&quot;slides_to_show&quot;:&quot;3&quot;,&quot;slides_to_show_tablet&quot;:&quot;2&quot;,&quot;slides_to_show_mobile&quot;:&quot;1&quot;,&quot;slides_to_scroll&quot;:&quot;1&quot;,&quot;edit_handle_selector&quot;:&quot;.elementor-loop-container&quot;,&quot;autoplay&quot;:&quot;yes&quot;,&quot;autoplay_speed&quot;:5000,&quot;pause_on_hover&quot;:&quot;yes&quot;,&quot;pause_on_interaction&quot;:&quot;yes&quot;,&quot;infinite&quot;:&quot;yes&quot;,&quot;speed&quot;:500,&quot;offset_sides&quot;:&quot;none&quot;,&quot;arrows&quot;:&quot;yes&quot;,&quot;pagination&quot;:&quot;bullets&quot;,&quot;image_spacing_custom_tablet&quot;:{&quot;unit&quot;:&quot;px&quot;,&quot;size&quot;:&quot;&quot;,&quot;sizes&quot;:[]},&quot;image_spacing_custom_mobile&quot;:{&quot;unit&quot;:&quot;px&quot;,&quot;size&quot;:&quot;&quot;,&quot;sizes&quot;:[]}}\" data-widget_type=\"loop-carousel.post\">\n\t\t\t\t<div class=\"elementor-widget-container\">\n\t\t\t\t\t\t\t<div class=\"swiper elementor-loop-container elementor-grid\" role=\"list\" dir=\"ltr\">\n\t\t\t\t<div class=\"swiper-wrapper\" aria-live=\"off\">\n\t\t<style id=\"loop-748\">.elementor-748 .elementor-element.elementor-element-e2cfd45{--display:flex;--flex-direction:row;--container-widget-width:initial;--container-widget-height:100%;--container-widget-flex-grow:1;--container-widget-align-self:stretch;--flex-wrap-mobile:wrap;}.elementor-widget-call-to-action .elementor-cta__title{font-family:var( --e-global-typography-primary-font-family ), Sans-serif;font-size:var( --e-global-typography-primary-font-size );font-weight:var( --e-global-typography-primary-font-weight );}.elementor-widget-call-to-action .elementor-cta__description{font-family:var( --e-global-typography-text-font-family ), Sans-serif;font-size:var( --e-global-typography-text-font-size );font-weight:var( --e-global-typography-text-font-weight );}.elementor-widget-call-to-action .elementor-cta__button{font-family:var( --e-global-typography-accent-font-family ), Sans-serif;font-weight:var( --e-global-typography-accent-font-weight );}.elementor-widget-call-to-action .elementor-ribbon-inner{background-color:var( --e-global-color-accent );font-family:var( --e-global-typography-accent-font-family ), Sans-serif;font-weight:var( --e-global-typography-accent-font-weight );}.elementor-748 .elementor-element.elementor-element-13daef5 .elementor-cta__content{text-align:start;padding:070px 20px 30px 50px;}.elementor-748 .elementor-element.elementor-element-13daef5 .elementor-cta__title{font-family:\"Quicksand\", Sans-serif;font-size:25px;font-weight:800;-webkit-text-stroke-width:0px;stroke-width:0px;-webkit-text-stroke-color:#FFFFFF;stroke:#FFFFFF;}.elementor-748 .elementor-element.elementor-element-13daef5 .elementor-cta__title:not(:last-child){margin-bottom:20px;}.elementor-748 .elementor-element.elementor-element-13daef5 .elementor-cta:not(:hover) .elementor-cta__bg-overlay{background-color:#0000006E;}.elementor-748 .elementor-element.elementor-element-13daef5 .elementor-cta:hover .elementor-cta__bg{filter:brightness( 100% ) contrast( 100% ) saturate( 100% ) blur( 0px ) hue-rotate( 0deg );}.elementor-748 .elementor-element.elementor-element-13daef5 .elementor-cta .elementor-cta__bg, .elementor-748 .elementor-element.elementor-element-13daef5 .elementor-cta .elementor-cta__bg-overlay{transition-duration:1500ms;}.elementor-748 .elementor-element.elementor-element-13daef5 > .elementor-widget-container{padding:0px 0px 0px 0px;border-radius:20px 20px 20px 20px;}.elementor-748 .elementor-element.elementor-element-13daef5.elementor-element{--flex-grow:1;--flex-shrink:0;}@media(min-width:768px){.elementor-748 .elementor-element.elementor-element-e2cfd45{--content-width:1440px;}}@media(max-width:1024px){.elementor-widget-call-to-action .elementor-cta__title{font-size:var( --e-global-typography-primary-font-size );}.elementor-widget-call-to-action .elementor-cta__description{font-size:var( --e-global-typography-text-font-size );}}@media(max-width:767px){.elementor-widget-call-to-action .elementor-cta__title{font-size:var( --e-global-typography-primary-font-size );}.elementor-widget-call-to-action .elementor-cta__description{font-size:var( --e-global-typography-text-font-size );}}<\/style>\t\t<div data-elementor-type=\"loop-item\" data-elementor-id=\"748\" class=\"elementor elementor-748 swiper-slide e-loop-item e-loop-item-3845 post-3845 post type-post status-publish format-standard has-post-thumbnail hentry category-destinos\" data-elementor-post-type=\"elementor_library\" role=\"group\" aria-roledescription=\"slide\" data-custom-edit-handle=\"1\">\n\t\t\t<div class=\"elementor-element elementor-element-e2cfd45 e-flex e-con-boxed e-con e-parent\" data-id=\"e2cfd45\" data-element_type=\"container\" data-e-type=\"container\">\n\t\t\t\t\t<div class=\"e-con-inner\">\n\t\t\t\t<div class=\"elementor-element elementor-element-13daef5 elementor-cta--skin-cover elementor-cta--valign-bottom elementor-bg-transform elementor-bg-transform-zoom-in elementor-widget elementor-widget-call-to-action\" data-id=\"13daef5\" data-element_type=\"widget\" data-e-type=\"widget\" data-widget_type=\"call-to-action.default\">\n\t\t\t\t<div class=\"elementor-widget-container\">\n\t\t\t\t\t\t\t<a class=\"elementor-cta\" href=\"https:\/\/rentallorca.com\/blog\/que-hacer-sant-llorenc-des-cardassar\/\">\n\t\t\t\t\t<div class=\"elementor-cta__bg-wrapper\">\n\t\t\t\t<div class=\"elementor-cta__bg elementor-bg\" style=\"background-image: url(https:\/\/rentallorca.com\/blog\/wp-content\/uploads\/2026\/04\/Sant-Llorenc-des-Cardassar.webp);\" role=\"img\" aria-label=\"Sant-Llorenc-des-Cardassar.webp\"><\/div>\n\t\t\t\t<div class=\"elementor-cta__bg-overlay\"><\/div>\n\t\t\t<\/div>\n\t\t\t\t\t\t\t<div class=\"elementor-cta__content\">\n\t\t\t\t\n\t\t\t\t\t\t\t\t\t<h4 class=\"elementor-cta__title elementor-cta__content-item elementor-content-item\">\n\t\t\t\t\t\tQu\u00e9 hacer en Sant Lloren\u00e7 des Cardassar y por qu\u00e9 merece una visita en Mallorca\t\t\t\t\t<\/h4>\n\t\t\t\t\n\t\t\t\t\n\t\t\t\t\t\t\t<\/div>\n\t\t\t\t\t\t<\/a>\n\t\t\t\t\t\t<\/div>\n\t\t\t\t<\/div>\n\t\t\t\t\t<\/div>\n\t\t\t\t<\/div>\n\t\t\t\t<\/div>\n\t\t\t\t<div data-elementor-type=\"loop-item\" data-elementor-id=\"748\" class=\"elementor elementor-748 swiper-slide e-loop-item e-loop-item-3840 post-3840 post type-post status-publish format-standard has-post-thumbnail hentry category-mallorca-destino\" data-elementor-post-type=\"elementor_library\" role=\"group\" aria-roledescription=\"slide\" data-custom-edit-handle=\"1\">\n\t\t\t<div class=\"elementor-element elementor-element-e2cfd45 e-flex e-con-boxed e-con e-parent\" data-id=\"e2cfd45\" data-element_type=\"container\" data-e-type=\"container\">\n\t\t\t\t\t<div class=\"e-con-inner\">\n\t\t\t\t<div class=\"elementor-element elementor-element-13daef5 elementor-cta--skin-cover elementor-cta--valign-bottom elementor-bg-transform elementor-bg-transform-zoom-in elementor-widget elementor-widget-call-to-action\" data-id=\"13daef5\" data-element_type=\"widget\" data-e-type=\"widget\" data-widget_type=\"call-to-action.default\">\n\t\t\t\t<div class=\"elementor-widget-container\">\n\t\t\t\t\t\t\t<a class=\"elementor-cta\" href=\"https:\/\/rentallorca.com\/blog\/mallorca-en-mayo\/\">\n\t\t\t\t\t<div class=\"elementor-cta__bg-wrapper\">\n\t\t\t\t<div class=\"elementor-cta__bg elementor-bg\" style=\"background-image: url(https:\/\/rentallorca.com\/blog\/wp-content\/uploads\/2026\/04\/mallorca-en-mayo.jpg);\" role=\"img\" aria-label=\"mallorca-en-mayo.jpg\"><\/div>\n\t\t\t\t<div class=\"elementor-cta__bg-overlay\"><\/div>\n\t\t\t<\/div>\n\t\t\t\t\t\t\t<div class=\"elementor-cta__content\">\n\t\t\t\t\n\t\t\t\t\t\t\t\t\t<h4 class=\"elementor-cta__title elementor-cta__content-item elementor-content-item\">\n\t\t\t\t\t\tMallorca en mayo, el momento ideal para disfrutar de la isla con calma\t\t\t\t\t<\/h4>\n\t\t\t\t\n\t\t\t\t\n\t\t\t\t\t\t\t<\/div>\n\t\t\t\t\t\t<\/a>\n\t\t\t\t\t\t<\/div>\n\t\t\t\t<\/div>\n\t\t\t\t\t<\/div>\n\t\t\t\t<\/div>\n\t\t\t\t<\/div>\n\t\t\t\t<div data-elementor-type=\"loop-item\" data-elementor-id=\"748\" class=\"elementor elementor-748 swiper-slide e-loop-item e-loop-item-3769 post-3769 post type-post status-publish format-standard has-post-thumbnail hentry category-mallorca\" data-elementor-post-type=\"elementor_library\" role=\"group\" aria-roledescription=\"slide\" data-custom-edit-handle=\"1\">\n\t\t\t<div class=\"elementor-element elementor-element-e2cfd45 e-flex e-con-boxed e-con e-parent\" data-id=\"e2cfd45\" data-element_type=\"container\" data-e-type=\"container\">\n\t\t\t\t\t<div class=\"e-con-inner\">\n\t\t\t\t<div class=\"elementor-element elementor-element-13daef5 elementor-cta--skin-cover elementor-cta--valign-bottom elementor-bg-transform elementor-bg-transform-zoom-in elementor-widget elementor-widget-call-to-action\" data-id=\"13daef5\" data-element_type=\"widget\" data-e-type=\"widget\" data-widget_type=\"call-to-action.default\">\n\t\t\t\t<div class=\"elementor-widget-container\">\n\t\t\t\t\t\t\t<a class=\"elementor-cta\" href=\"https:\/\/rentallorca.com\/blog\/mallorca-en-abril\/\">\n\t\t\t\t\t<div class=\"elementor-cta__bg-wrapper\">\n\t\t\t\t<div class=\"elementor-cta__bg elementor-bg\" style=\"background-image: url(https:\/\/rentallorca.com\/blog\/wp-content\/uploads\/2026\/03\/mallorca-en-abril.jpg);\" role=\"img\" aria-label=\"mallorca-en-abril.jpg\"><\/div>\n\t\t\t\t<div class=\"elementor-cta__bg-overlay\"><\/div>\n\t\t\t<\/div>\n\t\t\t\t\t\t\t<div class=\"elementor-cta__content\">\n\t\t\t\t\n\t\t\t\t\t\t\t\t\t<h4 class=\"elementor-cta__title elementor-cta__content-item elementor-content-item\">\n\t\t\t\t\t\t\u00bfQu\u00e9 tiempo hace en Mallorca en abril? Descubre los mejores planes para disfrutar la isla\t\t\t\t\t<\/h4>\n\t\t\t\t\n\t\t\t\t\n\t\t\t\t\t\t\t<\/div>\n\t\t\t\t\t\t<\/a>\n\t\t\t\t\t\t<\/div>\n\t\t\t\t<\/div>\n\t\t\t\t\t<\/div>\n\t\t\t\t<\/div>\n\t\t\t\t<\/div>\n\t\t\t\t<div data-elementor-type=\"loop-item\" data-elementor-id=\"748\" class=\"elementor elementor-748 swiper-slide e-loop-item e-loop-item-3615 post-3615 post type-post status-publish format-standard has-post-thumbnail hentry category-mallorca\" data-elementor-post-type=\"elementor_library\" role=\"group\" aria-roledescription=\"slide\" data-custom-edit-handle=\"1\">\n\t\t\t<div class=\"elementor-element elementor-element-e2cfd45 e-flex e-con-boxed e-con e-parent\" data-id=\"e2cfd45\" data-element_type=\"container\" data-e-type=\"container\">\n\t\t\t\t\t<div class=\"e-con-inner\">\n\t\t\t\t<div class=\"elementor-element elementor-element-13daef5 elementor-cta--skin-cover elementor-cta--valign-bottom elementor-bg-transform elementor-bg-transform-zoom-in elementor-widget elementor-widget-call-to-action\" data-id=\"13daef5\" data-element_type=\"widget\" data-e-type=\"widget\" data-widget_type=\"call-to-action.default\">\n\t\t\t\t<div class=\"elementor-widget-container\">\n\t\t\t\t\t\t\t<a class=\"elementor-cta\" href=\"https:\/\/rentallorca.com\/blog\/mallorca-en-marzo\/\">\n\t\t\t\t\t<div class=\"elementor-cta__bg-wrapper\">\n\t\t\t\t<div class=\"elementor-cta__bg elementor-bg\" style=\"background-image: url(https:\/\/rentallorca.com\/blog\/wp-content\/uploads\/2026\/02\/mallorca-marzo.jpg);\" role=\"img\" aria-label=\"mallorca marzo\"><\/div>\n\t\t\t\t<div class=\"elementor-cta__bg-overlay\"><\/div>\n\t\t\t<\/div>\n\t\t\t\t\t\t\t<div class=\"elementor-cta__content\">\n\t\t\t\t\n\t\t\t\t\t\t\t\t\t<h4 class=\"elementor-cta__title elementor-cta__content-item elementor-content-item\">\n\t\t\t\t\t\tMallorca en marzo es buen clima, planes y una oportunidad de oro para visitar la isla\t\t\t\t\t<\/h4>\n\t\t\t\t\n\t\t\t\t\n\t\t\t\t\t\t\t<\/div>\n\t\t\t\t\t\t<\/a>\n\t\t\t\t\t\t<\/div>\n\t\t\t\t<\/div>\n\t\t\t\t\t<\/div>\n\t\t\t\t<\/div>\n\t\t\t\t<\/div>\n\t\t\t\t<div data-elementor-type=\"loop-item\" data-elementor-id=\"748\" class=\"elementor elementor-748 swiper-slide e-loop-item e-loop-item-3460 post-3460 post type-post status-publish format-standard has-post-thumbnail hentry\" data-elementor-post-type=\"elementor_library\" role=\"group\" aria-roledescription=\"slide\" data-custom-edit-handle=\"1\">\n\t\t\t<div class=\"elementor-element elementor-element-e2cfd45 e-flex e-con-boxed e-con e-parent\" data-id=\"e2cfd45\" data-element_type=\"container\" data-e-type=\"container\">\n\t\t\t\t\t<div class=\"e-con-inner\">\n\t\t\t\t<div class=\"elementor-element elementor-element-13daef5 elementor-cta--skin-cover elementor-cta--valign-bottom elementor-bg-transform elementor-bg-transform-zoom-in elementor-widget elementor-widget-call-to-action\" data-id=\"13daef5\" data-element_type=\"widget\" data-e-type=\"widget\" data-widget_type=\"call-to-action.default\">\n\t\t\t\t<div class=\"elementor-widget-container\">\n\t\t\t\t\t\t\t<a class=\"elementor-cta\" href=\"https:\/\/rentallorca.com\/blog\/mallorca-en-febrero\/\">\n\t\t\t\t\t<div class=\"elementor-cta__bg-wrapper\">\n\t\t\t\t<div class=\"elementor-cta__bg elementor-bg\" style=\"background-image: url(https:\/\/rentallorca.com\/blog\/wp-content\/uploads\/2026\/01\/tiempo-mallorca-en-febrero.jpg);\" role=\"img\" aria-label=\"tiempo-mallorca-en-febrero\"><\/div>\n\t\t\t\t<div class=\"elementor-cta__bg-overlay\"><\/div>\n\t\t\t<\/div>\n\t\t\t\t\t\t\t<div class=\"elementor-cta__content\">\n\t\t\t\t\n\t\t\t\t\t\t\t\t\t<h4 class=\"elementor-cta__title elementor-cta__content-item elementor-content-item\">\n\t\t\t\t\t\t\u00bfMerece la pena visitar Mallorca en febrero? La respuesta igual te sorprende\t\t\t\t\t<\/h4>\n\t\t\t\t\n\t\t\t\t\n\t\t\t\t\t\t\t<\/div>\n\t\t\t\t\t\t<\/a>\n\t\t\t\t\t\t<\/div>\n\t\t\t\t<\/div>\n\t\t\t\t\t<\/div>\n\t\t\t\t<\/div>\n\t\t\t\t<\/div>\n\t\t\t\t<div data-elementor-type=\"loop-item\" data-elementor-id=\"748\" class=\"elementor elementor-748 swiper-slide e-loop-item e-loop-item-3321 post-3321 post type-post status-publish format-standard has-post-thumbnail hentry category-mallorca\" data-elementor-post-type=\"elementor_library\" role=\"group\" aria-roledescription=\"slide\" data-custom-edit-handle=\"1\">\n\t\t\t<div class=\"elementor-element elementor-element-e2cfd45 e-flex e-con-boxed e-con e-parent\" data-id=\"e2cfd45\" data-element_type=\"container\" data-e-type=\"container\">\n\t\t\t\t\t<div class=\"e-con-inner\">\n\t\t\t\t<div class=\"elementor-element elementor-element-13daef5 elementor-cta--skin-cover elementor-cta--valign-bottom elementor-bg-transform elementor-bg-transform-zoom-in elementor-widget elementor-widget-call-to-action\" data-id=\"13daef5\" data-element_type=\"widget\" data-e-type=\"widget\" data-widget_type=\"call-to-action.default\">\n\t\t\t\t<div class=\"elementor-widget-container\">\n\t\t\t\t\t\t\t<a class=\"elementor-cta\" href=\"https:\/\/rentallorca.com\/blog\/mallorca-en-enero\/\">\n\t\t\t\t\t<div class=\"elementor-cta__bg-wrapper\">\n\t\t\t\t<div class=\"elementor-cta__bg elementor-bg\" style=\"background-image: url(https:\/\/rentallorca.com\/blog\/wp-content\/uploads\/2025\/12\/visitar-Mallorca-en-enero.jpg);\" role=\"img\" aria-label=\"visitar-Mallorca-en-enero.jpg\"><\/div>\n\t\t\t\t<div class=\"elementor-cta__bg-overlay\"><\/div>\n\t\t\t<\/div>\n\t\t\t\t\t\t\t<div class=\"elementor-cta__content\">\n\t\t\t\t\n\t\t\t\t\t\t\t\t\t<h4 class=\"elementor-cta__title elementor-cta__content-item elementor-content-item\">\n\t\t\t\t\t\t\u00bfTe has planteado visitar Mallorca en enero? \u00a1Estas son las razones para hacerlo!\t\t\t\t\t<\/h4>\n\t\t\t\t\n\t\t\t\t\n\t\t\t\t\t\t\t<\/div>\n\t\t\t\t\t\t<\/a>\n\t\t\t\t\t\t<\/div>\n\t\t\t\t<\/div>\n\t\t\t\t\t<\/div>\n\t\t\t\t<\/div>\n\t\t\t\t<\/div>\n\t\t\t\t<div data-elementor-type=\"loop-item\" data-elementor-id=\"748\" class=\"elementor elementor-748 swiper-slide e-loop-item e-loop-item-3326 post-3326 post type-post status-publish format-standard has-post-thumbnail hentry category-mallorca\" data-elementor-post-type=\"elementor_library\" role=\"group\" aria-roledescription=\"slide\" data-custom-edit-handle=\"1\">\n\t\t\t<div class=\"elementor-element elementor-element-e2cfd45 e-flex e-con-boxed e-con e-parent\" data-id=\"e2cfd45\" data-element_type=\"container\" data-e-type=\"container\">\n\t\t\t\t\t<div class=\"e-con-inner\">\n\t\t\t\t<div class=\"elementor-element elementor-element-13daef5 elementor-cta--skin-cover elementor-cta--valign-bottom elementor-bg-transform elementor-bg-transform-zoom-in elementor-widget elementor-widget-call-to-action\" data-id=\"13daef5\" data-element_type=\"widget\" data-e-type=\"widget\" data-widget_type=\"call-to-action.default\">\n\t\t\t\t<div class=\"elementor-widget-container\">\n\t\t\t\t\t\t\t<a class=\"elementor-cta\" href=\"https:\/\/rentallorca.com\/blog\/platja-son-serra-marina\/\">\n\t\t\t\t\t<div class=\"elementor-cta__bg-wrapper\">\n\t\t\t\t<div class=\"elementor-cta__bg elementor-bg\" style=\"background-image: url(https:\/\/rentallorca.com\/blog\/wp-content\/uploads\/2025\/12\/Playa-son-serra-de-marina-alcudia.jpg);\" role=\"img\" aria-label=\"Playa son serra de marina alcudia\"><\/div>\n\t\t\t\t<div class=\"elementor-cta__bg-overlay\"><\/div>\n\t\t\t<\/div>\n\t\t\t\t\t\t\t<div class=\"elementor-cta__content\">\n\t\t\t\t\n\t\t\t\t\t\t\t\t\t<h4 class=\"elementor-cta__title elementor-cta__content-item elementor-content-item\">\n\t\t\t\t\t\tVisita la Platja Son Serra de Marina, \u00a1te encantar\u00e1!\t\t\t\t\t<\/h4>\n\t\t\t\t\n\t\t\t\t\n\t\t\t\t\t\t\t<\/div>\n\t\t\t\t\t\t<\/a>\n\t\t\t\t\t\t<\/div>\n\t\t\t\t<\/div>\n\t\t\t\t\t<\/div>\n\t\t\t\t<\/div>\n\t\t\t\t<\/div>\n\t\t\t\t<div data-elementor-type=\"loop-item\" data-elementor-id=\"748\" class=\"elementor elementor-748 swiper-slide e-loop-item e-loop-item-2995 post-2995 post type-post status-publish format-standard has-post-thumbnail hentry category-mallorca\" data-elementor-post-type=\"elementor_library\" role=\"group\" aria-roledescription=\"slide\" data-custom-edit-handle=\"1\">\n\t\t\t<div class=\"elementor-element elementor-element-e2cfd45 e-flex e-con-boxed e-con e-parent\" data-id=\"e2cfd45\" data-element_type=\"container\" data-e-type=\"container\">\n\t\t\t\t\t<div class=\"e-con-inner\">\n\t\t\t\t<div class=\"elementor-element elementor-element-13daef5 elementor-cta--skin-cover elementor-cta--valign-bottom elementor-bg-transform elementor-bg-transform-zoom-in elementor-widget elementor-widget-call-to-action\" data-id=\"13daef5\" data-element_type=\"widget\" data-e-type=\"widget\" data-widget_type=\"call-to-action.default\">\n\t\t\t\t<div class=\"elementor-widget-container\">\n\t\t\t\t\t\t\t<a class=\"elementor-cta\" href=\"https:\/\/rentallorca.com\/blog\/fiestas-de-mallorca\/\">\n\t\t\t\t\t<div class=\"elementor-cta__bg-wrapper\">\n\t\t\t\t<div class=\"elementor-cta__bg elementor-bg\" style=\"background-image: url(https:\/\/rentallorca.com\/blog\/wp-content\/uploads\/2025\/11\/fiestas-mallorca.jpg);\" role=\"img\" aria-label=\"Valldemossa on a festive day - Spain, Mallorca\"><\/div>\n\t\t\t\t<div class=\"elementor-cta__bg-overlay\"><\/div>\n\t\t\t<\/div>\n\t\t\t\t\t\t\t<div class=\"elementor-cta__content\">\n\t\t\t\t\n\t\t\t\t\t\t\t\t\t<h4 class=\"elementor-cta__title elementor-cta__content-item elementor-content-item\">\n\t\t\t\t\t\tFiestas de Mallorca: tradici\u00f3n, m\u00fasica y sabor en cada rinc\u00f3n\t\t\t\t\t<\/h4>\n\t\t\t\t\n\t\t\t\t\n\t\t\t\t\t\t\t<\/div>\n\t\t\t\t\t\t<\/a>\n\t\t\t\t\t\t<\/div>\n\t\t\t\t<\/div>\n\t\t\t\t\t<\/div>\n\t\t\t\t<\/div>\n\t\t\t\t<\/div>\n\t\t\t\t<div data-elementor-type=\"loop-item\" data-elementor-id=\"748\" class=\"elementor elementor-748 swiper-slide e-loop-item e-loop-item-3000 post-3000 post type-post status-publish format-standard has-post-thumbnail hentry category-mallorca-destino\" data-elementor-post-type=\"elementor_library\" role=\"group\" aria-roledescription=\"slide\" data-custom-edit-handle=\"1\">\n\t\t\t<div class=\"elementor-element elementor-element-e2cfd45 e-flex e-con-boxed e-con e-parent\" data-id=\"e2cfd45\" data-element_type=\"container\" data-e-type=\"container\">\n\t\t\t\t\t<div class=\"e-con-inner\">\n\t\t\t\t<div class=\"elementor-element elementor-element-13daef5 elementor-cta--skin-cover elementor-cta--valign-bottom elementor-bg-transform elementor-bg-transform-zoom-in elementor-widget elementor-widget-call-to-action\" data-id=\"13daef5\" data-element_type=\"widget\" data-e-type=\"widget\" data-widget_type=\"call-to-action.default\">\n\t\t\t\t<div class=\"elementor-widget-container\">\n\t\t\t\t\t\t\t<a class=\"elementor-cta\" href=\"https:\/\/rentallorca.com\/blog\/mallorca-en-invierno\/\">\n\t\t\t\t\t<div class=\"elementor-cta__bg-wrapper\">\n\t\t\t\t<div class=\"elementor-cta__bg elementor-bg\" style=\"background-image: url(https:\/\/rentallorca.com\/blog\/wp-content\/uploads\/2025\/11\/mallorca-en-invierno.jpg);\" role=\"img\" aria-label=\"mallorca-en-invierno.jpg\"><\/div>\n\t\t\t\t<div class=\"elementor-cta__bg-overlay\"><\/div>\n\t\t\t<\/div>\n\t\t\t\t\t\t\t<div class=\"elementor-cta__content\">\n\t\t\t\t\n\t\t\t\t\t\t\t\t\t<h4 class=\"elementor-cta__title elementor-cta__content-item elementor-content-item\">\n\t\t\t\t\t\tMallorca en invierno: calma, paisaje y sabor mediterr\u00e1neo\t\t\t\t\t<\/h4>\n\t\t\t\t\n\t\t\t\t\n\t\t\t\t\t\t\t<\/div>\n\t\t\t\t\t\t<\/a>\n\t\t\t\t\t\t<\/div>\n\t\t\t\t<\/div>\n\t\t\t\t\t<\/div>\n\t\t\t\t<\/div>\n\t\t\t\t<\/div>\n\t\t\t\t<div data-elementor-type=\"loop-item\" data-elementor-id=\"748\" class=\"elementor elementor-748 swiper-slide e-loop-item e-loop-item-2732 post-2732 post type-post status-publish format-standard has-post-thumbnail hentry category-mallorca\" data-elementor-post-type=\"elementor_library\" role=\"group\" aria-roledescription=\"slide\" data-custom-edit-handle=\"1\">\n\t\t\t<div class=\"elementor-element elementor-element-e2cfd45 e-flex e-con-boxed e-con e-parent\" data-id=\"e2cfd45\" data-element_type=\"container\" data-e-type=\"container\">\n\t\t\t\t\t<div class=\"e-con-inner\">\n\t\t\t\t<div class=\"elementor-element elementor-element-13daef5 elementor-cta--skin-cover elementor-cta--valign-bottom elementor-bg-transform elementor-bg-transform-zoom-in elementor-widget elementor-widget-call-to-action\" data-id=\"13daef5\" data-element_type=\"widget\" data-e-type=\"widget\" data-widget_type=\"call-to-action.default\">\n\t\t\t\t<div class=\"elementor-widget-container\">\n\t\t\t\t\t\t\t<a class=\"elementor-cta\" href=\"https:\/\/rentallorca.com\/blog\/playa-de-alcudia\/\">\n\t\t\t\t\t<div class=\"elementor-cta__bg-wrapper\">\n\t\t\t\t<div class=\"elementor-cta__bg elementor-bg\" style=\"background-image: url(https:\/\/rentallorca.com\/blog\/wp-content\/uploads\/2025\/10\/Playas-alcudia-scaled.jpg);\" role=\"img\" aria-label=\"Playas-alcudia-scaled.jpg\"><\/div>\n\t\t\t\t<div class=\"elementor-cta__bg-overlay\"><\/div>\n\t\t\t<\/div>\n\t\t\t\t\t\t\t<div class=\"elementor-cta__content\">\n\t\t\t\t\n\t\t\t\t\t\t\t\t\t<h4 class=\"elementor-cta__title elementor-cta__content-item elementor-content-item\">\n\t\t\t\t\t\tPlaya de Alcudia: aguas tranquilas, arena blanca y el mejor plan en el norte de Mallorca\t\t\t\t\t<\/h4>\n\t\t\t\t\n\t\t\t\t\n\t\t\t\t\t\t\t<\/div>\n\t\t\t\t\t\t<\/a>\n\t\t\t\t\t\t<\/div>\n\t\t\t\t<\/div>\n\t\t\t\t\t<\/div>\n\t\t\t\t<\/div>\n\t\t\t\t<\/div>\n\t\t\t\t<div data-elementor-type=\"loop-item\" data-elementor-id=\"748\" class=\"elementor elementor-748 swiper-slide e-loop-item e-loop-item-2727 post-2727 post type-post status-publish format-standard has-post-thumbnail hentry category-mallorca\" data-elementor-post-type=\"elementor_library\" role=\"group\" aria-roledescription=\"slide\" data-custom-edit-handle=\"1\">\n\t\t\t<div class=\"elementor-element elementor-element-e2cfd45 e-flex e-con-boxed e-con e-parent\" data-id=\"e2cfd45\" data-element_type=\"container\" data-e-type=\"container\">\n\t\t\t\t\t<div class=\"e-con-inner\">\n\t\t\t\t<div class=\"elementor-element elementor-element-13daef5 elementor-cta--skin-cover elementor-cta--valign-bottom elementor-bg-transform elementor-bg-transform-zoom-in elementor-widget elementor-widget-call-to-action\" data-id=\"13daef5\" data-element_type=\"widget\" data-e-type=\"widget\" data-widget_type=\"call-to-action.default\">\n\t\t\t\t<div class=\"elementor-widget-container\">\n\t\t\t\t\t\t\t<a class=\"elementor-cta\" href=\"https:\/\/rentallorca.com\/blog\/rutas-senderismo-montanas-mallorca\/\">\n\t\t\t\t\t<div class=\"elementor-cta__bg-wrapper\">\n\t\t\t\t<div class=\"elementor-cta__bg elementor-bg\" style=\"background-image: url(https:\/\/rentallorca.com\/blog\/wp-content\/uploads\/2025\/10\/rutas-de-senderismo-mallorca.jpg);\" role=\"img\" aria-label=\"rutas-de-senderismo-monta\u00f1as-mallorca.jpg\"><\/div>\n\t\t\t\t<div class=\"elementor-cta__bg-overlay\"><\/div>\n\t\t\t<\/div>\n\t\t\t\t\t\t\t<div class=\"elementor-cta__content\">\n\t\t\t\t\n\t\t\t\t\t\t\t\t\t<h4 class=\"elementor-cta__title elementor-cta__content-item elementor-content-item\">\n\t\t\t\t\t\tMonta\u00f1as de Mallorca: rutas, miradores y consejos para tu escapada perfecta\t\t\t\t\t<\/h4>\n\t\t\t\t\n\t\t\t\t\n\t\t\t\t\t\t\t<\/div>\n\t\t\t\t\t\t<\/a>\n\t\t\t\t\t\t<\/div>\n\t\t\t\t<\/div>\n\t\t\t\t\t<\/div>\n\t\t\t\t<\/div>\n\t\t\t\t<\/div>\n\t\t\t\t<div data-elementor-type=\"loop-item\" data-elementor-id=\"748\" class=\"elementor elementor-748 swiper-slide e-loop-item e-loop-item-2547 post-2547 post type-post status-publish format-standard has-post-thumbnail hentry category-mallorca\" data-elementor-post-type=\"elementor_library\" role=\"group\" aria-roledescription=\"slide\" data-custom-edit-handle=\"1\">\n\t\t\t<div class=\"elementor-element elementor-element-e2cfd45 e-flex e-con-boxed e-con e-parent\" data-id=\"e2cfd45\" data-element_type=\"container\" data-e-type=\"container\">\n\t\t\t\t\t<div class=\"e-con-inner\">\n\t\t\t\t<div class=\"elementor-element elementor-element-13daef5 elementor-cta--skin-cover elementor-cta--valign-bottom elementor-bg-transform elementor-bg-transform-zoom-in elementor-widget elementor-widget-call-to-action\" data-id=\"13daef5\" data-element_type=\"widget\" data-e-type=\"widget\" data-widget_type=\"call-to-action.default\">\n\t\t\t\t<div class=\"elementor-widget-container\">\n\t\t\t\t\t\t\t<a class=\"elementor-cta\" href=\"https:\/\/rentallorca.com\/blog\/ciclismo-en-mallorca\/\">\n\t\t\t\t\t<div class=\"elementor-cta__bg-wrapper\">\n\t\t\t\t<div class=\"elementor-cta__bg elementor-bg\" style=\"background-image: url(https:\/\/rentallorca.com\/blog\/wp-content\/uploads\/2025\/09\/Bicicleta-en-Mallorca.jpg);\" role=\"img\" aria-label=\"Bicicleta-en-Mallorca.jpg\"><\/div>\n\t\t\t\t<div class=\"elementor-cta__bg-overlay\"><\/div>\n\t\t\t<\/div>\n\t\t\t\t\t\t\t<div class=\"elementor-cta__content\">\n\t\t\t\t\n\t\t\t\t\t\t\t\t\t<h4 class=\"elementor-cta__title elementor-cta__content-item elementor-content-item\">\n\t\t\t\t\t\tRuta de ciclismo en Mallorca: pedalea por el para\u00edso de los ciclistas\t\t\t\t\t<\/h4>\n\t\t\t\t\n\t\t\t\t\n\t\t\t\t\t\t\t<\/div>\n\t\t\t\t\t\t<\/a>\n\t\t\t\t\t\t<\/div>\n\t\t\t\t<\/div>\n\t\t\t\t\t<\/div>\n\t\t\t\t<\/div>\n\t\t\t\t<\/div>\n\t\t\t\t<div data-elementor-type=\"loop-item\" data-elementor-id=\"748\" class=\"elementor elementor-748 swiper-slide e-loop-item e-loop-item-2552 post-2552 post type-post status-publish format-standard has-post-thumbnail hentry category-mallorca\" data-elementor-post-type=\"elementor_library\" role=\"group\" aria-roledescription=\"slide\" data-custom-edit-handle=\"1\">\n\t\t\t<div class=\"elementor-element elementor-element-e2cfd45 e-flex e-con-boxed e-con e-parent\" data-id=\"e2cfd45\" data-element_type=\"container\" data-e-type=\"container\">\n\t\t\t\t\t<div class=\"e-con-inner\">\n\t\t\t\t<div class=\"elementor-element elementor-element-13daef5 elementor-cta--skin-cover elementor-cta--valign-bottom elementor-bg-transform elementor-bg-transform-zoom-in elementor-widget elementor-widget-call-to-action\" data-id=\"13daef5\" data-element_type=\"widget\" data-e-type=\"widget\" data-widget_type=\"call-to-action.default\">\n\t\t\t\t<div class=\"elementor-widget-container\">\n\t\t\t\t\t\t\t<a class=\"elementor-cta\" href=\"https:\/\/rentallorca.com\/blog\/alquiler-coche-mallorca\/\">\n\t\t\t\t\t<div class=\"elementor-cta__bg-wrapper\">\n\t\t\t\t<div class=\"elementor-cta__bg elementor-bg\" style=\"background-image: url(https:\/\/rentallorca.com\/blog\/wp-content\/uploads\/2025\/09\/Allquilar-un-coche-en-Mallorca.jpg);\" role=\"img\" aria-label=\"Allquilar-un-coche-en-Mallorca.jpg\"><\/div>\n\t\t\t\t<div class=\"elementor-cta__bg-overlay\"><\/div>\n\t\t\t<\/div>\n\t\t\t\t\t\t\t<div class=\"elementor-cta__content\">\n\t\t\t\t\n\t\t\t\t\t\t\t\t\t<h4 class=\"elementor-cta__title elementor-cta__content-item elementor-content-item\">\n\t\t\t\t\t\tAlquiler de coche en Mallorca: la clave para explorar la isla a tu ritmo\t\t\t\t\t<\/h4>\n\t\t\t\t\n\t\t\t\t\n\t\t\t\t\t\t\t<\/div>\n\t\t\t\t\t\t<\/a>\n\t\t\t\t\t\t<\/div>\n\t\t\t\t<\/div>\n\t\t\t\t\t<\/div>\n\t\t\t\t<\/div>\n\t\t\t\t<\/div>\n\t\t\t\t<div data-elementor-type=\"loop-item\" data-elementor-id=\"748\" class=\"elementor elementor-748 swiper-slide e-loop-item e-loop-item-2476 post-2476 post type-post status-publish format-standard has-post-thumbnail hentry category-mallorca-destino\" data-elementor-post-type=\"elementor_library\" role=\"group\" aria-roledescription=\"slide\" data-custom-edit-handle=\"1\">\n\t\t\t<div class=\"elementor-element elementor-element-e2cfd45 e-flex e-con-boxed e-con e-parent\" data-id=\"e2cfd45\" data-element_type=\"container\" data-e-type=\"container\">\n\t\t\t\t\t<div class=\"e-con-inner\">\n\t\t\t\t<div class=\"elementor-element elementor-element-13daef5 elementor-cta--skin-cover elementor-cta--valign-bottom elementor-bg-transform elementor-bg-transform-zoom-in elementor-widget elementor-widget-call-to-action\" data-id=\"13daef5\" data-element_type=\"widget\" data-e-type=\"widget\" data-widget_type=\"call-to-action.default\">\n\t\t\t\t<div class=\"elementor-widget-container\">\n\t\t\t\t\t\t\t<a class=\"elementor-cta\" href=\"https:\/\/rentallorca.com\/blog\/puig-de-sant-marti\/\">\n\t\t\t\t\t<div class=\"elementor-cta__bg-wrapper\">\n\t\t\t\t<div class=\"elementor-cta__bg elementor-bg\" style=\"background-image: url(https:\/\/rentallorca.com\/blog\/wp-content\/uploads\/2025\/08\/Puig-de-Sant-Marti-puesta-de-sol-1.webp);\" role=\"img\" aria-label=\"Puig-de-Sant-Marti-puesta-de-sol\"><\/div>\n\t\t\t\t<div class=\"elementor-cta__bg-overlay\"><\/div>\n\t\t\t<\/div>\n\t\t\t\t\t\t\t<div class=\"elementor-cta__content\">\n\t\t\t\t\n\t\t\t\t\t\t\t\t\t<h4 class=\"elementor-cta__title elementor-cta__content-item elementor-content-item\">\n\t\t\t\t\t\t\u00bfA\u00fan no has subido al Puig de Sant Mart\u00ed? Corona su cima y haz una ruta de ensue\u00f1o\t\t\t\t\t<\/h4>\n\t\t\t\t\n\t\t\t\t\n\t\t\t\t\t\t\t<\/div>\n\t\t\t\t\t\t<\/a>\n\t\t\t\t\t\t<\/div>\n\t\t\t\t<\/div>\n\t\t\t\t\t<\/div>\n\t\t\t\t<\/div>\n\t\t\t\t<\/div>\n\t\t\t\t<div data-elementor-type=\"loop-item\" data-elementor-id=\"748\" class=\"elementor elementor-748 swiper-slide e-loop-item e-loop-item-2481 post-2481 post type-post status-publish format-standard has-post-thumbnail hentry category-mallorca-destino\" data-elementor-post-type=\"elementor_library\" role=\"group\" aria-roledescription=\"slide\" data-custom-edit-handle=\"1\">\n\t\t\t<div class=\"elementor-element elementor-element-e2cfd45 e-flex e-con-boxed e-con e-parent\" data-id=\"e2cfd45\" data-element_type=\"container\" data-e-type=\"container\">\n\t\t\t\t\t<div class=\"e-con-inner\">\n\t\t\t\t<div class=\"elementor-element elementor-element-13daef5 elementor-cta--skin-cover elementor-cta--valign-bottom elementor-bg-transform elementor-bg-transform-zoom-in elementor-widget elementor-widget-call-to-action\" data-id=\"13daef5\" data-element_type=\"widget\" data-e-type=\"widget\" data-widget_type=\"call-to-action.default\">\n\t\t\t\t<div class=\"elementor-widget-container\">\n\t\t\t\t\t\t\t<a class=\"elementor-cta\" href=\"https:\/\/rentallorca.com\/blog\/campos-de-golf-en-mallorca\/\">\n\t\t\t\t\t<div class=\"elementor-cta__bg-wrapper\">\n\t\t\t\t<div class=\"elementor-cta__bg elementor-bg\" style=\"background-image: url(https:\/\/rentallorca.com\/blog\/wp-content\/uploads\/2025\/08\/mallorca-campos-de-golf.jpg);\" role=\"img\" aria-label=\"mallorca campos de golf\"><\/div>\n\t\t\t\t<div class=\"elementor-cta__bg-overlay\"><\/div>\n\t\t\t<\/div>\n\t\t\t\t\t\t\t<div class=\"elementor-cta__content\">\n\t\t\t\t\n\t\t\t\t\t\t\t\t\t<h4 class=\"elementor-cta__title elementor-cta__content-item elementor-content-item\">\n\t\t\t\t\t\t\u00bfTe apetece una partidita de golf en Mallorca? Descubre aqu\u00ed los mejores clubes\t\t\t\t\t<\/h4>\n\t\t\t\t\n\t\t\t\t\n\t\t\t\t\t\t\t<\/div>\n\t\t\t\t\t\t<\/a>\n\t\t\t\t\t\t<\/div>\n\t\t\t\t<\/div>\n\t\t\t\t\t<\/div>\n\t\t\t\t<\/div>\n\t\t\t\t<\/div>\n\t\t\t\t<div data-elementor-type=\"loop-item\" data-elementor-id=\"748\" class=\"elementor elementor-748 swiper-slide e-loop-item e-loop-item-2002 post-2002 post type-post status-publish format-standard has-post-thumbnail hentry category-destinos\" data-elementor-post-type=\"elementor_library\" role=\"group\" aria-roledescription=\"slide\" data-custom-edit-handle=\"1\">\n\t\t\t<div class=\"elementor-element elementor-element-e2cfd45 e-flex e-con-boxed e-con e-parent\" data-id=\"e2cfd45\" data-element_type=\"container\" data-e-type=\"container\">\n\t\t\t\t\t<div class=\"e-con-inner\">\n\t\t\t\t<div class=\"elementor-element elementor-element-13daef5 elementor-cta--skin-cover elementor-cta--valign-bottom elementor-bg-transform elementor-bg-transform-zoom-in elementor-widget elementor-widget-call-to-action\" data-id=\"13daef5\" data-element_type=\"widget\" data-e-type=\"widget\" data-widget_type=\"call-to-action.default\">\n\t\t\t\t<div class=\"elementor-widget-container\">\n\t\t\t\t\t\t\t<a class=\"elementor-cta\" href=\"https:\/\/rentallorca.com\/blog\/visita-petra\/\">\n\t\t\t\t\t<div class=\"elementor-cta__bg-wrapper\">\n\t\t\t\t<div class=\"elementor-cta__bg elementor-bg\" style=\"background-image: url(https:\/\/rentallorca.com\/blog\/wp-content\/uploads\/2025\/07\/visitar-petra-mallorca.jpg);\" role=\"img\" aria-label=\"visitar-petra-mallorca.jpg\"><\/div>\n\t\t\t\t<div class=\"elementor-cta__bg-overlay\"><\/div>\n\t\t\t<\/div>\n\t\t\t\t\t\t\t<div class=\"elementor-cta__content\">\n\t\t\t\t\n\t\t\t\t\t\t\t\t\t<h4 class=\"elementor-cta__title elementor-cta__content-item elementor-content-item\">\n\t\t\t\t\t\tVisita Petra, un aut\u00e9ntico tesoro escondido en Baleares\t\t\t\t\t<\/h4>\n\t\t\t\t\n\t\t\t\t\n\t\t\t\t\t\t\t<\/div>\n\t\t\t\t\t\t<\/a>\n\t\t\t\t\t\t<\/div>\n\t\t\t\t<\/div>\n\t\t\t\t\t<\/div>\n\t\t\t\t<\/div>\n\t\t\t\t<\/div>\n\t\t\t\t<div data-elementor-type=\"loop-item\" data-elementor-id=\"748\" class=\"elementor elementor-748 swiper-slide e-loop-item e-loop-item-2007 post-2007 post type-post status-publish format-standard has-post-thumbnail hentry category-mallorca-destino\" data-elementor-post-type=\"elementor_library\" role=\"group\" aria-roledescription=\"slide\" data-custom-edit-handle=\"1\">\n\t\t\t<div class=\"elementor-element elementor-element-e2cfd45 e-flex e-con-boxed e-con e-parent\" data-id=\"e2cfd45\" data-element_type=\"container\" data-e-type=\"container\">\n\t\t\t\t\t<div class=\"e-con-inner\">\n\t\t\t\t<div class=\"elementor-element elementor-element-13daef5 elementor-cta--skin-cover elementor-cta--valign-bottom elementor-bg-transform elementor-bg-transform-zoom-in elementor-widget elementor-widget-call-to-action\" data-id=\"13daef5\" data-element_type=\"widget\" data-e-type=\"widget\" data-widget_type=\"call-to-action.default\">\n\t\t\t\t<div class=\"elementor-widget-container\">\n\t\t\t\t\t\t\t<a class=\"elementor-cta\" href=\"https:\/\/rentallorca.com\/blog\/mallorca-con-ninos\/\">\n\t\t\t\t\t<div class=\"elementor-cta__bg-wrapper\">\n\t\t\t\t<div class=\"elementor-cta__bg elementor-bg\" style=\"background-image: url(https:\/\/rentallorca.com\/blog\/wp-content\/uploads\/2025\/07\/mallorca-con-ninos.jpg);\" role=\"img\" aria-label=\"mallorca-con-ninos.jpg\"><\/div>\n\t\t\t\t<div class=\"elementor-cta__bg-overlay\"><\/div>\n\t\t\t<\/div>\n\t\t\t\t\t\t\t<div class=\"elementor-cta__content\">\n\t\t\t\t\n\t\t\t\t\t\t\t\t\t<h4 class=\"elementor-cta__title elementor-cta__content-item elementor-content-item\">\n\t\t\t\t\t\t\u00bfVas a viajar a Mallorca con ni\u00f1os? Esto es todo lo que tienes que saber\u00a0\t\t\t\t\t<\/h4>\n\t\t\t\t\n\t\t\t\t\n\t\t\t\t\t\t\t<\/div>\n\t\t\t\t\t\t<\/a>\n\t\t\t\t\t\t<\/div>\n\t\t\t\t<\/div>\n\t\t\t\t\t<\/div>\n\t\t\t\t<\/div>\n\t\t\t\t<\/div>\n\t\t\t\t<div data-elementor-type=\"loop-item\" data-elementor-id=\"748\" class=\"elementor elementor-748 swiper-slide e-loop-item e-loop-item-1715 post-1715 post type-post status-publish format-standard has-post-thumbnail hentry category-mallorca-destino\" data-elementor-post-type=\"elementor_library\" role=\"group\" aria-roledescription=\"slide\" data-custom-edit-handle=\"1\">\n\t\t\t<div class=\"elementor-element elementor-element-e2cfd45 e-flex e-con-boxed e-con e-parent\" data-id=\"e2cfd45\" data-element_type=\"container\" data-e-type=\"container\">\n\t\t\t\t\t<div class=\"e-con-inner\">\n\t\t\t\t<div class=\"elementor-element elementor-element-13daef5 elementor-cta--skin-cover elementor-cta--valign-bottom elementor-bg-transform elementor-bg-transform-zoom-in elementor-widget elementor-widget-call-to-action\" data-id=\"13daef5\" data-element_type=\"widget\" data-e-type=\"widget\" data-widget_type=\"call-to-action.default\">\n\t\t\t\t<div class=\"elementor-widget-container\">\n\t\t\t\t\t\t\t<a class=\"elementor-cta\" href=\"https:\/\/rentallorca.com\/blog\/rutas-senderismo-mallorca\/\">\n\t\t\t\t\t<div class=\"elementor-cta__bg-wrapper\">\n\t\t\t\t<div class=\"elementor-cta__bg elementor-bg\" style=\"background-image: url(https:\/\/rentallorca.com\/blog\/wp-content\/uploads\/2025\/06\/rutas-senderismo-mallorca-2.webp);\" role=\"img\" aria-label=\"rutas-senderismo-mallorca-2\"><\/div>\n\t\t\t\t<div class=\"elementor-cta__bg-overlay\"><\/div>\n\t\t\t<\/div>\n\t\t\t\t\t\t\t<div class=\"elementor-cta__content\">\n\t\t\t\t\n\t\t\t\t\t\t\t\t\t<h4 class=\"elementor-cta__title elementor-cta__content-item elementor-content-item\">\n\t\t\t\t\t\tEstas son las 10 mejores rutas de senderismo en Mallorca\t\t\t\t\t<\/h4>\n\t\t\t\t\n\t\t\t\t\n\t\t\t\t\t\t\t<\/div>\n\t\t\t\t\t\t<\/a>\n\t\t\t\t\t\t<\/div>\n\t\t\t\t<\/div>\n\t\t\t\t\t<\/div>\n\t\t\t\t<\/div>\n\t\t\t\t<\/div>\n\t\t\t\t<div data-elementor-type=\"loop-item\" data-elementor-id=\"748\" class=\"elementor elementor-748 swiper-slide e-loop-item e-loop-item-1710 post-1710 post type-post status-publish format-standard has-post-thumbnail hentry category-destinos\" data-elementor-post-type=\"elementor_library\" role=\"group\" aria-roledescription=\"slide\" data-custom-edit-handle=\"1\">\n\t\t\t<div class=\"elementor-element elementor-element-e2cfd45 e-flex e-con-boxed e-con e-parent\" data-id=\"e2cfd45\" data-element_type=\"container\" data-e-type=\"container\">\n\t\t\t\t\t<div class=\"e-con-inner\">\n\t\t\t\t<div class=\"elementor-element elementor-element-13daef5 elementor-cta--skin-cover elementor-cta--valign-bottom elementor-bg-transform elementor-bg-transform-zoom-in elementor-widget elementor-widget-call-to-action\" data-id=\"13daef5\" data-element_type=\"widget\" data-e-type=\"widget\" data-widget_type=\"call-to-action.default\">\n\t\t\t\t<div class=\"elementor-widget-container\">\n\t\t\t\t\t\t\t<a class=\"elementor-cta\" href=\"https:\/\/rentallorca.com\/blog\/manacor\/\">\n\t\t\t\t\t<div class=\"elementor-cta__bg-wrapper\">\n\t\t\t\t<div class=\"elementor-cta__bg elementor-bg\" style=\"background-image: url(https:\/\/rentallorca.com\/blog\/wp-content\/uploads\/2025\/06\/manacor-mallorca.jpg);\" role=\"img\" aria-label=\"Porto Cristo, Manacor Municipality, Mediterranean Sea, Mallorca, Balearic Islands, Spain, Europe\"><\/div>\n\t\t\t\t<div class=\"elementor-cta__bg-overlay\"><\/div>\n\t\t\t<\/div>\n\t\t\t\t\t\t\t<div class=\"elementor-cta__content\">\n\t\t\t\t\n\t\t\t\t\t\t\t\t\t<h4 class=\"elementor-cta__title elementor-cta__content-item elementor-content-item\">\n\t\t\t\t\t\t\u00bfNo sabes qu\u00e9 ver en Manacor? Aqu\u00ed tienes tu gu\u00eda completa\t\t\t\t\t<\/h4>\n\t\t\t\t\n\t\t\t\t\n\t\t\t\t\t\t\t<\/div>\n\t\t\t\t\t\t<\/a>\n\t\t\t\t\t\t<\/div>\n\t\t\t\t<\/div>\n\t\t\t\t\t<\/div>\n\t\t\t\t<\/div>\n\t\t\t\t<\/div>\n\t\t\t\t<div data-elementor-type=\"loop-item\" data-elementor-id=\"748\" class=\"elementor elementor-748 swiper-slide e-loop-item e-loop-item-1414 post-1414 post type-post status-publish format-standard has-post-thumbnail hentry category-mallorca-destino\" data-elementor-post-type=\"elementor_library\" role=\"group\" aria-roledescription=\"slide\" data-custom-edit-handle=\"1\">\n\t\t\t<div class=\"elementor-element elementor-element-e2cfd45 e-flex e-con-boxed e-con e-parent\" data-id=\"e2cfd45\" data-element_type=\"container\" data-e-type=\"container\">\n\t\t\t\t\t<div class=\"e-con-inner\">\n\t\t\t\t<div class=\"elementor-element elementor-element-13daef5 elementor-cta--skin-cover elementor-cta--valign-bottom elementor-bg-transform elementor-bg-transform-zoom-in elementor-widget elementor-widget-call-to-action\" data-id=\"13daef5\" data-element_type=\"widget\" data-e-type=\"widget\" data-widget_type=\"call-to-action.default\">\n\t\t\t\t<div class=\"elementor-widget-container\">\n\t\t\t\t\t\t\t<a class=\"elementor-cta\" href=\"https:\/\/rentallorca.com\/blog\/calas-mallorca\/\">\n\t\t\t\t\t<div class=\"elementor-cta__bg-wrapper\">\n\t\t\t\t<div class=\"elementor-cta__bg elementor-bg\" style=\"background-image: url(https:\/\/rentallorca.com\/blog\/wp-content\/uploads\/2025\/05\/calas-de-Mallorca.jpg);\" role=\"img\" aria-label=\"calas de Mallorca\"><\/div>\n\t\t\t\t<div class=\"elementor-cta__bg-overlay\"><\/div>\n\t\t\t<\/div>\n\t\t\t\t\t\t\t<div class=\"elementor-cta__content\">\n\t\t\t\t\n\t\t\t\t\t\t\t\t\t<h4 class=\"elementor-cta__title elementor-cta__content-item elementor-content-item\">\n\t\t\t\t\t\t\u00bfQuieres ba\u00f1arte en las mejores calas de Mallorca? Tienes que leer esto\t\t\t\t\t<\/h4>\n\t\t\t\t\n\t\t\t\t\n\t\t\t\t\t\t\t<\/div>\n\t\t\t\t\t\t<\/a>\n\t\t\t\t\t\t<\/div>\n\t\t\t\t<\/div>\n\t\t\t\t\t<\/div>\n\t\t\t\t<\/div>\n\t\t\t\t<\/div>\n\t\t\t\t<div data-elementor-type=\"loop-item\" data-elementor-id=\"748\" class=\"elementor elementor-748 swiper-slide e-loop-item e-loop-item-1420 post-1420 post type-post status-publish format-standard has-post-thumbnail hentry category-destinos\" data-elementor-post-type=\"elementor_library\" role=\"group\" aria-roledescription=\"slide\" data-custom-edit-handle=\"1\">\n\t\t\t<div class=\"elementor-element elementor-element-e2cfd45 e-flex e-con-boxed e-con e-parent\" data-id=\"e2cfd45\" data-element_type=\"container\" data-e-type=\"container\">\n\t\t\t\t\t<div class=\"e-con-inner\">\n\t\t\t\t<div class=\"elementor-element elementor-element-13daef5 elementor-cta--skin-cover elementor-cta--valign-bottom elementor-bg-transform elementor-bg-transform-zoom-in elementor-widget elementor-widget-call-to-action\" data-id=\"13daef5\" data-element_type=\"widget\" data-e-type=\"widget\" data-widget_type=\"call-to-action.default\">\n\t\t\t\t<div class=\"elementor-widget-container\">\n\t\t\t\t\t\t\t<a class=\"elementor-cta\" href=\"https:\/\/rentallorca.com\/blog\/que-ver-en-soller\/\">\n\t\t\t\t\t<div class=\"elementor-cta__bg-wrapper\">\n\t\t\t\t<div class=\"elementor-cta__bg elementor-bg\" style=\"background-image: url(https:\/\/rentallorca.com\/blog\/wp-content\/uploads\/2025\/05\/puerto-soller-mallorca.jpg);\" role=\"img\" aria-label=\"puerto soller mallorca\"><\/div>\n\t\t\t\t<div class=\"elementor-cta__bg-overlay\"><\/div>\n\t\t\t<\/div>\n\t\t\t\t\t\t\t<div class=\"elementor-cta__content\">\n\t\t\t\t\n\t\t\t\t\t\t\t\t\t<h4 class=\"elementor-cta__title elementor-cta__content-item elementor-content-item\">\n\t\t\t\t\t\t\u00bfQuieres saber qu\u00e9 ver en S\u00f3ller y alrededores? Te lo ense\u00f1amos\t\t\t\t\t<\/h4>\n\t\t\t\t\n\t\t\t\t\n\t\t\t\t\t\t\t<\/div>\n\t\t\t\t\t\t<\/a>\n\t\t\t\t\t\t<\/div>\n\t\t\t\t<\/div>\n\t\t\t\t\t<\/div>\n\t\t\t\t<\/div>\n\t\t\t\t<\/div>\n\t\t\t\t<div data-elementor-type=\"loop-item\" data-elementor-id=\"748\" class=\"elementor elementor-748 swiper-slide e-loop-item e-loop-item-1176 post-1176 post type-post status-publish format-standard has-post-thumbnail hentry category-mallorca-destino\" data-elementor-post-type=\"elementor_library\" role=\"group\" aria-roledescription=\"slide\" data-custom-edit-handle=\"1\">\n\t\t\t<div class=\"elementor-element elementor-element-e2cfd45 e-flex e-con-boxed e-con e-parent\" data-id=\"e2cfd45\" data-element_type=\"container\" data-e-type=\"container\">\n\t\t\t\t\t<div class=\"e-con-inner\">\n\t\t\t\t<div class=\"elementor-element elementor-element-13daef5 elementor-cta--skin-cover elementor-cta--valign-bottom elementor-bg-transform elementor-bg-transform-zoom-in elementor-widget elementor-widget-call-to-action\" data-id=\"13daef5\" data-element_type=\"widget\" data-e-type=\"widget\" data-widget_type=\"call-to-action.default\">\n\t\t\t\t<div class=\"elementor-widget-container\">\n\t\t\t\t\t\t\t<a class=\"elementor-cta\" href=\"https:\/\/rentallorca.com\/blog\/playas-de-mallorca\/\">\n\t\t\t\t\t<div class=\"elementor-cta__bg-wrapper\">\n\t\t\t\t<div class=\"elementor-cta__bg elementor-bg\" style=\"background-image: url(https:\/\/rentallorca.com\/blog\/wp-content\/uploads\/2025\/04\/playas-en-mallorca.jpg);\" role=\"img\" aria-label=\"playas-en-mallorca.jpg\"><\/div>\n\t\t\t\t<div class=\"elementor-cta__bg-overlay\"><\/div>\n\t\t\t<\/div>\n\t\t\t\t\t\t\t<div class=\"elementor-cta__content\">\n\t\t\t\t\n\t\t\t\t\t\t\t\t\t<h4 class=\"elementor-cta__title elementor-cta__content-item elementor-content-item\">\n\t\t\t\t\t\tMejores playas de Mallorca. \u00a1Te presentamos la lista definitiva!\t\t\t\t\t<\/h4>\n\t\t\t\t\n\t\t\t\t\n\t\t\t\t\t\t\t<\/div>\n\t\t\t\t\t\t<\/a>\n\t\t\t\t\t\t<\/div>\n\t\t\t\t<\/div>\n\t\t\t\t\t<\/div>\n\t\t\t\t<\/div>\n\t\t\t\t<\/div>\n\t\t\t\t<div data-elementor-type=\"loop-item\" data-elementor-id=\"748\" class=\"elementor elementor-748 swiper-slide e-loop-item e-loop-item-1152 post-1152 post type-post status-publish format-standard has-post-thumbnail hentry category-destinos\" data-elementor-post-type=\"elementor_library\" role=\"group\" aria-roledescription=\"slide\" data-custom-edit-handle=\"1\">\n\t\t\t<div class=\"elementor-element elementor-element-e2cfd45 e-flex e-con-boxed e-con e-parent\" data-id=\"e2cfd45\" data-element_type=\"container\" data-e-type=\"container\">\n\t\t\t\t\t<div class=\"e-con-inner\">\n\t\t\t\t<div class=\"elementor-element elementor-element-13daef5 elementor-cta--skin-cover elementor-cta--valign-bottom elementor-bg-transform elementor-bg-transform-zoom-in elementor-widget elementor-widget-call-to-action\" data-id=\"13daef5\" data-element_type=\"widget\" data-e-type=\"widget\" data-widget_type=\"call-to-action.default\">\n\t\t\t\t<div class=\"elementor-widget-container\">\n\t\t\t\t\t\t\t<a class=\"elementor-cta\" href=\"https:\/\/rentallorca.com\/blog\/que-ver-en-pollensa\/\">\n\t\t\t\t\t<div class=\"elementor-cta__bg-wrapper\">\n\t\t\t\t<div class=\"elementor-cta__bg elementor-bg\" style=\"background-image: url(https:\/\/rentallorca.com\/blog\/wp-content\/uploads\/2025\/04\/que-ver-pollensa.jpg);\" role=\"img\" aria-label=\"que ver pollensa\"><\/div>\n\t\t\t\t<div class=\"elementor-cta__bg-overlay\"><\/div>\n\t\t\t<\/div>\n\t\t\t\t\t\t\t<div class=\"elementor-cta__content\">\n\t\t\t\t\n\t\t\t\t\t\t\t\t\t<h4 class=\"elementor-cta__title elementor-cta__content-item elementor-content-item\">\n\t\t\t\t\t\t\u00bfA\u00fan no sabes qu\u00e9 ver en Pollensa? Una parada obligada en tu visita\t\t\t\t\t<\/h4>\n\t\t\t\t\n\t\t\t\t\n\t\t\t\t\t\t\t<\/div>\n\t\t\t\t\t\t<\/a>\n\t\t\t\t\t\t<\/div>\n\t\t\t\t<\/div>\n\t\t\t\t\t<\/div>\n\t\t\t\t<\/div>\n\t\t\t\t<\/div>\n\t\t\t\t<div data-elementor-type=\"loop-item\" data-elementor-id=\"748\" class=\"elementor elementor-748 swiper-slide e-loop-item e-loop-item-960 post-960 post type-post status-publish format-standard has-post-thumbnail hentry\" data-elementor-post-type=\"elementor_library\" role=\"group\" aria-roledescription=\"slide\" data-custom-edit-handle=\"1\">\n\t\t\t<div class=\"elementor-element elementor-element-e2cfd45 e-flex e-con-boxed e-con e-parent\" data-id=\"e2cfd45\" data-element_type=\"container\" data-e-type=\"container\">\n\t\t\t\t\t<div class=\"e-con-inner\">\n\t\t\t\t<div class=\"elementor-element elementor-element-13daef5 elementor-cta--skin-cover elementor-cta--valign-bottom elementor-bg-transform elementor-bg-transform-zoom-in elementor-widget elementor-widget-call-to-action\" data-id=\"13daef5\" data-element_type=\"widget\" data-e-type=\"widget\" data-widget_type=\"call-to-action.default\">\n\t\t\t\t<div class=\"elementor-widget-container\">\n\t\t\t\t\t\t\t<a class=\"elementor-cta\" href=\"https:\/\/rentallorca.com\/blog\/atardecer-en-mallorca\/\">\n\t\t\t\t\t<div class=\"elementor-cta__bg-wrapper\">\n\t\t\t\t<div class=\"elementor-cta__bg elementor-bg\" style=\"background-image: url(https:\/\/rentallorca.com\/blog\/wp-content\/uploads\/2025\/03\/Atardeceres-mallorca.jpg);\" role=\"img\" aria-label=\"Atardeceres mallorca\"><\/div>\n\t\t\t\t<div class=\"elementor-cta__bg-overlay\"><\/div>\n\t\t\t<\/div>\n\t\t\t\t\t\t\t<div class=\"elementor-cta__content\">\n\t\t\t\t\n\t\t\t\t\t\t\t\t\t<h4 class=\"elementor-cta__title elementor-cta__content-item elementor-content-item\">\n\t\t\t\t\t\tLas mejores puestas de sol para ver el atardecer en Mallorca\t\t\t\t\t<\/h4>\n\t\t\t\t\n\t\t\t\t\n\t\t\t\t\t\t\t<\/div>\n\t\t\t\t\t\t<\/a>\n\t\t\t\t\t\t<\/div>\n\t\t\t\t<\/div>\n\t\t\t\t\t<\/div>\n\t\t\t\t<\/div>\n\t\t\t\t<\/div>\n\t\t\t\t<div data-elementor-type=\"loop-item\" data-elementor-id=\"748\" class=\"elementor elementor-748 swiper-slide e-loop-item e-loop-item-707 post-707 post type-post status-publish format-standard has-post-thumbnail hentry category-destinos\" data-elementor-post-type=\"elementor_library\" role=\"group\" aria-roledescription=\"slide\" data-custom-edit-handle=\"1\">\n\t\t\t<div class=\"elementor-element elementor-element-e2cfd45 e-flex e-con-boxed e-con e-parent\" data-id=\"e2cfd45\" data-element_type=\"container\" data-e-type=\"container\">\n\t\t\t\t\t<div class=\"e-con-inner\">\n\t\t\t\t<div class=\"elementor-element elementor-element-13daef5 elementor-cta--skin-cover elementor-cta--valign-bottom elementor-bg-transform elementor-bg-transform-zoom-in elementor-widget elementor-widget-call-to-action\" data-id=\"13daef5\" data-element_type=\"widget\" data-e-type=\"widget\" data-widget_type=\"call-to-action.default\">\n\t\t\t\t<div class=\"elementor-widget-container\">\n\t\t\t\t\t\t\t<a class=\"elementor-cta\" href=\"https:\/\/rentallorca.com\/blog\/que-ver-en-alcudia\/\">\n\t\t\t\t\t<div class=\"elementor-cta__bg-wrapper\">\n\t\t\t\t<div class=\"elementor-cta__bg elementor-bg\" style=\"background-image: url(https:\/\/rentallorca.com\/blog\/wp-content\/uploads\/2025\/03\/que-ver-en-alcudia-10.webp);\" role=\"img\" aria-label=\"que-ver-en-alcudia-10\"><\/div>\n\t\t\t\t<div class=\"elementor-cta__bg-overlay\"><\/div>\n\t\t\t<\/div>\n\t\t\t\t\t\t\t<div class=\"elementor-cta__content\">\n\t\t\t\t\n\t\t\t\t\t\t\t\t\t<h4 class=\"elementor-cta__title elementor-cta__content-item elementor-content-item\">\n\t\t\t\t\t\tSi no sabes qu\u00e9 ver en Alcudia\u2026 \u00a1Esta es tu gu\u00eda!\t\t\t\t\t<\/h4>\n\t\t\t\t\n\t\t\t\t\n\t\t\t\t\t\t\t<\/div>\n\t\t\t\t\t\t<\/a>\n\t\t\t\t\t\t<\/div>\n\t\t\t\t<\/div>\n\t\t\t\t\t<\/div>\n\t\t\t\t<\/div>\n\t\t\t\t<\/div>\n\t\t\t\t<div data-elementor-type=\"loop-item\" data-elementor-id=\"748\" class=\"elementor elementor-748 swiper-slide e-loop-item e-loop-item-583 post-583 post type-post status-publish format-standard has-post-thumbnail hentry category-mallorca-destino\" data-elementor-post-type=\"elementor_library\" role=\"group\" aria-roledescription=\"slide\" data-custom-edit-handle=\"1\">\n\t\t\t<div class=\"elementor-element elementor-element-e2cfd45 e-flex e-con-boxed e-con e-parent\" data-id=\"e2cfd45\" data-element_type=\"container\" data-e-type=\"container\">\n\t\t\t\t\t<div class=\"e-con-inner\">\n\t\t\t\t<div class=\"elementor-element elementor-element-13daef5 elementor-cta--skin-cover elementor-cta--valign-bottom elementor-bg-transform elementor-bg-transform-zoom-in elementor-widget elementor-widget-call-to-action\" data-id=\"13daef5\" data-element_type=\"widget\" data-e-type=\"widget\" data-widget_type=\"call-to-action.default\">\n\t\t\t\t<div class=\"elementor-widget-container\">\n\t\t\t\t\t\t\t<a class=\"elementor-cta\" href=\"https:\/\/rentallorca.com\/blog\/pueblos-mas-bonitos-de-mallorca\/\">\n\t\t\t\t\t<div class=\"elementor-cta__bg-wrapper\">\n\t\t\t\t<div class=\"elementor-cta__bg elementor-bg\" style=\"background-image: url(https:\/\/rentallorca.com\/blog\/wp-content\/uploads\/2025\/02\/pueblos-bonitos-mallorca.jpg);\" role=\"img\" aria-label=\"pueblos bonitos mallorca\"><\/div>\n\t\t\t\t<div class=\"elementor-cta__bg-overlay\"><\/div>\n\t\t\t<\/div>\n\t\t\t\t\t\t\t<div class=\"elementor-cta__content\">\n\t\t\t\t\n\t\t\t\t\t\t\t\t\t<h4 class=\"elementor-cta__title elementor-cta__content-item elementor-content-item\">\n\t\t\t\t\t\t\u00bfA\u00fan no conoces los pueblos m\u00e1s bonitos de Mallorca? \u00a1Estos son!\t\t\t\t\t<\/h4>\n\t\t\t\t\n\t\t\t\t\n\t\t\t\t\t\t\t<\/div>\n\t\t\t\t\t\t<\/a>\n\t\t\t\t\t\t<\/div>\n\t\t\t\t<\/div>\n\t\t\t\t\t<\/div>\n\t\t\t\t<\/div>\n\t\t\t\t<\/div>\n\t\t\t\t<div data-elementor-type=\"loop-item\" data-elementor-id=\"748\" class=\"elementor elementor-748 swiper-slide e-loop-item e-loop-item-572 post-572 post type-post status-publish format-standard has-post-thumbnail hentry category-destinos\" data-elementor-post-type=\"elementor_library\" role=\"group\" aria-roledescription=\"slide\" data-custom-edit-handle=\"1\">\n\t\t\t<div class=\"elementor-element elementor-element-e2cfd45 e-flex e-con-boxed e-con e-parent\" data-id=\"e2cfd45\" data-element_type=\"container\" data-e-type=\"container\">\n\t\t\t\t\t<div class=\"e-con-inner\">\n\t\t\t\t<div class=\"elementor-element elementor-element-13daef5 elementor-cta--skin-cover elementor-cta--valign-bottom elementor-bg-transform elementor-bg-transform-zoom-in elementor-widget elementor-widget-call-to-action\" data-id=\"13daef5\" data-element_type=\"widget\" data-e-type=\"widget\" data-widget_type=\"call-to-action.default\">\n\t\t\t\t<div class=\"elementor-widget-container\">\n\t\t\t\t\t\t\t<a class=\"elementor-cta\" href=\"https:\/\/rentallorca.com\/blog\/que-ver-en-palma-mallorca\/\">\n\t\t\t\t\t<div class=\"elementor-cta__bg-wrapper\">\n\t\t\t\t<div class=\"elementor-cta__bg elementor-bg\" style=\"background-image: url(https:\/\/rentallorca.com\/blog\/wp-content\/uploads\/2025\/02\/Mallorca-en-3-dias.jpg);\" role=\"img\" aria-label=\"Mallorca-en-3-dias.jpg\"><\/div>\n\t\t\t\t<div class=\"elementor-cta__bg-overlay\"><\/div>\n\t\t\t<\/div>\n\t\t\t\t\t\t\t<div class=\"elementor-cta__content\">\n\t\t\t\t\n\t\t\t\t\t\t\t\t\t<h4 class=\"elementor-cta__title elementor-cta__content-item elementor-content-item\">\n\t\t\t\t\t\t\u00bfTienes 3 d\u00edas libres? Te contamos qu\u00e9 ver en Palma de Mallorca\t\t\t\t\t<\/h4>\n\t\t\t\t\n\t\t\t\t\n\t\t\t\t\t\t\t<\/div>\n\t\t\t\t\t\t<\/a>\n\t\t\t\t\t\t<\/div>\n\t\t\t\t<\/div>\n\t\t\t\t\t<\/div>\n\t\t\t\t<\/div>\n\t\t\t\t<\/div>\n\t\t\t\t<\/div>\n\t\t<\/div>\n\t\t\t\t\t<div class=\"elementor-swiper-button elementor-swiper-button-prev\" role=\"button\" tabindex=\"0\" aria-label=\"Previous\">\n\t\t\t\t<svg aria-hidden=\"true\" class=\"e-font-icon-svg e-eicon-chevron-left\" viewBox=\"0 0 1000 1000\" xmlns=\"http:\/\/www.w3.org\/2000\/svg\"><path d=\"M646 125C629 125 613 133 604 142L308 442C296 454 292 471 292 487 292 504 296 521 308 533L604 854C617 867 629 875 646 875 663 875 679 871 692 858 704 846 713 829 713 812 713 796 708 779 692 767L438 487 692 225C700 217 708 204 708 187 708 171 704 154 692 142 675 129 663 125 646 125Z\"><\/path><\/svg>\t\t\t<\/div>\n\t\t\t<div class=\"elementor-swiper-button elementor-swiper-button-next\" role=\"button\" tabindex=\"0\" aria-label=\"Next\">\n\t\t\t\t<svg aria-hidden=\"true\" class=\"e-font-icon-svg e-eicon-chevron-right\" viewBox=\"0 0 1000 1000\" xmlns=\"http:\/\/www.w3.org\/2000\/svg\"><path d=\"M696 533C708 521 713 504 713 487 713 471 708 454 696 446L400 146C388 133 375 125 354 125 338 125 325 129 313 142 300 154 292 171 292 187 292 204 296 221 308 233L563 492 304 771C292 783 288 800 288 817 288 833 296 850 308 863 321 871 338 875 354 875 371 875 388 867 400 854L696 533Z\"><\/path><\/svg>\t\t\t<\/div>\n\t\t\t\t\t<div class=\"swiper-pagination\"><\/div>\n\t\t\t\t\t\t<\/div>\n\t\t\t\t<\/div>\n\t\t\t\t\t<\/div>\n\t\t\t\t<\/div>\n\t\t\t\t<section class=\"elementor-section elementor-top-section elementor-element elementor-element-fd295da elementor-section-boxed elementor-section-height-default elementor-section-height-default\" data-id=\"fd295da\" data-element_type=\"section\" data-e-type=\"section\">\n\t\t\t\t\t\t<div class=\"elementor-container elementor-column-gap-default\">\n\t\t\t\t\t<div class=\"elementor-column elementor-col-100 elementor-top-column elementor-element elementor-element-d31fac8\" data-id=\"d31fac8\" data-element_type=\"column\" data-e-type=\"column\">\n\t\t\t<div class=\"elementor-widget-wrap elementor-element-populated\">\n\t\t\t\t\t\t<div class=\"elementor-element elementor-element-6348569 elementor-widget elementor-widget-heading\" data-id=\"6348569\" data-element_type=\"widget\" data-e-type=\"widget\" data-widget_type=\"heading.default\">\n\t\t\t\t<div class=\"elementor-widget-container\">\n\t\t\t\t\t<h2 class=\"elementor-heading-title elementor-size-default\">Planifica tu viaje a Mallorca<\/h2>\t\t\t\t<\/div>\n\t\t\t\t<\/div>\n\t\t\t\t<div class=\"elementor-element elementor-element-3d0bef1 elementor-widget elementor-widget-text-editor\" data-id=\"3d0bef1\" data-element_type=\"widget\" data-e-type=\"widget\" data-widget_type=\"text-editor.default\">\n\t\t\t\t<div class=\"elementor-widget-container\">\n\t\t\t\t\t\t\t\t\t<div class=\"flex max-w-full flex-col flex-grow AIPRM__conversation__response\"><div class=\"min-h-8 text-message flex w-full flex-col items-end gap-2 whitespace-normal break-words [.text-message+&amp;]:mt-5\" dir=\"auto\" data-message-author-role=\"assistant\" data-message-id=\"6c65b7eb-ba24-4a5a-be00-a57b82094249\" data-message-model-slug=\"gpt-4o\"><div class=\"flex w-full flex-col gap-1 empty:hidden first:pt-[3px]\"><div class=\"markdown prose w-full break-words dark:prose-invert light\"><div class=\"flex max-w-full flex-col flex-grow\"><div class=\"min-h-8 text-message flex w-full flex-col items-end gap-2 whitespace-normal break-words text-start [.text-message+&amp;]:mt-5\" dir=\"auto\" data-message-author-role=\"assistant\" data-message-id=\"01ec5430-59fd-4865-9749-c26b8e3514f4\" data-message-model-slug=\"gpt-4o\"><div class=\"flex w-full flex-col gap-1 empty:hidden first:pt-[3px]\"><div class=\"markdown prose w-full break-words dark:prose-invert light\"><p>\u00bfEs la primera vez que visitas la isla? \u00bfSueles viajar a este destino y buscas inspiraciones nuevas? Usa nuestras gu\u00edas para organizar tu viaje a Mallorca con tips de expertos.<\/p><\/div><\/div><\/div><\/div><\/div><\/div><\/div><\/div>\t\t\t\t\t\t\t\t<\/div>\n\t\t\t\t<\/div>\n\t\t\t\t\t<\/div>\n\t\t<\/div>\n\t\t\t\t\t<\/div>\n\t\t<\/section>\n\t\t<div class=\"elementor-element elementor-element-fe89fa4 e-flex e-con-boxed e-con e-parent\" data-id=\"fe89fa4\" data-element_type=\"container\" data-e-type=\"container\">\n\t\t\t\t\t<div class=\"e-con-inner\">\n\t\t<div class=\"elementor-element elementor-element-137bcbb e-con-full e-flex e-con e-child\" data-id=\"137bcbb\" data-element_type=\"container\" data-e-type=\"container\">\n\t\t\t\t<div class=\"elementor-element elementor-element-0ba93be elementor-pagination-type-bullets elementor-pagination-position-outside elementor-widget elementor-widget-loop-carousel\" data-id=\"0ba93be\" data-element_type=\"widget\" data-e-type=\"widget\" data-settings=\"{&quot;template_id&quot;:712,&quot;slides_to_show&quot;:&quot;1&quot;,&quot;_skin&quot;:&quot;post&quot;,&quot;slides_to_show_tablet&quot;:&quot;2&quot;,&quot;slides_to_show_mobile&quot;:&quot;1&quot;,&quot;slides_to_scroll&quot;:&quot;1&quot;,&quot;edit_handle_selector&quot;:&quot;.elementor-loop-container&quot;,&quot;autoplay&quot;:&quot;yes&quot;,&quot;autoplay_speed&quot;:5000,&quot;pause_on_hover&quot;:&quot;yes&quot;,&quot;pause_on_interaction&quot;:&quot;yes&quot;,&quot;infinite&quot;:&quot;yes&quot;,&quot;speed&quot;:500,&quot;offset_sides&quot;:&quot;none&quot;,&quot;pagination&quot;:&quot;bullets&quot;,&quot;image_spacing_custom&quot;:{&quot;unit&quot;:&quot;px&quot;,&quot;size&quot;:10,&quot;sizes&quot;:[]},&quot;image_spacing_custom_tablet&quot;:{&quot;unit&quot;:&quot;px&quot;,&quot;size&quot;:&quot;&quot;,&quot;sizes&quot;:[]},&quot;image_spacing_custom_mobile&quot;:{&quot;unit&quot;:&quot;px&quot;,&quot;size&quot;:&quot;&quot;,&quot;sizes&quot;:[]}}\" data-widget_type=\"loop-carousel.post\">\n\t\t\t\t<div class=\"elementor-widget-container\">\n\t\t\t\t\t\t\t<div class=\"swiper elementor-loop-container elementor-grid\" role=\"list\" dir=\"ltr\">\n\t\t\t\t<div class=\"swiper-wrapper\" aria-live=\"off\">\n\t\t<style id=\"loop-712\">.elementor-712 .elementor-element.elementor-element-e11a3f2{--display:flex;}.elementor-widget-call-to-action .elementor-cta__title{font-family:var( --e-global-typography-primary-font-family ), Sans-serif;font-size:var( --e-global-typography-primary-font-size );font-weight:var( --e-global-typography-primary-font-weight );}.elementor-widget-call-to-action .elementor-cta__description{font-family:var( --e-global-typography-text-font-family ), Sans-serif;font-size:var( --e-global-typography-text-font-size );font-weight:var( --e-global-typography-text-font-weight );}.elementor-widget-call-to-action .elementor-cta__button{font-family:var( --e-global-typography-accent-font-family ), Sans-serif;font-weight:var( --e-global-typography-accent-font-weight );}.elementor-widget-call-to-action .elementor-ribbon-inner{background-color:var( --e-global-color-accent );font-family:var( --e-global-typography-accent-font-family ), Sans-serif;font-weight:var( --e-global-typography-accent-font-weight );}.elementor-712 .elementor-element.elementor-element-4de2efc .elementor-cta__content{text-align:start;padding:070px 20px 30px 50px;}.elementor-712 .elementor-element.elementor-element-4de2efc .elementor-cta__title{font-family:\"Quicksand\", Sans-serif;font-size:25px;font-weight:800;-webkit-text-stroke-width:0px;stroke-width:0px;-webkit-text-stroke-color:#FFFFFF;stroke:#FFFFFF;}.elementor-712 .elementor-element.elementor-element-4de2efc .elementor-cta__title:not(:last-child){margin-bottom:20px;}.elementor-712 .elementor-element.elementor-element-4de2efc .elementor-cta__button{color:var( --e-global-color-text );background-color:#FFFFFF;border-color:#FFFFFF;border-radius:20px;box-shadow:0px 0px 10px 0px rgba(0,0,0,0.5);}.elementor-712 .elementor-element.elementor-element-4de2efc .elementor-cta:not(:hover) .elementor-cta__bg-overlay{background-color:#0000006E;}.elementor-712 .elementor-element.elementor-element-4de2efc .elementor-cta:hover .elementor-cta__bg{filter:brightness( 100% ) contrast( 100% ) saturate( 100% ) blur( 0px ) hue-rotate( 0deg );}.elementor-712 .elementor-element.elementor-element-4de2efc .elementor-cta .elementor-cta__bg, .elementor-712 .elementor-element.elementor-element-4de2efc .elementor-cta .elementor-cta__bg-overlay{transition-duration:1500ms;}.elementor-712 .elementor-element.elementor-element-4de2efc > .elementor-widget-container{padding:0px 0px 0px 0px;border-radius:20px 20px 20px 20px;}@media(max-width:1024px){.elementor-widget-call-to-action .elementor-cta__title{font-size:var( --e-global-typography-primary-font-size );}.elementor-widget-call-to-action .elementor-cta__description{font-size:var( --e-global-typography-text-font-size );}}@media(max-width:767px){.elementor-widget-call-to-action .elementor-cta__title{font-size:var( --e-global-typography-primary-font-size );}.elementor-widget-call-to-action .elementor-cta__description{font-size:var( --e-global-typography-text-font-size );}}<\/style>\t\t<div data-elementor-type=\"loop-item\" data-elementor-id=\"712\" class=\"elementor elementor-712 swiper-slide e-loop-item e-loop-item-3774 post-3774 post type-post status-publish format-standard has-post-thumbnail hentry category-guia\" data-elementor-post-type=\"elementor_library\" role=\"group\" aria-roledescription=\"slide\" data-custom-edit-handle=\"1\">\n\t\t\t<div class=\"elementor-element elementor-element-e11a3f2 e-flex e-con-boxed e-con e-parent\" data-id=\"e11a3f2\" data-element_type=\"container\" data-e-type=\"container\">\n\t\t\t\t\t<div class=\"e-con-inner\">\n\t\t\t\t<div class=\"elementor-element elementor-element-4de2efc elementor-cta--skin-cover elementor-cta--valign-bottom elementor-bg-transform elementor-bg-transform-zoom-in elementor-widget elementor-widget-call-to-action\" data-id=\"4de2efc\" data-element_type=\"widget\" data-e-type=\"widget\" data-widget_type=\"call-to-action.default\">\n\t\t\t\t<div class=\"elementor-widget-container\">\n\t\t\t\t\t\t\t<a class=\"elementor-cta\" href=\"https:\/\/rentallorca.com\/blog\/maria-de-la-salut-mallorca\/\">\n\t\t\t\t\t<div class=\"elementor-cta__bg-wrapper\">\n\t\t\t\t<div class=\"elementor-cta__bg elementor-bg\" style=\"background-image: url(https:\/\/rentallorca.com\/blog\/wp-content\/uploads\/2026\/03\/Mare-de-Deu-de-la-Salut.jpg);\" role=\"img\" aria-label=\"Mare-de-Deu-de-la-Salut.jpg\"><\/div>\n\t\t\t\t<div class=\"elementor-cta__bg-overlay\"><\/div>\n\t\t\t<\/div>\n\t\t\t\t\t\t\t<div class=\"elementor-cta__content\">\n\t\t\t\t\n\t\t\t\t\t\t\t\t\t<h4 class=\"elementor-cta__title elementor-cta__content-item elementor-content-item\">\n\t\t\t\t\t\tMaria de la Salut, el pueblo que te regala la cara m\u00e1s aut\u00e9ntica de Mallorca\t\t\t\t\t<\/h4>\n\t\t\t\t\n\t\t\t\t\n\t\t\t\t\t\t\t\t\t<div class=\"elementor-cta__button-wrapper elementor-cta__content-item elementor-content-item \">\n\t\t\t\t\t<span class=\"elementor-cta__button elementor-button elementor-size-\">\n\t\t\t\t\t\tLee m\u00e1s\t\t\t\t\t<\/span>\n\t\t\t\t\t<\/div>\n\t\t\t\t\t\t\t<\/div>\n\t\t\t\t\t\t<\/a>\n\t\t\t\t\t\t<\/div>\n\t\t\t\t<\/div>\n\t\t\t\t\t<\/div>\n\t\t\t\t<\/div>\n\t\t\t\t<\/div>\n\t\t\t\t<div data-elementor-type=\"loop-item\" data-elementor-id=\"712\" class=\"elementor elementor-712 swiper-slide e-loop-item e-loop-item-3620 post-3620 post type-post status-publish format-standard has-post-thumbnail hentry category-guia\" data-elementor-post-type=\"elementor_library\" role=\"group\" aria-roledescription=\"slide\" data-custom-edit-handle=\"1\">\n\t\t\t<div class=\"elementor-element elementor-element-e11a3f2 e-flex e-con-boxed e-con e-parent\" data-id=\"e11a3f2\" data-element_type=\"container\" data-e-type=\"container\">\n\t\t\t\t\t<div class=\"e-con-inner\">\n\t\t\t\t<div class=\"elementor-element elementor-element-4de2efc elementor-cta--skin-cover elementor-cta--valign-bottom elementor-bg-transform elementor-bg-transform-zoom-in elementor-widget elementor-widget-call-to-action\" data-id=\"4de2efc\" data-element_type=\"widget\" data-e-type=\"widget\" data-widget_type=\"call-to-action.default\">\n\t\t\t\t<div class=\"elementor-widget-container\">\n\t\t\t\t\t\t\t<a class=\"elementor-cta\" href=\"https:\/\/rentallorca.com\/blog\/casco-antiguo-alcudia\/\">\n\t\t\t\t\t<div class=\"elementor-cta__bg-wrapper\">\n\t\t\t\t<div class=\"elementor-cta__bg elementor-bg\" style=\"background-image: url(https:\/\/rentallorca.com\/blog\/wp-content\/uploads\/2026\/02\/Visit-Alcudia.jpg);\" role=\"img\" aria-label=\"Visit-Alcudia.jpg\"><\/div>\n\t\t\t\t<div class=\"elementor-cta__bg-overlay\"><\/div>\n\t\t\t<\/div>\n\t\t\t\t\t\t\t<div class=\"elementor-cta__content\">\n\t\t\t\t\n\t\t\t\t\t\t\t\t\t<h4 class=\"elementor-cta__title elementor-cta__content-item elementor-content-item\">\n\t\t\t\t\t\tCasco Antiguo de Alc\u00fadia. Descubre sus murallas, historia y todo el encanto mallorqu\u00edn\t\t\t\t\t<\/h4>\n\t\t\t\t\n\t\t\t\t\n\t\t\t\t\t\t\t\t\t<div class=\"elementor-cta__button-wrapper elementor-cta__content-item elementor-content-item \">\n\t\t\t\t\t<span class=\"elementor-cta__button elementor-button elementor-size-\">\n\t\t\t\t\t\tLee m\u00e1s\t\t\t\t\t<\/span>\n\t\t\t\t\t<\/div>\n\t\t\t\t\t\t\t<\/div>\n\t\t\t\t\t\t<\/a>\n\t\t\t\t\t\t<\/div>\n\t\t\t\t<\/div>\n\t\t\t\t\t<\/div>\n\t\t\t\t<\/div>\n\t\t\t\t<\/div>\n\t\t\t\t<div data-elementor-type=\"loop-item\" data-elementor-id=\"712\" class=\"elementor elementor-712 swiper-slide e-loop-item e-loop-item-3465 post-3465 post type-post status-publish format-standard has-post-thumbnail hentry category-guia\" data-elementor-post-type=\"elementor_library\" role=\"group\" aria-roledescription=\"slide\" data-custom-edit-handle=\"1\">\n\t\t\t<div class=\"elementor-element elementor-element-e11a3f2 e-flex e-con-boxed e-con e-parent\" data-id=\"e11a3f2\" data-element_type=\"container\" data-e-type=\"container\">\n\t\t\t\t\t<div class=\"e-con-inner\">\n\t\t\t\t<div class=\"elementor-element elementor-element-4de2efc elementor-cta--skin-cover elementor-cta--valign-bottom elementor-bg-transform elementor-bg-transform-zoom-in elementor-widget elementor-widget-call-to-action\" data-id=\"4de2efc\" data-element_type=\"widget\" data-e-type=\"widget\" data-widget_type=\"call-to-action.default\">\n\t\t\t\t<div class=\"elementor-widget-container\">\n\t\t\t\t\t\t\t<a class=\"elementor-cta\" href=\"https:\/\/rentallorca.com\/blog\/vilafranca-de-bonany-un-pueblo-con-alma-en-el-corazon-de-mallorca\/\">\n\t\t\t\t\t<div class=\"elementor-cta__bg-wrapper\">\n\t\t\t\t<div class=\"elementor-cta__bg elementor-bg\" style=\"background-image: url(https:\/\/rentallorca.com\/blog\/wp-content\/uploads\/2026\/01\/Vilafranca-de-bonany.jpg);\" role=\"img\" aria-label=\"Vilafranca de bonany\"><\/div>\n\t\t\t\t<div class=\"elementor-cta__bg-overlay\"><\/div>\n\t\t\t<\/div>\n\t\t\t\t\t\t\t<div class=\"elementor-cta__content\">\n\t\t\t\t\n\t\t\t\t\t\t\t\t\t<h4 class=\"elementor-cta__title elementor-cta__content-item elementor-content-item\">\n\t\t\t\t\t\tVilafranca de Bonany: un pueblo con alma en el coraz\u00f3n de Mallorca\t\t\t\t\t<\/h4>\n\t\t\t\t\n\t\t\t\t\n\t\t\t\t\t\t\t\t\t<div class=\"elementor-cta__button-wrapper elementor-cta__content-item elementor-content-item \">\n\t\t\t\t\t<span class=\"elementor-cta__button elementor-button elementor-size-\">\n\t\t\t\t\t\tLee m\u00e1s\t\t\t\t\t<\/span>\n\t\t\t\t\t<\/div>\n\t\t\t\t\t\t\t<\/div>\n\t\t\t\t\t\t<\/a>\n\t\t\t\t\t\t<\/div>\n\t\t\t\t<\/div>\n\t\t\t\t\t<\/div>\n\t\t\t\t<\/div>\n\t\t\t\t<\/div>\n\t\t\t\t<div data-elementor-type=\"loop-item\" data-elementor-id=\"712\" class=\"elementor elementor-712 swiper-slide e-loop-item e-loop-item-2902 post-2902 post type-post status-publish format-standard has-post-thumbnail hentry category-guia\" data-elementor-post-type=\"elementor_library\" role=\"group\" aria-roledescription=\"slide\" data-custom-edit-handle=\"1\">\n\t\t\t<div class=\"elementor-element elementor-element-e11a3f2 e-flex e-con-boxed e-con e-parent\" data-id=\"e11a3f2\" data-element_type=\"container\" data-e-type=\"container\">\n\t\t\t\t\t<div class=\"e-con-inner\">\n\t\t\t\t<div class=\"elementor-element elementor-element-4de2efc elementor-cta--skin-cover elementor-cta--valign-bottom elementor-bg-transform elementor-bg-transform-zoom-in elementor-widget elementor-widget-call-to-action\" data-id=\"4de2efc\" data-element_type=\"widget\" data-e-type=\"widget\" data-widget_type=\"call-to-action.default\">\n\t\t\t\t<div class=\"elementor-widget-container\">\n\t\t\t\t\t\t\t<a class=\"elementor-cta\" href=\"https:\/\/rentallorca.com\/blog\/guia-completa-mallorca-en-navidad\/\">\n\t\t\t\t\t<div class=\"elementor-cta__bg-wrapper\">\n\t\t\t\t<div class=\"elementor-cta__bg elementor-bg\" style=\"background-image: url(https:\/\/rentallorca.com\/blog\/wp-content\/uploads\/2025\/11\/weihnachten-auf-mallorca.webp);\" role=\"img\" aria-label=\"Reiseguide Weihnachten auf Mallorca\"><\/div>\n\t\t\t\t<div class=\"elementor-cta__bg-overlay\"><\/div>\n\t\t\t<\/div>\n\t\t\t\t\t\t\t<div class=\"elementor-cta__content\">\n\t\t\t\t\n\t\t\t\t\t\t\t\t\t<h4 class=\"elementor-cta__title elementor-cta__content-item elementor-content-item\">\n\t\t\t\t\t\tGu\u00eda completa de Mallorca en Navidad\t\t\t\t\t<\/h4>\n\t\t\t\t\n\t\t\t\t\n\t\t\t\t\t\t\t\t\t<div class=\"elementor-cta__button-wrapper elementor-cta__content-item elementor-content-item \">\n\t\t\t\t\t<span class=\"elementor-cta__button elementor-button elementor-size-\">\n\t\t\t\t\t\tLee m\u00e1s\t\t\t\t\t<\/span>\n\t\t\t\t\t<\/div>\n\t\t\t\t\t\t\t<\/div>\n\t\t\t\t\t\t<\/a>\n\t\t\t\t\t\t<\/div>\n\t\t\t\t<\/div>\n\t\t\t\t\t<\/div>\n\t\t\t\t<\/div>\n\t\t\t\t<\/div>\n\t\t\t\t<div data-elementor-type=\"loop-item\" data-elementor-id=\"712\" class=\"elementor elementor-712 swiper-slide e-loop-item e-loop-item-2859 post-2859 post type-post status-publish format-standard has-post-thumbnail hentry category-guia\" data-elementor-post-type=\"elementor_library\" role=\"group\" aria-roledescription=\"slide\" data-custom-edit-handle=\"1\">\n\t\t\t<div class=\"elementor-element elementor-element-e11a3f2 e-flex e-con-boxed e-con e-parent\" data-id=\"e11a3f2\" data-element_type=\"container\" data-e-type=\"container\">\n\t\t\t\t\t<div class=\"e-con-inner\">\n\t\t\t\t<div class=\"elementor-element elementor-element-4de2efc elementor-cta--skin-cover elementor-cta--valign-bottom elementor-bg-transform elementor-bg-transform-zoom-in elementor-widget elementor-widget-call-to-action\" data-id=\"4de2efc\" data-element_type=\"widget\" data-e-type=\"widget\" data-widget_type=\"call-to-action.default\">\n\t\t\t\t<div class=\"elementor-widget-container\">\n\t\t\t\t\t\t\t<a class=\"elementor-cta\" href=\"https:\/\/rentallorca.com\/blog\/turismo-rural-mallorca\/\">\n\t\t\t\t\t<div class=\"elementor-cta__bg-wrapper\">\n\t\t\t\t<div class=\"elementor-cta__bg elementor-bg\" style=\"background-image: url(https:\/\/rentallorca.com\/blog\/wp-content\/uploads\/2025\/10\/turismo-rural-mallorca-3.webp);\" role=\"img\" aria-label=\"turismo rural mallorca\u200b\"><\/div>\n\t\t\t\t<div class=\"elementor-cta__bg-overlay\"><\/div>\n\t\t\t<\/div>\n\t\t\t\t\t\t\t<div class=\"elementor-cta__content\">\n\t\t\t\t\n\t\t\t\t\t\t\t\t\t<h4 class=\"elementor-cta__title elementor-cta__content-item elementor-content-item\">\n\t\t\t\t\t\tTurismo rural Mallorca\u200b\t\t\t\t\t<\/h4>\n\t\t\t\t\n\t\t\t\t\n\t\t\t\t\t\t\t\t\t<div class=\"elementor-cta__button-wrapper elementor-cta__content-item elementor-content-item \">\n\t\t\t\t\t<span class=\"elementor-cta__button elementor-button elementor-size-\">\n\t\t\t\t\t\tLee m\u00e1s\t\t\t\t\t<\/span>\n\t\t\t\t\t<\/div>\n\t\t\t\t\t\t\t<\/div>\n\t\t\t\t\t\t<\/a>\n\t\t\t\t\t\t<\/div>\n\t\t\t\t<\/div>\n\t\t\t\t\t<\/div>\n\t\t\t\t<\/div>\n\t\t\t\t<\/div>\n\t\t\t\t<div data-elementor-type=\"loop-item\" data-elementor-id=\"712\" class=\"elementor elementor-712 swiper-slide e-loop-item e-loop-item-2371 post-2371 post type-post status-publish format-standard has-post-thumbnail hentry category-guia\" data-elementor-post-type=\"elementor_library\" role=\"group\" aria-roledescription=\"slide\" data-custom-edit-handle=\"1\">\n\t\t\t<div class=\"elementor-element elementor-element-e11a3f2 e-flex e-con-boxed e-con e-parent\" data-id=\"e11a3f2\" data-element_type=\"container\" data-e-type=\"container\">\n\t\t\t\t\t<div class=\"e-con-inner\">\n\t\t\t\t<div class=\"elementor-element elementor-element-4de2efc elementor-cta--skin-cover elementor-cta--valign-bottom elementor-bg-transform elementor-bg-transform-zoom-in elementor-widget elementor-widget-call-to-action\" data-id=\"4de2efc\" data-element_type=\"widget\" data-e-type=\"widget\" data-widget_type=\"call-to-action.default\">\n\t\t\t\t<div class=\"elementor-widget-container\">\n\t\t\t\t\t\t\t<a class=\"elementor-cta\" href=\"https:\/\/rentallorca.com\/blog\/cual-es-la-mejor-zona-de-mallorca-para-familias\/\">\n\t\t\t\t\t<div class=\"elementor-cta__bg-wrapper\">\n\t\t\t\t<div class=\"elementor-cta__bg elementor-bg\" style=\"background-image: url(https:\/\/rentallorca.com\/blog\/wp-content\/uploads\/2025\/08\/cual-es-la-mejor-zona-de-mallorca-para-familias_-1.webp);\" role=\"img\" aria-label=\"la mejor zona de mallorca para familias\u200b\"><\/div>\n\t\t\t\t<div class=\"elementor-cta__bg-overlay\"><\/div>\n\t\t\t<\/div>\n\t\t\t\t\t\t\t<div class=\"elementor-cta__content\">\n\t\t\t\t\n\t\t\t\t\t\t\t\t\t<h4 class=\"elementor-cta__title elementor-cta__content-item elementor-content-item\">\n\t\t\t\t\t\t\u00bfCu\u00e1l es la mejor zona de Mallorca para familias\u200b?\t\t\t\t\t<\/h4>\n\t\t\t\t\n\t\t\t\t\n\t\t\t\t\t\t\t\t\t<div class=\"elementor-cta__button-wrapper elementor-cta__content-item elementor-content-item \">\n\t\t\t\t\t<span class=\"elementor-cta__button elementor-button elementor-size-\">\n\t\t\t\t\t\tLee m\u00e1s\t\t\t\t\t<\/span>\n\t\t\t\t\t<\/div>\n\t\t\t\t\t\t\t<\/div>\n\t\t\t\t\t\t<\/a>\n\t\t\t\t\t\t<\/div>\n\t\t\t\t<\/div>\n\t\t\t\t\t<\/div>\n\t\t\t\t<\/div>\n\t\t\t\t<\/div>\n\t\t\t\t<div data-elementor-type=\"loop-item\" data-elementor-id=\"712\" class=\"elementor elementor-712 swiper-slide e-loop-item e-loop-item-1634 post-1634 post type-post status-publish format-standard has-post-thumbnail hentry category-guia\" data-elementor-post-type=\"elementor_library\" role=\"group\" aria-roledescription=\"slide\" data-custom-edit-handle=\"1\">\n\t\t\t<div class=\"elementor-element elementor-element-e11a3f2 e-flex e-con-boxed e-con e-parent\" data-id=\"e11a3f2\" data-element_type=\"container\" data-e-type=\"container\">\n\t\t\t\t\t<div class=\"e-con-inner\">\n\t\t\t\t<div class=\"elementor-element elementor-element-4de2efc elementor-cta--skin-cover elementor-cta--valign-bottom elementor-bg-transform elementor-bg-transform-zoom-in elementor-widget elementor-widget-call-to-action\" data-id=\"4de2efc\" data-element_type=\"widget\" data-e-type=\"widget\" data-widget_type=\"call-to-action.default\">\n\t\t\t\t<div class=\"elementor-widget-container\">\n\t\t\t\t\t\t\t<a class=\"elementor-cta\" href=\"https:\/\/rentallorca.com\/blog\/donde-alojarse-en-mallorca-en-pareja\/\">\n\t\t\t\t\t<div class=\"elementor-cta__bg-wrapper\">\n\t\t\t\t<div class=\"elementor-cta__bg elementor-bg\" style=\"background-image: url(https:\/\/rentallorca.com\/blog\/wp-content\/uploads\/2025\/05\/where-to-stay-in-mallorca-couples-1.webp);\" role=\"img\" aria-label=\"where to stay in mallorca couples\"><\/div>\n\t\t\t\t<div class=\"elementor-cta__bg-overlay\"><\/div>\n\t\t\t<\/div>\n\t\t\t\t\t\t\t<div class=\"elementor-cta__content\">\n\t\t\t\t\n\t\t\t\t\t\t\t\t\t<h4 class=\"elementor-cta__title elementor-cta__content-item elementor-content-item\">\n\t\t\t\t\t\tD\u00f3nde alojarse en Mallorca en pareja\u200b\t\t\t\t\t<\/h4>\n\t\t\t\t\n\t\t\t\t\n\t\t\t\t\t\t\t\t\t<div class=\"elementor-cta__button-wrapper elementor-cta__content-item elementor-content-item \">\n\t\t\t\t\t<span class=\"elementor-cta__button elementor-button elementor-size-\">\n\t\t\t\t\t\tLee m\u00e1s\t\t\t\t\t<\/span>\n\t\t\t\t\t<\/div>\n\t\t\t\t\t\t\t<\/div>\n\t\t\t\t\t\t<\/a>\n\t\t\t\t\t\t<\/div>\n\t\t\t\t<\/div>\n\t\t\t\t\t<\/div>\n\t\t\t\t<\/div>\n\t\t\t\t<\/div>\n\t\t\t\t<div data-elementor-type=\"loop-item\" data-elementor-id=\"712\" class=\"elementor elementor-712 swiper-slide e-loop-item e-loop-item-1212 post-1212 post type-post status-publish format-standard has-post-thumbnail hentry category-guia\" data-elementor-post-type=\"elementor_library\" role=\"group\" aria-roledescription=\"slide\" data-custom-edit-handle=\"1\">\n\t\t\t<div class=\"elementor-element elementor-element-e11a3f2 e-flex e-con-boxed e-con e-parent\" data-id=\"e11a3f2\" data-element_type=\"container\" data-e-type=\"container\">\n\t\t\t\t\t<div class=\"e-con-inner\">\n\t\t\t\t<div class=\"elementor-element elementor-element-4de2efc elementor-cta--skin-cover elementor-cta--valign-bottom elementor-bg-transform elementor-bg-transform-zoom-in elementor-widget elementor-widget-call-to-action\" data-id=\"4de2efc\" data-element_type=\"widget\" data-e-type=\"widget\" data-widget_type=\"call-to-action.default\">\n\t\t\t\t<div class=\"elementor-widget-container\">\n\t\t\t\t\t\t\t<a class=\"elementor-cta\" href=\"https:\/\/rentallorca.com\/blog\/planeas-hacer-rutas-en-coche-por-mallorca\/\">\n\t\t\t\t\t<div class=\"elementor-cta__bg-wrapper\">\n\t\t\t\t<div class=\"elementor-cta__bg elementor-bg\" style=\"background-image: url(https:\/\/rentallorca.com\/blog\/wp-content\/uploads\/2025\/04\/exploring-mallorca-by-car\u200b-4.webp);\" role=\"img\" aria-label=\"exploring mallorca by car\u200b\"><\/div>\n\t\t\t\t<div class=\"elementor-cta__bg-overlay\"><\/div>\n\t\t\t<\/div>\n\t\t\t\t\t\t\t<div class=\"elementor-cta__content\">\n\t\t\t\t\n\t\t\t\t\t\t\t\t\t<h4 class=\"elementor-cta__title elementor-cta__content-item elementor-content-item\">\n\t\t\t\t\t\t\u00bfPlaneas hacer rutas en coche por Mallorca? Esto es lo que tienes que saber\t\t\t\t\t<\/h4>\n\t\t\t\t\n\t\t\t\t\n\t\t\t\t\t\t\t\t\t<div class=\"elementor-cta__button-wrapper elementor-cta__content-item elementor-content-item \">\n\t\t\t\t\t<span class=\"elementor-cta__button elementor-button elementor-size-\">\n\t\t\t\t\t\tLee m\u00e1s\t\t\t\t\t<\/span>\n\t\t\t\t\t<\/div>\n\t\t\t\t\t\t\t<\/div>\n\t\t\t\t\t\t<\/a>\n\t\t\t\t\t\t<\/div>\n\t\t\t\t<\/div>\n\t\t\t\t\t<\/div>\n\t\t\t\t<\/div>\n\t\t\t\t<\/div>\n\t\t\t\t<div data-elementor-type=\"loop-item\" data-elementor-id=\"712\" class=\"elementor elementor-712 swiper-slide e-loop-item e-loop-item-984 post-984 post type-post status-publish format-standard has-post-thumbnail hentry category-guia\" data-elementor-post-type=\"elementor_library\" role=\"group\" aria-roledescription=\"slide\" data-custom-edit-handle=\"1\">\n\t\t\t<div class=\"elementor-element elementor-element-e11a3f2 e-flex e-con-boxed e-con e-parent\" data-id=\"e11a3f2\" data-element_type=\"container\" data-e-type=\"container\">\n\t\t\t\t\t<div class=\"e-con-inner\">\n\t\t\t\t<div class=\"elementor-element elementor-element-4de2efc elementor-cta--skin-cover elementor-cta--valign-bottom elementor-bg-transform elementor-bg-transform-zoom-in elementor-widget elementor-widget-call-to-action\" data-id=\"4de2efc\" data-element_type=\"widget\" data-e-type=\"widget\" data-widget_type=\"call-to-action.default\">\n\t\t\t\t<div class=\"elementor-widget-container\">\n\t\t\t\t\t\t\t<a class=\"elementor-cta\" href=\"https:\/\/rentallorca.com\/blog\/mejor-zona-para-alojarse-en-mallorca\/\">\n\t\t\t\t\t<div class=\"elementor-cta__bg-wrapper\">\n\t\t\t\t<div class=\"elementor-cta__bg elementor-bg\" style=\"background-image: url(https:\/\/rentallorca.com\/blog\/wp-content\/uploads\/2025\/03\/best-area-to-stay-in-mallorca\u200b-17.webp);\" role=\"img\" aria-label=\"best area to stay in mallorca\u200b\"><\/div>\n\t\t\t\t<div class=\"elementor-cta__bg-overlay\"><\/div>\n\t\t\t<\/div>\n\t\t\t\t\t\t\t<div class=\"elementor-cta__content\">\n\t\t\t\t\n\t\t\t\t\t\t\t\t\t<h4 class=\"elementor-cta__title elementor-cta__content-item elementor-content-item\">\n\t\t\t\t\t\tMejor zona para alojarse en Mallorca: Gu\u00eda definitiva para elegir la ubicaci\u00f3n perfecta\t\t\t\t\t<\/h4>\n\t\t\t\t\n\t\t\t\t\n\t\t\t\t\t\t\t\t\t<div class=\"elementor-cta__button-wrapper elementor-cta__content-item elementor-content-item \">\n\t\t\t\t\t<span class=\"elementor-cta__button elementor-button elementor-size-\">\n\t\t\t\t\t\tLee m\u00e1s\t\t\t\t\t<\/span>\n\t\t\t\t\t<\/div>\n\t\t\t\t\t\t\t<\/div>\n\t\t\t\t\t\t<\/a>\n\t\t\t\t\t\t<\/div>\n\t\t\t\t<\/div>\n\t\t\t\t\t<\/div>\n\t\t\t\t<\/div>\n\t\t\t\t<\/div>\n\t\t\t\t<div data-elementor-type=\"loop-item\" data-elementor-id=\"712\" class=\"elementor elementor-712 swiper-slide e-loop-item e-loop-item-390 post-390 post type-post status-publish format-standard has-post-thumbnail hentry category-guia\" data-elementor-post-type=\"elementor_library\" role=\"group\" aria-roledescription=\"slide\" data-custom-edit-handle=\"1\">\n\t\t\t<div class=\"elementor-element elementor-element-e11a3f2 e-flex e-con-boxed e-con e-parent\" data-id=\"e11a3f2\" data-element_type=\"container\" data-e-type=\"container\">\n\t\t\t\t\t<div class=\"e-con-inner\">\n\t\t\t\t<div class=\"elementor-element elementor-element-4de2efc elementor-cta--skin-cover elementor-cta--valign-bottom elementor-bg-transform elementor-bg-transform-zoom-in elementor-widget elementor-widget-call-to-action\" data-id=\"4de2efc\" data-element_type=\"widget\" data-e-type=\"widget\" data-widget_type=\"call-to-action.default\">\n\t\t\t\t<div class=\"elementor-widget-container\">\n\t\t\t\t\t\t\t<a class=\"elementor-cta\" href=\"https:\/\/rentallorca.com\/blog\/guia-practica-para-visitar-alcudia\/\">\n\t\t\t\t\t<div class=\"elementor-cta__bg-wrapper\">\n\t\t\t\t<div class=\"elementor-cta__bg elementor-bg\" style=\"background-image: url(https:\/\/rentallorca.com\/blog\/wp-content\/uploads\/2025\/02\/blog-rentallorca-33.webp);\" role=\"img\" aria-label=\"Holidays in Alcudia\"><\/div>\n\t\t\t\t<div class=\"elementor-cta__bg-overlay\"><\/div>\n\t\t\t<\/div>\n\t\t\t\t\t\t\t<div class=\"elementor-cta__content\">\n\t\t\t\t\n\t\t\t\t\t\t\t\t\t<h4 class=\"elementor-cta__title elementor-cta__content-item elementor-content-item\">\n\t\t\t\t\t\tGu\u00eda pr\u00e1ctica para visitar Alcudia\t\t\t\t\t<\/h4>\n\t\t\t\t\n\t\t\t\t\n\t\t\t\t\t\t\t\t\t<div class=\"elementor-cta__button-wrapper elementor-cta__content-item elementor-content-item \">\n\t\t\t\t\t<span class=\"elementor-cta__button elementor-button elementor-size-\">\n\t\t\t\t\t\tLee m\u00e1s\t\t\t\t\t<\/span>\n\t\t\t\t\t<\/div>\n\t\t\t\t\t\t\t<\/div>\n\t\t\t\t\t\t<\/a>\n\t\t\t\t\t\t<\/div>\n\t\t\t\t<\/div>\n\t\t\t\t\t<\/div>\n\t\t\t\t<\/div>\n\t\t\t\t<\/div>\n\t\t\t\t<\/div>\n\t\t<\/div>\n\t\t\t\t\t<div class=\"swiper-pagination\"><\/div>\n\t\t\t\t\t\t<\/div>\n\t\t\t\t<\/div>\n\t\t\t\t<\/div>\n\t\t\t\t\t<\/div>\n\t\t\t\t<\/div>\n\t\t\t\t<section class=\"elementor-section elementor-top-section elementor-element elementor-element-6356ae2 elementor-section-boxed elementor-section-height-default elementor-section-height-default\" data-id=\"6356ae2\" data-element_type=\"section\" data-e-type=\"section\">\n\t\t\t\t\t\t<div class=\"elementor-container elementor-column-gap-default\">\n\t\t\t\t\t<div class=\"elementor-column elementor-col-100 elementor-top-column elementor-element elementor-element-a0ad871\" data-id=\"a0ad871\" data-element_type=\"column\" data-e-type=\"column\">\n\t\t\t<div class=\"elementor-widget-wrap elementor-element-populated\">\n\t\t\t\t\t\t<div class=\"elementor-element elementor-element-7921b97 elementor-widget elementor-widget-heading\" data-id=\"7921b97\" data-element_type=\"widget\" data-e-type=\"widget\" data-widget_type=\"heading.default\">\n\t\t\t\t<div class=\"elementor-widget-container\">\n\t\t\t\t\t<h2 class=\"elementor-heading-title elementor-size-default\">Encuentra un alojamiento en Mallorca<\/h2>\t\t\t\t<\/div>\n\t\t\t\t<\/div>\n\t\t\t\t\t<\/div>\n\t\t<\/div>\n\t\t\t\t\t<\/div>\n\t\t<\/section>\n\t\t<div class=\"elementor-element elementor-element-837b4eb e-flex e-con-boxed e-con e-parent\" data-id=\"837b4eb\" data-element_type=\"container\" data-e-type=\"container\">\n\t\t\t\t\t<div class=\"e-con-inner\">\n\t\t\t\t<div class=\"elementor-element elementor-element-3ae616d elementor-widget__width-initial elementor-widget elementor-widget-grid\" data-id=\"3ae616d\" data-element_type=\"widget\" data-e-type=\"widget\" data-widget_type=\"grid.default\">\n\t\t\t\t<div class=\"elementor-widget-container\">\n\t\t\t\t\t\t\t<div class=\"its--row alojamientos-recomendados\">\n\n\t\t\t<div class=\"alojamientos-recomendados-container\">\n\n\t\t\t\t\t\n\t\t\t\t\t<a href=\"https:\/\/rentallorca.com\/alquiler\/villa-son-serra-de-marina-son-serra-relax-2-by-home-villas-360-376207.html\" rel=\"nofollow\" style=\"width: 32%;\">\n\t\t\t\t\t\t<div class=\"apartamento-box\">\n\t\t\t\t\t\t\t<div class=\"imagen_recomendados\">\n\t\t\t\t\t\t\t\t<img decoding=\"async\" src=\"https:\/\/crs.avantio.com\/fotos\/2\/1641977547dcf70f45f7ec3e3ad825855909299159\/big1700214503cb14259c69803ad209aaab0ed1489aef.jpg\" alt=\"Apartment Son Serra Relax 2 By home villas 360\">\n\t\t\t\t\t\t\t<\/div>\n\t\t\t\t\t\t\t<div class=\"info\">\n\t\t\t\t\t\t\t\t<div class=\"ubicacion\">\n\t\t\t\t\t\t\t\t\t<i class=\"fa-solid fa-location-dot icono-mapa\"><\/i><span class=\"ubicacion-texto\">Son Serra de Marina - Mallorca<\/span>\n\t\t\t\t\t\t\t\t<\/div>\n\t\t\t\t\t\t\t\t<H4 class=\"titulo-alojamiento\">\n\t\t\t\t\t\t\t\t\tApartment Son Serra Relax 2 By home villas 360\t\t\t\t\t\t\t\t<\/H4>\n\t\t\t\t\t\t\t\t<p class=\"precio-alojamiento\">Desde <span class=\"precio\">183.84\u20ac<\/span> por noche<\/p>\n\t\t\t\t\t\t\t<\/div>\n\t\t\t\t\t\t<\/div>\n\t\t\t\t\t<\/a> \n\t\t\t\t\t\t\n\t\t\t\t\t<a href=\"https:\/\/rentallorca.com\/alquiler\/apartamento-puerto-pollensa-apartment-can-sivella-by-home-villas-360-376208.html\" rel=\"nofollow\" style=\"width: 32%;\">\n\t\t\t\t\t\t<div class=\"apartamento-box\">\n\t\t\t\t\t\t\t<div class=\"imagen_recomendados\">\n\t\t\t\t\t\t\t\t<img decoding=\"async\" src=\"https:\/\/crs.avantio.com\/fotos\/2\/16419775503a065e7d5b9e81869f0b0ad753313ef2\/big1654602492e226c84e237e8edba4f5254128ebc5c8.jpg\" alt=\"Apartment Can Sivella in Puerto Pollensa by Home Villas 360\">\n\t\t\t\t\t\t\t<\/div>\n\t\t\t\t\t\t\t<div class=\"info\">\n\t\t\t\t\t\t\t\t<div class=\"ubicacion\">\n\t\t\t\t\t\t\t\t\t<i class=\"fa-solid fa-location-dot icono-mapa\"><\/i><span class=\"ubicacion-texto\">Puerto Pollensa - Mallorca<\/span>\n\t\t\t\t\t\t\t\t<\/div>\n\t\t\t\t\t\t\t\t<H4 class=\"titulo-alojamiento\">\n\t\t\t\t\t\t\t\t\tApartment Can Sivella in Puerto Pollensa by Home Villas 360\t\t\t\t\t\t\t\t<\/H4>\n\t\t\t\t\t\t\t\t<p class=\"precio-alojamiento\">Desde <span class=\"precio\">163.67\u20ac<\/span> por noche<\/p>\n\t\t\t\t\t\t\t<\/div>\n\t\t\t\t\t\t<\/div>\n\t\t\t\t\t<\/a> \n\t\t\t\t\t\t\n\t\t\t\t\t<a href=\"https:\/\/rentallorca.com\/alquiler\/apartamento-alcudia-apartment-playa-2b-in-puerto-de-alcudia-376212.html\" rel=\"nofollow\" style=\"width: 32%;\">\n\t\t\t\t\t\t<div class=\"apartamento-box\">\n\t\t\t\t\t\t\t<div class=\"imagen_recomendados\">\n\t\t\t\t\t\t\t\t<img decoding=\"async\" src=\"https:\/\/crs.avantio.com\/fotos\/2\/1641977800def8296f329cca1e51b9764cf7dce01d\/big1671010379a4f4a636295de85a927a064833776dcd.jpg\" alt=\"Apartment Playa 2B in Puerto de Alcudia \">\n\t\t\t\t\t\t\t<\/div>\n\t\t\t\t\t\t\t<div class=\"info\">\n\t\t\t\t\t\t\t\t<div class=\"ubicacion\">\n\t\t\t\t\t\t\t\t\t<i class=\"fa-solid fa-location-dot icono-mapa\"><\/i><span class=\"ubicacion-texto\">Alc\u00fadia - Mallorca<\/span>\n\t\t\t\t\t\t\t\t<\/div>\n\t\t\t\t\t\t\t\t<H4 class=\"titulo-alojamiento\">\n\t\t\t\t\t\t\t\t\tApartment Playa 2B in Puerto de Alcudia \t\t\t\t\t\t\t\t<\/H4>\n\t\t\t\t\t\t\t\t<p class=\"precio-alojamiento\">Desde <span class=\"precio\">50.45\u20ac<\/span> por noche<\/p>\n\t\t\t\t\t\t\t<\/div>\n\t\t\t\t\t\t<\/div>\n\t\t\t\t\t<\/a> \n\t\t\t\t\t\t\t\t<\/div>\n\t\t\t<\/div>\n\t\t\t\t\t\t<\/div>\n\t\t\t\t<\/div>\n\t\t\t\t\t<\/div>\n\t\t\t\t<\/div>\n\t\t\t\t<section class=\"elementor-section elementor-top-section elementor-element elementor-element-3db7b7c elementor-section-boxed elementor-section-height-default elementor-section-height-default\" data-id=\"3db7b7c\" data-element_type=\"section\" data-e-type=\"section\">\n\t\t\t\t\t\t<div class=\"elementor-container elementor-column-gap-default\">\n\t\t\t\t\t<div class=\"elementor-column elementor-col-100 elementor-top-column elementor-element elementor-element-dc55569\" data-id=\"dc55569\" data-element_type=\"column\" data-e-type=\"column\">\n\t\t\t<div class=\"elementor-widget-wrap elementor-element-populated\">\n\t\t\t\t\t\t<div class=\"elementor-element elementor-element-a98c0c9 elementor-widget elementor-widget-heading\" data-id=\"a98c0c9\" data-element_type=\"widget\" data-e-type=\"widget\" data-widget_type=\"heading.default\">\n\t\t\t\t<div class=\"elementor-widget-container\">\n\t\t\t\t\t<h2 class=\"elementor-heading-title elementor-size-default\">Ven de vacaciones a Mallorca<\/h2>\t\t\t\t<\/div>\n\t\t\t\t<\/div>\n\t\t\t\t<div class=\"elementor-element elementor-element-d434334 elementor-widget elementor-widget-text-editor\" data-id=\"d434334\" data-element_type=\"widget\" data-e-type=\"widget\" data-widget_type=\"text-editor.default\">\n\t\t\t\t<div class=\"elementor-widget-container\">\n\t\t\t\t\t\t\t\t\t<div class=\"flex max-w-full flex-col flex-grow AIPRM__conversation__response\"><div class=\"min-h-8 text-message flex w-full flex-col items-end gap-2 whitespace-normal break-words [.text-message+&amp;]:mt-5\" dir=\"auto\" data-message-author-role=\"assistant\" data-message-id=\"6c65b7eb-ba24-4a5a-be00-a57b82094249\" data-message-model-slug=\"gpt-4o\"><div class=\"flex w-full flex-col gap-1 empty:hidden first:pt-[3px]\"><div class=\"markdown prose w-full break-words dark:prose-invert light\"><div class=\"flex max-w-full flex-col flex-grow\"><div class=\"min-h-8 text-message flex w-full flex-col items-end gap-2 whitespace-normal break-words text-start [.text-message+&amp;]:mt-5\" dir=\"auto\" data-message-author-role=\"assistant\" data-message-id=\"01ec5430-59fd-4865-9749-c26b8e3514f4\" data-message-model-slug=\"gpt-4o\"><div class=\"flex w-full flex-col gap-1 empty:hidden first:pt-[3px]\"><div class=\"markdown prose w-full break-words dark:prose-invert light\"><p>Haz de tu viaje una experiencia inolvidable aloj\u00e1ndote en nuestros exclusivos alojamientos, dise\u00f1ados para brindarte comodidad y autenticidad en los lugares m\u00e1s especiales de Mallorca. Ya sea una villa con vistas al mar o una acogedora casa rural en la sierra, tenemos el espacio perfecto para ti. \u00a1Reserva ahora y vive la isla como nunca antes!<\/p><\/div><\/div><\/div><\/div><\/div><\/div><\/div><\/div>\t\t\t\t\t\t\t\t<\/div>\n\t\t\t\t<\/div>\n\t\t\t\t\t<\/div>\n\t\t<\/div>\n\t\t\t\t\t<\/div>\n\t\t<\/section>\n\t\t<div class=\"elementor-element elementor-element-b89a98f e-flex e-con-boxed e-con e-parent\" data-id=\"b89a98f\" data-element_type=\"container\" data-e-type=\"container\">\n\t\t\t\t\t<div class=\"e-con-inner\">\n\t\t\t\t<div class=\"elementor-element elementor-element-3cc5a29 elementor-widget elementor-widget-loop-carousel\" data-id=\"3cc5a29\" data-element_type=\"widget\" data-e-type=\"widget\" data-settings=\"{&quot;template_id&quot;:2082,&quot;slides_to_show&quot;:&quot;4&quot;,&quot;_skin&quot;:&quot;post&quot;,&quot;slides_to_show_tablet&quot;:&quot;2&quot;,&quot;slides_to_show_mobile&quot;:&quot;1&quot;,&quot;slides_to_scroll&quot;:&quot;1&quot;,&quot;edit_handle_selector&quot;:&quot;.elementor-loop-container&quot;,&quot;autoplay&quot;:&quot;yes&quot;,&quot;autoplay_speed&quot;:5000,&quot;pause_on_hover&quot;:&quot;yes&quot;,&quot;pause_on_interaction&quot;:&quot;yes&quot;,&quot;infinite&quot;:&quot;yes&quot;,&quot;speed&quot;:500,&quot;offset_sides&quot;:&quot;none&quot;,&quot;image_spacing_custom&quot;:{&quot;unit&quot;:&quot;px&quot;,&quot;size&quot;:10,&quot;sizes&quot;:[]},&quot;image_spacing_custom_tablet&quot;:{&quot;unit&quot;:&quot;px&quot;,&quot;size&quot;:&quot;&quot;,&quot;sizes&quot;:[]},&quot;image_spacing_custom_mobile&quot;:{&quot;unit&quot;:&quot;px&quot;,&quot;size&quot;:&quot;&quot;,&quot;sizes&quot;:[]}}\" data-widget_type=\"loop-carousel.post\">\n\t\t\t\t<div class=\"elementor-widget-container\">\n\t\t\t\t\t\t\t<div class=\"swiper elementor-loop-container elementor-grid\" role=\"list\" dir=\"ltr\">\n\t\t\t\t<div class=\"swiper-wrapper\" aria-live=\"off\">\n\t\t<style id=\"loop-2082\">.elementor-2082 .elementor-element.elementor-element-30d8184{--display:flex;--flex-direction:row;--container-widget-width:calc( ( 1 - var( --container-widget-flex-grow ) ) * 100% );--container-widget-height:100%;--container-widget-flex-grow:1;--container-widget-align-self:stretch;--flex-wrap-mobile:wrap;--justify-content:flex-start;--align-items:flex-start;}.elementor-2082 .elementor-element.elementor-element-4f88a91{--display:flex;--flex-direction:column;--container-widget-width:100%;--container-widget-height:initial;--container-widget-flex-grow:0;--container-widget-align-self:initial;--flex-wrap-mobile:wrap;}.elementor-widget-image .widget-image-caption{color:var( --e-global-color-text );font-family:var( --e-global-typography-text-font-family ), Sans-serif;font-size:var( --e-global-typography-text-font-size );font-weight:var( --e-global-typography-text-font-weight );}.elementor-2082 .elementor-element.elementor-element-bba0dc0 img{height:200px;object-fit:cover;object-position:center center;}.elementor-2082 .elementor-element.elementor-element-bba0dc0 > .elementor-widget-container{padding:0px 0px 0px 0px;}.elementor-2082 .elementor-element.elementor-element-bba0dc0.elementor-element{--flex-grow:1;--flex-shrink:0;}.elementor-widget-heading .elementor-heading-title{font-family:var( --e-global-typography-primary-font-family ), Sans-serif;font-size:var( --e-global-typography-primary-font-size );font-weight:var( --e-global-typography-primary-font-weight );color:var( --e-global-color-primary );}.elementor-2082 .elementor-element.elementor-element-c123646{text-align:start;}.elementor-2082 .elementor-element.elementor-element-c123646 .elementor-heading-title{font-family:\"Quicksand\", Sans-serif;font-size:22px;font-weight:600;text-transform:none;}.elementor-2082 .elementor-element.elementor-element-c123646.elementor-element{--align-self:flex-start;--flex-grow:0;--flex-shrink:1;}.elementor-widget-icon.elementor-view-stacked .elementor-icon{background-color:var( --e-global-color-primary );}.elementor-widget-icon.elementor-view-framed .elementor-icon, .elementor-widget-icon.elementor-view-default .elementor-icon{color:var( --e-global-color-primary );border-color:var( --e-global-color-primary );}.elementor-widget-icon.elementor-view-framed .elementor-icon, .elementor-widget-icon.elementor-view-default .elementor-icon svg{fill:var( --e-global-color-primary );}.elementor-2082 .elementor-element.elementor-element-7136221 .elementor-icon-wrapper{text-align:start;}.elementor-2082 .elementor-element.elementor-element-7136221.elementor-view-stacked .elementor-icon{background-color:#D2E1E4;}.elementor-2082 .elementor-element.elementor-element-7136221.elementor-view-framed .elementor-icon, .elementor-2082 .elementor-element.elementor-element-7136221.elementor-view-default .elementor-icon{color:#D2E1E4;border-color:#D2E1E4;}.elementor-2082 .elementor-element.elementor-element-7136221.elementor-view-framed .elementor-icon, .elementor-2082 .elementor-element.elementor-element-7136221.elementor-view-default .elementor-icon svg{fill:#D2E1E4;}.elementor-2082 .elementor-element.elementor-element-7136221 .elementor-icon{font-size:40px;}.elementor-2082 .elementor-element.elementor-element-7136221 .elementor-icon svg{height:40px;}.elementor-2082 .elementor-element.elementor-element-7136221 > .elementor-widget-container{margin:0px 0px 0px 0px;}.elementor-2082 .elementor-element.elementor-element-7136221.elementor-element{--flex-grow:0;--flex-shrink:1;}@media(max-width:1024px){.elementor-widget-image .widget-image-caption{font-size:var( --e-global-typography-text-font-size );}.elementor-widget-heading .elementor-heading-title{font-size:var( --e-global-typography-primary-font-size );}}@media(max-width:767px){.elementor-widget-image .widget-image-caption{font-size:var( --e-global-typography-text-font-size );}.elementor-widget-heading .elementor-heading-title{font-size:var( --e-global-typography-primary-font-size );}}<\/style>\t\t<div data-elementor-type=\"loop-item\" data-elementor-id=\"2082\" class=\"elementor elementor-2082 elementor-2068 elementor-2068 swiper-slide e-loop-item e-loop-item-3958 post-3958 page type-page status-publish has-post-thumbnail hentry\" data-elementor-post-type=\"elementor_library\" role=\"group\" aria-roledescription=\"slide\" data-custom-edit-handle=\"1\">\n\t\t\t<div class=\"elementor-element elementor-element-30d8184 e-flex e-con-boxed e-con e-parent\" data-id=\"30d8184\" data-element_type=\"container\" data-e-type=\"container\">\n\t\t\t\t\t<div class=\"e-con-inner\">\n\t\t<div class=\"elementor-element elementor-element-4f88a91 e-con-full e-flex e-con e-child\" data-id=\"4f88a91\" data-element_type=\"container\" data-e-type=\"container\">\n\t\t\t\t<div class=\"elementor-element elementor-element-bba0dc0 elementor-widget elementor-widget-image\" data-id=\"bba0dc0\" data-element_type=\"widget\" data-e-type=\"widget\" data-widget_type=\"image.default\">\n\t\t\t\t<div class=\"elementor-widget-container\">\n\t\t\t\t\t\t\t\t\t\t\t\t\t\t\t\t<a href=\"https:\/\/rentallorca.com\/blog\/finca-rustica-campanet\/\">\n\t\t\t\t\t\t\t<img fetchpriority=\"high\" decoding=\"async\" width=\"600\" height=\"600\" src=\"https:\/\/rentallorca.com\/blog\/wp-content\/uploads\/2026\/04\/finca-rustica-campanet.webp\" class=\"attachment-full size-full wp-image-3968\" alt=\"finca rustica campanet\" srcset=\"https:\/\/rentallorca.com\/blog\/wp-content\/uploads\/2026\/04\/finca-rustica-campanet.webp 600w, https:\/\/rentallorca.com\/blog\/wp-content\/uploads\/2026\/04\/finca-rustica-campanet-300x300.webp 300w, https:\/\/rentallorca.com\/blog\/wp-content\/uploads\/2026\/04\/finca-rustica-campanet-150x150.webp 150w\" sizes=\"(max-width: 600px) 100vw, 600px\" \/>\t\t\t\t\t\t\t\t<\/a>\n\t\t\t\t\t\t\t\t\t\t\t\t\t\t\t<\/div>\n\t\t\t\t<\/div>\n\t\t\t\t<div class=\"elementor-element elementor-element-c123646 elementor-widget elementor-widget-heading\" data-id=\"c123646\" data-element_type=\"widget\" data-e-type=\"widget\" data-widget_type=\"heading.default\">\n\t\t\t\t<div class=\"elementor-widget-container\">\n\t\t\t\t\t<h3 class=\"elementor-heading-title elementor-size-default\"><a href=\"https:\/\/rentallorca.com\/blog\/finca-rustica-campanet\/\">Reserva una finca r\u00fastica en Campanet<\/a><\/h3>\t\t\t\t<\/div>\n\t\t\t\t<\/div>\n\t\t\t\t<div class=\"elementor-element elementor-element-7136221 animated-slow elementor-view-default elementor-invisible elementor-widget elementor-widget-icon\" data-id=\"7136221\" data-element_type=\"widget\" data-e-type=\"widget\" data-settings=\"{&quot;_animation&quot;:&quot;headShake&quot;}\" data-widget_type=\"icon.default\">\n\t\t\t\t<div class=\"elementor-widget-container\">\n\t\t\t\t\t\t\t<div class=\"elementor-icon-wrapper\">\n\t\t\t<a class=\"elementor-icon\" href=\"https:\/\/rentallorca.com\/blog\/finca-rustica-campanet\/\">\n\t\t\t<svg aria-hidden=\"true\" class=\"e-font-icon-svg e-fas-long-arrow-alt-right\" viewBox=\"0 0 448 512\" xmlns=\"http:\/\/www.w3.org\/2000\/svg\"><path d=\"M313.941 216H12c-6.627 0-12 5.373-12 12v56c0 6.627 5.373 12 12 12h301.941v46.059c0 21.382 25.851 32.09 40.971 16.971l86.059-86.059c9.373-9.373 9.373-24.569 0-33.941l-86.059-86.059c-15.119-15.119-40.971-4.411-40.971 16.971V216z\"><\/path><\/svg>\t\t\t<\/a>\n\t\t<\/div>\n\t\t\t\t\t\t<\/div>\n\t\t\t\t<\/div>\n\t\t\t\t<\/div>\n\t\t\t\t\t<\/div>\n\t\t\t\t<\/div>\n\t\t\t\t<\/div>\n\t\t\t\t<div data-elementor-type=\"loop-item\" data-elementor-id=\"2082\" class=\"elementor elementor-2082 elementor-2068 elementor-2068 swiper-slide e-loop-item e-loop-item-3957 post-3957 page type-page status-publish has-post-thumbnail hentry\" data-elementor-post-type=\"elementor_library\" role=\"group\" aria-roledescription=\"slide\" data-custom-edit-handle=\"1\">\n\t\t\t<div class=\"elementor-element elementor-element-30d8184 e-flex e-con-boxed e-con e-parent\" data-id=\"30d8184\" data-element_type=\"container\" data-e-type=\"container\">\n\t\t\t\t\t<div class=\"e-con-inner\">\n\t\t<div class=\"elementor-element elementor-element-4f88a91 e-con-full e-flex e-con e-child\" data-id=\"4f88a91\" data-element_type=\"container\" data-e-type=\"container\">\n\t\t\t\t<div class=\"elementor-element elementor-element-bba0dc0 elementor-widget elementor-widget-image\" data-id=\"bba0dc0\" data-element_type=\"widget\" data-e-type=\"widget\" data-widget_type=\"image.default\">\n\t\t\t\t<div class=\"elementor-widget-container\">\n\t\t\t\t\t\t\t\t\t\t\t\t\t\t\t\t<a href=\"https:\/\/rentallorca.com\/blog\/finca-binissalem\/\">\n\t\t\t\t\t\t\t<img decoding=\"async\" width=\"600\" height=\"600\" src=\"https:\/\/rentallorca.com\/blog\/wp-content\/uploads\/2026\/04\/finca-binissalem.webp\" class=\"attachment-full size-full wp-image-3965\" alt=\"finca binissalem\" srcset=\"https:\/\/rentallorca.com\/blog\/wp-content\/uploads\/2026\/04\/finca-binissalem.webp 600w, https:\/\/rentallorca.com\/blog\/wp-content\/uploads\/2026\/04\/finca-binissalem-300x300.webp 300w, https:\/\/rentallorca.com\/blog\/wp-content\/uploads\/2026\/04\/finca-binissalem-150x150.webp 150w\" sizes=\"(max-width: 600px) 100vw, 600px\" \/>\t\t\t\t\t\t\t\t<\/a>\n\t\t\t\t\t\t\t\t\t\t\t\t\t\t\t<\/div>\n\t\t\t\t<\/div>\n\t\t\t\t<div class=\"elementor-element elementor-element-c123646 elementor-widget elementor-widget-heading\" data-id=\"c123646\" data-element_type=\"widget\" data-e-type=\"widget\" data-widget_type=\"heading.default\">\n\t\t\t\t<div class=\"elementor-widget-container\">\n\t\t\t\t\t<h3 class=\"elementor-heading-title elementor-size-default\"><a href=\"https:\/\/rentallorca.com\/blog\/finca-binissalem\/\">Reserva una finca en Binissalem<\/a><\/h3>\t\t\t\t<\/div>\n\t\t\t\t<\/div>\n\t\t\t\t<div class=\"elementor-element elementor-element-7136221 animated-slow elementor-view-default elementor-invisible elementor-widget elementor-widget-icon\" data-id=\"7136221\" data-element_type=\"widget\" data-e-type=\"widget\" data-settings=\"{&quot;_animation&quot;:&quot;headShake&quot;}\" data-widget_type=\"icon.default\">\n\t\t\t\t<div class=\"elementor-widget-container\">\n\t\t\t\t\t\t\t<div class=\"elementor-icon-wrapper\">\n\t\t\t<a class=\"elementor-icon\" href=\"https:\/\/rentallorca.com\/blog\/finca-binissalem\/\">\n\t\t\t<svg aria-hidden=\"true\" class=\"e-font-icon-svg e-fas-long-arrow-alt-right\" viewBox=\"0 0 448 512\" xmlns=\"http:\/\/www.w3.org\/2000\/svg\"><path d=\"M313.941 216H12c-6.627 0-12 5.373-12 12v56c0 6.627 5.373 12 12 12h301.941v46.059c0 21.382 25.851 32.09 40.971 16.971l86.059-86.059c9.373-9.373 9.373-24.569 0-33.941l-86.059-86.059c-15.119-15.119-40.971-4.411-40.971 16.971V216z\"><\/path><\/svg>\t\t\t<\/a>\n\t\t<\/div>\n\t\t\t\t\t\t<\/div>\n\t\t\t\t<\/div>\n\t\t\t\t<\/div>\n\t\t\t\t\t<\/div>\n\t\t\t\t<\/div>\n\t\t\t\t<\/div>\n\t\t\t\t<div data-elementor-type=\"loop-item\" data-elementor-id=\"2082\" class=\"elementor elementor-2082 elementor-2068 elementor-2068 swiper-slide e-loop-item e-loop-item-3956 post-3956 page type-page status-publish has-post-thumbnail hentry\" data-elementor-post-type=\"elementor_library\" role=\"group\" aria-roledescription=\"slide\" data-custom-edit-handle=\"1\">\n\t\t\t<div class=\"elementor-element elementor-element-30d8184 e-flex e-con-boxed e-con e-parent\" data-id=\"30d8184\" data-element_type=\"container\" data-e-type=\"container\">\n\t\t\t\t\t<div class=\"e-con-inner\">\n\t\t<div class=\"elementor-element elementor-element-4f88a91 e-con-full e-flex e-con e-child\" data-id=\"4f88a91\" data-element_type=\"container\" data-e-type=\"container\">\n\t\t\t\t<div class=\"elementor-element elementor-element-bba0dc0 elementor-widget elementor-widget-image\" data-id=\"bba0dc0\" data-element_type=\"widget\" data-e-type=\"widget\" data-widget_type=\"image.default\">\n\t\t\t\t<div class=\"elementor-widget-container\">\n\t\t\t\t\t\t\t\t\t\t\t\t\t\t\t\t<a href=\"https:\/\/rentallorca.com\/blog\/alquiler-vacacional-muro-mallorca\/\">\n\t\t\t\t\t\t\t<img decoding=\"async\" width=\"600\" height=\"600\" src=\"https:\/\/rentallorca.com\/blog\/wp-content\/uploads\/2026\/04\/finca-in-muro.webp\" class=\"attachment-full size-full wp-image-3962\" alt=\"alquiler vacacional muro mallorca\" srcset=\"https:\/\/rentallorca.com\/blog\/wp-content\/uploads\/2026\/04\/finca-in-muro.webp 600w, https:\/\/rentallorca.com\/blog\/wp-content\/uploads\/2026\/04\/finca-in-muro-300x300.webp 300w, https:\/\/rentallorca.com\/blog\/wp-content\/uploads\/2026\/04\/finca-in-muro-150x150.webp 150w\" sizes=\"(max-width: 600px) 100vw, 600px\" \/>\t\t\t\t\t\t\t\t<\/a>\n\t\t\t\t\t\t\t\t\t\t\t\t\t\t\t<\/div>\n\t\t\t\t<\/div>\n\t\t\t\t<div class=\"elementor-element elementor-element-c123646 elementor-widget elementor-widget-heading\" data-id=\"c123646\" data-element_type=\"widget\" data-e-type=\"widget\" data-widget_type=\"heading.default\">\n\t\t\t\t<div class=\"elementor-widget-container\">\n\t\t\t\t\t<h3 class=\"elementor-heading-title elementor-size-default\"><a href=\"https:\/\/rentallorca.com\/blog\/alquiler-vacacional-muro-mallorca\/\">Reserva un alquiler vacacional en Muro Mallorca<\/a><\/h3>\t\t\t\t<\/div>\n\t\t\t\t<\/div>\n\t\t\t\t<div class=\"elementor-element elementor-element-7136221 animated-slow elementor-view-default elementor-invisible elementor-widget elementor-widget-icon\" data-id=\"7136221\" data-element_type=\"widget\" data-e-type=\"widget\" data-settings=\"{&quot;_animation&quot;:&quot;headShake&quot;}\" data-widget_type=\"icon.default\">\n\t\t\t\t<div class=\"elementor-widget-container\">\n\t\t\t\t\t\t\t<div class=\"elementor-icon-wrapper\">\n\t\t\t<a class=\"elementor-icon\" href=\"https:\/\/rentallorca.com\/blog\/alquiler-vacacional-muro-mallorca\/\">\n\t\t\t<svg aria-hidden=\"true\" class=\"e-font-icon-svg e-fas-long-arrow-alt-right\" viewBox=\"0 0 448 512\" xmlns=\"http:\/\/www.w3.org\/2000\/svg\"><path d=\"M313.941 216H12c-6.627 0-12 5.373-12 12v56c0 6.627 5.373 12 12 12h301.941v46.059c0 21.382 25.851 32.09 40.971 16.971l86.059-86.059c9.373-9.373 9.373-24.569 0-33.941l-86.059-86.059c-15.119-15.119-40.971-4.411-40.971 16.971V216z\"><\/path><\/svg>\t\t\t<\/a>\n\t\t<\/div>\n\t\t\t\t\t\t<\/div>\n\t\t\t\t<\/div>\n\t\t\t\t<\/div>\n\t\t\t\t\t<\/div>\n\t\t\t\t<\/div>\n\t\t\t\t<\/div>\n\t\t\t\t<div data-elementor-type=\"loop-item\" data-elementor-id=\"2082\" class=\"elementor elementor-2082 elementor-2068 elementor-2068 swiper-slide e-loop-item e-loop-item-3664 post-3664 page type-page status-publish has-post-thumbnail hentry\" data-elementor-post-type=\"elementor_library\" role=\"group\" aria-roledescription=\"slide\" data-custom-edit-handle=\"1\">\n\t\t\t<div class=\"elementor-element elementor-element-30d8184 e-flex e-con-boxed e-con e-parent\" data-id=\"30d8184\" data-element_type=\"container\" data-e-type=\"container\">\n\t\t\t\t\t<div class=\"e-con-inner\">\n\t\t<div class=\"elementor-element elementor-element-4f88a91 e-con-full e-flex e-con e-child\" data-id=\"4f88a91\" data-element_type=\"container\" data-e-type=\"container\">\n\t\t\t\t<div class=\"elementor-element elementor-element-bba0dc0 elementor-widget elementor-widget-image\" data-id=\"bba0dc0\" data-element_type=\"widget\" data-e-type=\"widget\" data-widget_type=\"image.default\">\n\t\t\t\t<div class=\"elementor-widget-container\">\n\t\t\t\t\t\t\t\t\t\t\t\t\t\t\t\t<a href=\"https:\/\/rentallorca.com\/blog\/alquiler-vacacional-mallorca-con-piscina\/\">\n\t\t\t\t\t\t\t<img loading=\"lazy\" decoding=\"async\" width=\"800\" height=\"800\" src=\"https:\/\/rentallorca.com\/blog\/wp-content\/uploads\/2026\/03\/alquiler-vacacional-mallorca-con-piscina.webp\" class=\"attachment-full size-full wp-image-3682\" alt=\"\" srcset=\"https:\/\/rentallorca.com\/blog\/wp-content\/uploads\/2026\/03\/alquiler-vacacional-mallorca-con-piscina.webp 800w, https:\/\/rentallorca.com\/blog\/wp-content\/uploads\/2026\/03\/alquiler-vacacional-mallorca-con-piscina-300x300.webp 300w, https:\/\/rentallorca.com\/blog\/wp-content\/uploads\/2026\/03\/alquiler-vacacional-mallorca-con-piscina-150x150.webp 150w, https:\/\/rentallorca.com\/blog\/wp-content\/uploads\/2026\/03\/alquiler-vacacional-mallorca-con-piscina-768x768.webp 768w\" sizes=\"(max-width: 800px) 100vw, 800px\" \/>\t\t\t\t\t\t\t\t<\/a>\n\t\t\t\t\t\t\t\t\t\t\t\t\t\t\t<\/div>\n\t\t\t\t<\/div>\n\t\t\t\t<div class=\"elementor-element elementor-element-c123646 elementor-widget elementor-widget-heading\" data-id=\"c123646\" data-element_type=\"widget\" data-e-type=\"widget\" data-widget_type=\"heading.default\">\n\t\t\t\t<div class=\"elementor-widget-container\">\n\t\t\t\t\t<h3 class=\"elementor-heading-title elementor-size-default\"><a href=\"https:\/\/rentallorca.com\/blog\/alquiler-vacacional-mallorca-con-piscina\/\">Alquiler vacacional en Mallorca con piscina<\/a><\/h3>\t\t\t\t<\/div>\n\t\t\t\t<\/div>\n\t\t\t\t<div class=\"elementor-element elementor-element-7136221 animated-slow elementor-view-default elementor-invisible elementor-widget elementor-widget-icon\" data-id=\"7136221\" data-element_type=\"widget\" data-e-type=\"widget\" data-settings=\"{&quot;_animation&quot;:&quot;headShake&quot;}\" data-widget_type=\"icon.default\">\n\t\t\t\t<div class=\"elementor-widget-container\">\n\t\t\t\t\t\t\t<div class=\"elementor-icon-wrapper\">\n\t\t\t<a class=\"elementor-icon\" href=\"https:\/\/rentallorca.com\/blog\/alquiler-vacacional-mallorca-con-piscina\/\">\n\t\t\t<svg aria-hidden=\"true\" class=\"e-font-icon-svg e-fas-long-arrow-alt-right\" viewBox=\"0 0 448 512\" xmlns=\"http:\/\/www.w3.org\/2000\/svg\"><path d=\"M313.941 216H12c-6.627 0-12 5.373-12 12v56c0 6.627 5.373 12 12 12h301.941v46.059c0 21.382 25.851 32.09 40.971 16.971l86.059-86.059c9.373-9.373 9.373-24.569 0-33.941l-86.059-86.059c-15.119-15.119-40.971-4.411-40.971 16.971V216z\"><\/path><\/svg>\t\t\t<\/a>\n\t\t<\/div>\n\t\t\t\t\t\t<\/div>\n\t\t\t\t<\/div>\n\t\t\t\t<\/div>\n\t\t\t\t\t<\/div>\n\t\t\t\t<\/div>\n\t\t\t\t<\/div>\n\t\t\t\t<div data-elementor-type=\"loop-item\" data-elementor-id=\"2082\" class=\"elementor elementor-2082 elementor-2068 elementor-2068 swiper-slide e-loop-item e-loop-item-3667 post-3667 page type-page status-publish has-post-thumbnail hentry\" data-elementor-post-type=\"elementor_library\" role=\"group\" aria-roledescription=\"slide\" data-custom-edit-handle=\"1\">\n\t\t\t<div class=\"elementor-element elementor-element-30d8184 e-flex e-con-boxed e-con e-parent\" data-id=\"30d8184\" data-element_type=\"container\" data-e-type=\"container\">\n\t\t\t\t\t<div class=\"e-con-inner\">\n\t\t<div class=\"elementor-element elementor-element-4f88a91 e-con-full e-flex e-con e-child\" data-id=\"4f88a91\" data-element_type=\"container\" data-e-type=\"container\">\n\t\t\t\t<div class=\"elementor-element elementor-element-bba0dc0 elementor-widget elementor-widget-image\" data-id=\"bba0dc0\" data-element_type=\"widget\" data-e-type=\"widget\" data-widget_type=\"image.default\">\n\t\t\t\t<div class=\"elementor-widget-container\">\n\t\t\t\t\t\t\t\t\t\t\t\t\t\t\t\t<a href=\"https:\/\/rentallorca.com\/blog\/apartamentos-en-mallorca-cerca-de-playa\/\">\n\t\t\t\t\t\t\t<img loading=\"lazy\" decoding=\"async\" width=\"800\" height=\"800\" src=\"https:\/\/rentallorca.com\/blog\/wp-content\/uploads\/2026\/03\/apartamentos-en-mallorca-cerca-de-playa.webp\" class=\"attachment-full size-full wp-image-3688\" alt=\"\" srcset=\"https:\/\/rentallorca.com\/blog\/wp-content\/uploads\/2026\/03\/apartamentos-en-mallorca-cerca-de-playa.webp 800w, https:\/\/rentallorca.com\/blog\/wp-content\/uploads\/2026\/03\/apartamentos-en-mallorca-cerca-de-playa-300x300.webp 300w, https:\/\/rentallorca.com\/blog\/wp-content\/uploads\/2026\/03\/apartamentos-en-mallorca-cerca-de-playa-150x150.webp 150w, https:\/\/rentallorca.com\/blog\/wp-content\/uploads\/2026\/03\/apartamentos-en-mallorca-cerca-de-playa-768x768.webp 768w\" sizes=\"(max-width: 800px) 100vw, 800px\" \/>\t\t\t\t\t\t\t\t<\/a>\n\t\t\t\t\t\t\t\t\t\t\t\t\t\t\t<\/div>\n\t\t\t\t<\/div>\n\t\t\t\t<div class=\"elementor-element elementor-element-c123646 elementor-widget elementor-widget-heading\" data-id=\"c123646\" data-element_type=\"widget\" data-e-type=\"widget\" data-widget_type=\"heading.default\">\n\t\t\t\t<div class=\"elementor-widget-container\">\n\t\t\t\t\t<h3 class=\"elementor-heading-title elementor-size-default\"><a href=\"https:\/\/rentallorca.com\/blog\/apartamentos-en-mallorca-cerca-de-playa\/\">Apartamentos en Mallorca cerca de la playa<\/a><\/h3>\t\t\t\t<\/div>\n\t\t\t\t<\/div>\n\t\t\t\t<div class=\"elementor-element elementor-element-7136221 animated-slow elementor-view-default elementor-invisible elementor-widget elementor-widget-icon\" data-id=\"7136221\" data-element_type=\"widget\" data-e-type=\"widget\" data-settings=\"{&quot;_animation&quot;:&quot;headShake&quot;}\" data-widget_type=\"icon.default\">\n\t\t\t\t<div class=\"elementor-widget-container\">\n\t\t\t\t\t\t\t<div class=\"elementor-icon-wrapper\">\n\t\t\t<a class=\"elementor-icon\" href=\"https:\/\/rentallorca.com\/blog\/apartamentos-en-mallorca-cerca-de-playa\/\">\n\t\t\t<svg aria-hidden=\"true\" class=\"e-font-icon-svg e-fas-long-arrow-alt-right\" viewBox=\"0 0 448 512\" xmlns=\"http:\/\/www.w3.org\/2000\/svg\"><path d=\"M313.941 216H12c-6.627 0-12 5.373-12 12v56c0 6.627 5.373 12 12 12h301.941v46.059c0 21.382 25.851 32.09 40.971 16.971l86.059-86.059c9.373-9.373 9.373-24.569 0-33.941l-86.059-86.059c-15.119-15.119-40.971-4.411-40.971 16.971V216z\"><\/path><\/svg>\t\t\t<\/a>\n\t\t<\/div>\n\t\t\t\t\t\t<\/div>\n\t\t\t\t<\/div>\n\t\t\t\t<\/div>\n\t\t\t\t\t<\/div>\n\t\t\t\t<\/div>\n\t\t\t\t<\/div>\n\t\t\t\t<div data-elementor-type=\"loop-item\" data-elementor-id=\"2082\" class=\"elementor elementor-2082 elementor-2068 elementor-2068 swiper-slide e-loop-item e-loop-item-3665 post-3665 page type-page status-publish has-post-thumbnail hentry\" data-elementor-post-type=\"elementor_library\" role=\"group\" aria-roledescription=\"slide\" data-custom-edit-handle=\"1\">\n\t\t\t<div class=\"elementor-element elementor-element-30d8184 e-flex e-con-boxed e-con e-parent\" data-id=\"30d8184\" data-element_type=\"container\" data-e-type=\"container\">\n\t\t\t\t\t<div class=\"e-con-inner\">\n\t\t<div class=\"elementor-element elementor-element-4f88a91 e-con-full e-flex e-con e-child\" data-id=\"4f88a91\" data-element_type=\"container\" data-e-type=\"container\">\n\t\t\t\t<div class=\"elementor-element elementor-element-bba0dc0 elementor-widget elementor-widget-image\" data-id=\"bba0dc0\" data-element_type=\"widget\" data-e-type=\"widget\" data-widget_type=\"image.default\">\n\t\t\t\t<div class=\"elementor-widget-container\">\n\t\t\t\t\t\t\t\t\t\t\t\t\t\t\t\t<a href=\"https:\/\/rentallorca.com\/blog\/casas-con-piscina-en-mallorca\/\">\n\t\t\t\t\t\t\t<img loading=\"lazy\" decoding=\"async\" width=\"800\" height=\"800\" src=\"https:\/\/rentallorca.com\/blog\/wp-content\/uploads\/2026\/03\/casas-con-piscina-en-mallorca.webp\" class=\"attachment-full size-full wp-image-3691\" alt=\"\" srcset=\"https:\/\/rentallorca.com\/blog\/wp-content\/uploads\/2026\/03\/casas-con-piscina-en-mallorca.webp 800w, https:\/\/rentallorca.com\/blog\/wp-content\/uploads\/2026\/03\/casas-con-piscina-en-mallorca-300x300.webp 300w, https:\/\/rentallorca.com\/blog\/wp-content\/uploads\/2026\/03\/casas-con-piscina-en-mallorca-150x150.webp 150w, https:\/\/rentallorca.com\/blog\/wp-content\/uploads\/2026\/03\/casas-con-piscina-en-mallorca-768x768.webp 768w\" sizes=\"(max-width: 800px) 100vw, 800px\" \/>\t\t\t\t\t\t\t\t<\/a>\n\t\t\t\t\t\t\t\t\t\t\t\t\t\t\t<\/div>\n\t\t\t\t<\/div>\n\t\t\t\t<div class=\"elementor-element elementor-element-c123646 elementor-widget elementor-widget-heading\" data-id=\"c123646\" data-element_type=\"widget\" data-e-type=\"widget\" data-widget_type=\"heading.default\">\n\t\t\t\t<div class=\"elementor-widget-container\">\n\t\t\t\t\t<h3 class=\"elementor-heading-title elementor-size-default\"><a href=\"https:\/\/rentallorca.com\/blog\/casas-con-piscina-en-mallorca\/\">Casas con piscina en Mallorca<\/a><\/h3>\t\t\t\t<\/div>\n\t\t\t\t<\/div>\n\t\t\t\t<div class=\"elementor-element elementor-element-7136221 animated-slow elementor-view-default elementor-invisible elementor-widget elementor-widget-icon\" data-id=\"7136221\" data-element_type=\"widget\" data-e-type=\"widget\" data-settings=\"{&quot;_animation&quot;:&quot;headShake&quot;}\" data-widget_type=\"icon.default\">\n\t\t\t\t<div class=\"elementor-widget-container\">\n\t\t\t\t\t\t\t<div class=\"elementor-icon-wrapper\">\n\t\t\t<a class=\"elementor-icon\" href=\"https:\/\/rentallorca.com\/blog\/casas-con-piscina-en-mallorca\/\">\n\t\t\t<svg aria-hidden=\"true\" class=\"e-font-icon-svg e-fas-long-arrow-alt-right\" viewBox=\"0 0 448 512\" xmlns=\"http:\/\/www.w3.org\/2000\/svg\"><path d=\"M313.941 216H12c-6.627 0-12 5.373-12 12v56c0 6.627 5.373 12 12 12h301.941v46.059c0 21.382 25.851 32.09 40.971 16.971l86.059-86.059c9.373-9.373 9.373-24.569 0-33.941l-86.059-86.059c-15.119-15.119-40.971-4.411-40.971 16.971V216z\"><\/path><\/svg>\t\t\t<\/a>\n\t\t<\/div>\n\t\t\t\t\t\t<\/div>\n\t\t\t\t<\/div>\n\t\t\t\t<\/div>\n\t\t\t\t\t<\/div>\n\t\t\t\t<\/div>\n\t\t\t\t<\/div>\n\t\t\t\t<div data-elementor-type=\"loop-item\" data-elementor-id=\"2082\" class=\"elementor elementor-2082 elementor-2068 elementor-2068 swiper-slide e-loop-item e-loop-item-3666 post-3666 page type-page status-publish has-post-thumbnail hentry\" data-elementor-post-type=\"elementor_library\" role=\"group\" aria-roledescription=\"slide\" data-custom-edit-handle=\"1\">\n\t\t\t<div class=\"elementor-element elementor-element-30d8184 e-flex e-con-boxed e-con e-parent\" data-id=\"30d8184\" data-element_type=\"container\" data-e-type=\"container\">\n\t\t\t\t\t<div class=\"e-con-inner\">\n\t\t<div class=\"elementor-element elementor-element-4f88a91 e-con-full e-flex e-con e-child\" data-id=\"4f88a91\" data-element_type=\"container\" data-e-type=\"container\">\n\t\t\t\t<div class=\"elementor-element elementor-element-bba0dc0 elementor-widget elementor-widget-image\" data-id=\"bba0dc0\" data-element_type=\"widget\" data-e-type=\"widget\" data-widget_type=\"image.default\">\n\t\t\t\t<div class=\"elementor-widget-container\">\n\t\t\t\t\t\t\t\t\t\t\t\t\t\t\t\t<a href=\"https:\/\/rentallorca.com\/blog\/alojamientos-mallorca-pie-de-playa\/\">\n\t\t\t\t\t\t\t<img loading=\"lazy\" decoding=\"async\" width=\"800\" height=\"800\" src=\"https:\/\/rentallorca.com\/blog\/wp-content\/uploads\/2026\/03\/alojamientos-mallorca-pie-de-playa.webp\" class=\"attachment-full size-full wp-image-3676\" alt=\"\" srcset=\"https:\/\/rentallorca.com\/blog\/wp-content\/uploads\/2026\/03\/alojamientos-mallorca-pie-de-playa.webp 800w, https:\/\/rentallorca.com\/blog\/wp-content\/uploads\/2026\/03\/alojamientos-mallorca-pie-de-playa-300x300.webp 300w, https:\/\/rentallorca.com\/blog\/wp-content\/uploads\/2026\/03\/alojamientos-mallorca-pie-de-playa-150x150.webp 150w, https:\/\/rentallorca.com\/blog\/wp-content\/uploads\/2026\/03\/alojamientos-mallorca-pie-de-playa-768x768.webp 768w\" sizes=\"(max-width: 800px) 100vw, 800px\" \/>\t\t\t\t\t\t\t\t<\/a>\n\t\t\t\t\t\t\t\t\t\t\t\t\t\t\t<\/div>\n\t\t\t\t<\/div>\n\t\t\t\t<div class=\"elementor-element elementor-element-c123646 elementor-widget elementor-widget-heading\" data-id=\"c123646\" data-element_type=\"widget\" data-e-type=\"widget\" data-widget_type=\"heading.default\">\n\t\t\t\t<div class=\"elementor-widget-container\">\n\t\t\t\t\t<h3 class=\"elementor-heading-title elementor-size-default\"><a href=\"https:\/\/rentallorca.com\/blog\/alojamientos-mallorca-pie-de-playa\/\">Alojamientos en Mallorca a pie de playa<\/a><\/h3>\t\t\t\t<\/div>\n\t\t\t\t<\/div>\n\t\t\t\t<div class=\"elementor-element elementor-element-7136221 animated-slow elementor-view-default elementor-invisible elementor-widget elementor-widget-icon\" data-id=\"7136221\" data-element_type=\"widget\" data-e-type=\"widget\" data-settings=\"{&quot;_animation&quot;:&quot;headShake&quot;}\" data-widget_type=\"icon.default\">\n\t\t\t\t<div class=\"elementor-widget-container\">\n\t\t\t\t\t\t\t<div class=\"elementor-icon-wrapper\">\n\t\t\t<a class=\"elementor-icon\" href=\"https:\/\/rentallorca.com\/blog\/alojamientos-mallorca-pie-de-playa\/\">\n\t\t\t<svg aria-hidden=\"true\" class=\"e-font-icon-svg e-fas-long-arrow-alt-right\" viewBox=\"0 0 448 512\" xmlns=\"http:\/\/www.w3.org\/2000\/svg\"><path d=\"M313.941 216H12c-6.627 0-12 5.373-12 12v56c0 6.627 5.373 12 12 12h301.941v46.059c0 21.382 25.851 32.09 40.971 16.971l86.059-86.059c9.373-9.373 9.373-24.569 0-33.941l-86.059-86.059c-15.119-15.119-40.971-4.411-40.971 16.971V216z\"><\/path><\/svg>\t\t\t<\/a>\n\t\t<\/div>\n\t\t\t\t\t\t<\/div>\n\t\t\t\t<\/div>\n\t\t\t\t<\/div>\n\t\t\t\t\t<\/div>\n\t\t\t\t<\/div>\n\t\t\t\t<\/div>\n\t\t\t\t<div data-elementor-type=\"loop-item\" data-elementor-id=\"2082\" class=\"elementor elementor-2082 elementor-2068 elementor-2068 swiper-slide e-loop-item e-loop-item-3668 post-3668 page type-page status-publish has-post-thumbnail hentry\" data-elementor-post-type=\"elementor_library\" role=\"group\" aria-roledescription=\"slide\" data-custom-edit-handle=\"1\">\n\t\t\t<div class=\"elementor-element elementor-element-30d8184 e-flex e-con-boxed e-con e-parent\" data-id=\"30d8184\" data-element_type=\"container\" data-e-type=\"container\">\n\t\t\t\t\t<div class=\"e-con-inner\">\n\t\t<div class=\"elementor-element elementor-element-4f88a91 e-con-full e-flex e-con e-child\" data-id=\"4f88a91\" data-element_type=\"container\" data-e-type=\"container\">\n\t\t\t\t<div class=\"elementor-element elementor-element-bba0dc0 elementor-widget elementor-widget-image\" data-id=\"bba0dc0\" data-element_type=\"widget\" data-e-type=\"widget\" data-widget_type=\"image.default\">\n\t\t\t\t<div class=\"elementor-widget-container\">\n\t\t\t\t\t\t\t\t\t\t\t\t\t\t\t\t<a href=\"https:\/\/rentallorca.com\/blog\/apartamentos-con-piscina-en-mallorca\/\">\n\t\t\t\t\t\t\t<img loading=\"lazy\" decoding=\"async\" width=\"800\" height=\"800\" src=\"https:\/\/rentallorca.com\/blog\/wp-content\/uploads\/2026\/03\/apartamentos-con-piscina-en-mallorca.webp\" class=\"attachment-full size-full wp-image-3685\" alt=\"\" srcset=\"https:\/\/rentallorca.com\/blog\/wp-content\/uploads\/2026\/03\/apartamentos-con-piscina-en-mallorca.webp 800w, https:\/\/rentallorca.com\/blog\/wp-content\/uploads\/2026\/03\/apartamentos-con-piscina-en-mallorca-300x300.webp 300w, https:\/\/rentallorca.com\/blog\/wp-content\/uploads\/2026\/03\/apartamentos-con-piscina-en-mallorca-150x150.webp 150w, https:\/\/rentallorca.com\/blog\/wp-content\/uploads\/2026\/03\/apartamentos-con-piscina-en-mallorca-768x768.webp 768w\" sizes=\"(max-width: 800px) 100vw, 800px\" \/>\t\t\t\t\t\t\t\t<\/a>\n\t\t\t\t\t\t\t\t\t\t\t\t\t\t\t<\/div>\n\t\t\t\t<\/div>\n\t\t\t\t<div class=\"elementor-element elementor-element-c123646 elementor-widget elementor-widget-heading\" data-id=\"c123646\" data-element_type=\"widget\" data-e-type=\"widget\" data-widget_type=\"heading.default\">\n\t\t\t\t<div class=\"elementor-widget-container\">\n\t\t\t\t\t<h3 class=\"elementor-heading-title elementor-size-default\"><a href=\"https:\/\/rentallorca.com\/blog\/apartamentos-con-piscina-en-mallorca\/\">Apartamentos con piscina en Mallorca<\/a><\/h3>\t\t\t\t<\/div>\n\t\t\t\t<\/div>\n\t\t\t\t<div class=\"elementor-element elementor-element-7136221 animated-slow elementor-view-default elementor-invisible elementor-widget elementor-widget-icon\" data-id=\"7136221\" data-element_type=\"widget\" data-e-type=\"widget\" data-settings=\"{&quot;_animation&quot;:&quot;headShake&quot;}\" data-widget_type=\"icon.default\">\n\t\t\t\t<div class=\"elementor-widget-container\">\n\t\t\t\t\t\t\t<div class=\"elementor-icon-wrapper\">\n\t\t\t<a class=\"elementor-icon\" href=\"https:\/\/rentallorca.com\/blog\/apartamentos-con-piscina-en-mallorca\/\">\n\t\t\t<svg aria-hidden=\"true\" class=\"e-font-icon-svg e-fas-long-arrow-alt-right\" viewBox=\"0 0 448 512\" xmlns=\"http:\/\/www.w3.org\/2000\/svg\"><path d=\"M313.941 216H12c-6.627 0-12 5.373-12 12v56c0 6.627 5.373 12 12 12h301.941v46.059c0 21.382 25.851 32.09 40.971 16.971l86.059-86.059c9.373-9.373 9.373-24.569 0-33.941l-86.059-86.059c-15.119-15.119-40.971-4.411-40.971 16.971V216z\"><\/path><\/svg>\t\t\t<\/a>\n\t\t<\/div>\n\t\t\t\t\t\t<\/div>\n\t\t\t\t<\/div>\n\t\t\t\t<\/div>\n\t\t\t\t\t<\/div>\n\t\t\t\t<\/div>\n\t\t\t\t<\/div>\n\t\t\t\t<div data-elementor-type=\"loop-item\" data-elementor-id=\"2082\" class=\"elementor elementor-2082 elementor-2068 elementor-2068 swiper-slide e-loop-item e-loop-item-3663 post-3663 page type-page status-publish has-post-thumbnail hentry\" data-elementor-post-type=\"elementor_library\" role=\"group\" aria-roledescription=\"slide\" data-custom-edit-handle=\"1\">\n\t\t\t<div class=\"elementor-element elementor-element-30d8184 e-flex e-con-boxed e-con e-parent\" data-id=\"30d8184\" data-element_type=\"container\" data-e-type=\"container\">\n\t\t\t\t\t<div class=\"e-con-inner\">\n\t\t<div class=\"elementor-element elementor-element-4f88a91 e-con-full e-flex e-con e-child\" data-id=\"4f88a91\" data-element_type=\"container\" data-e-type=\"container\">\n\t\t\t\t<div class=\"elementor-element elementor-element-bba0dc0 elementor-widget elementor-widget-image\" data-id=\"bba0dc0\" data-element_type=\"widget\" data-e-type=\"widget\" data-widget_type=\"image.default\">\n\t\t\t\t<div class=\"elementor-widget-container\">\n\t\t\t\t\t\t\t\t\t\t\t\t\t\t\t\t<a href=\"https:\/\/rentallorca.com\/blog\/alquiler-finca-con-piscina-mallorca\/\">\n\t\t\t\t\t\t\t<img loading=\"lazy\" decoding=\"async\" width=\"800\" height=\"800\" src=\"https:\/\/rentallorca.com\/blog\/wp-content\/uploads\/2026\/03\/alquiler-finca-con-piscina-mallorca.webp\" class=\"attachment-full size-full wp-image-3679\" alt=\"\" srcset=\"https:\/\/rentallorca.com\/blog\/wp-content\/uploads\/2026\/03\/alquiler-finca-con-piscina-mallorca.webp 800w, https:\/\/rentallorca.com\/blog\/wp-content\/uploads\/2026\/03\/alquiler-finca-con-piscina-mallorca-300x300.webp 300w, https:\/\/rentallorca.com\/blog\/wp-content\/uploads\/2026\/03\/alquiler-finca-con-piscina-mallorca-150x150.webp 150w, https:\/\/rentallorca.com\/blog\/wp-content\/uploads\/2026\/03\/alquiler-finca-con-piscina-mallorca-768x768.webp 768w\" sizes=\"(max-width: 800px) 100vw, 800px\" \/>\t\t\t\t\t\t\t\t<\/a>\n\t\t\t\t\t\t\t\t\t\t\t\t\t\t\t<\/div>\n\t\t\t\t<\/div>\n\t\t\t\t<div class=\"elementor-element elementor-element-c123646 elementor-widget elementor-widget-heading\" data-id=\"c123646\" data-element_type=\"widget\" data-e-type=\"widget\" data-widget_type=\"heading.default\">\n\t\t\t\t<div class=\"elementor-widget-container\">\n\t\t\t\t\t<h3 class=\"elementor-heading-title elementor-size-default\"><a href=\"https:\/\/rentallorca.com\/blog\/alquiler-finca-con-piscina-mallorca\/\">Alquiler de finca con piscina en Mallorca<\/a><\/h3>\t\t\t\t<\/div>\n\t\t\t\t<\/div>\n\t\t\t\t<div class=\"elementor-element elementor-element-7136221 animated-slow elementor-view-default elementor-invisible elementor-widget elementor-widget-icon\" data-id=\"7136221\" data-element_type=\"widget\" data-e-type=\"widget\" data-settings=\"{&quot;_animation&quot;:&quot;headShake&quot;}\" data-widget_type=\"icon.default\">\n\t\t\t\t<div class=\"elementor-widget-container\">\n\t\t\t\t\t\t\t<div class=\"elementor-icon-wrapper\">\n\t\t\t<a class=\"elementor-icon\" href=\"https:\/\/rentallorca.com\/blog\/alquiler-finca-con-piscina-mallorca\/\">\n\t\t\t<svg aria-hidden=\"true\" class=\"e-font-icon-svg e-fas-long-arrow-alt-right\" viewBox=\"0 0 448 512\" xmlns=\"http:\/\/www.w3.org\/2000\/svg\"><path d=\"M313.941 216H12c-6.627 0-12 5.373-12 12v56c0 6.627 5.373 12 12 12h301.941v46.059c0 21.382 25.851 32.09 40.971 16.971l86.059-86.059c9.373-9.373 9.373-24.569 0-33.941l-86.059-86.059c-15.119-15.119-40.971-4.411-40.971 16.971V216z\"><\/path><\/svg>\t\t\t<\/a>\n\t\t<\/div>\n\t\t\t\t\t\t<\/div>\n\t\t\t\t<\/div>\n\t\t\t\t<\/div>\n\t\t\t\t\t<\/div>\n\t\t\t\t<\/div>\n\t\t\t\t<\/div>\n\t\t\t\t<div data-elementor-type=\"loop-item\" data-elementor-id=\"2082\" class=\"elementor elementor-2082 elementor-2068 elementor-2068 swiper-slide e-loop-item e-loop-item-3373 post-3373 page type-page status-publish has-post-thumbnail hentry\" data-elementor-post-type=\"elementor_library\" role=\"group\" aria-roledescription=\"slide\" data-custom-edit-handle=\"1\">\n\t\t\t<div class=\"elementor-element elementor-element-30d8184 e-flex e-con-boxed e-con e-parent\" data-id=\"30d8184\" data-element_type=\"container\" data-e-type=\"container\">\n\t\t\t\t\t<div class=\"e-con-inner\">\n\t\t<div class=\"elementor-element elementor-element-4f88a91 e-con-full e-flex e-con e-child\" data-id=\"4f88a91\" data-element_type=\"container\" data-e-type=\"container\">\n\t\t\t\t<div class=\"elementor-element elementor-element-bba0dc0 elementor-widget elementor-widget-image\" data-id=\"bba0dc0\" data-element_type=\"widget\" data-e-type=\"widget\" data-widget_type=\"image.default\">\n\t\t\t\t<div class=\"elementor-widget-container\">\n\t\t\t\t\t\t\t\t\t\t\t\t\t\t\t\t<a href=\"https:\/\/rentallorca.com\/blog\/fincas-y-casas-en-sineu\/\">\n\t\t\t\t\t\t\t<img loading=\"lazy\" decoding=\"async\" width=\"1228\" height=\"854\" src=\"https:\/\/rentallorca.com\/blog\/wp-content\/uploads\/2025\/08\/rentallorca-mallorca-5.webp\" class=\"attachment-full size-full wp-image-2405\" alt=\"\" srcset=\"https:\/\/rentallorca.com\/blog\/wp-content\/uploads\/2025\/08\/rentallorca-mallorca-5.webp 1228w, https:\/\/rentallorca.com\/blog\/wp-content\/uploads\/2025\/08\/rentallorca-mallorca-5-300x209.webp 300w, https:\/\/rentallorca.com\/blog\/wp-content\/uploads\/2025\/08\/rentallorca-mallorca-5-1024x712.webp 1024w, https:\/\/rentallorca.com\/blog\/wp-content\/uploads\/2025\/08\/rentallorca-mallorca-5-768x534.webp 768w\" sizes=\"(max-width: 1228px) 100vw, 1228px\" \/>\t\t\t\t\t\t\t\t<\/a>\n\t\t\t\t\t\t\t\t\t\t\t\t\t\t\t<\/div>\n\t\t\t\t<\/div>\n\t\t\t\t<div class=\"elementor-element elementor-element-c123646 elementor-widget elementor-widget-heading\" data-id=\"c123646\" data-element_type=\"widget\" data-e-type=\"widget\" data-widget_type=\"heading.default\">\n\t\t\t\t<div class=\"elementor-widget-container\">\n\t\t\t\t\t<h3 class=\"elementor-heading-title elementor-size-default\"><a href=\"https:\/\/rentallorca.com\/blog\/fincas-y-casas-en-sineu\/\">Fincas y casas en Sineu<\/a><\/h3>\t\t\t\t<\/div>\n\t\t\t\t<\/div>\n\t\t\t\t<div class=\"elementor-element elementor-element-7136221 animated-slow elementor-view-default elementor-invisible elementor-widget elementor-widget-icon\" data-id=\"7136221\" data-element_type=\"widget\" data-e-type=\"widget\" data-settings=\"{&quot;_animation&quot;:&quot;headShake&quot;}\" data-widget_type=\"icon.default\">\n\t\t\t\t<div class=\"elementor-widget-container\">\n\t\t\t\t\t\t\t<div class=\"elementor-icon-wrapper\">\n\t\t\t<a class=\"elementor-icon\" href=\"https:\/\/rentallorca.com\/blog\/fincas-y-casas-en-sineu\/\">\n\t\t\t<svg aria-hidden=\"true\" class=\"e-font-icon-svg e-fas-long-arrow-alt-right\" viewBox=\"0 0 448 512\" xmlns=\"http:\/\/www.w3.org\/2000\/svg\"><path d=\"M313.941 216H12c-6.627 0-12 5.373-12 12v56c0 6.627 5.373 12 12 12h301.941v46.059c0 21.382 25.851 32.09 40.971 16.971l86.059-86.059c9.373-9.373 9.373-24.569 0-33.941l-86.059-86.059c-15.119-15.119-40.971-4.411-40.971 16.971V216z\"><\/path><\/svg>\t\t\t<\/a>\n\t\t<\/div>\n\t\t\t\t\t\t<\/div>\n\t\t\t\t<\/div>\n\t\t\t\t<\/div>\n\t\t\t\t\t<\/div>\n\t\t\t\t<\/div>\n\t\t\t\t<\/div>\n\t\t\t\t<div data-elementor-type=\"loop-item\" data-elementor-id=\"2082\" class=\"elementor elementor-2082 elementor-2068 elementor-2068 swiper-slide e-loop-item e-loop-item-3375 post-3375 page type-page status-publish has-post-thumbnail hentry\" data-elementor-post-type=\"elementor_library\" role=\"group\" aria-roledescription=\"slide\" data-custom-edit-handle=\"1\">\n\t\t\t<div class=\"elementor-element elementor-element-30d8184 e-flex e-con-boxed e-con e-parent\" data-id=\"30d8184\" data-element_type=\"container\" data-e-type=\"container\">\n\t\t\t\t\t<div class=\"e-con-inner\">\n\t\t<div class=\"elementor-element elementor-element-4f88a91 e-con-full e-flex e-con e-child\" data-id=\"4f88a91\" data-element_type=\"container\" data-e-type=\"container\">\n\t\t\t\t<div class=\"elementor-element elementor-element-bba0dc0 elementor-widget elementor-widget-image\" data-id=\"bba0dc0\" data-element_type=\"widget\" data-e-type=\"widget\" data-widget_type=\"image.default\">\n\t\t\t\t<div class=\"elementor-widget-container\">\n\t\t\t\t\t\t\t\t\t\t\t\t\t\t\t\t<a href=\"https:\/\/rentallorca.com\/blog\/alojamiento-en-alquiler-alaro-mallorca\/\">\n\t\t\t\t\t\t\t<img loading=\"lazy\" decoding=\"async\" width=\"800\" height=\"800\" src=\"https:\/\/rentallorca.com\/blog\/wp-content\/uploads\/2025\/12\/alaro.webp\" class=\"attachment-full size-full wp-image-3335\" alt=\"\" srcset=\"https:\/\/rentallorca.com\/blog\/wp-content\/uploads\/2025\/12\/alaro.webp 800w, https:\/\/rentallorca.com\/blog\/wp-content\/uploads\/2025\/12\/alaro-300x300.webp 300w, https:\/\/rentallorca.com\/blog\/wp-content\/uploads\/2025\/12\/alaro-150x150.webp 150w, https:\/\/rentallorca.com\/blog\/wp-content\/uploads\/2025\/12\/alaro-768x768.webp 768w\" sizes=\"(max-width: 800px) 100vw, 800px\" \/>\t\t\t\t\t\t\t\t<\/a>\n\t\t\t\t\t\t\t\t\t\t\t\t\t\t\t<\/div>\n\t\t\t\t<\/div>\n\t\t\t\t<div class=\"elementor-element elementor-element-c123646 elementor-widget elementor-widget-heading\" data-id=\"c123646\" data-element_type=\"widget\" data-e-type=\"widget\" data-widget_type=\"heading.default\">\n\t\t\t\t<div class=\"elementor-widget-container\">\n\t\t\t\t\t<h3 class=\"elementor-heading-title elementor-size-default\"><a href=\"https:\/\/rentallorca.com\/blog\/alojamiento-en-alquiler-alaro-mallorca\/\">Alojamiento en alquiler Alar\u00f3 Mallorca<\/a><\/h3>\t\t\t\t<\/div>\n\t\t\t\t<\/div>\n\t\t\t\t<div class=\"elementor-element elementor-element-7136221 animated-slow elementor-view-default elementor-invisible elementor-widget elementor-widget-icon\" data-id=\"7136221\" data-element_type=\"widget\" data-e-type=\"widget\" data-settings=\"{&quot;_animation&quot;:&quot;headShake&quot;}\" data-widget_type=\"icon.default\">\n\t\t\t\t<div class=\"elementor-widget-container\">\n\t\t\t\t\t\t\t<div class=\"elementor-icon-wrapper\">\n\t\t\t<a class=\"elementor-icon\" href=\"https:\/\/rentallorca.com\/blog\/alojamiento-en-alquiler-alaro-mallorca\/\">\n\t\t\t<svg aria-hidden=\"true\" class=\"e-font-icon-svg e-fas-long-arrow-alt-right\" viewBox=\"0 0 448 512\" xmlns=\"http:\/\/www.w3.org\/2000\/svg\"><path d=\"M313.941 216H12c-6.627 0-12 5.373-12 12v56c0 6.627 5.373 12 12 12h301.941v46.059c0 21.382 25.851 32.09 40.971 16.971l86.059-86.059c9.373-9.373 9.373-24.569 0-33.941l-86.059-86.059c-15.119-15.119-40.971-4.411-40.971 16.971V216z\"><\/path><\/svg>\t\t\t<\/a>\n\t\t<\/div>\n\t\t\t\t\t\t<\/div>\n\t\t\t\t<\/div>\n\t\t\t\t<\/div>\n\t\t\t\t\t<\/div>\n\t\t\t\t<\/div>\n\t\t\t\t<\/div>\n\t\t\t\t<div data-elementor-type=\"loop-item\" data-elementor-id=\"2082\" class=\"elementor elementor-2082 elementor-2068 elementor-2068 swiper-slide e-loop-item e-loop-item-3379 post-3379 page type-page status-publish has-post-thumbnail hentry\" data-elementor-post-type=\"elementor_library\" role=\"group\" aria-roledescription=\"slide\" data-custom-edit-handle=\"1\">\n\t\t\t<div class=\"elementor-element elementor-element-30d8184 e-flex e-con-boxed e-con e-parent\" data-id=\"30d8184\" data-element_type=\"container\" data-e-type=\"container\">\n\t\t\t\t\t<div class=\"e-con-inner\">\n\t\t<div class=\"elementor-element elementor-element-4f88a91 e-con-full e-flex e-con e-child\" data-id=\"4f88a91\" data-element_type=\"container\" data-e-type=\"container\">\n\t\t\t\t<div class=\"elementor-element elementor-element-bba0dc0 elementor-widget elementor-widget-image\" data-id=\"bba0dc0\" data-element_type=\"widget\" data-e-type=\"widget\" data-widget_type=\"image.default\">\n\t\t\t\t<div class=\"elementor-widget-container\">\n\t\t\t\t\t\t\t\t\t\t\t\t\t\t\t\t<a href=\"https:\/\/rentallorca.com\/blog\/reserva-casas-llubi\/\">\n\t\t\t\t\t\t\t<img loading=\"lazy\" decoding=\"async\" width=\"800\" height=\"800\" src=\"https:\/\/rentallorca.com\/blog\/wp-content\/uploads\/2025\/12\/llubi.webp\" class=\"attachment-full size-full wp-image-3341\" alt=\"\" srcset=\"https:\/\/rentallorca.com\/blog\/wp-content\/uploads\/2025\/12\/llubi.webp 800w, https:\/\/rentallorca.com\/blog\/wp-content\/uploads\/2025\/12\/llubi-300x300.webp 300w, https:\/\/rentallorca.com\/blog\/wp-content\/uploads\/2025\/12\/llubi-150x150.webp 150w, https:\/\/rentallorca.com\/blog\/wp-content\/uploads\/2025\/12\/llubi-768x768.webp 768w\" sizes=\"(max-width: 800px) 100vw, 800px\" \/>\t\t\t\t\t\t\t\t<\/a>\n\t\t\t\t\t\t\t\t\t\t\t\t\t\t\t<\/div>\n\t\t\t\t<\/div>\n\t\t\t\t<div class=\"elementor-element elementor-element-c123646 elementor-widget elementor-widget-heading\" data-id=\"c123646\" data-element_type=\"widget\" data-e-type=\"widget\" data-widget_type=\"heading.default\">\n\t\t\t\t<div class=\"elementor-widget-container\">\n\t\t\t\t\t<h3 class=\"elementor-heading-title elementor-size-default\"><a href=\"https:\/\/rentallorca.com\/blog\/reserva-casas-llubi\/\">Reserva casas Llub\u00ed<\/a><\/h3>\t\t\t\t<\/div>\n\t\t\t\t<\/div>\n\t\t\t\t<div class=\"elementor-element elementor-element-7136221 animated-slow elementor-view-default elementor-invisible elementor-widget elementor-widget-icon\" data-id=\"7136221\" data-element_type=\"widget\" data-e-type=\"widget\" data-settings=\"{&quot;_animation&quot;:&quot;headShake&quot;}\" data-widget_type=\"icon.default\">\n\t\t\t\t<div class=\"elementor-widget-container\">\n\t\t\t\t\t\t\t<div class=\"elementor-icon-wrapper\">\n\t\t\t<a class=\"elementor-icon\" href=\"https:\/\/rentallorca.com\/blog\/reserva-casas-llubi\/\">\n\t\t\t<svg aria-hidden=\"true\" class=\"e-font-icon-svg e-fas-long-arrow-alt-right\" viewBox=\"0 0 448 512\" xmlns=\"http:\/\/www.w3.org\/2000\/svg\"><path d=\"M313.941 216H12c-6.627 0-12 5.373-12 12v56c0 6.627 5.373 12 12 12h301.941v46.059c0 21.382 25.851 32.09 40.971 16.971l86.059-86.059c9.373-9.373 9.373-24.569 0-33.941l-86.059-86.059c-15.119-15.119-40.971-4.411-40.971 16.971V216z\"><\/path><\/svg>\t\t\t<\/a>\n\t\t<\/div>\n\t\t\t\t\t\t<\/div>\n\t\t\t\t<\/div>\n\t\t\t\t<\/div>\n\t\t\t\t\t<\/div>\n\t\t\t\t<\/div>\n\t\t\t\t<\/div>\n\t\t\t\t<div data-elementor-type=\"loop-item\" data-elementor-id=\"2082\" class=\"elementor elementor-2082 elementor-2068 elementor-2068 swiper-slide e-loop-item e-loop-item-3377 post-3377 page type-page status-publish has-post-thumbnail hentry\" data-elementor-post-type=\"elementor_library\" role=\"group\" aria-roledescription=\"slide\" data-custom-edit-handle=\"1\">\n\t\t\t<div class=\"elementor-element elementor-element-30d8184 e-flex e-con-boxed e-con e-parent\" data-id=\"30d8184\" data-element_type=\"container\" data-e-type=\"container\">\n\t\t\t\t\t<div class=\"e-con-inner\">\n\t\t<div class=\"elementor-element elementor-element-4f88a91 e-con-full e-flex e-con e-child\" data-id=\"4f88a91\" data-element_type=\"container\" data-e-type=\"container\">\n\t\t\t\t<div class=\"elementor-element elementor-element-bba0dc0 elementor-widget elementor-widget-image\" data-id=\"bba0dc0\" data-element_type=\"widget\" data-e-type=\"widget\" data-widget_type=\"image.default\">\n\t\t\t\t<div class=\"elementor-widget-container\">\n\t\t\t\t\t\t\t\t\t\t\t\t\t\t\t\t<a href=\"https:\/\/rentallorca.com\/blog\/alojamiento-en-alquiler-montuiri\/\">\n\t\t\t\t\t\t\t<img loading=\"lazy\" decoding=\"async\" width=\"800\" height=\"800\" src=\"https:\/\/rentallorca.com\/blog\/wp-content\/uploads\/2025\/12\/montuiri.webp\" class=\"attachment-full size-full wp-image-3344\" alt=\"\" srcset=\"https:\/\/rentallorca.com\/blog\/wp-content\/uploads\/2025\/12\/montuiri.webp 800w, https:\/\/rentallorca.com\/blog\/wp-content\/uploads\/2025\/12\/montuiri-300x300.webp 300w, https:\/\/rentallorca.com\/blog\/wp-content\/uploads\/2025\/12\/montuiri-150x150.webp 150w, https:\/\/rentallorca.com\/blog\/wp-content\/uploads\/2025\/12\/montuiri-768x768.webp 768w\" sizes=\"(max-width: 800px) 100vw, 800px\" \/>\t\t\t\t\t\t\t\t<\/a>\n\t\t\t\t\t\t\t\t\t\t\t\t\t\t\t<\/div>\n\t\t\t\t<\/div>\n\t\t\t\t<div class=\"elementor-element elementor-element-c123646 elementor-widget elementor-widget-heading\" data-id=\"c123646\" data-element_type=\"widget\" data-e-type=\"widget\" data-widget_type=\"heading.default\">\n\t\t\t\t<div class=\"elementor-widget-container\">\n\t\t\t\t\t<h3 class=\"elementor-heading-title elementor-size-default\"><a href=\"https:\/\/rentallorca.com\/blog\/alojamiento-en-alquiler-montuiri\/\">Alojamiento en alquiler Montu\u00efri<\/a><\/h3>\t\t\t\t<\/div>\n\t\t\t\t<\/div>\n\t\t\t\t<div class=\"elementor-element elementor-element-7136221 animated-slow elementor-view-default elementor-invisible elementor-widget elementor-widget-icon\" data-id=\"7136221\" data-element_type=\"widget\" data-e-type=\"widget\" data-settings=\"{&quot;_animation&quot;:&quot;headShake&quot;}\" data-widget_type=\"icon.default\">\n\t\t\t\t<div class=\"elementor-widget-container\">\n\t\t\t\t\t\t\t<div class=\"elementor-icon-wrapper\">\n\t\t\t<a class=\"elementor-icon\" href=\"https:\/\/rentallorca.com\/blog\/alojamiento-en-alquiler-montuiri\/\">\n\t\t\t<svg aria-hidden=\"true\" class=\"e-font-icon-svg e-fas-long-arrow-alt-right\" viewBox=\"0 0 448 512\" xmlns=\"http:\/\/www.w3.org\/2000\/svg\"><path d=\"M313.941 216H12c-6.627 0-12 5.373-12 12v56c0 6.627 5.373 12 12 12h301.941v46.059c0 21.382 25.851 32.09 40.971 16.971l86.059-86.059c9.373-9.373 9.373-24.569 0-33.941l-86.059-86.059c-15.119-15.119-40.971-4.411-40.971 16.971V216z\"><\/path><\/svg>\t\t\t<\/a>\n\t\t<\/div>\n\t\t\t\t\t\t<\/div>\n\t\t\t\t<\/div>\n\t\t\t\t<\/div>\n\t\t\t\t\t<\/div>\n\t\t\t\t<\/div>\n\t\t\t\t<\/div>\n\t\t\t\t<div data-elementor-type=\"loop-item\" data-elementor-id=\"2082\" class=\"elementor elementor-2082 elementor-2068 elementor-2068 swiper-slide e-loop-item e-loop-item-3523 post-3523 page type-page status-publish has-post-thumbnail hentry\" data-elementor-post-type=\"elementor_library\" role=\"group\" aria-roledescription=\"slide\" data-custom-edit-handle=\"1\">\n\t\t\t<div class=\"elementor-element elementor-element-30d8184 e-flex e-con-boxed e-con e-parent\" data-id=\"30d8184\" data-element_type=\"container\" data-e-type=\"container\">\n\t\t\t\t\t<div class=\"e-con-inner\">\n\t\t<div class=\"elementor-element elementor-element-4f88a91 e-con-full e-flex e-con e-child\" data-id=\"4f88a91\" data-element_type=\"container\" data-e-type=\"container\">\n\t\t\t\t<div class=\"elementor-element elementor-element-bba0dc0 elementor-widget elementor-widget-image\" data-id=\"bba0dc0\" data-element_type=\"widget\" data-e-type=\"widget\" data-widget_type=\"image.default\">\n\t\t\t\t<div class=\"elementor-widget-container\">\n\t\t\t\t\t\t\t\t\t\t\t\t\t\t\t\t<a href=\"https:\/\/rentallorca.com\/blog\/alquiler-son-servera\/\">\n\t\t\t\t\t\t\t<img loading=\"lazy\" decoding=\"async\" width=\"800\" height=\"800\" src=\"https:\/\/rentallorca.com\/blog\/wp-content\/uploads\/2026\/01\/alquiler-son-servera.webp\" class=\"attachment-full size-full wp-image-3532\" alt=\"\" srcset=\"https:\/\/rentallorca.com\/blog\/wp-content\/uploads\/2026\/01\/alquiler-son-servera.webp 800w, https:\/\/rentallorca.com\/blog\/wp-content\/uploads\/2026\/01\/alquiler-son-servera-300x300.webp 300w, https:\/\/rentallorca.com\/blog\/wp-content\/uploads\/2026\/01\/alquiler-son-servera-150x150.webp 150w, https:\/\/rentallorca.com\/blog\/wp-content\/uploads\/2026\/01\/alquiler-son-servera-768x768.webp 768w\" sizes=\"(max-width: 800px) 100vw, 800px\" \/>\t\t\t\t\t\t\t\t<\/a>\n\t\t\t\t\t\t\t\t\t\t\t\t\t\t\t<\/div>\n\t\t\t\t<\/div>\n\t\t\t\t<div class=\"elementor-element elementor-element-c123646 elementor-widget elementor-widget-heading\" data-id=\"c123646\" data-element_type=\"widget\" data-e-type=\"widget\" data-widget_type=\"heading.default\">\n\t\t\t\t<div class=\"elementor-widget-container\">\n\t\t\t\t\t<h3 class=\"elementor-heading-title elementor-size-default\"><a href=\"https:\/\/rentallorca.com\/blog\/alquiler-son-servera\/\">Encuentra un alquiler Son Servera<\/a><\/h3>\t\t\t\t<\/div>\n\t\t\t\t<\/div>\n\t\t\t\t<div class=\"elementor-element elementor-element-7136221 animated-slow elementor-view-default elementor-invisible elementor-widget elementor-widget-icon\" data-id=\"7136221\" data-element_type=\"widget\" data-e-type=\"widget\" data-settings=\"{&quot;_animation&quot;:&quot;headShake&quot;}\" data-widget_type=\"icon.default\">\n\t\t\t\t<div class=\"elementor-widget-container\">\n\t\t\t\t\t\t\t<div class=\"elementor-icon-wrapper\">\n\t\t\t<a class=\"elementor-icon\" href=\"https:\/\/rentallorca.com\/blog\/alquiler-son-servera\/\">\n\t\t\t<svg aria-hidden=\"true\" class=\"e-font-icon-svg e-fas-long-arrow-alt-right\" viewBox=\"0 0 448 512\" xmlns=\"http:\/\/www.w3.org\/2000\/svg\"><path d=\"M313.941 216H12c-6.627 0-12 5.373-12 12v56c0 6.627 5.373 12 12 12h301.941v46.059c0 21.382 25.851 32.09 40.971 16.971l86.059-86.059c9.373-9.373 9.373-24.569 0-33.941l-86.059-86.059c-15.119-15.119-40.971-4.411-40.971 16.971V216z\"><\/path><\/svg>\t\t\t<\/a>\n\t\t<\/div>\n\t\t\t\t\t\t<\/div>\n\t\t\t\t<\/div>\n\t\t\t\t<\/div>\n\t\t\t\t\t<\/div>\n\t\t\t\t<\/div>\n\t\t\t\t<\/div>\n\t\t\t\t<div data-elementor-type=\"loop-item\" data-elementor-id=\"2082\" class=\"elementor elementor-2082 elementor-2068 elementor-2068 swiper-slide e-loop-item e-loop-item-3525 post-3525 page type-page status-publish has-post-thumbnail hentry\" data-elementor-post-type=\"elementor_library\" role=\"group\" aria-roledescription=\"slide\" data-custom-edit-handle=\"1\">\n\t\t\t<div class=\"elementor-element elementor-element-30d8184 e-flex e-con-boxed e-con e-parent\" data-id=\"30d8184\" data-element_type=\"container\" data-e-type=\"container\">\n\t\t\t\t\t<div class=\"e-con-inner\">\n\t\t<div class=\"elementor-element elementor-element-4f88a91 e-con-full e-flex e-con e-child\" data-id=\"4f88a91\" data-element_type=\"container\" data-e-type=\"container\">\n\t\t\t\t<div class=\"elementor-element elementor-element-bba0dc0 elementor-widget elementor-widget-image\" data-id=\"bba0dc0\" data-element_type=\"widget\" data-e-type=\"widget\" data-widget_type=\"image.default\">\n\t\t\t\t<div class=\"elementor-widget-container\">\n\t\t\t\t\t\t\t\t\t\t\t\t\t\t\t\t<a href=\"https:\/\/rentallorca.com\/blog\/alquiler-alcanada-alcudia\/\">\n\t\t\t\t\t\t\t<img loading=\"lazy\" decoding=\"async\" width=\"800\" height=\"800\" src=\"https:\/\/rentallorca.com\/blog\/wp-content\/uploads\/2026\/01\/alquiler-alcanada-alcudia.webp\" class=\"attachment-full size-full wp-image-3526\" alt=\"\" srcset=\"https:\/\/rentallorca.com\/blog\/wp-content\/uploads\/2026\/01\/alquiler-alcanada-alcudia.webp 800w, https:\/\/rentallorca.com\/blog\/wp-content\/uploads\/2026\/01\/alquiler-alcanada-alcudia-300x300.webp 300w, https:\/\/rentallorca.com\/blog\/wp-content\/uploads\/2026\/01\/alquiler-alcanada-alcudia-150x150.webp 150w, https:\/\/rentallorca.com\/blog\/wp-content\/uploads\/2026\/01\/alquiler-alcanada-alcudia-768x768.webp 768w\" sizes=\"(max-width: 800px) 100vw, 800px\" \/>\t\t\t\t\t\t\t\t<\/a>\n\t\t\t\t\t\t\t\t\t\t\t\t\t\t\t<\/div>\n\t\t\t\t<\/div>\n\t\t\t\t<div class=\"elementor-element elementor-element-c123646 elementor-widget elementor-widget-heading\" data-id=\"c123646\" data-element_type=\"widget\" data-e-type=\"widget\" data-widget_type=\"heading.default\">\n\t\t\t\t<div class=\"elementor-widget-container\">\n\t\t\t\t\t<h3 class=\"elementor-heading-title elementor-size-default\"><a href=\"https:\/\/rentallorca.com\/blog\/alquiler-alcanada-alcudia\/\">Encuentra un alquiler Alcanada Alcudia<\/a><\/h3>\t\t\t\t<\/div>\n\t\t\t\t<\/div>\n\t\t\t\t<div class=\"elementor-element elementor-element-7136221 animated-slow elementor-view-default elementor-invisible elementor-widget elementor-widget-icon\" data-id=\"7136221\" data-element_type=\"widget\" data-e-type=\"widget\" data-settings=\"{&quot;_animation&quot;:&quot;headShake&quot;}\" data-widget_type=\"icon.default\">\n\t\t\t\t<div class=\"elementor-widget-container\">\n\t\t\t\t\t\t\t<div class=\"elementor-icon-wrapper\">\n\t\t\t<a class=\"elementor-icon\" href=\"https:\/\/rentallorca.com\/blog\/alquiler-alcanada-alcudia\/\">\n\t\t\t<svg aria-hidden=\"true\" class=\"e-font-icon-svg e-fas-long-arrow-alt-right\" viewBox=\"0 0 448 512\" xmlns=\"http:\/\/www.w3.org\/2000\/svg\"><path d=\"M313.941 216H12c-6.627 0-12 5.373-12 12v56c0 6.627 5.373 12 12 12h301.941v46.059c0 21.382 25.851 32.09 40.971 16.971l86.059-86.059c9.373-9.373 9.373-24.569 0-33.941l-86.059-86.059c-15.119-15.119-40.971-4.411-40.971 16.971V216z\"><\/path><\/svg>\t\t\t<\/a>\n\t\t<\/div>\n\t\t\t\t\t\t<\/div>\n\t\t\t\t<\/div>\n\t\t\t\t<\/div>\n\t\t\t\t\t<\/div>\n\t\t\t\t<\/div>\n\t\t\t\t<\/div>\n\t\t\t\t<\/div>\n\t\t<\/div>\n\t\t\t\t\t\t<\/div>\n\t\t\t\t<\/div>\n\t\t\t\t\t<\/div>\n\t\t\t\t<\/div>\n\t\t\t\t<\/div>\n\t\t","protected":false},"excerpt":{"rendered":"<p>Tu viaje a Mallorca Prepara tu viaje a Mallorca a trav\u00e9s de nuestros art\u00edculos, donde exploramos los pueblos m\u00e1s pintorescos y encantadores de la isla. Desde la belleza costera de Alcudia y Pollensa hasta la autenticidad de Soller y Petra, te llevamos a recorrer rincones llenos de historia, naturaleza y gastronom\u00eda local. Si buscas inspiraci\u00f3n [&hellip;]<\/p>\n","protected":false},"author":2,"featured_media":151,"parent":0,"menu_order":0,"comment_status":"closed","ping_status":"closed","template":"","meta":{"footnotes":""},"class_list":["post-38","page","type-page","status-publish","has-post-thumbnail","hentry"],"yoast_head":"<!-- This site is optimized with the Yoast SEO plugin v27.5 - https:\/\/yoast.com\/product\/yoast-seo-wordpress\/ -->\n<title>Planifica tu viaje a Mallorca con Rentallorca<\/title>\n<meta name=\"description\" content=\"Prepara tu viaje a Mallorca a trav\u00e9s de nuestros art\u00edculos. Encuentra informaci\u00f3n y tips de expertos en la isla. \u00a1Organiza un gran viaje!\" \/>\n<meta name=\"robots\" content=\"index, follow, max-snippet:-1, max-image-preview:large, max-video-preview:-1\" \/>\n<link rel=\"canonical\" href=\"https:\/\/rentallorca.com\/blog\/\" \/>\n<meta property=\"og:locale\" content=\"es_ES\" \/>\n<meta property=\"og:type\" content=\"article\" \/>\n<meta property=\"og:title\" content=\"Planifica tu viaje a Mallorca con Rentallorca\" \/>\n<meta property=\"og:description\" content=\"Prepara tu viaje a Mallorca a trav\u00e9s de nuestros art\u00edculos. Encuentra informaci\u00f3n y tips de expertos en la isla. \u00a1Organiza un gran viaje!\" \/>\n<meta property=\"og:url\" content=\"https:\/\/rentallorca.com\/blog\/\" \/>\n<meta property=\"og:site_name\" content=\"Blog\" \/>\n<meta property=\"article:modified_time\" content=\"2026-01-16T13:05:55+00:00\" \/>\n<meta property=\"og:image\" content=\"https:\/\/rentallorca.com\/blog\/wp-content\/uploads\/2025\/02\/blog-rentallorca-2.webp\" \/>\n\t<meta property=\"og:image:width\" content=\"1920\" \/>\n\t<meta property=\"og:image:height\" content=\"650\" \/>\n\t<meta property=\"og:image:type\" content=\"image\/webp\" \/>\n<meta name=\"twitter:card\" content=\"summary_large_image\" \/>\n<meta name=\"twitter:label1\" content=\"Est. reading time\" \/>\n\t<meta name=\"twitter:data1\" content=\"17 minutes\" \/>\n<script type=\"application\/ld+json\" class=\"yoast-schema-graph\">{\"@context\":\"https:\\\/\\\/schema.org\",\"@graph\":[{\"@type\":\"WebPage\",\"@id\":\"https:\\\/\\\/rentallorca.com\\\/blog\\\/\",\"url\":\"https:\\\/\\\/rentallorca.com\\\/blog\\\/\",\"name\":\"Planifica tu viaje a Mallorca con Rentallorca\",\"isPartOf\":{\"@id\":\"https:\\\/\\\/rentallorca.com\\\/blog\\\/#website\"},\"primaryImageOfPage\":{\"@id\":\"https:\\\/\\\/rentallorca.com\\\/blog\\\/#primaryimage\"},\"image\":{\"@id\":\"https:\\\/\\\/rentallorca.com\\\/blog\\\/#primaryimage\"},\"thumbnailUrl\":\"https:\\\/\\\/rentallorca.com\\\/blog\\\/wp-content\\\/uploads\\\/2025\\\/02\\\/blog-rentallorca-2.webp\",\"datePublished\":\"2025-01-31T09:04:39+00:00\",\"dateModified\":\"2026-01-16T13:05:55+00:00\",\"description\":\"Prepara tu viaje a Mallorca a trav\u00e9s de nuestros art\u00edculos. Encuentra informaci\u00f3n y tips de expertos en la isla. \u00a1Organiza un gran viaje!\",\"breadcrumb\":{\"@id\":\"https:\\\/\\\/rentallorca.com\\\/blog\\\/#breadcrumb\"},\"inLanguage\":\"es\",\"potentialAction\":[{\"@type\":\"ReadAction\",\"target\":[\"https:\\\/\\\/rentallorca.com\\\/blog\\\/\"]}]},{\"@type\":\"ImageObject\",\"inLanguage\":\"es\",\"@id\":\"https:\\\/\\\/rentallorca.com\\\/blog\\\/#primaryimage\",\"url\":\"https:\\\/\\\/rentallorca.com\\\/blog\\\/wp-content\\\/uploads\\\/2025\\\/02\\\/blog-rentallorca-2.webp\",\"contentUrl\":\"https:\\\/\\\/rentallorca.com\\\/blog\\\/wp-content\\\/uploads\\\/2025\\\/02\\\/blog-rentallorca-2.webp\",\"width\":1920,\"height\":650,\"caption\":\"rentallorca\"},{\"@type\":\"BreadcrumbList\",\"@id\":\"https:\\\/\\\/rentallorca.com\\\/blog\\\/#breadcrumb\",\"itemListElement\":[{\"@type\":\"ListItem\",\"position\":1,\"name\":\"Home\",\"item\":\"https:\\\/\\\/rentallorca.com\\\/blog\\\/\"},{\"@type\":\"ListItem\",\"position\":2,\"name\":\"Tu viaje a Mallorca\"}]},{\"@type\":\"WebSite\",\"@id\":\"https:\\\/\\\/rentallorca.com\\\/blog\\\/#website\",\"url\":\"https:\\\/\\\/rentallorca.com\\\/blog\\\/\",\"name\":\"Blog\",\"description\":\"Rentallorca\",\"potentialAction\":[{\"@type\":\"SearchAction\",\"target\":{\"@type\":\"EntryPoint\",\"urlTemplate\":\"https:\\\/\\\/rentallorca.com\\\/blog\\\/?s={search_term_string}\"},\"query-input\":{\"@type\":\"PropertyValueSpecification\",\"valueRequired\":true,\"valueName\":\"search_term_string\"}}],\"inLanguage\":\"es\"}]}<\/script>\n<!-- \/ Yoast SEO plugin. -->","yoast_head_json":{"title":"Planifica tu viaje a Mallorca con Rentallorca","description":"Prepara tu viaje a Mallorca a trav\u00e9s de nuestros art\u00edculos. Encuentra informaci\u00f3n y tips de expertos en la isla. \u00a1Organiza un gran viaje!","robots":{"index":"index","follow":"follow","max-snippet":"max-snippet:-1","max-image-preview":"max-image-preview:large","max-video-preview":"max-video-preview:-1"},"canonical":"https:\/\/rentallorca.com\/blog\/","og_locale":"es_ES","og_type":"article","og_title":"Planifica tu viaje a Mallorca con Rentallorca","og_description":"Prepara tu viaje a Mallorca a trav\u00e9s de nuestros art\u00edculos. Encuentra informaci\u00f3n y tips de expertos en la isla. \u00a1Organiza un gran viaje!","og_url":"https:\/\/rentallorca.com\/blog\/","og_site_name":"Blog","article_modified_time":"2026-01-16T13:05:55+00:00","og_image":[{"width":1920,"height":650,"url":"https:\/\/rentallorca.com\/blog\/wp-content\/uploads\/2025\/02\/blog-rentallorca-2.webp","type":"image\/webp"}],"twitter_card":"summary_large_image","twitter_misc":{"Est. reading time":"17 minutes"},"schema":{"@context":"https:\/\/schema.org","@graph":[{"@type":"WebPage","@id":"https:\/\/rentallorca.com\/blog\/","url":"https:\/\/rentallorca.com\/blog\/","name":"Planifica tu viaje a Mallorca con Rentallorca","isPartOf":{"@id":"https:\/\/rentallorca.com\/blog\/#website"},"primaryImageOfPage":{"@id":"https:\/\/rentallorca.com\/blog\/#primaryimage"},"image":{"@id":"https:\/\/rentallorca.com\/blog\/#primaryimage"},"thumbnailUrl":"https:\/\/rentallorca.com\/blog\/wp-content\/uploads\/2025\/02\/blog-rentallorca-2.webp","datePublished":"2025-01-31T09:04:39+00:00","dateModified":"2026-01-16T13:05:55+00:00","description":"Prepara tu viaje a Mallorca a trav\u00e9s de nuestros art\u00edculos. Encuentra informaci\u00f3n y tips de expertos en la isla. \u00a1Organiza un gran viaje!","breadcrumb":{"@id":"https:\/\/rentallorca.com\/blog\/#breadcrumb"},"inLanguage":"es","potentialAction":[{"@type":"ReadAction","target":["https:\/\/rentallorca.com\/blog\/"]}]},{"@type":"ImageObject","inLanguage":"es","@id":"https:\/\/rentallorca.com\/blog\/#primaryimage","url":"https:\/\/rentallorca.com\/blog\/wp-content\/uploads\/2025\/02\/blog-rentallorca-2.webp","contentUrl":"https:\/\/rentallorca.com\/blog\/wp-content\/uploads\/2025\/02\/blog-rentallorca-2.webp","width":1920,"height":650,"caption":"rentallorca"},{"@type":"BreadcrumbList","@id":"https:\/\/rentallorca.com\/blog\/#breadcrumb","itemListElement":[{"@type":"ListItem","position":1,"name":"Home","item":"https:\/\/rentallorca.com\/blog\/"},{"@type":"ListItem","position":2,"name":"Tu viaje a Mallorca"}]},{"@type":"WebSite","@id":"https:\/\/rentallorca.com\/blog\/#website","url":"https:\/\/rentallorca.com\/blog\/","name":"Blog","description":"Rentallorca","potentialAction":[{"@type":"SearchAction","target":{"@type":"EntryPoint","urlTemplate":"https:\/\/rentallorca.com\/blog\/?s={search_term_string}"},"query-input":{"@type":"PropertyValueSpecification","valueRequired":true,"valueName":"search_term_string"}}],"inLanguage":"es"}]}},"_links":{"self":[{"href":"https:\/\/rentallorca.com\/blog\/wp-json\/wp\/v2\/pages\/38","targetHints":{"allow":["GET"]}}],"collection":[{"href":"https:\/\/rentallorca.com\/blog\/wp-json\/wp\/v2\/pages"}],"about":[{"href":"https:\/\/rentallorca.com\/blog\/wp-json\/wp\/v2\/types\/page"}],"author":[{"embeddable":true,"href":"https:\/\/rentallorca.com\/blog\/wp-json\/wp\/v2\/users\/2"}],"replies":[{"embeddable":true,"href":"https:\/\/rentallorca.com\/blog\/wp-json\/wp\/v2\/comments?post=38"}],"version-history":[{"count":208,"href":"https:\/\/rentallorca.com\/blog\/wp-json\/wp\/v2\/pages\/38\/revisions"}],"predecessor-version":[{"id":3598,"href":"https:\/\/rentallorca.com\/blog\/wp-json\/wp\/v2\/pages\/38\/revisions\/3598"}],"wp:featuredmedia":[{"embeddable":true,"href":"https:\/\/rentallorca.com\/blog\/wp-json\/wp\/v2\/media\/151"}],"wp:attachment":[{"href":"https:\/\/rentallorca.com\/blog\/wp-json\/wp\/v2\/media?parent=38"}],"curies":[{"name":"wp","href":"https:\/\/api.w.org\/{rel}","templated":true}]}}