{"id":3120,"date":"2025-12-04T09:29:38","date_gmt":"2025-12-04T09:29:38","guid":{"rendered":"https:\/\/rentallorca.com\/blog\/?p=3120"},"modified":"2026-01-15T15:29:57","modified_gmt":"2026-01-15T15:29:57","slug":"casas-en-sant-llorenc-des-cardassar","status":"publish","type":"page","link":"https:\/\/rentallorca.com\/blog\/casas-en-sant-llorenc-des-cardassar\/","title":{"rendered":"Casas en Sant Lloren\u00e7 des Cardassar"},"content":{"rendered":"\t\t<div data-elementor-type=\"wp-post\" data-elementor-id=\"3120\" class=\"elementor elementor-3120\" data-elementor-post-type=\"page\">\n\t\t\t\t<div class=\"elementor-element elementor-element-8234fb8 elementor-hidden-desktop elementor-hidden-tablet e-flex e-con-boxed e-con e-parent\" data-id=\"8234fb8\" data-element_type=\"container\" data-e-type=\"container\" data-settings=\"{&quot;background_background&quot;:&quot;classic&quot;}\">\n\t\t\t\t\t<div class=\"e-con-inner\">\n\t\t<div class=\"elementor-element elementor-element-68b3a9ca e-con-full elementor-hidden-tablet e-flex e-con e-child\" data-id=\"68b3a9ca\" data-element_type=\"container\" data-e-type=\"container\">\n\t\t\t\t<div class=\"elementor-element elementor-element-1e8c5d58 elementor-widget elementor-widget-image\" data-id=\"1e8c5d58\" data-element_type=\"widget\" data-e-type=\"widget\" data-widget_type=\"image.default\">\n\t\t\t\t<div class=\"elementor-widget-container\">\n\t\t\t\t\t\t\t\t\t\t\t\t\t\t\t<img fetchpriority=\"high\" decoding=\"async\" width=\"800\" height=\"800\" src=\"https:\/\/rentallorca.com\/blog\/wp-content\/uploads\/2025\/12\/casas-en-sant-llorenc-des-cardassar.webp\" class=\"attachment-large size-large wp-image-3130\" alt=\"Casas en Sant Lloren\u00e7 des Cardassar\" srcset=\"https:\/\/rentallorca.com\/blog\/wp-content\/uploads\/2025\/12\/casas-en-sant-llorenc-des-cardassar.webp 800w, https:\/\/rentallorca.com\/blog\/wp-content\/uploads\/2025\/12\/casas-en-sant-llorenc-des-cardassar-300x300.webp 300w, https:\/\/rentallorca.com\/blog\/wp-content\/uploads\/2025\/12\/casas-en-sant-llorenc-des-cardassar-150x150.webp 150w, https:\/\/rentallorca.com\/blog\/wp-content\/uploads\/2025\/12\/casas-en-sant-llorenc-des-cardassar-768x768.webp 768w\" sizes=\"(max-width: 800px) 100vw, 800px\" \/>\t\t\t\t\t\t\t\t\t\t\t\t\t\t\t<\/div>\n\t\t\t\t<\/div>\n\t\t\t\t<\/div>\n\t\t\t\t\t<\/div>\n\t\t\t\t<\/div>\n\t\t<div class=\"elementor-element elementor-element-5186132b e-flex e-con-boxed e-con e-parent\" data-id=\"5186132b\" data-element_type=\"container\" data-e-type=\"container\" data-settings=\"{&quot;background_background&quot;:&quot;classic&quot;}\">\n\t\t\t\t\t<div class=\"e-con-inner\">\n\t\t<div class=\"elementor-element elementor-element-14021c63 e-con-full e-flex e-con e-child\" data-id=\"14021c63\" data-element_type=\"container\" data-e-type=\"container\">\n\t\t\t\t<div class=\"elementor-element elementor-element-5e5dda52 elementor-widget elementor-widget-heading\" data-id=\"5e5dda52\" data-element_type=\"widget\" data-e-type=\"widget\" data-widget_type=\"heading.default\">\n\t\t\t\t<div class=\"elementor-widget-container\">\n\t\t\t\t\t<h1 class=\"elementor-heading-title elementor-size-default\">Casas en Sant Lloren\u00e7 des Cardassar<\/h1>\t\t\t\t<\/div>\n\t\t\t\t<\/div>\n\t\t\t\t<div class=\"elementor-element elementor-element-4b133960 elementor-widget__width-initial elementor-widget elementor-widget-text-editor\" data-id=\"4b133960\" data-element_type=\"widget\" data-e-type=\"widget\" data-widget_type=\"text-editor.default\">\n\t\t\t\t<div class=\"elementor-widget-container\">\n\t\t\t\t\t\t\t\t\t<p>\u00bfBuscas un rinc\u00f3n de la isla m\u00e1s tranquilo? Hosp\u00e9date en el interior. Encuentra las mejores casas en Sant Lloren\u00e7 des Cardassar aqu\u00ed.<\/p>\t\t\t\t\t\t\t\t<\/div>\n\t\t\t\t<\/div>\n\t\t\t\t<div class=\"elementor-element elementor-element-781348b8 elementor-widget elementor-widget-button\" data-id=\"781348b8\" data-element_type=\"widget\" data-e-type=\"widget\" data-widget_type=\"button.default\">\n\t\t\t\t<div class=\"elementor-widget-container\">\n\t\t\t\t\t\t\t\t\t<div class=\"elementor-button-wrapper\">\n\t\t\t\t\t<a class=\"elementor-button elementor-button-link elementor-size-sm\" href=\"https:\/\/rentallorca.com\/alquiler\/alquileres-sant-llorenc-des-cardassar-d1046\/\">\n\t\t\t\t\t\t<span class=\"elementor-button-content-wrapper\">\n\t\t\t\t\t\t\t\t\t<span class=\"elementor-button-text\">+ INFO<\/span>\n\t\t\t\t\t<\/span>\n\t\t\t\t\t<\/a>\n\t\t\t\t<\/div>\n\t\t\t\t\t\t\t\t<\/div>\n\t\t\t\t<\/div>\n\t\t\t\t<\/div>\n\t\t<div class=\"elementor-element elementor-element-2835c8b9 e-con-full elementor-hidden-tablet elementor-hidden-mobile e-flex e-con e-child\" data-id=\"2835c8b9\" data-element_type=\"container\" data-e-type=\"container\">\n\t\t\t\t<div class=\"elementor-element elementor-element-4738bf elementor-widget elementor-widget-image\" data-id=\"4738bf\" data-element_type=\"widget\" data-e-type=\"widget\" data-widget_type=\"image.default\">\n\t\t\t\t<div class=\"elementor-widget-container\">\n\t\t\t\t\t\t\t\t\t\t\t\t\t\t\t<img fetchpriority=\"high\" decoding=\"async\" width=\"800\" height=\"800\" src=\"https:\/\/rentallorca.com\/blog\/wp-content\/uploads\/2025\/12\/casas-en-sant-llorenc-des-cardassar.webp\" class=\"attachment-large size-large wp-image-3130\" alt=\"Casas en Sant Lloren\u00e7 des Cardassar\" srcset=\"https:\/\/rentallorca.com\/blog\/wp-content\/uploads\/2025\/12\/casas-en-sant-llorenc-des-cardassar.webp 800w, https:\/\/rentallorca.com\/blog\/wp-content\/uploads\/2025\/12\/casas-en-sant-llorenc-des-cardassar-300x300.webp 300w, https:\/\/rentallorca.com\/blog\/wp-content\/uploads\/2025\/12\/casas-en-sant-llorenc-des-cardassar-150x150.webp 150w, https:\/\/rentallorca.com\/blog\/wp-content\/uploads\/2025\/12\/casas-en-sant-llorenc-des-cardassar-768x768.webp 768w\" sizes=\"(max-width: 800px) 100vw, 800px\" \/>\t\t\t\t\t\t\t\t\t\t\t\t\t\t\t<\/div>\n\t\t\t\t<\/div>\n\t\t\t\t<\/div>\n\t\t\t\t\t<\/div>\n\t\t\t\t<\/div>\n\t\t<div class=\"elementor-element elementor-element-60fb5a26 e-flex e-con-boxed e-con e-parent\" data-id=\"60fb5a26\" data-element_type=\"container\" data-e-type=\"container\">\n\t\t\t\t\t<div class=\"e-con-inner\">\n\t\t\t\t<div class=\"elementor-element elementor-element-e644bc7 elementor-widget elementor-widget-grid\" data-id=\"e644bc7\" data-element_type=\"widget\" data-e-type=\"widget\" data-widget_type=\"grid.default\">\n\t\t\t\t<div class=\"elementor-widget-container\">\n\t\t\t\t\t\t\t<div class=\"its--row alojamientos-recomendados\">\n\n\t\t\t<div class=\"alojamientos-recomendados-container\">\n\n\t\t\t\t\t\n\t\t\t\t\t<a href=\"https:\/\/rentallorca.com\/alquiler\/finca-sant-llorenc-des-cardassar-c0005-villa-can-amer-441648.html\" rel=\"nofollow\" style=\"width: 49%;\">\n\t\t\t\t\t\t<div class=\"apartamento-box\">\n\t\t\t\t\t\t\t<div class=\"imagen_recomendados\">\n\t\t\t\t\t\t\t\t<img decoding=\"async\" src=\"https:\/\/crs.avantio.com\/fotos\/2\/1691584811b108619f528210e226148510a19ccfc5\/big1719944020aa487b8688f24a59dbc5a43cf4c4f7db.jpg\" alt=\"Can Amer I - II by Rentallorca\">\n\t\t\t\t\t\t\t<\/div>\n\t\t\t\t\t\t\t<div class=\"info\">\n\t\t\t\t\t\t\t\t<div class=\"ubicacion\">\n\t\t\t\t\t\t\t\t\t<i class=\"fa-solid fa-location-dot icono-mapa\"><\/i><span class=\"ubicacion-texto\">Sant Lloren\u00e7 Des Cardassar - Mallorca<\/span>\n\t\t\t\t\t\t\t\t<\/div>\n\t\t\t\t\t\t\t\t<H4 class=\"titulo-alojamiento\">\n\t\t\t\t\t\t\t\t\tCan Amer I - II by Rentallorca\t\t\t\t\t\t\t\t<\/H4>\n\t\t\t\t\t\t\t\t<p class=\"precio-alojamiento\">Desde <span class=\"precio\">435.48\u20ac<\/span> por noche<\/p>\n\t\t\t\t\t\t\t<\/div>\n\t\t\t\t\t\t<\/div>\n\t\t\t\t\t<\/a> \n\t\t\t\t\t\t\n\t\t\t\t\t<a href=\"https:\/\/rentallorca.com\/alquiler\/casa-rural-sant-llorenc-des-cardassar-finca-son-barbot-by-home-villas-360-494483.html\" rel=\"nofollow\" style=\"width: 49%;\">\n\t\t\t\t\t\t<div class=\"apartamento-box\">\n\t\t\t\t\t\t\t<div class=\"imagen_recomendados\">\n\t\t\t\t\t\t\t\t<img decoding=\"async\" src=\"https:\/\/crs.avantio.com\/fotos\/2\/172028038971416651f35407de2821fb460cb83da8\/big17287447480d9b1c8ab24b3d462d4c9042bd69e946.jpg\" alt=\"Finca Son Barbot by Homevillas360\">\n\t\t\t\t\t\t\t<\/div>\n\t\t\t\t\t\t\t<div class=\"info\">\n\t\t\t\t\t\t\t\t<div class=\"ubicacion\">\n\t\t\t\t\t\t\t\t\t<i class=\"fa-solid fa-location-dot icono-mapa\"><\/i><span class=\"ubicacion-texto\">Sant Lloren\u00e7 Des Cardassar - Mallorca<\/span>\n\t\t\t\t\t\t\t\t<\/div>\n\t\t\t\t\t\t\t\t<H4 class=\"titulo-alojamiento\">\n\t\t\t\t\t\t\t\t\tFinca Son Barbot by Homevillas360\t\t\t\t\t\t\t\t<\/H4>\n\t\t\t\t\t\t\t\t<p class=\"precio-alojamiento\">Desde <span class=\"precio\">134.52\u20ac<\/span> por noche<\/p>\n\t\t\t\t\t\t\t<\/div>\n\t\t\t\t\t\t<\/div>\n\t\t\t\t\t<\/a> \n\t\t\t\t\t\t\t\t<\/div>\n\t\t\t<\/div>\n\t\t\t\t\t\t<\/div>\n\t\t\t\t<\/div>\n\t\t\t\t\t<\/div>\n\t\t\t\t<\/div>\n\t\t<div class=\"elementor-element elementor-element-ef109f9 e-flex e-con-boxed e-con e-parent\" data-id=\"ef109f9\" data-element_type=\"container\" data-e-type=\"container\">\n\t\t\t\t\t<div class=\"e-con-inner\">\n\t\t\t\t<div class=\"elementor-element elementor-element-4f5900b8 elementor-align-center elementor-widget elementor-widget-button\" data-id=\"4f5900b8\" data-element_type=\"widget\" data-e-type=\"widget\" data-widget_type=\"button.default\">\n\t\t\t\t<div class=\"elementor-widget-container\">\n\t\t\t\t\t\t\t\t\t<div class=\"elementor-button-wrapper\">\n\t\t\t\t\t<a class=\"elementor-button elementor-button-link elementor-size-sm\" href=\"https:\/\/rentallorca.com\/alquiler\/alquileres-sant-llorenc-des-cardassar-d1046\/\">\n\t\t\t\t\t\t<span class=\"elementor-button-content-wrapper\">\n\t\t\t\t\t\t\t\t\t<span class=\"elementor-button-text\">+ ALOJAMIENTOS<\/span>\n\t\t\t\t\t<\/span>\n\t\t\t\t\t<\/a>\n\t\t\t\t<\/div>\n\t\t\t\t\t\t\t\t<\/div>\n\t\t\t\t<\/div>\n\t\t\t\t\t<\/div>\n\t\t\t\t<\/div>\n\t\t<div class=\"elementor-element elementor-element-6d9b40cf e-flex e-con-boxed e-con e-parent\" data-id=\"6d9b40cf\" data-element_type=\"container\" data-e-type=\"container\">\n\t\t\t\t\t<div class=\"e-con-inner\">\n\t\t<div class=\"elementor-element elementor-element-29fb3bfc e-con-full e-flex e-con e-child\" data-id=\"29fb3bfc\" data-element_type=\"container\" data-e-type=\"container\">\n\t\t<div class=\"elementor-element elementor-element-5ce2533d e-con-full e-flex e-con e-child\" data-id=\"5ce2533d\" data-element_type=\"container\" data-e-type=\"container\">\n\t\t\t\t<div class=\"elementor-element elementor-element-c7616e1 elementor-view-default elementor-widget elementor-widget-icon\" data-id=\"c7616e1\" data-element_type=\"widget\" data-e-type=\"widget\" data-widget_type=\"icon.default\">\n\t\t\t\t<div class=\"elementor-widget-container\">\n\t\t\t\t\t\t\t<div class=\"elementor-icon-wrapper\">\n\t\t\t<div class=\"elementor-icon\">\n\t\t\t<svg aria-hidden=\"true\" class=\"e-font-icon-svg e-fas-credit-card\" viewBox=\"0 0 576 512\" xmlns=\"http:\/\/www.w3.org\/2000\/svg\"><path d=\"M0 432c0 26.5 21.5 48 48 48h480c26.5 0 48-21.5 48-48V256H0v176zm192-68c0-6.6 5.4-12 12-12h136c6.6 0 12 5.4 12 12v40c0 6.6-5.4 12-12 12H204c-6.6 0-12-5.4-12-12v-40zm-128 0c0-6.6 5.4-12 12-12h72c6.6 0 12 5.4 12 12v40c0 6.6-5.4 12-12 12H76c-6.6 0-12-5.4-12-12v-40zM576 80v48H0V80c0-26.5 21.5-48 48-48h480c26.5 0 48 21.5 48 48z\"><\/path><\/svg>\t\t\t<\/div>\n\t\t<\/div>\n\t\t\t\t\t\t<\/div>\n\t\t\t\t<\/div>\n\t\t\t\t<div class=\"elementor-element elementor-element-30675d87 elementor-widget elementor-widget-heading\" data-id=\"30675d87\" data-element_type=\"widget\" data-e-type=\"widget\" data-widget_type=\"heading.default\">\n\t\t\t\t<div class=\"elementor-widget-container\">\n\t\t\t\t\t<h3 class=\"elementor-heading-title elementor-size-default\">Pago seguro<\/h3>\t\t\t\t<\/div>\n\t\t\t\t<\/div>\n\t\t\t\t<div class=\"elementor-element elementor-element-4747a49c elementor-widget elementor-widget-text-editor\" data-id=\"4747a49c\" data-element_type=\"widget\" data-e-type=\"widget\" data-widget_type=\"text-editor.default\">\n\t\t\t\t<div class=\"elementor-widget-container\">\n\t\t\t\t\t\t\t\t\t<p data-start=\"263\" data-end=\"352\">Pague de forma segura online con total protecci\u00f3n de sus datos personales.<\/p>\t\t\t\t\t\t\t\t<\/div>\n\t\t\t\t<\/div>\n\t\t\t\t<\/div>\n\t\t<div class=\"elementor-element elementor-element-389d8bdb e-con-full e-flex e-con e-child\" data-id=\"389d8bdb\" data-element_type=\"container\" data-e-type=\"container\">\n\t\t\t\t<div class=\"elementor-element elementor-element-a746b17 elementor-view-default elementor-widget elementor-widget-icon\" data-id=\"a746b17\" data-element_type=\"widget\" data-e-type=\"widget\" data-widget_type=\"icon.default\">\n\t\t\t\t<div class=\"elementor-widget-container\">\n\t\t\t\t\t\t\t<div class=\"elementor-icon-wrapper\">\n\t\t\t<div class=\"elementor-icon\">\n\t\t\t<svg aria-hidden=\"true\" class=\"e-font-icon-svg e-fas-concierge-bell\" viewBox=\"0 0 512 512\" xmlns=\"http:\/\/www.w3.org\/2000\/svg\"><path d=\"M288 130.54V112h16c8.84 0 16-7.16 16-16V80c0-8.84-7.16-16-16-16h-96c-8.84 0-16 7.16-16 16v16c0 8.84 7.16 16 16 16h16v18.54C115.49 146.11 32 239.18 32 352h448c0-112.82-83.49-205.89-192-221.46zM496 384H16c-8.84 0-16 7.16-16 16v32c0 8.84 7.16 16 16 16h480c8.84 0 16-7.16 16-16v-32c0-8.84-7.16-16-16-16z\"><\/path><\/svg>\t\t\t<\/div>\n\t\t<\/div>\n\t\t\t\t\t\t<\/div>\n\t\t\t\t<\/div>\n\t\t\t\t<div class=\"elementor-element elementor-element-3ba6bcee elementor-widget elementor-widget-heading\" data-id=\"3ba6bcee\" data-element_type=\"widget\" data-e-type=\"widget\" data-widget_type=\"heading.default\">\n\t\t\t\t<div class=\"elementor-widget-container\">\n\t\t\t\t\t<h3 class=\"elementor-heading-title elementor-size-default\">Registro flexible<\/h3>\t\t\t\t<\/div>\n\t\t\t\t<\/div>\n\t\t\t\t<div class=\"elementor-element elementor-element-18b6760c elementor-widget elementor-widget-text-editor\" data-id=\"18b6760c\" data-element_type=\"widget\" data-e-type=\"widget\" data-widget_type=\"text-editor.default\">\n\t\t\t\t<div class=\"elementor-widget-container\">\n\t\t\t\t\t\t\t\t\t<p data-start=\"263\" data-end=\"352\">Llegue cuando le convenga con horarios de registro flexibles que le brindan m\u00e1s libertad.<\/p>\t\t\t\t\t\t\t\t<\/div>\n\t\t\t\t<\/div>\n\t\t\t\t<\/div>\n\t\t<div class=\"elementor-element elementor-element-fa48a65 e-con-full e-flex e-con e-child\" data-id=\"fa48a65\" data-element_type=\"container\" data-e-type=\"container\">\n\t\t\t\t<div class=\"elementor-element elementor-element-fefd366 elementor-view-default elementor-widget elementor-widget-icon\" data-id=\"fefd366\" data-element_type=\"widget\" data-e-type=\"widget\" data-widget_type=\"icon.default\">\n\t\t\t\t<div class=\"elementor-widget-container\">\n\t\t\t\t\t\t\t<div class=\"elementor-icon-wrapper\">\n\t\t\t<div class=\"elementor-icon\">\n\t\t\t<svg aria-hidden=\"true\" class=\"e-font-icon-svg e-far-calendar-times\" viewBox=\"0 0 448 512\" xmlns=\"http:\/\/www.w3.org\/2000\/svg\"><path d=\"M311.7 374.7l-17 17c-4.7 4.7-12.3 4.7-17 0L224 337.9l-53.7 53.7c-4.7 4.7-12.3 4.7-17 0l-17-17c-4.7-4.7-4.7-12.3 0-17l53.7-53.7-53.7-53.7c-4.7-4.7-4.7-12.3 0-17l17-17c4.7-4.7 12.3-4.7 17 0l53.7 53.7 53.7-53.7c4.7-4.7 12.3-4.7 17 0l17 17c4.7 4.7 4.7 12.3 0 17L257.9 304l53.7 53.7c4.8 4.7 4.8 12.3.1 17zM448 112v352c0 26.5-21.5 48-48 48H48c-26.5 0-48-21.5-48-48V112c0-26.5 21.5-48 48-48h48V12c0-6.6 5.4-12 12-12h40c6.6 0 12 5.4 12 12v52h128V12c0-6.6 5.4-12 12-12h40c6.6 0 12 5.4 12 12v52h48c26.5 0 48 21.5 48 48zm-48 346V160H48v298c0 3.3 2.7 6 6 6h340c3.3 0 6-2.7 6-6z\"><\/path><\/svg>\t\t\t<\/div>\n\t\t<\/div>\n\t\t\t\t\t\t<\/div>\n\t\t\t\t<\/div>\n\t\t\t\t<div class=\"elementor-element elementor-element-2c55712d elementor-widget elementor-widget-heading\" data-id=\"2c55712d\" data-element_type=\"widget\" data-e-type=\"widget\" data-widget_type=\"heading.default\">\n\t\t\t\t<div class=\"elementor-widget-container\">\n\t\t\t\t\t<h3 class=\"elementor-heading-title elementor-size-default\">Cancelaci\u00f3n gratuita<\/h3>\t\t\t\t<\/div>\n\t\t\t\t<\/div>\n\t\t\t\t<div class=\"elementor-element elementor-element-400763f6 elementor-widget elementor-widget-text-editor\" data-id=\"400763f6\" data-element_type=\"widget\" data-e-type=\"widget\" data-widget_type=\"text-editor.default\">\n\t\t\t\t<div class=\"elementor-widget-container\">\n\t\t\t\t\t\t\t\t\t<p data-start=\"90\" data-end=\"171\">Cancele gratis hasta 30 d\u00edas antes de la llegada, seg\u00fan la propiedad.<\/p>\t\t\t\t\t\t\t\t<\/div>\n\t\t\t\t<\/div>\n\t\t\t\t<\/div>\n\t\t\t\t<\/div>\n\t\t\t\t\t<\/div>\n\t\t\t\t<\/div>\n\t\t<div class=\"elementor-element elementor-element-b09e38b e-flex e-con-boxed e-con e-parent\" data-id=\"b09e38b\" data-element_type=\"container\" data-e-type=\"container\">\n\t\t\t\t\t<div class=\"e-con-inner\">\n\t\t<div class=\"elementor-element elementor-element-5667e9f e-con-full e-flex e-con e-child\" data-id=\"5667e9f\" data-element_type=\"container\" data-e-type=\"container\">\n\t\t\t\t<div class=\"elementor-element elementor-element-1c3d006 elementor-widget elementor-widget-heading\" data-id=\"1c3d006\" data-element_type=\"widget\" data-e-type=\"widget\" data-widget_type=\"heading.default\">\n\t\t\t\t<div class=\"elementor-widget-container\">\n\t\t\t\t\t<h2 class=\"elementor-heading-title elementor-size-default\">\u00bfBuscas un hotel rural? \u00a1Mira nuestras opciones!<\/h2>\t\t\t\t<\/div>\n\t\t\t\t<\/div>\n\t\t\t\t<div class=\"elementor-element elementor-element-9c978fa elementor-widget elementor-widget-grid\" data-id=\"9c978fa\" data-element_type=\"widget\" data-e-type=\"widget\" data-widget_type=\"grid.default\">\n\t\t\t\t<div class=\"elementor-widget-container\">\n\t\t\t\t\t\t\t<div class=\"its--row alojamientos-recomendados\">\n\n\t\t\t<div class=\"alojamientos-recomendados-container\">\n\n\t\t\t\t\t\n\t\t\t\t\t<a href=\"https:\/\/rentallorca.com\/alquiler\/apartamento-petra-ah0002-apartamento-son-calo-b-504152.html\" rel=\"nofollow\" style=\"width: 32%;\">\n\t\t\t\t\t\t<div class=\"apartamento-box\">\n\t\t\t\t\t\t\t<div class=\"imagen_recomendados\">\n\t\t\t\t\t\t\t\t<img decoding=\"async\" src=\"https:\/\/crs.avantio.com\/fotos\/2\/17277961446dacc8be1902835c326ed62a9cc2a0a2\/big172779615576397b0e10af3c9655dc000120d647da.jpg\" alt=\"Apartamento Son Calo B by Rentallorca\">\n\t\t\t\t\t\t\t<\/div>\n\t\t\t\t\t\t\t<div class=\"info\">\n\t\t\t\t\t\t\t\t<div class=\"ubicacion\">\n\t\t\t\t\t\t\t\t\t<i class=\"fa-solid fa-location-dot icono-mapa\"><\/i><span class=\"ubicacion-texto\">Petra - Mallorca<\/span>\n\t\t\t\t\t\t\t\t<\/div>\n\t\t\t\t\t\t\t\t<H4 class=\"titulo-alojamiento\">\n\t\t\t\t\t\t\t\t\tApartamento Son Calo B by Rentallorca\t\t\t\t\t\t\t\t<\/H4>\n\t\t\t\t\t\t\t\t<p class=\"precio-alojamiento\">Desde <span class=\"precio\">79.80\u20ac<\/span> por noche<\/p>\n\t\t\t\t\t\t\t<\/div>\n\t\t\t\t\t\t<\/div>\n\t\t\t\t\t<\/a> \n\t\t\t\t\t\t\n\t\t\t\t\t<a href=\"https:\/\/rentallorca.com\/alquiler\/apartamento-petra-ah0004-apartamento-son-calo-e-504626.html\" rel=\"nofollow\" style=\"width: 32%;\">\n\t\t\t\t\t\t<div class=\"apartamento-box\">\n\t\t\t\t\t\t\t<div class=\"imagen_recomendados\">\n\t\t\t\t\t\t\t\t<img decoding=\"async\" src=\"https:\/\/crs.avantio.com\/fotos\/3\/1728488335f21fa21c2ffe529a9914c2a062d7fde3\/big17284883429c6672ef4fcd569df30e54edf622d25a.jpg\" alt=\" Apartamento Son Calo E by Rentallorca\">\n\t\t\t\t\t\t\t<\/div>\n\t\t\t\t\t\t\t<div class=\"info\">\n\t\t\t\t\t\t\t\t<div class=\"ubicacion\">\n\t\t\t\t\t\t\t\t\t<i class=\"fa-solid fa-location-dot icono-mapa\"><\/i><span class=\"ubicacion-texto\">Petra - Mallorca<\/span>\n\t\t\t\t\t\t\t\t<\/div>\n\t\t\t\t\t\t\t\t<H4 class=\"titulo-alojamiento\">\n\t\t\t\t\t\t\t\t\t Apartamento Son Calo E by Rentallorca\t\t\t\t\t\t\t\t<\/H4>\n\t\t\t\t\t\t\t\t<p class=\"precio-alojamiento\">Desde <span class=\"precio\">79.80\u20ac<\/span> por noche<\/p>\n\t\t\t\t\t\t\t<\/div>\n\t\t\t\t\t\t<\/div>\n\t\t\t\t\t<\/a> \n\t\t\t\t\t\t\n\t\t\t\t\t<a href=\"https:\/\/rentallorca.com\/alquiler\/apartamento-petra-ah0001-apartamento-son-calo-a-507006.html\" rel=\"nofollow\" style=\"width: 32%;\">\n\t\t\t\t\t\t<div class=\"apartamento-box\">\n\t\t\t\t\t\t\t<div class=\"imagen_recomendados\">\n\t\t\t\t\t\t\t\t<img decoding=\"async\" src=\"https:\/\/crs.avantio.com\/fotos\/3\/1730276964ced2fd58b66d04ebac860b596dee40a8\/big17302769650b8f23c250b6143349a1872e57f00069.jpg\" alt=\"Apartamento Son Calo A by Rentallorca\">\n\t\t\t\t\t\t\t<\/div>\n\t\t\t\t\t\t\t<div class=\"info\">\n\t\t\t\t\t\t\t\t<div class=\"ubicacion\">\n\t\t\t\t\t\t\t\t\t<i class=\"fa-solid fa-location-dot icono-mapa\"><\/i><span class=\"ubicacion-texto\">Petra - Mallorca<\/span>\n\t\t\t\t\t\t\t\t<\/div>\n\t\t\t\t\t\t\t\t<H4 class=\"titulo-alojamiento\">\n\t\t\t\t\t\t\t\t\tApartamento Son Calo A by Rentallorca\t\t\t\t\t\t\t\t<\/H4>\n\t\t\t\t\t\t\t\t<p class=\"precio-alojamiento\">Desde <span class=\"precio\">79.80\u20ac<\/span> por noche<\/p>\n\t\t\t\t\t\t\t<\/div>\n\t\t\t\t\t\t<\/div>\n\t\t\t\t\t<\/a> \n\t\t\t\t\t\t\t\t<\/div>\n\t\t\t<\/div>\n\t\t\t\t\t\t<\/div>\n\t\t\t\t<\/div>\n\t\t\t\t<div class=\"elementor-element elementor-element-e2a0dac elementor-align-right elementor-widget elementor-widget-button\" data-id=\"e2a0dac\" data-element_type=\"widget\" data-e-type=\"widget\" data-widget_type=\"button.default\">\n\t\t\t\t<div class=\"elementor-widget-container\">\n\t\t\t\t\t\t\t\t\t<div class=\"elementor-button-wrapper\">\n\t\t\t\t\t<a class=\"elementor-button elementor-button-link elementor-size-sm\" href=\"https:\/\/rentallorca.com\/hoteles-rurales-mallorca\/\">\n\t\t\t\t\t\t<span class=\"elementor-button-content-wrapper\">\n\t\t\t\t\t\t\t\t\t<span class=\"elementor-button-text\">RESERVA AHORA<\/span>\n\t\t\t\t\t<\/span>\n\t\t\t\t\t<\/a>\n\t\t\t\t<\/div>\n\t\t\t\t\t\t\t\t<\/div>\n\t\t\t\t<\/div>\n\t\t\t\t<div class=\"elementor-element elementor-element-95c275d elementor-widget elementor-widget-spacer\" data-id=\"95c275d\" data-element_type=\"widget\" data-e-type=\"widget\" data-widget_type=\"spacer.default\">\n\t\t\t\t<div class=\"elementor-widget-container\">\n\t\t\t\t\t\t\t<div class=\"elementor-spacer\">\n\t\t\t<div class=\"elementor-spacer-inner\"><\/div>\n\t\t<\/div>\n\t\t\t\t\t\t<\/div>\n\t\t\t\t<\/div>\n\t\t\t\t<\/div>\n\t\t\t\t\t<\/div>\n\t\t\t\t<\/div>\n\t\t<div class=\"elementor-element elementor-element-79269900 e-flex e-con-boxed e-con e-parent\" data-id=\"79269900\" data-element_type=\"container\" data-e-type=\"container\">\n\t\t\t\t\t<div class=\"e-con-inner\">\n\t\t<div class=\"elementor-element elementor-element-6402984d e-con-full e-flex e-con e-child\" data-id=\"6402984d\" data-element_type=\"container\" data-e-type=\"container\">\n\t\t\t\t<div class=\"elementor-element elementor-element-5e5c3651 elementor-widget__width-initial elementor-widget elementor-widget-heading\" data-id=\"5e5c3651\" data-element_type=\"widget\" data-e-type=\"widget\" data-widget_type=\"heading.default\">\n\t\t\t\t<div class=\"elementor-widget-container\">\n\t\t\t\t\t<h2 class=\"elementor-heading-title elementor-size-default\">Iglesia parroquial de Sant Lloren\u00e7<\/h2>\t\t\t\t<\/div>\n\t\t\t\t<\/div>\n\t\t\t\t<div class=\"elementor-element elementor-element-1fb817a8 elementor-widget elementor-widget-text-editor\" data-id=\"1fb817a8\" data-element_type=\"widget\" data-e-type=\"widget\" data-widget_type=\"text-editor.default\">\n\t\t\t\t<div class=\"elementor-widget-container\">\n\t\t\t\t\t\t\t\t\t<p>La Iglesia parroquial de Sant Lloren\u00e7, construida en el siglo XVIII, es un lugar imprescindible para quienes se alojan en casas en Sant Lloren\u00e7 des Cardassar. Su arquitectura sencilla refleja la historia y tradici\u00f3n del pueblo, y es el centro de importantes festividades locales. Visitarla permite conocer mejor la vida cultural y religiosa de la zona. Estar cerca de esta iglesia a\u00f1ade encanto y autenticidad a tu estancia en las casas en Sant Lloren\u00e7 des Cardassar, haciendo la experiencia m\u00e1s enriquecedora y memorable.<\/p>\t\t\t\t\t\t\t\t<\/div>\n\t\t\t\t<\/div>\n\t\t\t\t<\/div>\n\t\t<div class=\"elementor-element elementor-element-86b8762 e-con-full e-flex e-con e-child\" data-id=\"86b8762\" data-element_type=\"container\" data-e-type=\"container\">\n\t\t\t\t<div class=\"elementor-element elementor-element-02b351a elementor-widget__width-initial elementor-widget elementor-widget-heading\" data-id=\"02b351a\" data-element_type=\"widget\" data-e-type=\"widget\" data-widget_type=\"heading.default\">\n\t\t\t\t<div class=\"elementor-widget-container\">\n\t\t\t\t\t<h2 class=\"elementor-heading-title elementor-size-default\">Entorno natural y rural<\/h2>\t\t\t\t<\/div>\n\t\t\t\t<\/div>\n\t\t\t\t<div class=\"elementor-element elementor-element-773ea3e elementor-widget elementor-widget-text-editor\" data-id=\"773ea3e\" data-element_type=\"widget\" data-e-type=\"widget\" data-widget_type=\"text-editor.default\">\n\t\t\t\t<div class=\"elementor-widget-container\">\n\t\t\t\t\t\t\t\t\t<p>Sant Lloren\u00e7 des Cardassar est\u00e1 rodeado de campos de cultivo, olivares y almendros, creando un entorno ideal para quienes disfrutan del contacto con la naturaleza desde sus casas en Sant Lloren\u00e7 des Cardassar. Existen rutas de senderismo y ciclismo que permiten explorar el paisaje rural, apreciar la flora y fauna local y desconectar del bullicio. Alojarse en estas casas en Sant Lloren\u00e7 des Cardassar brinda la oportunidad de vivir la tranquilidad mallorquina y disfrutar de paseos y experiencias al aire libre durante toda la estancia.<\/p>\t\t\t\t\t\t\t\t<\/div>\n\t\t\t\t<\/div>\n\t\t\t\t<\/div>\n\t\t<div class=\"elementor-element elementor-element-c5aac81 e-con-full e-flex e-con e-child\" data-id=\"c5aac81\" data-element_type=\"container\" data-e-type=\"container\">\n\t\t\t\t<div class=\"elementor-element elementor-element-49dd099 elementor-widget__width-initial elementor-widget elementor-widget-heading\" data-id=\"49dd099\" data-element_type=\"widget\" data-e-type=\"widget\" data-widget_type=\"heading.default\">\n\t\t\t\t<div class=\"elementor-widget-container\">\n\t\t\t\t\t<h2 class=\"elementor-heading-title elementor-size-default\">Proximidad a la costa<\/h2>\t\t\t\t<\/div>\n\t\t\t\t<\/div>\n\t\t\t\t<div class=\"elementor-element elementor-element-35e2777 elementor-widget elementor-widget-text-editor\" data-id=\"35e2777\" data-element_type=\"widget\" data-e-type=\"widget\" data-widget_type=\"text-editor.default\">\n\t\t\t\t<div class=\"elementor-widget-container\">\n\t\t\t\t\t\t\t\t\t<p>Aunque Sant Lloren\u00e7 des Cardassar es un municipio rural, se encuentra cerca de playas como Sa Coma y Cala Millor, ideal para quienes buscan combinar tranquilidad y ocio costero en sus casas en Sant Lloren\u00e7 des Cardassar. Esta cercan\u00eda permite disfrutar de d\u00edas de sol, paseos por la arena y deportes acu\u00e1ticos sin renunciar al descanso del interior. Al alojarte en estas casas en Sant Lloren\u00e7 des Cardassar, puedes combinar lo mejor del campo mallorqu\u00edn con la belleza del Mediterr\u00e1neo a pocos minutos.<\/p>\t\t\t\t\t\t\t\t<\/div>\n\t\t\t\t<\/div>\n\t\t\t\t<\/div>\n\t\t\t\t\t<\/div>\n\t\t\t\t<\/div>\n\t\t<div class=\"elementor-element elementor-element-28df712 e-flex e-con-boxed e-con e-parent\" data-id=\"28df712\" data-element_type=\"container\" data-e-type=\"container\">\n\t\t\t\t\t<div class=\"e-con-inner\">\n\t\t\t\t<div class=\"elementor-element elementor-element-673cb2ed elementor-widget elementor-widget-loop-carousel\" data-id=\"673cb2ed\" data-element_type=\"widget\" data-e-type=\"widget\" data-settings=\"{&quot;template_id&quot;:2082,&quot;_skin&quot;:&quot;post&quot;,&quot;slides_to_show&quot;:&quot;3&quot;,&quot;slides_to_show_tablet&quot;:&quot;2&quot;,&quot;slides_to_show_mobile&quot;:&quot;1&quot;,&quot;slides_to_scroll&quot;:&quot;1&quot;,&quot;edit_handle_selector&quot;:&quot;.elementor-loop-container&quot;,&quot;autoplay&quot;:&quot;yes&quot;,&quot;autoplay_speed&quot;:5000,&quot;pause_on_hover&quot;:&quot;yes&quot;,&quot;pause_on_interaction&quot;:&quot;yes&quot;,&quot;infinite&quot;:&quot;yes&quot;,&quot;speed&quot;:500,&quot;offset_sides&quot;:&quot;none&quot;,&quot;image_spacing_custom&quot;:{&quot;unit&quot;:&quot;px&quot;,&quot;size&quot;:10,&quot;sizes&quot;:[]},&quot;image_spacing_custom_tablet&quot;:{&quot;unit&quot;:&quot;px&quot;,&quot;size&quot;:&quot;&quot;,&quot;sizes&quot;:[]},&quot;image_spacing_custom_mobile&quot;:{&quot;unit&quot;:&quot;px&quot;,&quot;size&quot;:&quot;&quot;,&quot;sizes&quot;:[]}}\" data-widget_type=\"loop-carousel.post\">\n\t\t\t\t<div class=\"elementor-widget-container\">\n\t\t\t\t\t\t\t<div class=\"e-loop-nothing-found-message\">\n\t\t<\/div>\n\t\t\t\t\t\t<\/div>\n\t\t\t\t<\/div>\n\t\t\t\t\t<\/div>\n\t\t\t\t<\/div>\n\t\t<div class=\"elementor-element elementor-element-2b5c3335 elementor-hidden-mobile e-flex e-con-boxed e-con e-parent\" data-id=\"2b5c3335\" data-element_type=\"container\" data-e-type=\"container\">\n\t\t\t\t\t<div class=\"e-con-inner\">\n\t\t\t\t<div class=\"elementor-element elementor-element-6689536c elementor-widget elementor-widget-spacer\" data-id=\"6689536c\" data-element_type=\"widget\" data-e-type=\"widget\" data-widget_type=\"spacer.default\">\n\t\t\t\t<div class=\"elementor-widget-container\">\n\t\t\t\t\t\t\t<div class=\"elementor-spacer\">\n\t\t\t<div class=\"elementor-spacer-inner\"><\/div>\n\t\t<\/div>\n\t\t\t\t\t\t<\/div>\n\t\t\t\t<\/div>\n\t\t\t\t\t<\/div>\n\t\t\t\t<\/div>\n\t\t\t\t<\/div>\n\t\t","protected":false},"excerpt":{"rendered":"<p>Casas en Sant Lloren\u00e7 des Cardassar \u00bfBuscas un rinc\u00f3n de la isla m\u00e1s tranquilo? Hosp\u00e9date en el interior. Encuentra las mejores casas en Sant Lloren\u00e7 des Cardassar aqu\u00ed. + INFO Sant Lloren\u00e7 Des Cardassar &#8211; Mallorca Can Amer I &#8211; II by Rentallorca Desde 435.48\u20ac por noche Sant Lloren\u00e7 Des Cardassar &#8211; Mallorca Finca Son [&hellip;]<\/p>\n","protected":false},"author":2,"featured_media":3130,"parent":0,"menu_order":0,"comment_status":"open","ping_status":"open","template":"","meta":{"footnotes":""},"class_list":["post-3120","page","type-page","status-publish","has-post-thumbnail","hentry"],"yoast_head":"<!-- This site is optimized with the Yoast SEO plugin v27.5 - https:\/\/yoast.com\/product\/yoast-seo-wordpress\/ -->\n<title>Casas en Sant Lloren\u00e7 des Cardassar | Reserv\u00e1 con Rentallorca<\/title>\n<meta name=\"description\" content=\"\u00bfBuscas un rinc\u00f3n de la isla m\u00e1s tranquilo? Hosp\u00e9date en el interior. Encuentra las mejores casas en Sant Lloren\u00e7 des Cardassar aqu\u00ed.\" \/>\n<meta name=\"robots\" content=\"index, follow, max-snippet:-1, max-image-preview:large, max-video-preview:-1\" \/>\n<link rel=\"canonical\" href=\"https:\/\/rentallorca.com\/blog\/casas-en-sant-llorenc-des-cardassar\/\" \/>\n<meta property=\"og:locale\" content=\"es_ES\" \/>\n<meta property=\"og:type\" content=\"article\" \/>\n<meta property=\"og:title\" content=\"Casas en Sant Lloren\u00e7 des Cardassar | Reserv\u00e1 con Rentallorca\" \/>\n<meta property=\"og:description\" content=\"\u00bfBuscas un rinc\u00f3n de la isla m\u00e1s tranquilo? Hosp\u00e9date en el interior. Encuentra las mejores casas en Sant Lloren\u00e7 des Cardassar aqu\u00ed.\" \/>\n<meta property=\"og:url\" content=\"https:\/\/rentallorca.com\/blog\/casas-en-sant-llorenc-des-cardassar\/\" \/>\n<meta property=\"og:site_name\" content=\"Blog\" \/>\n<meta property=\"article:modified_time\" content=\"2026-01-15T15:29:57+00:00\" \/>\n<meta property=\"og:image\" content=\"https:\/\/rentallorca.com\/blog\/wp-content\/uploads\/2025\/12\/casas-en-sant-llorenc-des-cardassar.webp\" \/>\n\t<meta property=\"og:image:width\" content=\"800\" \/>\n\t<meta property=\"og:image:height\" content=\"800\" \/>\n\t<meta property=\"og:image:type\" content=\"image\/webp\" \/>\n<meta name=\"twitter:card\" content=\"summary_large_image\" \/>\n<meta name=\"twitter:label1\" content=\"Est. reading time\" \/>\n\t<meta name=\"twitter:data1\" content=\"4 minutes\" \/>\n<script type=\"application\/ld+json\" class=\"yoast-schema-graph\">{\"@context\":\"https:\\\/\\\/schema.org\",\"@graph\":[{\"@type\":\"WebPage\",\"@id\":\"https:\\\/\\\/rentallorca.com\\\/blog\\\/casas-en-sant-llorenc-des-cardassar\\\/\",\"url\":\"https:\\\/\\\/rentallorca.com\\\/blog\\\/casas-en-sant-llorenc-des-cardassar\\\/\",\"name\":\"Casas en Sant Lloren\u00e7 des Cardassar | Reserv\u00e1 con Rentallorca\",\"isPartOf\":{\"@id\":\"https:\\\/\\\/rentallorca.com\\\/blog\\\/#website\"},\"primaryImageOfPage\":{\"@id\":\"https:\\\/\\\/rentallorca.com\\\/blog\\\/casas-en-sant-llorenc-des-cardassar\\\/#primaryimage\"},\"image\":{\"@id\":\"https:\\\/\\\/rentallorca.com\\\/blog\\\/casas-en-sant-llorenc-des-cardassar\\\/#primaryimage\"},\"thumbnailUrl\":\"https:\\\/\\\/rentallorca.com\\\/blog\\\/wp-content\\\/uploads\\\/2025\\\/12\\\/casas-en-sant-llorenc-des-cardassar.webp\",\"datePublished\":\"2025-12-04T09:29:38+00:00\",\"dateModified\":\"2026-01-15T15:29:57+00:00\",\"description\":\"\u00bfBuscas un rinc\u00f3n de la isla m\u00e1s tranquilo? Hosp\u00e9date en el interior. Encuentra las mejores casas en Sant Lloren\u00e7 des Cardassar aqu\u00ed.\",\"breadcrumb\":{\"@id\":\"https:\\\/\\\/rentallorca.com\\\/blog\\\/casas-en-sant-llorenc-des-cardassar\\\/#breadcrumb\"},\"inLanguage\":\"es\",\"potentialAction\":[{\"@type\":\"ReadAction\",\"target\":[\"https:\\\/\\\/rentallorca.com\\\/blog\\\/casas-en-sant-llorenc-des-cardassar\\\/\"]}]},{\"@type\":\"ImageObject\",\"inLanguage\":\"es\",\"@id\":\"https:\\\/\\\/rentallorca.com\\\/blog\\\/casas-en-sant-llorenc-des-cardassar\\\/#primaryimage\",\"url\":\"https:\\\/\\\/rentallorca.com\\\/blog\\\/wp-content\\\/uploads\\\/2025\\\/12\\\/casas-en-sant-llorenc-des-cardassar.webp\",\"contentUrl\":\"https:\\\/\\\/rentallorca.com\\\/blog\\\/wp-content\\\/uploads\\\/2025\\\/12\\\/casas-en-sant-llorenc-des-cardassar.webp\",\"width\":800,\"height\":800,\"caption\":\"Casas en Sant Lloren\u00e7 des Cardassar\"},{\"@type\":\"BreadcrumbList\",\"@id\":\"https:\\\/\\\/rentallorca.com\\\/blog\\\/casas-en-sant-llorenc-des-cardassar\\\/#breadcrumb\",\"itemListElement\":[{\"@type\":\"ListItem\",\"position\":1,\"name\":\"Home\",\"item\":\"https:\\\/\\\/rentallorca.com\\\/blog\\\/\"},{\"@type\":\"ListItem\",\"position\":2,\"name\":\"Casas en Sant Lloren\u00e7 des Cardassar\"}]},{\"@type\":\"WebSite\",\"@id\":\"https:\\\/\\\/rentallorca.com\\\/blog\\\/#website\",\"url\":\"https:\\\/\\\/rentallorca.com\\\/blog\\\/\",\"name\":\"Blog\",\"description\":\"Rentallorca\",\"potentialAction\":[{\"@type\":\"SearchAction\",\"target\":{\"@type\":\"EntryPoint\",\"urlTemplate\":\"https:\\\/\\\/rentallorca.com\\\/blog\\\/?s={search_term_string}\"},\"query-input\":{\"@type\":\"PropertyValueSpecification\",\"valueRequired\":true,\"valueName\":\"search_term_string\"}}],\"inLanguage\":\"es\"}]}<\/script>\n<!-- \/ Yoast SEO plugin. -->","yoast_head_json":{"title":"Casas en Sant Lloren\u00e7 des Cardassar | Reserv\u00e1 con Rentallorca","description":"\u00bfBuscas un rinc\u00f3n de la isla m\u00e1s tranquilo? Hosp\u00e9date en el interior. Encuentra las mejores casas en Sant Lloren\u00e7 des Cardassar aqu\u00ed.","robots":{"index":"index","follow":"follow","max-snippet":"max-snippet:-1","max-image-preview":"max-image-preview:large","max-video-preview":"max-video-preview:-1"},"canonical":"https:\/\/rentallorca.com\/blog\/casas-en-sant-llorenc-des-cardassar\/","og_locale":"es_ES","og_type":"article","og_title":"Casas en Sant Lloren\u00e7 des Cardassar | Reserv\u00e1 con Rentallorca","og_description":"\u00bfBuscas un rinc\u00f3n de la isla m\u00e1s tranquilo? Hosp\u00e9date en el interior. Encuentra las mejores casas en Sant Lloren\u00e7 des Cardassar aqu\u00ed.","og_url":"https:\/\/rentallorca.com\/blog\/casas-en-sant-llorenc-des-cardassar\/","og_site_name":"Blog","article_modified_time":"2026-01-15T15:29:57+00:00","og_image":[{"width":800,"height":800,"url":"https:\/\/rentallorca.com\/blog\/wp-content\/uploads\/2025\/12\/casas-en-sant-llorenc-des-cardassar.webp","type":"image\/webp"}],"twitter_card":"summary_large_image","twitter_misc":{"Est. reading time":"4 minutes"},"schema":{"@context":"https:\/\/schema.org","@graph":[{"@type":"WebPage","@id":"https:\/\/rentallorca.com\/blog\/casas-en-sant-llorenc-des-cardassar\/","url":"https:\/\/rentallorca.com\/blog\/casas-en-sant-llorenc-des-cardassar\/","name":"Casas en Sant Lloren\u00e7 des Cardassar | Reserv\u00e1 con Rentallorca","isPartOf":{"@id":"https:\/\/rentallorca.com\/blog\/#website"},"primaryImageOfPage":{"@id":"https:\/\/rentallorca.com\/blog\/casas-en-sant-llorenc-des-cardassar\/#primaryimage"},"image":{"@id":"https:\/\/rentallorca.com\/blog\/casas-en-sant-llorenc-des-cardassar\/#primaryimage"},"thumbnailUrl":"https:\/\/rentallorca.com\/blog\/wp-content\/uploads\/2025\/12\/casas-en-sant-llorenc-des-cardassar.webp","datePublished":"2025-12-04T09:29:38+00:00","dateModified":"2026-01-15T15:29:57+00:00","description":"\u00bfBuscas un rinc\u00f3n de la isla m\u00e1s tranquilo? Hosp\u00e9date en el interior. Encuentra las mejores casas en Sant Lloren\u00e7 des Cardassar aqu\u00ed.","breadcrumb":{"@id":"https:\/\/rentallorca.com\/blog\/casas-en-sant-llorenc-des-cardassar\/#breadcrumb"},"inLanguage":"es","potentialAction":[{"@type":"ReadAction","target":["https:\/\/rentallorca.com\/blog\/casas-en-sant-llorenc-des-cardassar\/"]}]},{"@type":"ImageObject","inLanguage":"es","@id":"https:\/\/rentallorca.com\/blog\/casas-en-sant-llorenc-des-cardassar\/#primaryimage","url":"https:\/\/rentallorca.com\/blog\/wp-content\/uploads\/2025\/12\/casas-en-sant-llorenc-des-cardassar.webp","contentUrl":"https:\/\/rentallorca.com\/blog\/wp-content\/uploads\/2025\/12\/casas-en-sant-llorenc-des-cardassar.webp","width":800,"height":800,"caption":"Casas en Sant Lloren\u00e7 des Cardassar"},{"@type":"BreadcrumbList","@id":"https:\/\/rentallorca.com\/blog\/casas-en-sant-llorenc-des-cardassar\/#breadcrumb","itemListElement":[{"@type":"ListItem","position":1,"name":"Home","item":"https:\/\/rentallorca.com\/blog\/"},{"@type":"ListItem","position":2,"name":"Casas en Sant Lloren\u00e7 des Cardassar"}]},{"@type":"WebSite","@id":"https:\/\/rentallorca.com\/blog\/#website","url":"https:\/\/rentallorca.com\/blog\/","name":"Blog","description":"Rentallorca","potentialAction":[{"@type":"SearchAction","target":{"@type":"EntryPoint","urlTemplate":"https:\/\/rentallorca.com\/blog\/?s={search_term_string}"},"query-input":{"@type":"PropertyValueSpecification","valueRequired":true,"valueName":"search_term_string"}}],"inLanguage":"es"}]}},"_links":{"self":[{"href":"https:\/\/rentallorca.com\/blog\/wp-json\/wp\/v2\/pages\/3120","targetHints":{"allow":["GET"]}}],"collection":[{"href":"https:\/\/rentallorca.com\/blog\/wp-json\/wp\/v2\/pages"}],"about":[{"href":"https:\/\/rentallorca.com\/blog\/wp-json\/wp\/v2\/types\/page"}],"author":[{"embeddable":true,"href":"https:\/\/rentallorca.com\/blog\/wp-json\/wp\/v2\/users\/2"}],"replies":[{"embeddable":true,"href":"https:\/\/rentallorca.com\/blog\/wp-json\/wp\/v2\/comments?post=3120"}],"version-history":[{"count":4,"href":"https:\/\/rentallorca.com\/blog\/wp-json\/wp\/v2\/pages\/3120\/revisions"}],"predecessor-version":[{"id":3153,"href":"https:\/\/rentallorca.com\/blog\/wp-json\/wp\/v2\/pages\/3120\/revisions\/3153"}],"wp:featuredmedia":[{"embeddable":true,"href":"https:\/\/rentallorca.com\/blog\/wp-json\/wp\/v2\/media\/3130"}],"wp:attachment":[{"href":"https:\/\/rentallorca.com\/blog\/wp-json\/wp\/v2\/media?parent=3120"}],"curies":[{"name":"wp","href":"https:\/\/api.w.org\/{rel}","templated":true}]}}