{"id":2783,"date":"2025-10-16T07:43:44","date_gmt":"2025-10-16T07:43:44","guid":{"rendered":"https:\/\/rentallorca.com\/blog\/?p=2783"},"modified":"2026-03-12T08:39:03","modified_gmt":"2026-03-12T08:39:03","slug":"alojamiento-soller","status":"publish","type":"page","link":"https:\/\/rentallorca.com\/blog\/alojamiento-soller\/","title":{"rendered":"Alojamiento Soller"},"content":{"rendered":"\t\t<div data-elementor-type=\"wp-post\" data-elementor-id=\"2783\" class=\"elementor elementor-2783\" data-elementor-post-type=\"page\">\n\t\t\t\t<div class=\"elementor-element elementor-element-4356f217 elementor-hidden-desktop elementor-hidden-tablet e-flex e-con-boxed e-con e-parent\" data-id=\"4356f217\" data-element_type=\"container\" data-e-type=\"container\" data-settings=\"{&quot;background_background&quot;:&quot;classic&quot;}\">\n\t\t\t\t\t<div class=\"e-con-inner\">\n\t\t<div class=\"elementor-element elementor-element-358b609f e-con-full elementor-hidden-tablet e-flex e-con e-child\" data-id=\"358b609f\" data-element_type=\"container\" data-e-type=\"container\">\n\t\t\t\t<div class=\"elementor-element elementor-element-1db7b498 elementor-widget elementor-widget-image\" data-id=\"1db7b498\" data-element_type=\"widget\" data-e-type=\"widget\" data-widget_type=\"image.default\">\n\t\t\t\t<div class=\"elementor-widget-container\">\n\t\t\t\t\t\t\t\t\t\t\t\t\t\t\t<img fetchpriority=\"high\" decoding=\"async\" width=\"800\" height=\"800\" src=\"https:\/\/rentallorca.com\/blog\/wp-content\/uploads\/2025\/10\/alojamiento-soller.webp\" class=\"attachment-large size-large wp-image-2810\" alt=\"Alojamiento Soller\" srcset=\"https:\/\/rentallorca.com\/blog\/wp-content\/uploads\/2025\/10\/alojamiento-soller.webp 800w, https:\/\/rentallorca.com\/blog\/wp-content\/uploads\/2025\/10\/alojamiento-soller-300x300.webp 300w, https:\/\/rentallorca.com\/blog\/wp-content\/uploads\/2025\/10\/alojamiento-soller-150x150.webp 150w, https:\/\/rentallorca.com\/blog\/wp-content\/uploads\/2025\/10\/alojamiento-soller-768x768.webp 768w\" sizes=\"(max-width: 800px) 100vw, 800px\" \/>\t\t\t\t\t\t\t\t\t\t\t\t\t\t\t<\/div>\n\t\t\t\t<\/div>\n\t\t\t\t<\/div>\n\t\t\t\t\t<\/div>\n\t\t\t\t<\/div>\n\t\t<div class=\"elementor-element elementor-element-6ab1f46e e-flex e-con-boxed e-con e-parent\" data-id=\"6ab1f46e\" data-element_type=\"container\" data-e-type=\"container\" data-settings=\"{&quot;background_background&quot;:&quot;classic&quot;}\">\n\t\t\t\t\t<div class=\"e-con-inner\">\n\t\t<div class=\"elementor-element elementor-element-6db7c0d1 e-con-full e-flex e-con e-child\" data-id=\"6db7c0d1\" data-element_type=\"container\" data-e-type=\"container\">\n\t\t\t\t<div class=\"elementor-element elementor-element-557175c1 elementor-widget elementor-widget-heading\" data-id=\"557175c1\" data-element_type=\"widget\" data-e-type=\"widget\" data-widget_type=\"heading.default\">\n\t\t\t\t<div class=\"elementor-widget-container\">\n\t\t\t\t\t<h1 class=\"elementor-heading-title elementor-size-default\">Alojamiento<br>S\u00d3LLER<br>\n<\/h1>\t\t\t\t<\/div>\n\t\t\t\t<\/div>\n\t\t\t\t<div class=\"elementor-element elementor-element-3fa63627 elementor-widget__width-initial elementor-widget elementor-widget-text-editor\" data-id=\"3fa63627\" data-element_type=\"widget\" data-e-type=\"widget\" data-widget_type=\"text-editor.default\">\n\t\t\t\t<div class=\"elementor-widget-container\">\n\t\t\t\t\t\t\t\t\t<p>\u00bfViajas a Mallorca? En Rentallorca, ofrecemos una gran selecci\u00f3n de alquileres vacacionales. Reserva un alojamiento S\u00f3ller.<\/p>\t\t\t\t\t\t\t\t<\/div>\n\t\t\t\t<\/div>\n\t\t\t\t<div class=\"elementor-element elementor-element-5cbbe418 elementor-widget elementor-widget-button\" data-id=\"5cbbe418\" data-element_type=\"widget\" data-e-type=\"widget\" data-widget_type=\"button.default\">\n\t\t\t\t<div class=\"elementor-widget-container\">\n\t\t\t\t\t\t\t\t\t<div class=\"elementor-button-wrapper\">\n\t\t\t\t\t<a class=\"elementor-button elementor-button-link elementor-size-sm\" href=\"https:\/\/rentallorca.com\/alquiler\/alquileres-soller-d67388\/v\">\n\t\t\t\t\t\t<span class=\"elementor-button-content-wrapper\">\n\t\t\t\t\t\t\t\t\t<span class=\"elementor-button-text\">+ INFO<\/span>\n\t\t\t\t\t<\/span>\n\t\t\t\t\t<\/a>\n\t\t\t\t<\/div>\n\t\t\t\t\t\t\t\t<\/div>\n\t\t\t\t<\/div>\n\t\t\t\t<\/div>\n\t\t<div class=\"elementor-element elementor-element-344d4499 e-con-full elementor-hidden-tablet elementor-hidden-mobile e-flex e-con e-child\" data-id=\"344d4499\" data-element_type=\"container\" data-e-type=\"container\">\n\t\t\t\t<div class=\"elementor-element elementor-element-5e26685a elementor-widget elementor-widget-image\" data-id=\"5e26685a\" data-element_type=\"widget\" data-e-type=\"widget\" data-widget_type=\"image.default\">\n\t\t\t\t<div class=\"elementor-widget-container\">\n\t\t\t\t\t\t\t\t\t\t\t\t\t\t\t<img fetchpriority=\"high\" decoding=\"async\" width=\"800\" height=\"800\" src=\"https:\/\/rentallorca.com\/blog\/wp-content\/uploads\/2025\/10\/alojamiento-soller.webp\" class=\"attachment-large size-large wp-image-2810\" alt=\"Alojamiento Soller\" srcset=\"https:\/\/rentallorca.com\/blog\/wp-content\/uploads\/2025\/10\/alojamiento-soller.webp 800w, https:\/\/rentallorca.com\/blog\/wp-content\/uploads\/2025\/10\/alojamiento-soller-300x300.webp 300w, https:\/\/rentallorca.com\/blog\/wp-content\/uploads\/2025\/10\/alojamiento-soller-150x150.webp 150w, https:\/\/rentallorca.com\/blog\/wp-content\/uploads\/2025\/10\/alojamiento-soller-768x768.webp 768w\" sizes=\"(max-width: 800px) 100vw, 800px\" \/>\t\t\t\t\t\t\t\t\t\t\t\t\t\t\t<\/div>\n\t\t\t\t<\/div>\n\t\t\t\t<\/div>\n\t\t\t\t\t<\/div>\n\t\t\t\t<\/div>\n\t\t<div class=\"elementor-element elementor-element-27cf98b3 e-flex e-con-boxed e-con e-parent\" data-id=\"27cf98b3\" data-element_type=\"container\" data-e-type=\"container\">\n\t\t\t\t\t<div class=\"e-con-inner\">\n\t\t\t\t<div class=\"elementor-element elementor-element-3ebc06b9 elementor-widget elementor-widget-grid\" data-id=\"3ebc06b9\" data-element_type=\"widget\" data-e-type=\"widget\" data-widget_type=\"grid.default\">\n\t\t\t\t<div class=\"elementor-widget-container\">\n\t\t\t\t\t\t\t<div class=\"its--row alojamientos-recomendados\">\n\n\t\t\t<div class=\"alojamientos-recomendados-container\">\n\n\t\t\t\t\t\n\t\t\t\t\t<a href=\"https:\/\/rentallorca.com\/alquiler\/finca-soller-c0023-finca-can-busquera-441537.html\" rel=\"nofollow\" style=\"width: 32%;\">\n\t\t\t\t\t\t<div class=\"apartamento-box\">\n\t\t\t\t\t\t\t<div class=\"imagen_recomendados\">\n\t\t\t\t\t\t\t\t<img decoding=\"async\" src=\"https:\/\/crs.avantio.com\/fotos\/2\/1691579152e0e4b2bcd4ed0824a620f01167a961ef\/big1691579154274c96e4a75be3db5e320059d986bb1f.jpg\" alt=\"Can Busquera by Rentallorca\">\n\t\t\t\t\t\t\t<\/div>\n\t\t\t\t\t\t\t<div class=\"info\">\n\t\t\t\t\t\t\t\t<div class=\"ubicacion\">\n\t\t\t\t\t\t\t\t\t<i class=\"fa-solid fa-location-dot icono-mapa\"><\/i><span class=\"ubicacion-texto\">S\u00f3ller - Mallorca<\/span>\n\t\t\t\t\t\t\t\t<\/div>\n\t\t\t\t\t\t\t\t<H4 class=\"titulo-alojamiento\">\n\t\t\t\t\t\t\t\t\tCan Busquera by Rentallorca\t\t\t\t\t\t\t\t<\/H4>\n\t\t\t\t\t\t\t\t<p class=\"precio-alojamiento\">Desde <span class=\"precio\">1070.46\u20ac<\/span> por noche<\/p>\n\t\t\t\t\t\t\t<\/div>\n\t\t\t\t\t\t<\/div>\n\t\t\t\t\t<\/a> \n\t\t\t\t\t\t\n\t\t\t\t\t<a href=\"https:\/\/rentallorca.com\/alquiler\/finca-soller-c0024-can-sec-llimoneres-441546.html\" rel=\"nofollow\" style=\"width: 32%;\">\n\t\t\t\t\t\t<div class=\"apartamento-box\">\n\t\t\t\t\t\t\t<div class=\"imagen_recomendados\">\n\t\t\t\t\t\t\t\t<img decoding=\"async\" src=\"https:\/\/crs.avantio.com\/fotos\/2\/1691579976361ef756f1bc1cbe0ef734079a5a6143\/big169157997774b20ba714e04eaa2c961b419cf3586a.jpg\" alt=\"Ca'n Sec by Rentallorca\">\n\t\t\t\t\t\t\t<\/div>\n\t\t\t\t\t\t\t<div class=\"info\">\n\t\t\t\t\t\t\t\t<div class=\"ubicacion\">\n\t\t\t\t\t\t\t\t\t<i class=\"fa-solid fa-location-dot icono-mapa\"><\/i><span class=\"ubicacion-texto\">S\u00f3ller - Mallorca<\/span>\n\t\t\t\t\t\t\t\t<\/div>\n\t\t\t\t\t\t\t\t<H4 class=\"titulo-alojamiento\">\n\t\t\t\t\t\t\t\t\tCa'n Sec by Rentallorca\t\t\t\t\t\t\t\t<\/H4>\n\t\t\t\t\t\t\t\t<p class=\"precio-alojamiento\">Desde <span class=\"precio\">271.32\u20ac<\/span> por noche<\/p>\n\t\t\t\t\t\t\t<\/div>\n\t\t\t\t\t\t<\/div>\n\t\t\t\t\t<\/a> \n\t\t\t\t\t\t\n\t\t\t\t\t<a href=\"https:\/\/rentallorca.com\/alquiler\/casa-soller-c0026-casa-sa-caseta-441575.html\" rel=\"nofollow\" style=\"width: 32%;\">\n\t\t\t\t\t\t<div class=\"apartamento-box\">\n\t\t\t\t\t\t\t<div class=\"imagen_recomendados\">\n\t\t\t\t\t\t\t\t<img decoding=\"async\" src=\"https:\/\/crs.avantio.com\/fotos\/2\/16915783817e0a0f23b4a1254274055d650c17d2fe\/big173435041641fd7086e7e831fc8725a3cad97314ec.jpg\" alt=\"Sa Caseta by Rentallorca\">\n\t\t\t\t\t\t\t<\/div>\n\t\t\t\t\t\t\t<div class=\"info\">\n\t\t\t\t\t\t\t\t<div class=\"ubicacion\">\n\t\t\t\t\t\t\t\t\t<i class=\"fa-solid fa-location-dot icono-mapa\"><\/i><span class=\"ubicacion-texto\">S\u00f3ller - Mallorca<\/span>\n\t\t\t\t\t\t\t\t<\/div>\n\t\t\t\t\t\t\t\t<H4 class=\"titulo-alojamiento\">\n\t\t\t\t\t\t\t\t\tSa Caseta by Rentallorca\t\t\t\t\t\t\t\t<\/H4>\n\t\t\t\t\t\t\t\t<p class=\"precio-alojamiento\">Desde <span class=\"precio\">142.50\u20ac<\/span> por noche<\/p>\n\t\t\t\t\t\t\t<\/div>\n\t\t\t\t\t\t<\/div>\n\t\t\t\t\t<\/a> \n\t\t\t\t\t\t\t\t<\/div>\n\t\t\t<\/div>\n\t\t\t\t\t\t<\/div>\n\t\t\t\t<\/div>\n\t\t\t\t\t<\/div>\n\t\t\t\t<\/div>\n\t\t<div class=\"elementor-element elementor-element-5f522e95 e-flex e-con-boxed e-con e-parent\" data-id=\"5f522e95\" data-element_type=\"container\" data-e-type=\"container\">\n\t\t\t\t\t<div class=\"e-con-inner\">\n\t\t\t\t<div class=\"elementor-element elementor-element-1d76b135 elementor-align-center elementor-widget elementor-widget-button\" data-id=\"1d76b135\" data-element_type=\"widget\" data-e-type=\"widget\" data-widget_type=\"button.default\">\n\t\t\t\t<div class=\"elementor-widget-container\">\n\t\t\t\t\t\t\t\t\t<div class=\"elementor-button-wrapper\">\n\t\t\t\t\t<a class=\"elementor-button elementor-button-link elementor-size-sm\" href=\"https:\/\/rentallorca.com\/alquiler\/alquileres-soller-d67388\/v\">\n\t\t\t\t\t\t<span class=\"elementor-button-content-wrapper\">\n\t\t\t\t\t\t\t\t\t<span class=\"elementor-button-text\">+ ALOJAMIENTOS<\/span>\n\t\t\t\t\t<\/span>\n\t\t\t\t\t<\/a>\n\t\t\t\t<\/div>\n\t\t\t\t\t\t\t\t<\/div>\n\t\t\t\t<\/div>\n\t\t\t\t\t<\/div>\n\t\t\t\t<\/div>\n\t\t<div class=\"elementor-element elementor-element-5f75689f e-flex e-con-boxed e-con e-parent\" data-id=\"5f75689f\" data-element_type=\"container\" data-e-type=\"container\">\n\t\t\t\t\t<div class=\"e-con-inner\">\n\t\t<div class=\"elementor-element elementor-element-51e62fca e-con-full e-flex e-con e-child\" data-id=\"51e62fca\" data-element_type=\"container\" data-e-type=\"container\">\n\t\t\t\t<div class=\"elementor-element elementor-element-2aeee90a elementor-widget__width-initial elementor-widget elementor-widget-heading\" data-id=\"2aeee90a\" data-element_type=\"widget\" data-e-type=\"widget\" data-widget_type=\"heading.default\">\n\t\t\t\t<div class=\"elementor-widget-container\">\n\t\t\t\t\t<h2 class=\"elementor-heading-title elementor-size-default\">\u00bfC\u00f3mo llegar a S\u00f3ller en coche?<\/h2>\t\t\t\t<\/div>\n\t\t\t\t<\/div>\n\t\t\t\t<div class=\"elementor-element elementor-element-225236e9 elementor-widget elementor-widget-text-editor\" data-id=\"225236e9\" data-element_type=\"widget\" data-e-type=\"widget\" data-widget_type=\"text-editor.default\">\n\t\t\t\t<div class=\"elementor-widget-container\">\n\t\t\t\t\t\t\t\t\t<p>Llegar a S\u00f3ller en coche desde Palma es r\u00e1pido y c\u00f3modo. Se tarda unos 30 minutos por el t\u00fanel de S\u00f3ller (de peaje gratuito) o una hora si prefieres la pintoresca carretera del Coll de S\u00f3ller. El viaje ofrece vistas espectaculares de la Serra de Tramuntana. Muchos viajeros eligen el coche para disfrutar de la libertad de moverse y descubrir f\u00e1cilmente su alojamiento en S\u00f3ller o los encantadores hoteles rurales de alojamiento S\u00f3ller situados en el valle.<\/p>\t\t\t\t\t\t\t\t<\/div>\n\t\t\t\t<\/div>\n\t\t\t\t<\/div>\n\t\t<div class=\"elementor-element elementor-element-ce83ceb e-con-full e-flex e-con e-child\" data-id=\"ce83ceb\" data-element_type=\"container\" data-e-type=\"container\">\n\t\t\t\t<div class=\"elementor-element elementor-element-deaedea elementor-widget__width-initial elementor-widget elementor-widget-heading\" data-id=\"deaedea\" data-element_type=\"widget\" data-e-type=\"widget\" data-widget_type=\"heading.default\">\n\t\t\t\t<div class=\"elementor-widget-container\">\n\t\t\t\t\t<h2 class=\"elementor-heading-title elementor-size-default\">\u00bfCu\u00e1nto dura el viaje en tren de Palma a S\u00f3ller?<\/h2>\t\t\t\t<\/div>\n\t\t\t\t<\/div>\n\t\t\t\t<div class=\"elementor-element elementor-element-1821821 elementor-widget elementor-widget-text-editor\" data-id=\"1821821\" data-element_type=\"widget\" data-e-type=\"widget\" data-widget_type=\"text-editor.default\">\n\t\t\t\t<div class=\"elementor-widget-container\">\n\t\t\t\t\t\t\t\t\t<p>El viaje en tren desde Palma a S\u00f3ller dura aproximadamente una hora. Se trata de un recorrido hist\u00f3rico y esc\u00e9nico a trav\u00e9s de t\u00faneles, valles y monta\u00f1as de la Serra de Tramuntana. Es una experiencia ideal para quienes se alojan en el valle y buscan llegar de forma relajada a su alojamiento en S\u00f3ller. Muchos visitantes combinan el trayecto en tren con una estancia en un alojamiento S\u00f3ller tradicional, rodeado de naranjos y paisajes \u00fanicos.<\/p>\t\t\t\t\t\t\t\t<\/div>\n\t\t\t\t<\/div>\n\t\t\t\t<\/div>\n\t\t<div class=\"elementor-element elementor-element-6ac495b e-con-full e-flex e-con e-child\" data-id=\"6ac495b\" data-element_type=\"container\" data-e-type=\"container\">\n\t\t\t\t<div class=\"elementor-element elementor-element-2db8160 elementor-widget__width-initial elementor-widget elementor-widget-heading\" data-id=\"2db8160\" data-element_type=\"widget\" data-e-type=\"widget\" data-widget_type=\"heading.default\">\n\t\t\t\t<div class=\"elementor-widget-container\">\n\t\t\t\t\t<h2 class=\"elementor-heading-title elementor-size-default\">\u00bfD\u00f3nde aparcar en S\u00f3ller?<\/h2>\t\t\t\t<\/div>\n\t\t\t\t<\/div>\n\t\t\t\t<div class=\"elementor-element elementor-element-d74b9f2 elementor-widget elementor-widget-text-editor\" data-id=\"d74b9f2\" data-element_type=\"widget\" data-e-type=\"widget\" data-widget_type=\"text-editor.default\">\n\t\t\t\t<div class=\"elementor-widget-container\">\n\t\t\t\t\t\t\t\t\t<p>Aparcar en S\u00f3ller es sencillo si conoces las zonas adecuadas. Existen parkings p\u00fablicos cerca del centro, como el de Sa Calatrava o el de Ses Escol\u00e0pies, adem\u00e1s de plazas gratuitas a las afueras del pueblo. Tambi\u00e9n puedes dejar el coche en el Port de S\u00f3ller si tu alojamiento en S\u00f3ller est\u00e1 cerca de la costa. Los hoteles y casas rurales de alojamiento S\u00f3ller suelen ofrecer estacionamiento privado, ideal para moverse con comodidad por la zona.<\/p>\t\t\t\t\t\t\t\t<\/div>\n\t\t\t\t<\/div>\n\t\t\t\t<\/div>\n\t\t\t\t\t<\/div>\n\t\t\t\t<\/div>\n\t\t<div class=\"elementor-element elementor-element-205a38ba e-flex e-con-boxed e-con e-parent\" data-id=\"205a38ba\" data-element_type=\"container\" data-e-type=\"container\">\n\t\t\t\t\t<div class=\"e-con-inner\">\n\t\t<div class=\"elementor-element elementor-element-2797929a e-con-full e-flex e-con e-child\" data-id=\"2797929a\" data-element_type=\"container\" data-e-type=\"container\">\n\t\t\t\t<div class=\"elementor-element elementor-element-62576a21 elementor-widget elementor-widget-heading\" data-id=\"62576a21\" data-element_type=\"widget\" data-e-type=\"widget\" data-widget_type=\"heading.default\">\n\t\t\t\t<div class=\"elementor-widget-container\">\n\t\t\t\t\t<h2 class=\"elementor-heading-title elementor-size-default\">Reserva un alojamiento en petra<\/h2>\t\t\t\t<\/div>\n\t\t\t\t<\/div>\n\t\t\t\t<div class=\"elementor-element elementor-element-707c7cd6 elementor-widget elementor-widget-grid\" data-id=\"707c7cd6\" data-element_type=\"widget\" data-e-type=\"widget\" data-widget_type=\"grid.default\">\n\t\t\t\t<div class=\"elementor-widget-container\">\n\t\t\t\t\t\t\t<div class=\"its--row alojamientos-recomendados\">\n\n\t\t\t<div class=\"alojamientos-recomendados-container\">\n\n\t\t\t\t\t\n\t\t\t\t\t<a href=\"https:\/\/rentallorca.com\/alquiler\/finca-petra-d0002-finca-luz-de-luna-453601.html\" rel=\"nofollow\" style=\"width: 32%;\">\n\t\t\t\t\t\t<div class=\"apartamento-box\">\n\t\t\t\t\t\t\t<div class=\"imagen_recomendados\">\n\t\t\t\t\t\t\t\t<img decoding=\"async\" src=\"https:\/\/crs.avantio.com\/fotos\/2\/17004850692661cf753ebc4169a4cd5d7de744abee\/big170048507481a2be2360d506abd11786d824556b86.jpg\" alt=\"Luz de Luna by Rentallorca\">\n\t\t\t\t\t\t\t<\/div>\n\t\t\t\t\t\t\t<div class=\"info\">\n\t\t\t\t\t\t\t\t<div class=\"ubicacion\">\n\t\t\t\t\t\t\t\t\t<i class=\"fa-solid fa-location-dot icono-mapa\"><\/i><span class=\"ubicacion-texto\">Petra - Mallorca<\/span>\n\t\t\t\t\t\t\t\t<\/div>\n\t\t\t\t\t\t\t\t<H4 class=\"titulo-alojamiento\">\n\t\t\t\t\t\t\t\t\tLuz de Luna by Rentallorca\t\t\t\t\t\t\t\t<\/H4>\n\t\t\t\t\t\t\t\t<p class=\"precio-alojamiento\">Desde <span class=\"precio\">259.92\u20ac<\/span> por noche<\/p>\n\t\t\t\t\t\t\t<\/div>\n\t\t\t\t\t\t<\/div>\n\t\t\t\t\t<\/a> \n\t\t\t\t\t\t\n\t\t\t\t\t<a href=\"https:\/\/rentallorca.com\/alquiler\/finca-petra-d0003-son-mieres-465139.html\" rel=\"nofollow\" style=\"width: 32%;\">\n\t\t\t\t\t\t<div class=\"apartamento-box\">\n\t\t\t\t\t\t\t<div class=\"imagen_recomendados\">\n\t\t\t\t\t\t\t\t<img decoding=\"async\" src=\"https:\/\/crs.avantio.com\/fotos\/2\/1706529693bca616e25490b9174489ed8aae843fb5\/big17186935701b6a82153ac33b94ccea57e108b4211a.jpg\" alt=\"Son Mieres by Rentallorca\">\n\t\t\t\t\t\t\t<\/div>\n\t\t\t\t\t\t\t<div class=\"info\">\n\t\t\t\t\t\t\t\t<div class=\"ubicacion\">\n\t\t\t\t\t\t\t\t\t<i class=\"fa-solid fa-location-dot icono-mapa\"><\/i><span class=\"ubicacion-texto\">Petra - Mallorca<\/span>\n\t\t\t\t\t\t\t\t<\/div>\n\t\t\t\t\t\t\t\t<H4 class=\"titulo-alojamiento\">\n\t\t\t\t\t\t\t\t\tSon Mieres by Rentallorca\t\t\t\t\t\t\t\t<\/H4>\n\t\t\t\t\t\t\t\t<p class=\"precio-alojamiento\">Desde <span class=\"precio\">259.92\u20ac<\/span> por noche<\/p>\n\t\t\t\t\t\t\t<\/div>\n\t\t\t\t\t\t<\/div>\n\t\t\t\t\t<\/a> \n\t\t\t\t\t\t\n\t\t\t\t\t<a href=\"https:\/\/rentallorca.com\/alquiler\/casa-petra-a0017-petra-holiday-home-479372.html\" rel=\"nofollow\" style=\"width: 32%;\">\n\t\t\t\t\t\t<div class=\"apartamento-box\">\n\t\t\t\t\t\t\t<div class=\"imagen_recomendados\">\n\t\t\t\t\t\t\t\t<img decoding=\"async\" src=\"https:\/\/crs.avantio.com\/fotos\/2\/1713164633ac47dea812c9c37feeb0ccc2f3fb799b\/big17131646465952237441e8f7c88990278cae761ef6.jpg\" alt=\"Petra holiday home by Rentallorca\">\n\t\t\t\t\t\t\t<\/div>\n\t\t\t\t\t\t\t<div class=\"info\">\n\t\t\t\t\t\t\t\t<div class=\"ubicacion\">\n\t\t\t\t\t\t\t\t\t<i class=\"fa-solid fa-location-dot icono-mapa\"><\/i><span class=\"ubicacion-texto\">Petra - Mallorca<\/span>\n\t\t\t\t\t\t\t\t<\/div>\n\t\t\t\t\t\t\t\t<H4 class=\"titulo-alojamiento\">\n\t\t\t\t\t\t\t\t\tPetra holiday home by Rentallorca\t\t\t\t\t\t\t\t<\/H4>\n\t\t\t\t\t\t\t\t<p class=\"precio-alojamiento\">Desde <span class=\"precio\">106.02\u20ac<\/span> por noche<\/p>\n\t\t\t\t\t\t\t<\/div>\n\t\t\t\t\t\t<\/div>\n\t\t\t\t\t<\/a> \n\t\t\t\t\t\t\t\t<\/div>\n\t\t\t<\/div>\n\t\t\t\t\t\t<\/div>\n\t\t\t\t<\/div>\n\t\t\t\t<div class=\"elementor-element elementor-element-2b0c407 elementor-align-center elementor-widget elementor-widget-button\" data-id=\"2b0c407\" data-element_type=\"widget\" data-e-type=\"widget\" data-widget_type=\"button.default\">\n\t\t\t\t<div class=\"elementor-widget-container\">\n\t\t\t\t\t\t\t\t\t<div class=\"elementor-button-wrapper\">\n\t\t\t\t\t<a class=\"elementor-button elementor-button-link elementor-size-sm\" href=\"https:\/\/rentallorca.com\/blog\/alojamiento-petra\/\">\n\t\t\t\t\t\t<span class=\"elementor-button-content-wrapper\">\n\t\t\t\t\t\t\t\t\t<span class=\"elementor-button-text\">+ ALOJAMIENTOS<\/span>\n\t\t\t\t\t<\/span>\n\t\t\t\t\t<\/a>\n\t\t\t\t<\/div>\n\t\t\t\t\t\t\t\t<\/div>\n\t\t\t\t<\/div>\n\t\t\t\t<\/div>\n\t\t\t\t\t<\/div>\n\t\t\t\t<\/div>\n\t\t<div class=\"elementor-element elementor-element-488084e8 e-flex e-con-boxed e-con e-parent\" data-id=\"488084e8\" data-element_type=\"container\" data-e-type=\"container\">\n\t\t\t\t\t<div class=\"e-con-inner\">\n\t\t<div class=\"elementor-element elementor-element-516fd90e e-con-full e-flex e-con e-child\" data-id=\"516fd90e\" data-element_type=\"container\" data-e-type=\"container\">\n\t\t<div class=\"elementor-element elementor-element-2d7ac3be e-con-full e-flex e-con e-child\" data-id=\"2d7ac3be\" data-element_type=\"container\" data-e-type=\"container\">\n\t\t\t\t<div class=\"elementor-element elementor-element-39321b91 elementor-widget elementor-widget-heading\" data-id=\"39321b91\" data-element_type=\"widget\" data-e-type=\"widget\" data-widget_type=\"heading.default\">\n\t\t\t\t<div class=\"elementor-widget-container\">\n\t\t\t\t\t<h2 class=\"elementor-heading-title elementor-size-default\">\u00bfQu\u00e9 hacer en S\u00f3ller, Espa\u00f1a?<\/h2>\t\t\t\t<\/div>\n\t\t\t\t<\/div>\n\t\t\t\t<div class=\"elementor-element elementor-element-10ee25f6 elementor-widget elementor-widget-text-editor\" data-id=\"10ee25f6\" data-element_type=\"widget\" data-e-type=\"widget\" data-widget_type=\"text-editor.default\">\n\t\t\t\t<div class=\"elementor-widget-container\">\n\t\t\t\t\t\t\t\t\t<p>En S\u00f3ller hay mucho por hacer: pasear por su plaza central, visitar la iglesia de Sant Bartomeu, recorrer el mercado local o subir en tranv\u00eda al Port de S\u00f3ller. Tambi\u00e9n se pueden hacer rutas de senderismo por la Serra de Tramuntana. Tras un d\u00eda de excursiones, nada mejor que descansar en un acogedor alojamiento S\u00f3ller. Tanto los hoteles boutique como el alojamiento en S\u00f3ller rural destacan por su encanto mallorqu\u00edn y vistas a las monta\u00f1as.<\/p>\t\t\t\t\t\t\t\t<\/div>\n\t\t\t\t<\/div>\n\t\t\t\t<\/div>\n\t\t<div class=\"elementor-element elementor-element-33edd271 e-con-full e-flex e-con e-child\" data-id=\"33edd271\" data-element_type=\"container\" data-e-type=\"container\">\n\t\t\t\t<div class=\"elementor-element elementor-element-644019c0 elementor-widget elementor-widget-heading\" data-id=\"644019c0\" data-element_type=\"widget\" data-e-type=\"widget\" data-widget_type=\"heading.default\">\n\t\t\t\t<div class=\"elementor-widget-container\">\n\t\t\t\t\t<h2 class=\"elementor-heading-title elementor-size-default\">\u00bfPor qu\u00e9 es famoso S\u00f3ller?<\/h2>\t\t\t\t<\/div>\n\t\t\t\t<\/div>\n\t\t\t\t<div class=\"elementor-element elementor-element-7b6aeba6 elementor-widget elementor-widget-text-editor\" data-id=\"7b6aeba6\" data-element_type=\"widget\" data-e-type=\"widget\" data-widget_type=\"text-editor.default\">\n\t\t\t\t<div class=\"elementor-widget-container\">\n\t\t\t\t\t\t\t\t\t<p>S\u00f3ller es famoso por su valle de naranjos, su hist\u00f3rico tren de madera y su belleza natural en pleno coraz\u00f3n de la Serra de Tramuntana, Patrimonio de la Humanidad. Tambi\u00e9n es conocido por su ambiente tranquilo y su exquisita gastronom\u00eda. Muchos viajeros eligen un alojamiento en S\u00f3ller para disfrutar de la autenticidad del pueblo. El alojamiento S\u00f3ller combina tradici\u00f3n, confort y vistas impresionantes, convirti\u00e9ndolo en un destino perfecto para descubrir la Mallorca m\u00e1s aut\u00e9ntica.<\/p>\t\t\t\t\t\t\t\t<\/div>\n\t\t\t\t<\/div>\n\t\t\t\t<\/div>\n\t\t\t\t<\/div>\n\t\t\t\t\t<\/div>\n\t\t\t\t<\/div>\n\t\t<div class=\"elementor-element elementor-element-5c1f065e e-flex e-con-boxed e-con e-parent\" data-id=\"5c1f065e\" data-element_type=\"container\" data-e-type=\"container\">\n\t\t\t\t\t<div class=\"e-con-inner\">\n\t\t\t\t<div class=\"elementor-element elementor-element-40d8574f elementor-widget elementor-widget-loop-carousel\" data-id=\"40d8574f\" data-element_type=\"widget\" data-e-type=\"widget\" data-settings=\"{&quot;template_id&quot;:2082,&quot;_skin&quot;:&quot;post&quot;,&quot;slides_to_show&quot;:&quot;3&quot;,&quot;slides_to_show_tablet&quot;:&quot;2&quot;,&quot;slides_to_show_mobile&quot;:&quot;1&quot;,&quot;slides_to_scroll&quot;:&quot;1&quot;,&quot;edit_handle_selector&quot;:&quot;.elementor-loop-container&quot;,&quot;autoplay&quot;:&quot;yes&quot;,&quot;autoplay_speed&quot;:5000,&quot;pause_on_hover&quot;:&quot;yes&quot;,&quot;pause_on_interaction&quot;:&quot;yes&quot;,&quot;infinite&quot;:&quot;yes&quot;,&quot;speed&quot;:500,&quot;offset_sides&quot;:&quot;none&quot;,&quot;image_spacing_custom&quot;:{&quot;unit&quot;:&quot;px&quot;,&quot;size&quot;:10,&quot;sizes&quot;:[]},&quot;image_spacing_custom_tablet&quot;:{&quot;unit&quot;:&quot;px&quot;,&quot;size&quot;:&quot;&quot;,&quot;sizes&quot;:[]},&quot;image_spacing_custom_mobile&quot;:{&quot;unit&quot;:&quot;px&quot;,&quot;size&quot;:&quot;&quot;,&quot;sizes&quot;:[]}}\" data-widget_type=\"loop-carousel.post\">\n\t\t\t\t<div class=\"elementor-widget-container\">\n\t\t\t\t\t\t\t<div class=\"e-loop-nothing-found-message\">\n\t\t<\/div>\n\t\t\t\t\t\t<\/div>\n\t\t\t\t<\/div>\n\t\t\t\t\t<\/div>\n\t\t\t\t<\/div>\n\t\t<div class=\"elementor-element elementor-element-53838acf elementor-hidden-mobile e-flex e-con-boxed e-con e-parent\" data-id=\"53838acf\" data-element_type=\"container\" data-e-type=\"container\">\n\t\t\t\t\t<div class=\"e-con-inner\">\n\t\t\t\t<div class=\"elementor-element elementor-element-6ed42d7c elementor-widget elementor-widget-spacer\" data-id=\"6ed42d7c\" data-element_type=\"widget\" data-e-type=\"widget\" data-widget_type=\"spacer.default\">\n\t\t\t\t<div class=\"elementor-widget-container\">\n\t\t\t\t\t\t\t<div class=\"elementor-spacer\">\n\t\t\t<div class=\"elementor-spacer-inner\"><\/div>\n\t\t<\/div>\n\t\t\t\t\t\t<\/div>\n\t\t\t\t<\/div>\n\t\t\t\t\t<\/div>\n\t\t\t\t<\/div>\n\t\t\t\t<\/div>\n\t\t","protected":false},"excerpt":{"rendered":"<p>AlojamientoS\u00d3LLER \u00bfViajas a Mallorca? En Rentallorca, ofrecemos una gran selecci\u00f3n de alquileres vacacionales. Reserva un alojamiento S\u00f3ller. + INFO S\u00f3ller &#8211; Mallorca Can Busquera by Rentallorca Desde 972.42\u20ac por noche S\u00f3ller &#8211; Mallorca Ca&#8217;n Sec by Rentallorca Desde 246.24\u20ac por noche S\u00f3ller &#8211; Mallorca Sa Caseta by Rentallorca Desde 129.96\u20ac por noche + ALOJAMIENTOS \u00bfC\u00f3mo [&hellip;]<\/p>\n","protected":false},"author":2,"featured_media":2810,"parent":0,"menu_order":0,"comment_status":"open","ping_status":"open","template":"","meta":{"footnotes":""},"class_list":["post-2783","page","type-page","status-publish","has-post-thumbnail","hentry"],"yoast_head":"<!-- This site is optimized with the Yoast SEO plugin v27.5 - https:\/\/yoast.com\/product\/yoast-seo-wordpress\/ -->\n<title>Reserva un Alojamiento Soller | Rentallorca<\/title>\n<meta name=\"description\" content=\"Encuentra el mejor alojamiento Soller para tus vacaciones. Reserva una casa o una finca al mejor precio con Rentallorca.\" \/>\n<meta name=\"robots\" content=\"index, follow, max-snippet:-1, max-image-preview:large, max-video-preview:-1\" \/>\n<link rel=\"canonical\" href=\"https:\/\/rentallorca.com\/blog\/alojamiento-soller\/\" \/>\n<meta property=\"og:locale\" content=\"es_ES\" \/>\n<meta property=\"og:type\" content=\"article\" \/>\n<meta property=\"og:title\" content=\"Reserva un Alojamiento Soller | Rentallorca\" \/>\n<meta property=\"og:description\" content=\"Encuentra el mejor alojamiento Soller para tus vacaciones. Reserva una casa o una finca al mejor precio con Rentallorca.\" \/>\n<meta property=\"og:url\" content=\"https:\/\/rentallorca.com\/blog\/alojamiento-soller\/\" \/>\n<meta property=\"og:site_name\" content=\"Blog\" \/>\n<meta property=\"article:modified_time\" content=\"2026-03-12T08:39:03+00:00\" \/>\n<meta property=\"og:image\" content=\"https:\/\/rentallorca.com\/blog\/wp-content\/uploads\/2025\/10\/alojamiento-soller.webp\" \/>\n\t<meta property=\"og:image:width\" content=\"800\" \/>\n\t<meta property=\"og:image:height\" content=\"800\" \/>\n\t<meta property=\"og:image:type\" content=\"image\/webp\" \/>\n<meta name=\"twitter:card\" content=\"summary_large_image\" \/>\n<meta name=\"twitter:label1\" content=\"Est. reading time\" \/>\n\t<meta name=\"twitter:data1\" content=\"4 minutes\" \/>\n<script type=\"application\/ld+json\" class=\"yoast-schema-graph\">{\"@context\":\"https:\\\/\\\/schema.org\",\"@graph\":[{\"@type\":\"WebPage\",\"@id\":\"https:\\\/\\\/rentallorca.com\\\/blog\\\/alojamiento-soller\\\/\",\"url\":\"https:\\\/\\\/rentallorca.com\\\/blog\\\/alojamiento-soller\\\/\",\"name\":\"Reserva un Alojamiento Soller | Rentallorca\",\"isPartOf\":{\"@id\":\"https:\\\/\\\/rentallorca.com\\\/blog\\\/#website\"},\"primaryImageOfPage\":{\"@id\":\"https:\\\/\\\/rentallorca.com\\\/blog\\\/alojamiento-soller\\\/#primaryimage\"},\"image\":{\"@id\":\"https:\\\/\\\/rentallorca.com\\\/blog\\\/alojamiento-soller\\\/#primaryimage\"},\"thumbnailUrl\":\"https:\\\/\\\/rentallorca.com\\\/blog\\\/wp-content\\\/uploads\\\/2025\\\/10\\\/alojamiento-soller.webp\",\"datePublished\":\"2025-10-16T07:43:44+00:00\",\"dateModified\":\"2026-03-12T08:39:03+00:00\",\"description\":\"Encuentra el mejor alojamiento Soller para tus vacaciones. Reserva una casa o una finca al mejor precio con Rentallorca.\",\"breadcrumb\":{\"@id\":\"https:\\\/\\\/rentallorca.com\\\/blog\\\/alojamiento-soller\\\/#breadcrumb\"},\"inLanguage\":\"es\",\"potentialAction\":[{\"@type\":\"ReadAction\",\"target\":[\"https:\\\/\\\/rentallorca.com\\\/blog\\\/alojamiento-soller\\\/\"]}]},{\"@type\":\"ImageObject\",\"inLanguage\":\"es\",\"@id\":\"https:\\\/\\\/rentallorca.com\\\/blog\\\/alojamiento-soller\\\/#primaryimage\",\"url\":\"https:\\\/\\\/rentallorca.com\\\/blog\\\/wp-content\\\/uploads\\\/2025\\\/10\\\/alojamiento-soller.webp\",\"contentUrl\":\"https:\\\/\\\/rentallorca.com\\\/blog\\\/wp-content\\\/uploads\\\/2025\\\/10\\\/alojamiento-soller.webp\",\"width\":800,\"height\":800,\"caption\":\"Alojamiento Soller\"},{\"@type\":\"BreadcrumbList\",\"@id\":\"https:\\\/\\\/rentallorca.com\\\/blog\\\/alojamiento-soller\\\/#breadcrumb\",\"itemListElement\":[{\"@type\":\"ListItem\",\"position\":1,\"name\":\"Home\",\"item\":\"https:\\\/\\\/rentallorca.com\\\/blog\\\/\"},{\"@type\":\"ListItem\",\"position\":2,\"name\":\"Alojamiento Soller\"}]},{\"@type\":\"WebSite\",\"@id\":\"https:\\\/\\\/rentallorca.com\\\/blog\\\/#website\",\"url\":\"https:\\\/\\\/rentallorca.com\\\/blog\\\/\",\"name\":\"Blog\",\"description\":\"Rentallorca\",\"potentialAction\":[{\"@type\":\"SearchAction\",\"target\":{\"@type\":\"EntryPoint\",\"urlTemplate\":\"https:\\\/\\\/rentallorca.com\\\/blog\\\/?s={search_term_string}\"},\"query-input\":{\"@type\":\"PropertyValueSpecification\",\"valueRequired\":true,\"valueName\":\"search_term_string\"}}],\"inLanguage\":\"es\"}]}<\/script>\n<!-- \/ Yoast SEO plugin. -->","yoast_head_json":{"title":"Reserva un Alojamiento Soller | Rentallorca","description":"Encuentra el mejor alojamiento Soller para tus vacaciones. Reserva una casa o una finca al mejor precio con Rentallorca.","robots":{"index":"index","follow":"follow","max-snippet":"max-snippet:-1","max-image-preview":"max-image-preview:large","max-video-preview":"max-video-preview:-1"},"canonical":"https:\/\/rentallorca.com\/blog\/alojamiento-soller\/","og_locale":"es_ES","og_type":"article","og_title":"Reserva un Alojamiento Soller | Rentallorca","og_description":"Encuentra el mejor alojamiento Soller para tus vacaciones. Reserva una casa o una finca al mejor precio con Rentallorca.","og_url":"https:\/\/rentallorca.com\/blog\/alojamiento-soller\/","og_site_name":"Blog","article_modified_time":"2026-03-12T08:39:03+00:00","og_image":[{"width":800,"height":800,"url":"https:\/\/rentallorca.com\/blog\/wp-content\/uploads\/2025\/10\/alojamiento-soller.webp","type":"image\/webp"}],"twitter_card":"summary_large_image","twitter_misc":{"Est. reading time":"4 minutes"},"schema":{"@context":"https:\/\/schema.org","@graph":[{"@type":"WebPage","@id":"https:\/\/rentallorca.com\/blog\/alojamiento-soller\/","url":"https:\/\/rentallorca.com\/blog\/alojamiento-soller\/","name":"Reserva un Alojamiento Soller | Rentallorca","isPartOf":{"@id":"https:\/\/rentallorca.com\/blog\/#website"},"primaryImageOfPage":{"@id":"https:\/\/rentallorca.com\/blog\/alojamiento-soller\/#primaryimage"},"image":{"@id":"https:\/\/rentallorca.com\/blog\/alojamiento-soller\/#primaryimage"},"thumbnailUrl":"https:\/\/rentallorca.com\/blog\/wp-content\/uploads\/2025\/10\/alojamiento-soller.webp","datePublished":"2025-10-16T07:43:44+00:00","dateModified":"2026-03-12T08:39:03+00:00","description":"Encuentra el mejor alojamiento Soller para tus vacaciones. Reserva una casa o una finca al mejor precio con Rentallorca.","breadcrumb":{"@id":"https:\/\/rentallorca.com\/blog\/alojamiento-soller\/#breadcrumb"},"inLanguage":"es","potentialAction":[{"@type":"ReadAction","target":["https:\/\/rentallorca.com\/blog\/alojamiento-soller\/"]}]},{"@type":"ImageObject","inLanguage":"es","@id":"https:\/\/rentallorca.com\/blog\/alojamiento-soller\/#primaryimage","url":"https:\/\/rentallorca.com\/blog\/wp-content\/uploads\/2025\/10\/alojamiento-soller.webp","contentUrl":"https:\/\/rentallorca.com\/blog\/wp-content\/uploads\/2025\/10\/alojamiento-soller.webp","width":800,"height":800,"caption":"Alojamiento Soller"},{"@type":"BreadcrumbList","@id":"https:\/\/rentallorca.com\/blog\/alojamiento-soller\/#breadcrumb","itemListElement":[{"@type":"ListItem","position":1,"name":"Home","item":"https:\/\/rentallorca.com\/blog\/"},{"@type":"ListItem","position":2,"name":"Alojamiento Soller"}]},{"@type":"WebSite","@id":"https:\/\/rentallorca.com\/blog\/#website","url":"https:\/\/rentallorca.com\/blog\/","name":"Blog","description":"Rentallorca","potentialAction":[{"@type":"SearchAction","target":{"@type":"EntryPoint","urlTemplate":"https:\/\/rentallorca.com\/blog\/?s={search_term_string}"},"query-input":{"@type":"PropertyValueSpecification","valueRequired":true,"valueName":"search_term_string"}}],"inLanguage":"es"}]}},"_links":{"self":[{"href":"https:\/\/rentallorca.com\/blog\/wp-json\/wp\/v2\/pages\/2783","targetHints":{"allow":["GET"]}}],"collection":[{"href":"https:\/\/rentallorca.com\/blog\/wp-json\/wp\/v2\/pages"}],"about":[{"href":"https:\/\/rentallorca.com\/blog\/wp-json\/wp\/v2\/types\/page"}],"author":[{"embeddable":true,"href":"https:\/\/rentallorca.com\/blog\/wp-json\/wp\/v2\/users\/2"}],"replies":[{"embeddable":true,"href":"https:\/\/rentallorca.com\/blog\/wp-json\/wp\/v2\/comments?post=2783"}],"version-history":[{"count":10,"href":"https:\/\/rentallorca.com\/blog\/wp-json\/wp\/v2\/pages\/2783\/revisions"}],"predecessor-version":[{"id":3715,"href":"https:\/\/rentallorca.com\/blog\/wp-json\/wp\/v2\/pages\/2783\/revisions\/3715"}],"wp:featuredmedia":[{"embeddable":true,"href":"https:\/\/rentallorca.com\/blog\/wp-json\/wp\/v2\/media\/2810"}],"wp:attachment":[{"href":"https:\/\/rentallorca.com\/blog\/wp-json\/wp\/v2\/media?parent=2783"}],"curies":[{"name":"wp","href":"https:\/\/api.w.org\/{rel}","templated":true}]}}