{"id":3389,"date":"2026-02-02T11:23:32","date_gmt":"2026-02-02T11:23:32","guid":{"rendered":"https:\/\/rentallorca.com\/blog\/?p=3389"},"modified":"2025-12-16T12:03:48","modified_gmt":"2025-12-16T12:03:48","slug":"ferienhaus-sineu","status":"publish","type":"page","link":"https:\/\/rentallorca.com\/blog\/de\/ferienhaus-sineu\/","title":{"rendered":"Ferienhaus Sineu"},"content":{"rendered":"\t\t<div data-elementor-type=\"wp-post\" data-elementor-id=\"3389\" class=\"elementor elementor-3389 elementor-3352\" data-elementor-post-type=\"page\">\n\t\t\t\t<div class=\"elementor-element elementor-element-7acf2025 elementor-hidden-desktop elementor-hidden-tablet e-flex e-con-boxed e-con e-parent\" data-id=\"7acf2025\" data-element_type=\"container\" data-e-type=\"container\" data-settings=\"{&quot;background_background&quot;:&quot;classic&quot;}\">\n\t\t\t\t\t<div class=\"e-con-inner\">\n\t\t<div class=\"elementor-element elementor-element-2448fa18 e-con-full elementor-hidden-tablet e-flex e-con e-child\" data-id=\"2448fa18\" data-element_type=\"container\" data-e-type=\"container\">\n\t\t\t\t<div class=\"elementor-element elementor-element-614cf789 elementor-widget elementor-widget-image\" data-id=\"614cf789\" data-element_type=\"widget\" data-e-type=\"widget\" data-widget_type=\"image.default\">\n\t\t\t\t<div class=\"elementor-widget-container\">\n\t\t\t\t\t\t\t\t\t\t\t\t\t\t\t<img fetchpriority=\"high\" decoding=\"async\" width=\"800\" height=\"556\" src=\"https:\/\/rentallorca.com\/blog\/wp-content\/uploads\/2025\/08\/rentallorca-mallorca-5-1024x712.webp\" class=\"attachment-large size-large wp-image-2407\" alt=\"\" srcset=\"https:\/\/rentallorca.com\/blog\/wp-content\/uploads\/2025\/08\/rentallorca-mallorca-5-1024x712.webp 1024w, https:\/\/rentallorca.com\/blog\/wp-content\/uploads\/2025\/08\/rentallorca-mallorca-5-300x209.webp 300w, https:\/\/rentallorca.com\/blog\/wp-content\/uploads\/2025\/08\/rentallorca-mallorca-5-768x534.webp 768w, https:\/\/rentallorca.com\/blog\/wp-content\/uploads\/2025\/08\/rentallorca-mallorca-5.webp 1228w\" sizes=\"(max-width: 800px) 100vw, 800px\" \/>\t\t\t\t\t\t\t\t\t\t\t\t\t\t\t<\/div>\n\t\t\t\t<\/div>\n\t\t\t\t<\/div>\n\t\t\t\t\t<\/div>\n\t\t\t\t<\/div>\n\t\t<div class=\"elementor-element elementor-element-3ebd1a3 e-flex e-con-boxed e-con e-parent\" data-id=\"3ebd1a3\" data-element_type=\"container\" data-e-type=\"container\" data-settings=\"{&quot;background_background&quot;:&quot;classic&quot;}\">\n\t\t\t\t\t<div class=\"e-con-inner\">\n\t\t<div class=\"elementor-element elementor-element-6589b5f0 e-con-full e-flex e-con e-child\" data-id=\"6589b5f0\" data-element_type=\"container\" data-e-type=\"container\">\n\t\t\t\t<div class=\"elementor-element elementor-element-22344677 elementor-widget elementor-widget-heading\" data-id=\"22344677\" data-element_type=\"widget\" data-e-type=\"widget\" data-widget_type=\"heading.default\">\n\t\t\t\t<div class=\"elementor-widget-container\">\n\t\t\t\t\t<h1 class=\"elementor-heading-title elementor-size-default\">\u00dcbernachten Sie in einer <br>Ferienhaus Sineu<\/h1>\t\t\t\t<\/div>\n\t\t\t\t<\/div>\n\t\t\t\t<div class=\"elementor-element elementor-element-421c38e5 elementor-widget__width-initial elementor-widget elementor-widget-text-editor\" data-id=\"421c38e5\" data-element_type=\"widget\" data-e-type=\"widget\" data-widget_type=\"text-editor.default\">\n\t\t\t\t<div class=\"elementor-widget-container\">\n\t\t\t\t\t\t\t\t\t<p>Suchen Sie einen ruhigeren Ort auf der Insel? Bleiben Sie im Landesinneren. Finden Sie hier die besten Ferienhaus Sineu zum besten Preis.  <\/p>\t\t\t\t\t\t\t\t<\/div>\n\t\t\t\t<\/div>\n\t\t\t\t<div class=\"elementor-element elementor-element-147d0639 elementor-widget elementor-widget-button\" data-id=\"147d0639\" data-element_type=\"widget\" data-e-type=\"widget\" data-widget_type=\"button.default\">\n\t\t\t\t<div class=\"elementor-widget-container\">\n\t\t\t\t\t\t\t\t\t<div class=\"elementor-button-wrapper\">\n\t\t\t\t\t<a class=\"elementor-button elementor-button-link elementor-size-sm\" href=\"https:\/\/rentallorca.com\/de\/vermietung\/vermietungen-sineu-d297\/\">\n\t\t\t\t\t\t<span class=\"elementor-button-content-wrapper\">\n\t\t\t\t\t\t\t\t\t<span class=\"elementor-button-text\">+ INFO<\/span>\n\t\t\t\t\t<\/span>\n\t\t\t\t\t<\/a>\n\t\t\t\t<\/div>\n\t\t\t\t\t\t\t\t<\/div>\n\t\t\t\t<\/div>\n\t\t\t\t<\/div>\n\t\t<div class=\"elementor-element elementor-element-69f77743 e-con-full elementor-hidden-tablet elementor-hidden-mobile e-flex e-con e-child\" data-id=\"69f77743\" data-element_type=\"container\" data-e-type=\"container\">\n\t\t\t\t<div class=\"elementor-element elementor-element-296dfa8 elementor-widget elementor-widget-image\" data-id=\"296dfa8\" data-element_type=\"widget\" data-e-type=\"widget\" data-widget_type=\"image.default\">\n\t\t\t\t<div class=\"elementor-widget-container\">\n\t\t\t\t\t\t\t\t\t\t\t\t\t\t\t<img decoding=\"async\" width=\"1228\" height=\"854\" src=\"https:\/\/rentallorca.com\/blog\/wp-content\/uploads\/2025\/08\/rentallorca-mallorca-5.webp\" class=\"attachment-full size-full wp-image-2407\" alt=\"\" srcset=\"https:\/\/rentallorca.com\/blog\/wp-content\/uploads\/2025\/08\/rentallorca-mallorca-5.webp 1228w, https:\/\/rentallorca.com\/blog\/wp-content\/uploads\/2025\/08\/rentallorca-mallorca-5-300x209.webp 300w, https:\/\/rentallorca.com\/blog\/wp-content\/uploads\/2025\/08\/rentallorca-mallorca-5-1024x712.webp 1024w, https:\/\/rentallorca.com\/blog\/wp-content\/uploads\/2025\/08\/rentallorca-mallorca-5-768x534.webp 768w\" sizes=\"(max-width: 1228px) 100vw, 1228px\" \/>\t\t\t\t\t\t\t\t\t\t\t\t\t\t\t<\/div>\n\t\t\t\t<\/div>\n\t\t\t\t<\/div>\n\t\t\t\t\t<\/div>\n\t\t\t\t<\/div>\n\t\t<div class=\"elementor-element elementor-element-7911044f e-flex e-con-boxed e-con e-parent\" data-id=\"7911044f\" data-element_type=\"container\" data-e-type=\"container\">\n\t\t\t\t\t<div class=\"e-con-inner\">\n\t\t<div class=\"elementor-element elementor-element-142b3fd e-con-full e-flex e-con e-child\" data-id=\"142b3fd\" data-element_type=\"container\" data-e-type=\"container\">\n\t\t<div class=\"elementor-element elementor-element-51ed404 e-con-full e-flex e-con e-child\" data-id=\"51ed404\" data-element_type=\"container\" data-e-type=\"container\">\n\t\t\t\t<div class=\"elementor-element elementor-element-dbbfbb3 elementor-widget elementor-widget-heading\" data-id=\"dbbfbb3\" data-element_type=\"widget\" data-e-type=\"widget\" data-widget_type=\"heading.default\">\n\t\t\t\t<div class=\"elementor-widget-container\">\n\t\t\t\t\t<h2 class=\"elementor-heading-title elementor-size-default\">Warum eine Ferienhaus Sineu buchen?<\/h2>\t\t\t\t<\/div>\n\t\t\t\t<\/div>\n\t\t\t\t<div class=\"elementor-element elementor-element-96685c3 elementor-widget elementor-widget-text-editor\" data-id=\"96685c3\" data-element_type=\"widget\" data-e-type=\"widget\" data-widget_type=\"text-editor.default\">\n\t\t\t\t<div class=\"elementor-widget-container\">\n\t\t\t\t\t\t\t\t\t<p>Eine Ferienhaus Sineu zu buchen bietet eine perfekte Mischung aus Geschichte, Kultur und authentischem mallorquinischem Dorfleben. Wenn Sie in einer Ferienfinca in Sineu \u00fcbernachten, k\u00f6nnen Sie mittelalterliche Gassen erkunden, den ber\u00fchmten Wochenmarkt besuchen und traditionelle K\u00fcche genie\u00dfen, w\u00e4hrend Sie in einer ruhigen, l\u00e4ndlichen Umgebung entspannen. Mit charmanten Villen und einer friedlichen Umgebung wird Ihr Aufenthalt sowohl komfortabel als auch unvergesslich. Rentallorca ist die beste Ferienvermietungsagentur, um Ihre ideale Immobilie zu finden, die Qualit\u00e4t, Komfort und ein wirklich authentisches Sineu-Erlebnis gew\u00e4hrleistet.   <\/p>\t\t\t\t\t\t\t\t<\/div>\n\t\t\t\t<\/div>\n\t\t\t\t<div class=\"elementor-element elementor-element-35bb7cf elementor-align-center elementor-widget elementor-widget-button\" data-id=\"35bb7cf\" data-element_type=\"widget\" data-e-type=\"widget\" data-widget_type=\"button.default\">\n\t\t\t\t<div class=\"elementor-widget-container\">\n\t\t\t\t\t\t\t\t\t<div class=\"elementor-button-wrapper\">\n\t\t\t\t\t<a class=\"elementor-button elementor-button-link elementor-size-sm\" href=\"https:\/\/rentallorca.com\/de\/vermietung\/vermietungen-sineu-d297\/\">\n\t\t\t\t\t\t<span class=\"elementor-button-content-wrapper\">\n\t\t\t\t\t\t\t\t\t<span class=\"elementor-button-text\">+ UNTERK\u00dcNFTE<\/span>\n\t\t\t\t\t<\/span>\n\t\t\t\t\t<\/a>\n\t\t\t\t<\/div>\n\t\t\t\t\t\t\t\t<\/div>\n\t\t\t\t<\/div>\n\t\t\t\t<\/div>\n\t\t<div class=\"elementor-element elementor-element-c3168ac e-con-full e-flex e-con e-child\" data-id=\"c3168ac\" data-element_type=\"container\" data-e-type=\"container\">\n\t\t\t\t<div class=\"elementor-element elementor-element-70c70f0 elementor-widget elementor-widget-grid\" data-id=\"70c70f0\" data-element_type=\"widget\" data-e-type=\"widget\" data-widget_type=\"grid.default\">\n\t\t\t\t<div class=\"elementor-widget-container\">\n\t\t\t\t\t\t\t<div class=\"its--row alojamientos-recomendados\">\n\n\t\t\t<div class=\"alojamientos-recomendados-container\">\n\n\t\t\t\t\t\n\t\t\t\t\t<a href=\"https:\/\/rentallorca.com\/de\/vermietung\/finca-sineu-b0002-finca-son-rossinyol-441638.html\" rel=\"nofollow\" style=\"width: 49%;\">\n\t\t\t\t\t\t<div class=\"apartamento-box\">\n\t\t\t\t\t\t\t<div class=\"imagen_recomendados\">\n\t\t\t\t\t\t\t\t<img decoding=\"async\" src=\"https:\/\/crs.avantio.com\/fotos\/2\/1691583779e5c849213d48088d4c93e6285d2fcda3\/big1704995717ddf7a5a31059f9c667ae5c42be95048f.jpg\" alt=\"Son Rossinyol by Rentallorca\">\n\t\t\t\t\t\t\t<\/div>\n\t\t\t\t\t\t\t<div class=\"info\">\n\t\t\t\t\t\t\t\t<div class=\"ubicacion\">\n\t\t\t\t\t\t\t\t\t<i class=\"fa-solid fa-location-dot icono-mapa\"><\/i><span class=\"ubicacion-texto\">Sineu - Mallorca<\/span>\n\t\t\t\t\t\t\t\t<\/div>\n\t\t\t\t\t\t\t\t<H4 class=\"titulo-alojamiento\">\n\t\t\t\t\t\t\t\t\tSon Rossinyol by Rentallorca\t\t\t\t\t\t\t\t<\/H4>\n\t\t\t\t\t\t\t\t<p class=\"precio-alojamiento\">Aus <span class=\"precio\">114.00\u20ac<\/span> pro Nacht<\/p>\n\t\t\t\t\t\t\t<\/div>\n\t\t\t\t\t\t<\/div>\n\t\t\t\t\t<\/a> \n\t\t\t\t\t\t\n\t\t\t\t\t<a href=\"https:\/\/rentallorca.com\/de\/vermietung\/ferienhaus-sineu-a0041-pou-de-s-alou-715303.html\" rel=\"nofollow\" style=\"width: 49%;\">\n\t\t\t\t\t\t<div class=\"apartamento-box\">\n\t\t\t\t\t\t\t<div class=\"imagen_recomendados\">\n\t\t\t\t\t\t\t\t<img decoding=\"async\" src=\"https:\/\/crs.avantio.com\/fotos\/3\/1774271701ea55c4538dff3175f63c10bd1f9d4d63\/big1774271714db5bc529fcd5d5d2515ed75d08beaab4.jpg\" alt=\"Pou de s'Alou by Rentallorca\">\n\t\t\t\t\t\t\t<\/div>\n\t\t\t\t\t\t\t<div class=\"info\">\n\t\t\t\t\t\t\t\t<div class=\"ubicacion\">\n\t\t\t\t\t\t\t\t\t<i class=\"fa-solid fa-location-dot icono-mapa\"><\/i><span class=\"ubicacion-texto\">Sineu - Mallorca<\/span>\n\t\t\t\t\t\t\t\t<\/div>\n\t\t\t\t\t\t\t\t<H4 class=\"titulo-alojamiento\">\n\t\t\t\t\t\t\t\t\tPou de s'Alou by Rentallorca\t\t\t\t\t\t\t\t<\/H4>\n\t\t\t\t\t\t\t\t<p class=\"precio-alojamiento\">Aus <span class=\"precio\">199.50\u20ac<\/span> pro Nacht<\/p>\n\t\t\t\t\t\t\t<\/div>\n\t\t\t\t\t\t<\/div>\n\t\t\t\t\t<\/a> \n\t\t\t\t\t\t\t\t<\/div>\n\t\t\t<\/div>\n\t\t\t\t\t\t<\/div>\n\t\t\t\t<\/div>\n\t\t\t\t<\/div>\n\t\t\t\t<\/div>\n\t\t\t\t\t<\/div>\n\t\t\t\t<\/div>\n\t\t<div class=\"elementor-element elementor-element-50abd69 e-flex e-con-boxed e-con e-parent\" data-id=\"50abd69\" data-element_type=\"container\" data-e-type=\"container\">\n\t\t\t\t\t<div class=\"e-con-inner\">\n\t\t<div class=\"elementor-element elementor-element-5e78a6e3 e-con-full e-flex e-con e-child\" data-id=\"5e78a6e3\" data-element_type=\"container\" data-e-type=\"container\">\n\t\t\t\t<div class=\"elementor-element elementor-element-6e07fac1 elementor-view-default elementor-widget elementor-widget-icon\" data-id=\"6e07fac1\" data-element_type=\"widget\" data-e-type=\"widget\" data-widget_type=\"icon.default\">\n\t\t\t\t<div class=\"elementor-widget-container\">\n\t\t\t\t\t\t\t<div class=\"elementor-icon-wrapper\">\n\t\t\t<div class=\"elementor-icon\">\n\t\t\t<svg aria-hidden=\"true\" class=\"e-font-icon-svg e-fas-credit-card\" viewBox=\"0 0 576 512\" xmlns=\"http:\/\/www.w3.org\/2000\/svg\"><path d=\"M0 432c0 26.5 21.5 48 48 48h480c26.5 0 48-21.5 48-48V256H0v176zm192-68c0-6.6 5.4-12 12-12h136c6.6 0 12 5.4 12 12v40c0 6.6-5.4 12-12 12H204c-6.6 0-12-5.4-12-12v-40zm-128 0c0-6.6 5.4-12 12-12h72c6.6 0 12 5.4 12 12v40c0 6.6-5.4 12-12 12H76c-6.6 0-12-5.4-12-12v-40zM576 80v48H0V80c0-26.5 21.5-48 48-48h480c26.5 0 48 21.5 48 48z\"><\/path><\/svg>\t\t\t<\/div>\n\t\t<\/div>\n\t\t\t\t\t\t<\/div>\n\t\t\t\t<\/div>\n\t\t\t\t<div class=\"elementor-element elementor-element-4931e34a elementor-widget elementor-widget-heading\" data-id=\"4931e34a\" data-element_type=\"widget\" data-e-type=\"widget\" data-widget_type=\"heading.default\">\n\t\t\t\t<div class=\"elementor-widget-container\">\n\t\t\t\t\t<h3 class=\"elementor-heading-title elementor-size-default\">Sichere Bezahlung<\/h3>\t\t\t\t<\/div>\n\t\t\t\t<\/div>\n\t\t\t\t<div class=\"elementor-element elementor-element-2ce35de elementor-widget elementor-widget-text-editor\" data-id=\"2ce35de\" data-element_type=\"widget\" data-e-type=\"widget\" data-widget_type=\"text-editor.default\">\n\t\t\t\t<div class=\"elementor-widget-container\">\n\t\t\t\t\t\t\t\t\t<p data-start=\"263\" data-end=\"352\">Sicher online bezahlen mit vollem Schutz Ihrer pers\u00f6nlichen Daten.<\/p>\t\t\t\t\t\t\t\t<\/div>\n\t\t\t\t<\/div>\n\t\t\t\t<\/div>\n\t\t<div class=\"elementor-element elementor-element-46d1938 e-con-full e-flex e-con e-child\" data-id=\"46d1938\" data-element_type=\"container\" data-e-type=\"container\">\n\t\t\t\t<div class=\"elementor-element elementor-element-28528b58 elementor-view-default elementor-widget elementor-widget-icon\" data-id=\"28528b58\" data-element_type=\"widget\" data-e-type=\"widget\" data-widget_type=\"icon.default\">\n\t\t\t\t<div class=\"elementor-widget-container\">\n\t\t\t\t\t\t\t<div class=\"elementor-icon-wrapper\">\n\t\t\t<div class=\"elementor-icon\">\n\t\t\t<svg aria-hidden=\"true\" class=\"e-font-icon-svg e-fas-concierge-bell\" viewBox=\"0 0 512 512\" xmlns=\"http:\/\/www.w3.org\/2000\/svg\"><path d=\"M288 130.54V112h16c8.84 0 16-7.16 16-16V80c0-8.84-7.16-16-16-16h-96c-8.84 0-16 7.16-16 16v16c0 8.84 7.16 16 16 16h16v18.54C115.49 146.11 32 239.18 32 352h448c0-112.82-83.49-205.89-192-221.46zM496 384H16c-8.84 0-16 7.16-16 16v32c0 8.84 7.16 16 16 16h480c8.84 0 16-7.16 16-16v-32c0-8.84-7.16-16-16-16z\"><\/path><\/svg>\t\t\t<\/div>\n\t\t<\/div>\n\t\t\t\t\t\t<\/div>\n\t\t\t\t<\/div>\n\t\t\t\t<div class=\"elementor-element elementor-element-215f5882 elementor-widget elementor-widget-heading\" data-id=\"215f5882\" data-element_type=\"widget\" data-e-type=\"widget\" data-widget_type=\"heading.default\">\n\t\t\t\t<div class=\"elementor-widget-container\">\n\t\t\t\t\t<h3 class=\"elementor-heading-title elementor-size-default\">Flexibler Check-in<\/h3>\t\t\t\t<\/div>\n\t\t\t\t<\/div>\n\t\t\t\t<div class=\"elementor-element elementor-element-52cba5d7 elementor-widget elementor-widget-text-editor\" data-id=\"52cba5d7\" data-element_type=\"widget\" data-e-type=\"widget\" data-widget_type=\"text-editor.default\">\n\t\t\t\t<div class=\"elementor-widget-container\">\n\t\t\t\t\t\t\t\t\t<p data-start=\"263\" data-end=\"352\">Reisen Sie bequem an mit flexiblen Check-in-Zeiten, die Ihnen mehr Freiheit geben.<\/p>\t\t\t\t\t\t\t\t<\/div>\n\t\t\t\t<\/div>\n\t\t\t\t<\/div>\n\t\t<div class=\"elementor-element elementor-element-47026f e-con-full e-flex e-con e-child\" data-id=\"47026f\" data-element_type=\"container\" data-e-type=\"container\">\n\t\t\t\t<div class=\"elementor-element elementor-element-49bafa42 elementor-view-default elementor-widget elementor-widget-icon\" data-id=\"49bafa42\" data-element_type=\"widget\" data-e-type=\"widget\" data-widget_type=\"icon.default\">\n\t\t\t\t<div class=\"elementor-widget-container\">\n\t\t\t\t\t\t\t<div class=\"elementor-icon-wrapper\">\n\t\t\t<div class=\"elementor-icon\">\n\t\t\t<svg aria-hidden=\"true\" class=\"e-font-icon-svg e-far-calendar-times\" viewBox=\"0 0 448 512\" xmlns=\"http:\/\/www.w3.org\/2000\/svg\"><path d=\"M311.7 374.7l-17 17c-4.7 4.7-12.3 4.7-17 0L224 337.9l-53.7 53.7c-4.7 4.7-12.3 4.7-17 0l-17-17c-4.7-4.7-4.7-12.3 0-17l53.7-53.7-53.7-53.7c-4.7-4.7-4.7-12.3 0-17l17-17c4.7-4.7 12.3-4.7 17 0l53.7 53.7 53.7-53.7c4.7-4.7 12.3-4.7 17 0l17 17c4.7 4.7 4.7 12.3 0 17L257.9 304l53.7 53.7c4.8 4.7 4.8 12.3.1 17zM448 112v352c0 26.5-21.5 48-48 48H48c-26.5 0-48-21.5-48-48V112c0-26.5 21.5-48 48-48h48V12c0-6.6 5.4-12 12-12h40c6.6 0 12 5.4 12 12v52h128V12c0-6.6 5.4-12 12-12h40c6.6 0 12 5.4 12 12v52h48c26.5 0 48 21.5 48 48zm-48 346V160H48v298c0 3.3 2.7 6 6 6h340c3.3 0 6-2.7 6-6z\"><\/path><\/svg>\t\t\t<\/div>\n\t\t<\/div>\n\t\t\t\t\t\t<\/div>\n\t\t\t\t<\/div>\n\t\t\t\t<div class=\"elementor-element elementor-element-1e6abdf6 elementor-widget elementor-widget-heading\" data-id=\"1e6abdf6\" data-element_type=\"widget\" data-e-type=\"widget\" data-widget_type=\"heading.default\">\n\t\t\t\t<div class=\"elementor-widget-container\">\n\t\t\t\t\t<h3 class=\"elementor-heading-title elementor-size-default\">Kostenlose Stornierung<\/h3>\t\t\t\t<\/div>\n\t\t\t\t<\/div>\n\t\t\t\t<div class=\"elementor-element elementor-element-54ba7cc5 elementor-widget elementor-widget-text-editor\" data-id=\"54ba7cc5\" data-element_type=\"widget\" data-e-type=\"widget\" data-widget_type=\"text-editor.default\">\n\t\t\t\t<div class=\"elementor-widget-container\">\n\t\t\t\t\t\t\t\t\t<p data-start=\"90\" data-end=\"171\">Kostenlose Stornierung bis zu 30 Tage vor Anreise, je nach Unterkunft.<\/p>\t\t\t\t\t\t\t\t<\/div>\n\t\t\t\t<\/div>\n\t\t\t\t<\/div>\n\t\t\t\t\t<\/div>\n\t\t\t\t<\/div>\n\t\t<div class=\"elementor-element elementor-element-48a2ef6f e-flex e-con-boxed e-con e-parent\" data-id=\"48a2ef6f\" data-element_type=\"container\" data-e-type=\"container\">\n\t\t\t\t\t<div class=\"e-con-inner\">\n\t\t<div class=\"elementor-element elementor-element-5815d5d4 e-con-full e-flex e-con e-child\" data-id=\"5815d5d4\" data-element_type=\"container\" data-e-type=\"container\">\n\t\t\t\t<div class=\"elementor-element elementor-element-50296f42 elementor-widget elementor-widget-heading\" data-id=\"50296f42\" data-element_type=\"widget\" data-e-type=\"widget\" data-widget_type=\"heading.default\">\n\t\t\t\t<div class=\"elementor-widget-container\">\n\t\t\t\t\t<h2 class=\"elementor-heading-title elementor-size-default\">Buchen Sie eine sch\u00f6ne Ferienhaus Sineu<\/h2>\t\t\t\t<\/div>\n\t\t\t\t<\/div>\n\t\t\t\t<div class=\"elementor-element elementor-element-71cccfb elementor-widget elementor-widget-grid\" data-id=\"71cccfb\" data-element_type=\"widget\" data-e-type=\"widget\" data-widget_type=\"grid.default\">\n\t\t\t\t<div class=\"elementor-widget-container\">\n\t\t\t\t\t\t\t<div class=\"its--row alojamientos-recomendados\">\n\n\t\t\t<div class=\"alojamientos-recomendados-container\">\n\n\t\t\t\t\t\n\t\t\t\t\t<a href=\"https:\/\/rentallorca.com\/de\/vermietung\/finca-alcudia-b0008-finca-damian-cristi-bressals-441524.html\" rel=\"nofollow\" style=\"width: 32%;\">\n\t\t\t\t\t\t<div class=\"apartamento-box\">\n\t\t\t\t\t\t\t<div class=\"imagen_recomendados\">\n\t\t\t\t\t\t\t\t<img decoding=\"async\" src=\"https:\/\/crs.avantio.com\/fotos\/2\/16915800503a24cdf41cfe172f8c7b5e9bbed4ed73\/big16915800500cd1343510d5e2fe00d3ce8e4c601686.jpg\" alt=\"Cristi Bressals by Rentallorca\">\n\t\t\t\t\t\t\t<\/div>\n\t\t\t\t\t\t\t<div class=\"info\">\n\t\t\t\t\t\t\t\t<div class=\"ubicacion\">\n\t\t\t\t\t\t\t\t\t<i class=\"fa-solid fa-location-dot icono-mapa\"><\/i><span class=\"ubicacion-texto\">Alcudia - Mallorca<\/span>\n\t\t\t\t\t\t\t\t<\/div>\n\t\t\t\t\t\t\t\t<H4 class=\"titulo-alojamiento\">\n\t\t\t\t\t\t\t\t\tCristi Bressals by Rentallorca\t\t\t\t\t\t\t\t<\/H4>\n\t\t\t\t\t\t\t\t<p class=\"precio-alojamiento\">Aus <span class=\"precio\">271.32\u20ac<\/span> pro Nacht<\/p>\n\t\t\t\t\t\t\t<\/div>\n\t\t\t\t\t\t<\/div>\n\t\t\t\t\t<\/a> \n\t\t\t\t\t\t\n\t\t\t\t\t<a href=\"https:\/\/rentallorca.com\/de\/vermietung\/finca-muro-a0018-finca-s-estable-441525.html\" rel=\"nofollow\" style=\"width: 32%;\">\n\t\t\t\t\t\t<div class=\"apartamento-box\">\n\t\t\t\t\t\t\t<div class=\"imagen_recomendados\">\n\t\t\t\t\t\t\t\t<img decoding=\"async\" src=\"https:\/\/crs.avantio.com\/fotos\/2\/1691576619ab9743cbc8e677f30953fe87f9225986\/big1768216539775f4aa665839d3ef3c03d1f444295bc.jpg\" alt=\"S'Estable by Rentallorca\">\n\t\t\t\t\t\t\t<\/div>\n\t\t\t\t\t\t\t<div class=\"info\">\n\t\t\t\t\t\t\t\t<div class=\"ubicacion\">\n\t\t\t\t\t\t\t\t\t<i class=\"fa-solid fa-location-dot icono-mapa\"><\/i><span class=\"ubicacion-texto\">Muro - Mallorca<\/span>\n\t\t\t\t\t\t\t\t<\/div>\n\t\t\t\t\t\t\t\t<H4 class=\"titulo-alojamiento\">\n\t\t\t\t\t\t\t\t\tS'Estable by Rentallorca\t\t\t\t\t\t\t\t<\/H4>\n\t\t\t\t\t\t\t\t<p class=\"precio-alojamiento\">Aus <span class=\"precio\">119.70\u20ac<\/span> pro Nacht<\/p>\n\t\t\t\t\t\t\t<\/div>\n\t\t\t\t\t\t<\/div>\n\t\t\t\t\t<\/a> \n\t\t\t\t\t\t\n\t\t\t\t\t<a href=\"https:\/\/rentallorca.com\/de\/vermietung\/finca-alcudia-c0017-finca-ses-contesas-441526.html\" rel=\"nofollow\" style=\"width: 32%;\">\n\t\t\t\t\t\t<div class=\"apartamento-box\">\n\t\t\t\t\t\t\t<div class=\"imagen_recomendados\">\n\t\t\t\t\t\t\t\t<img decoding=\"async\" src=\"https:\/\/crs.avantio.com\/fotos\/2\/1691578295b7471e73d649b7b029af4b8a8c9b810e\/big1691578296c4718028eecc2b6006dc078ff85e3f1a.jpg\" alt=\"Finca Ses Contesas by Rentallorca\">\n\t\t\t\t\t\t\t<\/div>\n\t\t\t\t\t\t\t<div class=\"info\">\n\t\t\t\t\t\t\t\t<div class=\"ubicacion\">\n\t\t\t\t\t\t\t\t\t<i class=\"fa-solid fa-location-dot icono-mapa\"><\/i><span class=\"ubicacion-texto\">Alcudia - Mallorca<\/span>\n\t\t\t\t\t\t\t\t<\/div>\n\t\t\t\t\t\t\t\t<H4 class=\"titulo-alojamiento\">\n\t\t\t\t\t\t\t\t\tFinca Ses Contesas by Rentallorca\t\t\t\t\t\t\t\t<\/H4>\n\t\t\t\t\t\t\t\t<p class=\"precio-alojamiento\">Aus <span class=\"precio\">256.50\u20ac<\/span> pro Nacht<\/p>\n\t\t\t\t\t\t\t<\/div>\n\t\t\t\t\t\t<\/div>\n\t\t\t\t\t<\/a> \n\t\t\t\t\t\t\t\t<\/div>\n\t\t\t<\/div>\n\t\t\t\t\t\t<\/div>\n\t\t\t\t<\/div>\n\t\t\t\t<div class=\"elementor-element elementor-element-3743df7b elementor-align-right elementor-widget elementor-widget-button\" data-id=\"3743df7b\" data-element_type=\"widget\" data-e-type=\"widget\" data-widget_type=\"button.default\">\n\t\t\t\t<div class=\"elementor-widget-container\">\n\t\t\t\t\t\t\t\t\t<div class=\"elementor-button-wrapper\">\n\t\t\t\t\t<a class=\"elementor-button elementor-button-link elementor-size-sm\" href=\"https:\/\/rentallorca.com\/de\/vermietung\/fincas-mallorca-c22e21\/\">\n\t\t\t\t\t\t<span class=\"elementor-button-content-wrapper\">\n\t\t\t\t\t\t\t\t\t<span class=\"elementor-button-text\">+ UNTERK\u00dcNFTE<\/span>\n\t\t\t\t\t<\/span>\n\t\t\t\t\t<\/a>\n\t\t\t\t<\/div>\n\t\t\t\t\t\t\t\t<\/div>\n\t\t\t\t<\/div>\n\t\t\t\t<div class=\"elementor-element elementor-element-6eb1f11c elementor-widget elementor-widget-spacer\" data-id=\"6eb1f11c\" data-element_type=\"widget\" data-e-type=\"widget\" data-widget_type=\"spacer.default\">\n\t\t\t\t<div class=\"elementor-widget-container\">\n\t\t\t\t\t\t\t<div class=\"elementor-spacer\">\n\t\t\t<div class=\"elementor-spacer-inner\"><\/div>\n\t\t<\/div>\n\t\t\t\t\t\t<\/div>\n\t\t\t\t<\/div>\n\t\t\t\t<\/div>\n\t\t\t\t\t<\/div>\n\t\t\t\t<\/div>\n\t\t<div class=\"elementor-element elementor-element-2951f260 e-flex e-con-boxed e-con e-parent\" data-id=\"2951f260\" data-element_type=\"container\" data-e-type=\"container\">\n\t\t\t\t\t<div class=\"e-con-inner\">\n\t\t<div class=\"elementor-element elementor-element-36f0f25c e-con-full e-flex e-con e-child\" data-id=\"36f0f25c\" data-element_type=\"container\" data-e-type=\"container\">\n\t\t\t\t<div class=\"elementor-element elementor-element-74fba7a7 elementor-widget__width-initial elementor-widget elementor-widget-heading\" data-id=\"74fba7a7\" data-element_type=\"widget\" data-e-type=\"widget\" data-widget_type=\"heading.default\">\n\t\t\t\t<div class=\"elementor-widget-container\">\n\t\t\t\t\t<h2 class=\"elementor-heading-title elementor-size-default\">Historisches Stadtzentrum\n<\/h2>\t\t\t\t<\/div>\n\t\t\t\t<\/div>\n\t\t\t\t<div class=\"elementor-element elementor-element-544baf1c elementor-widget elementor-widget-text-editor\" data-id=\"544baf1c\" data-element_type=\"widget\" data-e-type=\"widget\" data-widget_type=\"text-editor.default\">\n\t\t\t\t<div class=\"elementor-widget-container\">\n\t\t\t\t\t\t\t\t\t<p>Das historische Stadtzentrum von Sineu ist ein Highlight f\u00fcr G\u00e4ste, die einen Aufenthalt in einer Villa in Sineu genie\u00dfen. Mittelalterliche Gassen, Sandsteingeb\u00e4ude und ruhige Pl\u00e4tze spiegeln die lange Geschichte der Stadt wider. Ein Spaziergang durch das Zentrum vermittelt ein echtes Gef\u00fchl f\u00fcr das l\u00e4ndliche Mallorca. Wenn Sie in einer Ferienhaus Sineu in der N\u00e4he wohnen, k\u00f6nnen Sie dieses Erbe in Ihrem eigenen Tempo erleben.   <\/p>\t\t\t\t\t\t\t\t<\/div>\n\t\t\t\t<\/div>\n\t\t\t\t<\/div>\n\t\t<div class=\"elementor-element elementor-element-4a474123 e-con-full e-flex e-con e-child\" data-id=\"4a474123\" data-element_type=\"container\" data-e-type=\"container\">\n\t\t\t\t<div class=\"elementor-element elementor-element-6fc41478 elementor-widget__width-initial elementor-widget elementor-widget-heading\" data-id=\"6fc41478\" data-element_type=\"widget\" data-e-type=\"widget\" data-widget_type=\"heading.default\">\n\t\t\t\t<div class=\"elementor-widget-container\">\n\t\t\t\t\t<h2 class=\"elementor-heading-title elementor-size-default\">Pfarrkirche Santa Maria\n<\/h2>\t\t\t\t<\/div>\n\t\t\t\t<\/div>\n\t\t\t\t<div class=\"elementor-element elementor-element-3958629f elementor-widget elementor-widget-text-editor\" data-id=\"3958629f\" data-element_type=\"widget\" data-e-type=\"widget\" data-widget_type=\"text-editor.default\">\n\t\t\t\t<div class=\"elementor-widget-container\">\n\t\t\t\t\t\t\t\t\t<p>Die Pfarrkirche Santa Maria im Herzen von Sineu ist ein wichtiges kulturelles Wahrzeichen in der N\u00e4he Ihrer Villa in Sineu. Ihr beeindruckendes Interieur und ihre historische Bedeutung machen sie einen Besuch wert. Die Kirche spielt eine zentrale Rolle bei lokalen Traditionen und Feiern. Die Erkundung der Kirche verleiht Ihrem Aufenthalt in einer Ferienhaus Sineu Tiefe und Charakter.   <\/p>\t\t\t\t\t\t\t\t<\/div>\n\t\t\t\t<\/div>\n\t\t\t\t<\/div>\n\t\t<div class=\"elementor-element elementor-element-6efda3e7 e-con-full e-flex e-con e-child\" data-id=\"6efda3e7\" data-element_type=\"container\" data-e-type=\"container\">\n\t\t\t\t<div class=\"elementor-element elementor-element-31d96814 elementor-widget__width-initial elementor-widget elementor-widget-heading\" data-id=\"31d96814\" data-element_type=\"widget\" data-e-type=\"widget\" data-widget_type=\"heading.default\">\n\t\t\t\t<div class=\"elementor-widget-container\">\n\t\t\t\t\t<h2 class=\"elementor-heading-title elementor-size-default\">Ber\u00fchmter Wochenmarkt\n<\/h2>\t\t\t\t<\/div>\n\t\t\t\t<\/div>\n\t\t\t\t<div class=\"elementor-element elementor-element-2ce11327 elementor-widget elementor-widget-text-editor\" data-id=\"2ce11327\" data-element_type=\"widget\" data-e-type=\"widget\" data-widget_type=\"text-editor.default\">\n\t\t\t\t<div class=\"elementor-widget-container\">\n\t\t\t\t\t\t\t\t\t<p>Der Wochenmarkt von Sineu, der jeden Mittwoch stattfindet, ist einer der ber\u00fchmtesten der Insel und eine Hauptattraktion w\u00e4hrend eines Aufenthalts in einer Villa in Sineu. Vieh, frische Produkte und lokales Kunsthandwerk erf\u00fcllen die Stra\u00dfen mit Farbe und Energie. Es ist der perfekte Ort, um das authentische mallorquinische Leben zu erleben. Der Besuch des Marktes macht Ihren Urlaub in einer Ferienhaus Sineu lebendig und unvergesslich.   <\/p>\t\t\t\t\t\t\t\t<\/div>\n\t\t\t\t<\/div>\n\t\t\t\t<\/div>\n\t\t\t\t\t<\/div>\n\t\t\t\t<\/div>\n\t\t<div class=\"elementor-element elementor-element-9ded222 e-flex e-con-boxed e-con e-parent\" data-id=\"9ded222\" data-element_type=\"container\" data-e-type=\"container\">\n\t\t\t\t\t<div class=\"e-con-inner\">\n\t\t\t\t<div class=\"elementor-element elementor-element-20c56ed7 elementor-widget elementor-widget-loop-carousel\" data-id=\"20c56ed7\" data-element_type=\"widget\" data-e-type=\"widget\" data-settings=\"{&quot;template_id&quot;:2081,&quot;_skin&quot;:&quot;post&quot;,&quot;slides_to_show&quot;:&quot;3&quot;,&quot;slides_to_show_tablet&quot;:&quot;2&quot;,&quot;slides_to_show_mobile&quot;:&quot;1&quot;,&quot;slides_to_scroll&quot;:&quot;1&quot;,&quot;edit_handle_selector&quot;:&quot;.elementor-loop-container&quot;,&quot;autoplay&quot;:&quot;yes&quot;,&quot;autoplay_speed&quot;:5000,&quot;pause_on_hover&quot;:&quot;yes&quot;,&quot;pause_on_interaction&quot;:&quot;yes&quot;,&quot;infinite&quot;:&quot;yes&quot;,&quot;speed&quot;:500,&quot;offset_sides&quot;:&quot;none&quot;,&quot;image_spacing_custom&quot;:{&quot;unit&quot;:&quot;px&quot;,&quot;size&quot;:10,&quot;sizes&quot;:[]},&quot;image_spacing_custom_tablet&quot;:{&quot;unit&quot;:&quot;px&quot;,&quot;size&quot;:&quot;&quot;,&quot;sizes&quot;:[]},&quot;image_spacing_custom_mobile&quot;:{&quot;unit&quot;:&quot;px&quot;,&quot;size&quot;:&quot;&quot;,&quot;sizes&quot;:[]}}\" data-widget_type=\"loop-carousel.post\">\n\t\t\t\t<div class=\"elementor-widget-container\">\n\t\t\t\t\t\t\t<div class=\"e-loop-nothing-found-message\">\n\t\t<\/div>\n\t\t\t\t\t\t<\/div>\n\t\t\t\t<\/div>\n\t\t\t\t\t<\/div>\n\t\t\t\t<\/div>\n\t\t<div class=\"elementor-element elementor-element-3a29605b elementor-hidden-mobile e-flex e-con-boxed e-con e-parent\" data-id=\"3a29605b\" data-element_type=\"container\" data-e-type=\"container\">\n\t\t\t\t\t<div class=\"e-con-inner\">\n\t\t\t\t<div class=\"elementor-element elementor-element-3bc3a4e5 elementor-widget elementor-widget-spacer\" data-id=\"3bc3a4e5\" data-element_type=\"widget\" data-e-type=\"widget\" data-widget_type=\"spacer.default\">\n\t\t\t\t<div class=\"elementor-widget-container\">\n\t\t\t\t\t\t\t<div class=\"elementor-spacer\">\n\t\t\t<div class=\"elementor-spacer-inner\"><\/div>\n\t\t<\/div>\n\t\t\t\t\t\t<\/div>\n\t\t\t\t<\/div>\n\t\t\t\t\t<\/div>\n\t\t\t\t<\/div>\n\t\t\t\t<\/div>\n\t\t","protected":false},"excerpt":{"rendered":"<p>\u00dcbernachten Sie in einer Ferienhaus Sineu Suchen Sie einen ruhigeren Ort auf der Insel? Bleiben Sie im Landesinneren. Finden Sie hier die besten Ferienhaus Sineu zum besten Preis. + INFO Warum eine Ferienhaus Sineu buchen? Eine Ferienhaus Sineu zu buchen bietet eine perfekte Mischung aus Geschichte, Kultur und authentischem mallorquinischem Dorfleben. Wenn Sie in einer [&hellip;]<\/p>\n","protected":false},"author":2,"featured_media":2407,"parent":0,"menu_order":0,"comment_status":"open","ping_status":"open","template":"","meta":{"footnotes":""},"class_list":["post-3389","page","type-page","status-publish","has-post-thumbnail","hentry"],"yoast_head":"<!-- This site is optimized with the Yoast SEO plugin v27.5 - https:\/\/yoast.com\/product\/yoast-seo-wordpress\/ -->\n<title>Ferienhaus Sineu | Buchen Sie bei Rentallorca<\/title>\n<meta name=\"description\" content=\"Suchen Sie einen ruhigeren Ort auf der Insel? Bleiben Sie im Landesinneren. Finden Sie hier die besten Ferienhaus Sineu zum besten Preis.\" \/>\n<meta name=\"robots\" content=\"index, follow, max-snippet:-1, max-image-preview:large, max-video-preview:-1\" \/>\n<link rel=\"canonical\" href=\"https:\/\/rentallorca.com\/blog\/de\/ferienhaus-sineu\/\" \/>\n<meta property=\"og:locale\" content=\"de_DE\" \/>\n<meta property=\"og:type\" content=\"article\" \/>\n<meta property=\"og:title\" content=\"Ferienhaus Sineu | Buchen Sie bei Rentallorca\" \/>\n<meta property=\"og:description\" content=\"Suchen Sie einen ruhigeren Ort auf der Insel? Bleiben Sie im Landesinneren. Finden Sie hier die besten Ferienhaus Sineu zum besten Preis.\" \/>\n<meta property=\"og:url\" content=\"https:\/\/rentallorca.com\/blog\/de\/ferienhaus-sineu\/\" \/>\n<meta property=\"og:site_name\" content=\"Blog\" \/>\n<meta property=\"og:image\" content=\"https:\/\/rentallorca.com\/blog\/wp-content\/uploads\/2025\/08\/rentallorca-mallorca-5.webp\" \/>\n\t<meta property=\"og:image:width\" content=\"1228\" \/>\n\t<meta property=\"og:image:height\" content=\"854\" \/>\n\t<meta property=\"og:image:type\" content=\"image\/webp\" \/>\n<meta name=\"twitter:card\" content=\"summary_large_image\" \/>\n<meta name=\"twitter:label1\" content=\"Est. reading time\" \/>\n\t<meta name=\"twitter:data1\" content=\"3 minutes\" \/>\n<script type=\"application\/ld+json\" class=\"yoast-schema-graph\">{\"@context\":\"https:\\\/\\\/schema.org\",\"@graph\":[{\"@type\":\"WebPage\",\"@id\":\"https:\\\/\\\/rentallorca.com\\\/blog\\\/de\\\/ferienhaus-sineu\\\/\",\"url\":\"https:\\\/\\\/rentallorca.com\\\/blog\\\/de\\\/ferienhaus-sineu\\\/\",\"name\":\"Ferienhaus Sineu | Buchen Sie bei Rentallorca\",\"isPartOf\":{\"@id\":\"https:\\\/\\\/rentallorca.com\\\/blog\\\/de\\\/#website\"},\"primaryImageOfPage\":{\"@id\":\"https:\\\/\\\/rentallorca.com\\\/blog\\\/de\\\/ferienhaus-sineu\\\/#primaryimage\"},\"image\":{\"@id\":\"https:\\\/\\\/rentallorca.com\\\/blog\\\/de\\\/ferienhaus-sineu\\\/#primaryimage\"},\"thumbnailUrl\":\"https:\\\/\\\/rentallorca.com\\\/blog\\\/wp-content\\\/uploads\\\/2025\\\/08\\\/rentallorca-mallorca-5.webp\",\"datePublished\":\"2026-02-02T11:23:32+00:00\",\"description\":\"Suchen Sie einen ruhigeren Ort auf der Insel? Bleiben Sie im Landesinneren. Finden Sie hier die besten Ferienhaus Sineu zum besten Preis.\",\"breadcrumb\":{\"@id\":\"https:\\\/\\\/rentallorca.com\\\/blog\\\/de\\\/ferienhaus-sineu\\\/#breadcrumb\"},\"inLanguage\":\"de\",\"potentialAction\":[{\"@type\":\"ReadAction\",\"target\":[\"https:\\\/\\\/rentallorca.com\\\/blog\\\/de\\\/ferienhaus-sineu\\\/\"]}]},{\"@type\":\"ImageObject\",\"inLanguage\":\"de\",\"@id\":\"https:\\\/\\\/rentallorca.com\\\/blog\\\/de\\\/ferienhaus-sineu\\\/#primaryimage\",\"url\":\"https:\\\/\\\/rentallorca.com\\\/blog\\\/wp-content\\\/uploads\\\/2025\\\/08\\\/rentallorca-mallorca-5.webp\",\"contentUrl\":\"https:\\\/\\\/rentallorca.com\\\/blog\\\/wp-content\\\/uploads\\\/2025\\\/08\\\/rentallorca-mallorca-5.webp\",\"width\":1228,\"height\":854},{\"@type\":\"BreadcrumbList\",\"@id\":\"https:\\\/\\\/rentallorca.com\\\/blog\\\/de\\\/ferienhaus-sineu\\\/#breadcrumb\",\"itemListElement\":[{\"@type\":\"ListItem\",\"position\":1,\"name\":\"Home\",\"item\":\"https:\\\/\\\/rentallorca.com\\\/blog\\\/de\\\/\"},{\"@type\":\"ListItem\",\"position\":2,\"name\":\"Ferienhaus Sineu\"}]},{\"@type\":\"WebSite\",\"@id\":\"https:\\\/\\\/rentallorca.com\\\/blog\\\/de\\\/#website\",\"url\":\"https:\\\/\\\/rentallorca.com\\\/blog\\\/de\\\/\",\"name\":\"Blog\",\"description\":\"Rentallorca\",\"potentialAction\":[{\"@type\":\"SearchAction\",\"target\":{\"@type\":\"EntryPoint\",\"urlTemplate\":\"https:\\\/\\\/rentallorca.com\\\/blog\\\/de\\\/?s={search_term_string}\"},\"query-input\":{\"@type\":\"PropertyValueSpecification\",\"valueRequired\":true,\"valueName\":\"search_term_string\"}}],\"inLanguage\":\"de\"}]}<\/script>\n<!-- \/ Yoast SEO plugin. -->","yoast_head_json":{"title":"Ferienhaus Sineu | Buchen Sie bei Rentallorca","description":"Suchen Sie einen ruhigeren Ort auf der Insel? Bleiben Sie im Landesinneren. Finden Sie hier die besten Ferienhaus Sineu zum besten Preis.","robots":{"index":"index","follow":"follow","max-snippet":"max-snippet:-1","max-image-preview":"max-image-preview:large","max-video-preview":"max-video-preview:-1"},"canonical":"https:\/\/rentallorca.com\/blog\/de\/ferienhaus-sineu\/","og_locale":"de_DE","og_type":"article","og_title":"Ferienhaus Sineu | Buchen Sie bei Rentallorca","og_description":"Suchen Sie einen ruhigeren Ort auf der Insel? Bleiben Sie im Landesinneren. Finden Sie hier die besten Ferienhaus Sineu zum besten Preis.","og_url":"https:\/\/rentallorca.com\/blog\/de\/ferienhaus-sineu\/","og_site_name":"Blog","og_image":[{"width":1228,"height":854,"url":"https:\/\/rentallorca.com\/blog\/wp-content\/uploads\/2025\/08\/rentallorca-mallorca-5.webp","type":"image\/webp"}],"twitter_card":"summary_large_image","twitter_misc":{"Est. reading time":"3 minutes"},"schema":{"@context":"https:\/\/schema.org","@graph":[{"@type":"WebPage","@id":"https:\/\/rentallorca.com\/blog\/de\/ferienhaus-sineu\/","url":"https:\/\/rentallorca.com\/blog\/de\/ferienhaus-sineu\/","name":"Ferienhaus Sineu | Buchen Sie bei Rentallorca","isPartOf":{"@id":"https:\/\/rentallorca.com\/blog\/de\/#website"},"primaryImageOfPage":{"@id":"https:\/\/rentallorca.com\/blog\/de\/ferienhaus-sineu\/#primaryimage"},"image":{"@id":"https:\/\/rentallorca.com\/blog\/de\/ferienhaus-sineu\/#primaryimage"},"thumbnailUrl":"https:\/\/rentallorca.com\/blog\/wp-content\/uploads\/2025\/08\/rentallorca-mallorca-5.webp","datePublished":"2026-02-02T11:23:32+00:00","description":"Suchen Sie einen ruhigeren Ort auf der Insel? Bleiben Sie im Landesinneren. Finden Sie hier die besten Ferienhaus Sineu zum besten Preis.","breadcrumb":{"@id":"https:\/\/rentallorca.com\/blog\/de\/ferienhaus-sineu\/#breadcrumb"},"inLanguage":"de","potentialAction":[{"@type":"ReadAction","target":["https:\/\/rentallorca.com\/blog\/de\/ferienhaus-sineu\/"]}]},{"@type":"ImageObject","inLanguage":"de","@id":"https:\/\/rentallorca.com\/blog\/de\/ferienhaus-sineu\/#primaryimage","url":"https:\/\/rentallorca.com\/blog\/wp-content\/uploads\/2025\/08\/rentallorca-mallorca-5.webp","contentUrl":"https:\/\/rentallorca.com\/blog\/wp-content\/uploads\/2025\/08\/rentallorca-mallorca-5.webp","width":1228,"height":854},{"@type":"BreadcrumbList","@id":"https:\/\/rentallorca.com\/blog\/de\/ferienhaus-sineu\/#breadcrumb","itemListElement":[{"@type":"ListItem","position":1,"name":"Home","item":"https:\/\/rentallorca.com\/blog\/de\/"},{"@type":"ListItem","position":2,"name":"Ferienhaus Sineu"}]},{"@type":"WebSite","@id":"https:\/\/rentallorca.com\/blog\/de\/#website","url":"https:\/\/rentallorca.com\/blog\/de\/","name":"Blog","description":"Rentallorca","potentialAction":[{"@type":"SearchAction","target":{"@type":"EntryPoint","urlTemplate":"https:\/\/rentallorca.com\/blog\/de\/?s={search_term_string}"},"query-input":{"@type":"PropertyValueSpecification","valueRequired":true,"valueName":"search_term_string"}}],"inLanguage":"de"}]}},"_links":{"self":[{"href":"https:\/\/rentallorca.com\/blog\/de\/wp-json\/wp\/v2\/pages\/3389","targetHints":{"allow":["GET"]}}],"collection":[{"href":"https:\/\/rentallorca.com\/blog\/de\/wp-json\/wp\/v2\/pages"}],"about":[{"href":"https:\/\/rentallorca.com\/blog\/de\/wp-json\/wp\/v2\/types\/page"}],"author":[{"embeddable":true,"href":"https:\/\/rentallorca.com\/blog\/de\/wp-json\/wp\/v2\/users\/2"}],"replies":[{"embeddable":true,"href":"https:\/\/rentallorca.com\/blog\/de\/wp-json\/wp\/v2\/comments?post=3389"}],"version-history":[{"count":1,"href":"https:\/\/rentallorca.com\/blog\/de\/wp-json\/wp\/v2\/pages\/3389\/revisions"}],"predecessor-version":[{"id":3390,"href":"https:\/\/rentallorca.com\/blog\/de\/wp-json\/wp\/v2\/pages\/3389\/revisions\/3390"}],"wp:featuredmedia":[{"embeddable":true,"href":"https:\/\/rentallorca.com\/blog\/de\/wp-json\/wp\/v2\/media\/2407"}],"wp:attachment":[{"href":"https:\/\/rentallorca.com\/blog\/de\/wp-json\/wp\/v2\/media?parent=3389"}],"curies":[{"name":"wp","href":"https:\/\/api.w.org\/{rel}","templated":true}]}}