{"id":3218,"date":"2025-12-04T09:25:11","date_gmt":"2025-12-04T09:25:11","guid":{"rendered":"https:\/\/rentallorca.com\/blog\/?p=3218"},"modified":"2025-12-04T12:42:22","modified_gmt":"2025-12-04T12:42:22","slug":"finca-son-serra-de-marina","status":"publish","type":"page","link":"https:\/\/rentallorca.com\/blog\/de\/finca-son-serra-de-marina\/","title":{"rendered":"Buchen Sie eine Finca Son Serra de Marina"},"content":{"rendered":"\t\t<div data-elementor-type=\"wp-post\" data-elementor-id=\"3218\" class=\"elementor elementor-3218 elementor-3121\" data-elementor-post-type=\"page\">\n\t\t\t\t<div class=\"elementor-element elementor-element-8b9b93 elementor-hidden-desktop elementor-hidden-tablet e-flex e-con-boxed e-con e-parent\" data-id=\"8b9b93\" data-element_type=\"container\" data-e-type=\"container\" data-settings=\"{&quot;background_background&quot;:&quot;classic&quot;}\">\n\t\t\t\t\t<div class=\"e-con-inner\">\n\t\t<div class=\"elementor-element elementor-element-355dba88 e-con-full elementor-hidden-tablet e-flex e-con e-child\" data-id=\"355dba88\" data-element_type=\"container\" data-e-type=\"container\">\n\t\t\t\t<div class=\"elementor-element elementor-element-21743acb elementor-widget elementor-widget-image\" data-id=\"21743acb\" data-element_type=\"widget\" data-e-type=\"widget\" data-widget_type=\"image.default\">\n\t\t\t\t<div class=\"elementor-widget-container\">\n\t\t\t\t\t\t\t\t\t\t\t\t\t\t\t<img fetchpriority=\"high\" decoding=\"async\" width=\"800\" height=\"800\" src=\"https:\/\/rentallorca.com\/blog\/wp-content\/uploads\/2025\/12\/casas-en-son-serra-de-marina.webp\" class=\"attachment-large size-large wp-image-3136\" alt=\"\" srcset=\"https:\/\/rentallorca.com\/blog\/wp-content\/uploads\/2025\/12\/casas-en-son-serra-de-marina.webp 800w, https:\/\/rentallorca.com\/blog\/wp-content\/uploads\/2025\/12\/casas-en-son-serra-de-marina-300x300.webp 300w, https:\/\/rentallorca.com\/blog\/wp-content\/uploads\/2025\/12\/casas-en-son-serra-de-marina-150x150.webp 150w, https:\/\/rentallorca.com\/blog\/wp-content\/uploads\/2025\/12\/casas-en-son-serra-de-marina-768x768.webp 768w\" sizes=\"(max-width: 800px) 100vw, 800px\" \/>\t\t\t\t\t\t\t\t\t\t\t\t\t\t\t<\/div>\n\t\t\t\t<\/div>\n\t\t\t\t<\/div>\n\t\t\t\t\t<\/div>\n\t\t\t\t<\/div>\n\t\t<div class=\"elementor-element elementor-element-6e929460 e-flex e-con-boxed e-con e-parent\" data-id=\"6e929460\" data-element_type=\"container\" data-e-type=\"container\" data-settings=\"{&quot;background_background&quot;:&quot;classic&quot;}\">\n\t\t\t\t\t<div class=\"e-con-inner\">\n\t\t<div class=\"elementor-element elementor-element-7443d0ff e-con-full e-flex e-con e-child\" data-id=\"7443d0ff\" data-element_type=\"container\" data-e-type=\"container\">\n\t\t\t\t<div class=\"elementor-element elementor-element-6d3b8867 elementor-widget elementor-widget-heading\" data-id=\"6d3b8867\" data-element_type=\"widget\" data-e-type=\"widget\" data-widget_type=\"heading.default\">\n\t\t\t\t<div class=\"elementor-widget-container\">\n\t\t\t\t\t<h1 class=\"elementor-heading-title elementor-size-default\">Buchen Sie eine Finca <br>Son Serra de Marina<\/h1>\t\t\t\t<\/div>\n\t\t\t\t<\/div>\n\t\t\t\t<div class=\"elementor-element elementor-element-4cf0ecda elementor-widget__width-initial elementor-widget elementor-widget-text-editor\" data-id=\"4cf0ecda\" data-element_type=\"widget\" data-e-type=\"widget\" data-widget_type=\"text-editor.default\">\n\t\t\t\t<div class=\"elementor-widget-container\">\n\t\t\t\t\t\t\t\t\t<p>Suchen Sie einen ruhigeren Ort auf der Insel? Dann bleiben Sie im Landesinneren. Finden Sie die beste Finca Son Serra de Marina.   <\/p>\t\t\t\t\t\t\t\t<\/div>\n\t\t\t\t<\/div>\n\t\t\t\t<div class=\"elementor-element elementor-element-10ff3afe elementor-widget elementor-widget-button\" data-id=\"10ff3afe\" data-element_type=\"widget\" data-e-type=\"widget\" data-widget_type=\"button.default\">\n\t\t\t\t<div class=\"elementor-widget-container\">\n\t\t\t\t\t\t\t\t\t<div class=\"elementor-button-wrapper\">\n\t\t\t\t\t<a class=\"elementor-button elementor-button-link elementor-size-sm\" href=\"https:\/\/rentallorca.com\/de\/vermietung\/vermietungen-son-serra-de-marina-d1262\/\">\n\t\t\t\t\t\t<span class=\"elementor-button-content-wrapper\">\n\t\t\t\t\t\t\t\t\t<span class=\"elementor-button-text\">+ INFO<\/span>\n\t\t\t\t\t<\/span>\n\t\t\t\t\t<\/a>\n\t\t\t\t<\/div>\n\t\t\t\t\t\t\t\t<\/div>\n\t\t\t\t<\/div>\n\t\t\t\t<\/div>\n\t\t<div class=\"elementor-element elementor-element-48bee52e e-con-full elementor-hidden-tablet elementor-hidden-mobile e-flex e-con e-child\" data-id=\"48bee52e\" data-element_type=\"container\" data-e-type=\"container\">\n\t\t\t\t<div class=\"elementor-element elementor-element-2fc7e042 elementor-widget elementor-widget-image\" data-id=\"2fc7e042\" data-element_type=\"widget\" data-e-type=\"widget\" data-widget_type=\"image.default\">\n\t\t\t\t<div class=\"elementor-widget-container\">\n\t\t\t\t\t\t\t\t\t\t\t\t\t\t\t<img fetchpriority=\"high\" decoding=\"async\" width=\"800\" height=\"800\" src=\"https:\/\/rentallorca.com\/blog\/wp-content\/uploads\/2025\/12\/casas-en-son-serra-de-marina.webp\" class=\"attachment-large size-large wp-image-3136\" alt=\"\" srcset=\"https:\/\/rentallorca.com\/blog\/wp-content\/uploads\/2025\/12\/casas-en-son-serra-de-marina.webp 800w, https:\/\/rentallorca.com\/blog\/wp-content\/uploads\/2025\/12\/casas-en-son-serra-de-marina-300x300.webp 300w, https:\/\/rentallorca.com\/blog\/wp-content\/uploads\/2025\/12\/casas-en-son-serra-de-marina-150x150.webp 150w, https:\/\/rentallorca.com\/blog\/wp-content\/uploads\/2025\/12\/casas-en-son-serra-de-marina-768x768.webp 768w\" sizes=\"(max-width: 800px) 100vw, 800px\" \/>\t\t\t\t\t\t\t\t\t\t\t\t\t\t\t<\/div>\n\t\t\t\t<\/div>\n\t\t\t\t<\/div>\n\t\t\t\t\t<\/div>\n\t\t\t\t<\/div>\n\t\t<div class=\"elementor-element elementor-element-5e9f45ff e-flex e-con-boxed e-con e-parent\" data-id=\"5e9f45ff\" data-element_type=\"container\" data-e-type=\"container\">\n\t\t\t\t\t<div class=\"e-con-inner\">\n\t\t\t\t<div class=\"elementor-element elementor-element-5796700b elementor-widget elementor-widget-grid\" data-id=\"5796700b\" data-element_type=\"widget\" data-e-type=\"widget\" data-widget_type=\"grid.default\">\n\t\t\t\t<div class=\"elementor-widget-container\">\n\t\t\t\t\t\t\t<div class=\"its--row alojamientos-recomendados\">\n\n\t\t\t<div class=\"alojamientos-recomendados-container\">\n\n\t\t\t\t\t\n\t\t\t\t\t<a href=\"https:\/\/rentallorca.com\/de\/vermietung\/villa-son-serra-de-marina-son-serra-relax-2-by-home-villas-360-376207.html\" rel=\"nofollow\" style=\"width: 32%;\">\n\t\t\t\t\t\t<div class=\"apartamento-box\">\n\t\t\t\t\t\t\t<div class=\"imagen_recomendados\">\n\t\t\t\t\t\t\t\t<img decoding=\"async\" src=\"https:\/\/crs.avantio.com\/fotos\/2\/1641977547dcf70f45f7ec3e3ad825855909299159\/big1700214503cb14259c69803ad209aaab0ed1489aef.jpg\" alt=\"Stadth\u00e4user Son Serra Relax in Son Serra de Marina by Home Villas 360\">\n\t\t\t\t\t\t\t<\/div>\n\t\t\t\t\t\t\t<div class=\"info\">\n\t\t\t\t\t\t\t\t<div class=\"ubicacion\">\n\t\t\t\t\t\t\t\t\t<i class=\"fa-solid fa-location-dot icono-mapa\"><\/i><span class=\"ubicacion-texto\">Son Serra de Marina - Mallorca<\/span>\n\t\t\t\t\t\t\t\t<\/div>\n\t\t\t\t\t\t\t\t<H4 class=\"titulo-alojamiento\">\n\t\t\t\t\t\t\t\t\tStadth\u00e4user Son Serra Relax in Son Serra de Marina by Home Villas 360\t\t\t\t\t\t\t\t<\/H4>\n\t\t\t\t\t\t\t\t<p class=\"precio-alojamiento\">Aus <span class=\"precio\">183.84\u20ac<\/span> pro Nacht<\/p>\n\t\t\t\t\t\t\t<\/div>\n\t\t\t\t\t\t<\/div>\n\t\t\t\t\t<\/a> \n\t\t\t\t\t\t\n\t\t\t\t\t<a href=\"https:\/\/rentallorca.com\/de\/vermietung\/ferienwohnung-son-serra-de-marina-apartment-jedy-balear-by-home-villas-360-376221.html\" rel=\"nofollow\" style=\"width: 32%;\">\n\t\t\t\t\t\t<div class=\"apartamento-box\">\n\t\t\t\t\t\t\t<div class=\"imagen_recomendados\">\n\t\t\t\t\t\t\t\t<img decoding=\"async\" src=\"https:\/\/crs.avantio.com\/fotos\/2\/1641977482cf3f6ad52954d5c68e8d262c38c5c431\/big16457822696b9ee5c167f9f59eb78f22539aaa03b9.jpg\" alt=\"Apartment Jedy Balear in Son Serra de Marina by Home Villas 360\">\n\t\t\t\t\t\t\t<\/div>\n\t\t\t\t\t\t\t<div class=\"info\">\n\t\t\t\t\t\t\t\t<div class=\"ubicacion\">\n\t\t\t\t\t\t\t\t\t<i class=\"fa-solid fa-location-dot icono-mapa\"><\/i><span class=\"ubicacion-texto\">Son Serra de Marina - Mallorca<\/span>\n\t\t\t\t\t\t\t\t<\/div>\n\t\t\t\t\t\t\t\t<H4 class=\"titulo-alojamiento\">\n\t\t\t\t\t\t\t\t\tApartment Jedy Balear in Son Serra de Marina by Home Villas 360\t\t\t\t\t\t\t\t<\/H4>\n\t\t\t\t\t\t\t\t<p class=\"precio-alojamiento\">Aus <span class=\"precio\">179.36\u20ac<\/span> pro Nacht<\/p>\n\t\t\t\t\t\t\t<\/div>\n\t\t\t\t\t\t<\/div>\n\t\t\t\t\t<\/a> \n\t\t\t\t\t\t\n\t\t\t\t\t<a href=\"https:\/\/rentallorca.com\/de\/vermietung\/ferienhaus-son-serra-de-marina-a0032-casa-misefo-680981.html\" rel=\"nofollow\" style=\"width: 32%;\">\n\t\t\t\t\t\t<div class=\"apartamento-box\">\n\t\t\t\t\t\t\t<div class=\"imagen_recomendados\">\n\t\t\t\t\t\t\t\t<img decoding=\"async\" src=\"https:\/\/crs.avantio.com\/fotos\/3\/1763460227c143bd039bb40385ef741b43301209fe\/big17634603654b0cedbb123a8dad379cf0086da83372.jpg\" alt=\"Misefo by Rentallorca\">\n\t\t\t\t\t\t\t<\/div>\n\t\t\t\t\t\t\t<div class=\"info\">\n\t\t\t\t\t\t\t\t<div class=\"ubicacion\">\n\t\t\t\t\t\t\t\t\t<i class=\"fa-solid fa-location-dot icono-mapa\"><\/i><span class=\"ubicacion-texto\">Son Serra de Marina - Mallorca<\/span>\n\t\t\t\t\t\t\t\t<\/div>\n\t\t\t\t\t\t\t\t<H4 class=\"titulo-alojamiento\">\n\t\t\t\t\t\t\t\t\tMisefo by Rentallorca\t\t\t\t\t\t\t\t<\/H4>\n\t\t\t\t\t\t\t\t<p class=\"precio-alojamiento\">Aus <span class=\"precio\">141.36\u20ac<\/span> pro Nacht<\/p>\n\t\t\t\t\t\t\t<\/div>\n\t\t\t\t\t\t<\/div>\n\t\t\t\t\t<\/a> \n\t\t\t\t\t\t\t\t<\/div>\n\t\t\t<\/div>\n\t\t\t\t\t\t<\/div>\n\t\t\t\t<\/div>\n\t\t\t\t\t<\/div>\n\t\t\t\t<\/div>\n\t\t<div class=\"elementor-element elementor-element-5b7b6c90 e-flex e-con-boxed e-con e-parent\" data-id=\"5b7b6c90\" data-element_type=\"container\" data-e-type=\"container\">\n\t\t\t\t\t<div class=\"e-con-inner\">\n\t\t\t\t<div class=\"elementor-element elementor-element-5496c76 elementor-align-center elementor-widget elementor-widget-button\" data-id=\"5496c76\" data-element_type=\"widget\" data-e-type=\"widget\" data-widget_type=\"button.default\">\n\t\t\t\t<div class=\"elementor-widget-container\">\n\t\t\t\t\t\t\t\t\t<div class=\"elementor-button-wrapper\">\n\t\t\t\t\t<a class=\"elementor-button elementor-button-link elementor-size-sm\" href=\"https:\/\/rentallorca.com\/de\/vermietung\/vermietungen-son-serra-de-marina-d1262\/\">\n\t\t\t\t\t\t<span class=\"elementor-button-content-wrapper\">\n\t\t\t\t\t\t\t\t\t<span class=\"elementor-button-text\">+ UNTERK\u00dcNFTE<\/span>\n\t\t\t\t\t<\/span>\n\t\t\t\t\t<\/a>\n\t\t\t\t<\/div>\n\t\t\t\t\t\t\t\t<\/div>\n\t\t\t\t<\/div>\n\t\t\t\t\t<\/div>\n\t\t\t\t<\/div>\n\t\t<div class=\"elementor-element elementor-element-87a8e42 e-flex e-con-boxed e-con e-parent\" data-id=\"87a8e42\" data-element_type=\"container\" data-e-type=\"container\">\n\t\t\t\t\t<div class=\"e-con-inner\">\n\t\t<div class=\"elementor-element elementor-element-5cc20624 e-con-full e-flex e-con e-child\" data-id=\"5cc20624\" data-element_type=\"container\" data-e-type=\"container\">\n\t\t<div class=\"elementor-element elementor-element-a968732 e-con-full e-flex e-con e-child\" data-id=\"a968732\" data-element_type=\"container\" data-e-type=\"container\">\n\t\t\t\t<div class=\"elementor-element elementor-element-40364155 elementor-view-default elementor-widget elementor-widget-icon\" data-id=\"40364155\" data-element_type=\"widget\" data-e-type=\"widget\" data-widget_type=\"icon.default\">\n\t\t\t\t<div class=\"elementor-widget-container\">\n\t\t\t\t\t\t\t<div class=\"elementor-icon-wrapper\">\n\t\t\t<div class=\"elementor-icon\">\n\t\t\t<svg aria-hidden=\"true\" class=\"e-font-icon-svg e-fas-credit-card\" viewBox=\"0 0 576 512\" xmlns=\"http:\/\/www.w3.org\/2000\/svg\"><path d=\"M0 432c0 26.5 21.5 48 48 48h480c26.5 0 48-21.5 48-48V256H0v176zm192-68c0-6.6 5.4-12 12-12h136c6.6 0 12 5.4 12 12v40c0 6.6-5.4 12-12 12H204c-6.6 0-12-5.4-12-12v-40zm-128 0c0-6.6 5.4-12 12-12h72c6.6 0 12 5.4 12 12v40c0 6.6-5.4 12-12 12H76c-6.6 0-12-5.4-12-12v-40zM576 80v48H0V80c0-26.5 21.5-48 48-48h480c26.5 0 48 21.5 48 48z\"><\/path><\/svg>\t\t\t<\/div>\n\t\t<\/div>\n\t\t\t\t\t\t<\/div>\n\t\t\t\t<\/div>\n\t\t\t\t<div class=\"elementor-element elementor-element-4a43f209 elementor-widget elementor-widget-heading\" data-id=\"4a43f209\" data-element_type=\"widget\" data-e-type=\"widget\" data-widget_type=\"heading.default\">\n\t\t\t\t<div class=\"elementor-widget-container\">\n\t\t\t\t\t<h3 class=\"elementor-heading-title elementor-size-default\">Sichere Zahlung<\/h3>\t\t\t\t<\/div>\n\t\t\t\t<\/div>\n\t\t\t\t<div class=\"elementor-element elementor-element-4a18094 elementor-widget elementor-widget-text-editor\" data-id=\"4a18094\" data-element_type=\"widget\" data-e-type=\"widget\" data-widget_type=\"text-editor.default\">\n\t\t\t\t<div class=\"elementor-widget-container\">\n\t\t\t\t\t\t\t\t\t<p data-start=\"263\" data-end=\"352\">Bezahlen Sie sicher online und mit vollem Schutz Ihrer pers\u00f6nlichen Daten.<\/p>\t\t\t\t\t\t\t\t<\/div>\n\t\t\t\t<\/div>\n\t\t\t\t<\/div>\n\t\t<div class=\"elementor-element elementor-element-6fdb99a e-con-full e-flex e-con e-child\" data-id=\"6fdb99a\" data-element_type=\"container\" data-e-type=\"container\">\n\t\t\t\t<div class=\"elementor-element elementor-element-5df8bb93 elementor-view-default elementor-widget elementor-widget-icon\" data-id=\"5df8bb93\" data-element_type=\"widget\" data-e-type=\"widget\" data-widget_type=\"icon.default\">\n\t\t\t\t<div class=\"elementor-widget-container\">\n\t\t\t\t\t\t\t<div class=\"elementor-icon-wrapper\">\n\t\t\t<div class=\"elementor-icon\">\n\t\t\t<svg aria-hidden=\"true\" class=\"e-font-icon-svg e-fas-concierge-bell\" viewBox=\"0 0 512 512\" xmlns=\"http:\/\/www.w3.org\/2000\/svg\"><path d=\"M288 130.54V112h16c8.84 0 16-7.16 16-16V80c0-8.84-7.16-16-16-16h-96c-8.84 0-16 7.16-16 16v16c0 8.84 7.16 16 16 16h16v18.54C115.49 146.11 32 239.18 32 352h448c0-112.82-83.49-205.89-192-221.46zM496 384H16c-8.84 0-16 7.16-16 16v32c0 8.84 7.16 16 16 16h480c8.84 0 16-7.16 16-16v-32c0-8.84-7.16-16-16-16z\"><\/path><\/svg>\t\t\t<\/div>\n\t\t<\/div>\n\t\t\t\t\t\t<\/div>\n\t\t\t\t<\/div>\n\t\t\t\t<div class=\"elementor-element elementor-element-7787d715 elementor-widget elementor-widget-heading\" data-id=\"7787d715\" data-element_type=\"widget\" data-e-type=\"widget\" data-widget_type=\"heading.default\">\n\t\t\t\t<div class=\"elementor-widget-container\">\n\t\t\t\t\t<h3 class=\"elementor-heading-title elementor-size-default\">Flexible check-in<\/h3>\t\t\t\t<\/div>\n\t\t\t\t<\/div>\n\t\t\t\t<div class=\"elementor-element elementor-element-6914437a elementor-widget elementor-widget-text-editor\" data-id=\"6914437a\" data-element_type=\"widget\" data-e-type=\"widget\" data-widget_type=\"text-editor.default\">\n\t\t\t\t<div class=\"elementor-widget-container\">\n\t\t\t\t\t\t\t\t\t<p data-start=\"263\" data-end=\"352\">Reisen Sie, wann es Ihnen passt \u2013 dank flexibler Check-in-Zeiten genie\u00dfen Sie mehr Freiheit.<\/p>\t\t\t\t\t\t\t\t<\/div>\n\t\t\t\t<\/div>\n\t\t\t\t<\/div>\n\t\t<div class=\"elementor-element elementor-element-52e11fe0 e-con-full e-flex e-con e-child\" data-id=\"52e11fe0\" data-element_type=\"container\" data-e-type=\"container\">\n\t\t\t\t<div class=\"elementor-element elementor-element-7156d16c elementor-view-default elementor-widget elementor-widget-icon\" data-id=\"7156d16c\" data-element_type=\"widget\" data-e-type=\"widget\" data-widget_type=\"icon.default\">\n\t\t\t\t<div class=\"elementor-widget-container\">\n\t\t\t\t\t\t\t<div class=\"elementor-icon-wrapper\">\n\t\t\t<div class=\"elementor-icon\">\n\t\t\t<svg aria-hidden=\"true\" class=\"e-font-icon-svg e-far-calendar-times\" viewBox=\"0 0 448 512\" xmlns=\"http:\/\/www.w3.org\/2000\/svg\"><path d=\"M311.7 374.7l-17 17c-4.7 4.7-12.3 4.7-17 0L224 337.9l-53.7 53.7c-4.7 4.7-12.3 4.7-17 0l-17-17c-4.7-4.7-4.7-12.3 0-17l53.7-53.7-53.7-53.7c-4.7-4.7-4.7-12.3 0-17l17-17c4.7-4.7 12.3-4.7 17 0l53.7 53.7 53.7-53.7c4.7-4.7 12.3-4.7 17 0l17 17c4.7 4.7 4.7 12.3 0 17L257.9 304l53.7 53.7c4.8 4.7 4.8 12.3.1 17zM448 112v352c0 26.5-21.5 48-48 48H48c-26.5 0-48-21.5-48-48V112c0-26.5 21.5-48 48-48h48V12c0-6.6 5.4-12 12-12h40c6.6 0 12 5.4 12 12v52h128V12c0-6.6 5.4-12 12-12h40c6.6 0 12 5.4 12 12v52h48c26.5 0 48 21.5 48 48zm-48 346V160H48v298c0 3.3 2.7 6 6 6h340c3.3 0 6-2.7 6-6z\"><\/path><\/svg>\t\t\t<\/div>\n\t\t<\/div>\n\t\t\t\t\t\t<\/div>\n\t\t\t\t<\/div>\n\t\t\t\t<div class=\"elementor-element elementor-element-6b1b75ca elementor-widget elementor-widget-heading\" data-id=\"6b1b75ca\" data-element_type=\"widget\" data-e-type=\"widget\" data-widget_type=\"heading.default\">\n\t\t\t\t<div class=\"elementor-widget-container\">\n\t\t\t\t\t<h3 class=\"elementor-heading-title elementor-size-default\">Kostenlose Stornierung<\/h3>\t\t\t\t<\/div>\n\t\t\t\t<\/div>\n\t\t\t\t<div class=\"elementor-element elementor-element-4e271a43 elementor-widget elementor-widget-text-editor\" data-id=\"4e271a43\" data-element_type=\"widget\" data-e-type=\"widget\" data-widget_type=\"text-editor.default\">\n\t\t\t\t<div class=\"elementor-widget-container\">\n\t\t\t\t\t\t\t\t\t<p data-start=\"90\" data-end=\"171\">Je nach Unterkunft k\u00f6nnen Sie bis zu 30 Tage vor Anreise kostenlos stornieren.<\/p>\t\t\t\t\t\t\t\t<\/div>\n\t\t\t\t<\/div>\n\t\t\t\t<\/div>\n\t\t\t\t<\/div>\n\t\t\t\t\t<\/div>\n\t\t\t\t<\/div>\n\t\t<div class=\"elementor-element elementor-element-1fc9b7f8 e-flex e-con-boxed e-con e-parent\" data-id=\"1fc9b7f8\" data-element_type=\"container\" data-e-type=\"container\">\n\t\t\t\t\t<div class=\"e-con-inner\">\n\t\t<div class=\"elementor-element elementor-element-2dd4232 e-con-full e-flex e-con e-child\" data-id=\"2dd4232\" data-element_type=\"container\" data-e-type=\"container\">\n\t\t\t\t<div class=\"elementor-element elementor-element-f0971c2 elementor-widget elementor-widget-heading\" data-id=\"f0971c2\" data-element_type=\"widget\" data-e-type=\"widget\" data-widget_type=\"heading.default\">\n\t\t\t\t<div class=\"elementor-widget-container\">\n\t\t\t\t\t<h2 class=\"elementor-heading-title elementor-size-default\">Suchen Sie ein Landhotel? Schauen Sie sich unsere Optionen an!  <\/h2>\t\t\t\t<\/div>\n\t\t\t\t<\/div>\n\t\t\t\t<div class=\"elementor-element elementor-element-3ccc27c elementor-widget elementor-widget-grid\" data-id=\"3ccc27c\" data-element_type=\"widget\" data-e-type=\"widget\" data-widget_type=\"grid.default\">\n\t\t\t\t<div class=\"elementor-widget-container\">\n\t\t\t\t\t\t\t<div class=\"its--row alojamientos-recomendados\">\n\n\t\t\t<div class=\"alojamientos-recomendados-container\">\n\n\t\t\t\t\t\n\t\t\t\t\t<a href=\"https:\/\/rentallorca.com\/de\/vermietung\/ferienwohnung-petra-ah0002-apartamento-son-calo-b-504152.html\" rel=\"nofollow\" style=\"width: 32%;\">\n\t\t\t\t\t\t<div class=\"apartamento-box\">\n\t\t\t\t\t\t\t<div class=\"imagen_recomendados\">\n\t\t\t\t\t\t\t\t<img decoding=\"async\" src=\"https:\/\/crs.avantio.com\/fotos\/2\/17277961446dacc8be1902835c326ed62a9cc2a0a2\/big172779615576397b0e10af3c9655dc000120d647da.jpg\" alt=\"Apartamento Son Calo B by Rentallorca\">\n\t\t\t\t\t\t\t<\/div>\n\t\t\t\t\t\t\t<div class=\"info\">\n\t\t\t\t\t\t\t\t<div class=\"ubicacion\">\n\t\t\t\t\t\t\t\t\t<i class=\"fa-solid fa-location-dot icono-mapa\"><\/i><span class=\"ubicacion-texto\">Petra - Mallorca<\/span>\n\t\t\t\t\t\t\t\t<\/div>\n\t\t\t\t\t\t\t\t<H4 class=\"titulo-alojamiento\">\n\t\t\t\t\t\t\t\t\tApartamento Son Calo B by Rentallorca\t\t\t\t\t\t\t\t<\/H4>\n\t\t\t\t\t\t\t\t<p class=\"precio-alojamiento\">Aus <span class=\"precio\">79.80\u20ac<\/span> pro Nacht<\/p>\n\t\t\t\t\t\t\t<\/div>\n\t\t\t\t\t\t<\/div>\n\t\t\t\t\t<\/a> \n\t\t\t\t\t\t\n\t\t\t\t\t<a href=\"https:\/\/rentallorca.com\/de\/vermietung\/ferienwohnung-petra-ah0004-apartamento-son-calo-e-504626.html\" rel=\"nofollow\" style=\"width: 32%;\">\n\t\t\t\t\t\t<div class=\"apartamento-box\">\n\t\t\t\t\t\t\t<div class=\"imagen_recomendados\">\n\t\t\t\t\t\t\t\t<img decoding=\"async\" src=\"https:\/\/crs.avantio.com\/fotos\/3\/1728488335f21fa21c2ffe529a9914c2a062d7fde3\/big17284883429c6672ef4fcd569df30e54edf622d25a.jpg\" alt=\" Apartamento Son Calo E by Rentallorca\">\n\t\t\t\t\t\t\t<\/div>\n\t\t\t\t\t\t\t<div class=\"info\">\n\t\t\t\t\t\t\t\t<div class=\"ubicacion\">\n\t\t\t\t\t\t\t\t\t<i class=\"fa-solid fa-location-dot icono-mapa\"><\/i><span class=\"ubicacion-texto\">Petra - Mallorca<\/span>\n\t\t\t\t\t\t\t\t<\/div>\n\t\t\t\t\t\t\t\t<H4 class=\"titulo-alojamiento\">\n\t\t\t\t\t\t\t\t\t Apartamento Son Calo E by Rentallorca\t\t\t\t\t\t\t\t<\/H4>\n\t\t\t\t\t\t\t\t<p class=\"precio-alojamiento\">Aus <span class=\"precio\">79.80\u20ac<\/span> pro Nacht<\/p>\n\t\t\t\t\t\t\t<\/div>\n\t\t\t\t\t\t<\/div>\n\t\t\t\t\t<\/a> \n\t\t\t\t\t\t\n\t\t\t\t\t<a href=\"https:\/\/rentallorca.com\/de\/vermietung\/ferienwohnung-petra-ah0001-apartamento-son-calo-a-507006.html\" rel=\"nofollow\" style=\"width: 32%;\">\n\t\t\t\t\t\t<div class=\"apartamento-box\">\n\t\t\t\t\t\t\t<div class=\"imagen_recomendados\">\n\t\t\t\t\t\t\t\t<img decoding=\"async\" src=\"https:\/\/crs.avantio.com\/fotos\/3\/1730276964ced2fd58b66d04ebac860b596dee40a8\/big17302769650b8f23c250b6143349a1872e57f00069.jpg\" alt=\"Apartamento Son Calo A by Rentallorca\">\n\t\t\t\t\t\t\t<\/div>\n\t\t\t\t\t\t\t<div class=\"info\">\n\t\t\t\t\t\t\t\t<div class=\"ubicacion\">\n\t\t\t\t\t\t\t\t\t<i class=\"fa-solid fa-location-dot icono-mapa\"><\/i><span class=\"ubicacion-texto\">Petra - Mallorca<\/span>\n\t\t\t\t\t\t\t\t<\/div>\n\t\t\t\t\t\t\t\t<H4 class=\"titulo-alojamiento\">\n\t\t\t\t\t\t\t\t\tApartamento Son Calo A by Rentallorca\t\t\t\t\t\t\t\t<\/H4>\n\t\t\t\t\t\t\t\t<p class=\"precio-alojamiento\">Aus <span class=\"precio\">79.80\u20ac<\/span> pro Nacht<\/p>\n\t\t\t\t\t\t\t<\/div>\n\t\t\t\t\t\t<\/div>\n\t\t\t\t\t<\/a> \n\t\t\t\t\t\t\t\t<\/div>\n\t\t\t<\/div>\n\t\t\t\t\t\t<\/div>\n\t\t\t\t<\/div>\n\t\t\t\t<div class=\"elementor-element elementor-element-7dc0816 elementor-align-right elementor-widget elementor-widget-button\" data-id=\"7dc0816\" data-element_type=\"widget\" data-e-type=\"widget\" data-widget_type=\"button.default\">\n\t\t\t\t<div class=\"elementor-widget-container\">\n\t\t\t\t\t\t\t\t\t<div class=\"elementor-button-wrapper\">\n\t\t\t\t\t<a class=\"elementor-button elementor-button-link elementor-size-sm\" href=\"https:\/\/rentallorca.com\/de\/hotels-mallorca-inland\/\">\n\t\t\t\t\t\t<span class=\"elementor-button-content-wrapper\">\n\t\t\t\t\t\t\t\t\t<span class=\"elementor-button-text\">JETZT BUCHEN<\/span>\n\t\t\t\t\t<\/span>\n\t\t\t\t\t<\/a>\n\t\t\t\t<\/div>\n\t\t\t\t\t\t\t\t<\/div>\n\t\t\t\t<\/div>\n\t\t\t\t<div class=\"elementor-element elementor-element-163fb2a elementor-widget elementor-widget-spacer\" data-id=\"163fb2a\" data-element_type=\"widget\" data-e-type=\"widget\" data-widget_type=\"spacer.default\">\n\t\t\t\t<div class=\"elementor-widget-container\">\n\t\t\t\t\t\t\t<div class=\"elementor-spacer\">\n\t\t\t<div class=\"elementor-spacer-inner\"><\/div>\n\t\t<\/div>\n\t\t\t\t\t\t<\/div>\n\t\t\t\t<\/div>\n\t\t\t\t<\/div>\n\t\t\t\t\t<\/div>\n\t\t\t\t<\/div>\n\t\t<div class=\"elementor-element elementor-element-39d29ed7 e-flex e-con-boxed e-con e-parent\" data-id=\"39d29ed7\" data-element_type=\"container\" data-e-type=\"container\">\n\t\t\t\t\t<div class=\"e-con-inner\">\n\t\t<div class=\"elementor-element elementor-element-8d345a e-con-full e-flex e-con e-child\" data-id=\"8d345a\" data-element_type=\"container\" data-e-type=\"container\">\n\t\t\t\t<div class=\"elementor-element elementor-element-737d490f elementor-widget__width-initial elementor-widget elementor-widget-heading\" data-id=\"737d490f\" data-element_type=\"widget\" data-e-type=\"widget\" data-widget_type=\"heading.default\">\n\t\t\t\t<div class=\"elementor-widget-container\">\n\t\t\t\t\t<h2 class=\"elementor-heading-title elementor-size-default\">Unber\u00fchrte und ausgedehnte Str\u00e4nde<\/h2>\t\t\t\t<\/div>\n\t\t\t\t<\/div>\n\t\t\t\t<div class=\"elementor-element elementor-element-420c18a5 elementor-widget elementor-widget-text-editor\" data-id=\"420c18a5\" data-element_type=\"widget\" data-e-type=\"widget\" data-widget_type=\"text-editor.default\">\n\t\t\t\t<div class=\"elementor-widget-container\">\n\t\t\t\t\t\t\t\t\t<p>Son Serra de Marina ist bekannt f\u00fcr seine langen, unber\u00fchrten Str\u00e4nde, ideal f\u00fcr einen Aufenthalt in einer Finca Son Serra de Marina. Der feine Sand und das klare Wasser eignen sich perfekt f\u00fcr Spazierg\u00e4nge bei Sonnenuntergang oder Wassersportarten wie Kitesurfen. Hier zu wohnen bietet Ruhe in einer gesch\u00fctzten Naturumgebung und die M\u00f6glichkeit, den Strand fast f\u00fcr sich allein zu geniessen, wodurch der Aufenthalt in einer Finca Son Serra de Marina besonders erholsam und unvergesslich wird.   <\/p>\t\t\t\t\t\t\t\t<\/div>\n\t\t\t\t<\/div>\n\t\t\t\t<\/div>\n\t\t<div class=\"elementor-element elementor-element-5d394d8 e-con-full e-flex e-con e-child\" data-id=\"5d394d8\" data-element_type=\"container\" data-e-type=\"container\">\n\t\t\t\t<div class=\"elementor-element elementor-element-0673459 elementor-widget__width-initial elementor-widget elementor-widget-heading\" data-id=\"0673459\" data-element_type=\"widget\" data-e-type=\"widget\" data-widget_type=\"heading.default\">\n\t\t\t\t<div class=\"elementor-widget-container\">\n\t\t\t\t\t<h2 class=\"elementor-heading-title elementor-size-default\">N\u00e4he zu Alc\u00fadia und Can Picafort<\/h2>\t\t\t\t<\/div>\n\t\t\t\t<\/div>\n\t\t\t\t<div class=\"elementor-element elementor-element-347a8ed elementor-widget elementor-widget-text-editor\" data-id=\"347a8ed\" data-element_type=\"widget\" data-e-type=\"widget\" data-widget_type=\"text-editor.default\">\n\t\t\t\t<div class=\"elementor-widget-container\">\n\t\t\t\t\t\t\t\t\t<p>Obwohl Son Serra de Marina ruhig ist, erm\u00f6glicht die Lage einen einfachen Zugang zu den Nachbarorten Alc\u00fadia und Can Picafort w\u00e4hrend eines Aufenthalts in einer Finca Son Serra de Marina. Dort gibt es Restaurants, Gesch\u00e4fte und vielf\u00e4ltige Aktivit\u00e4ten, die Entspannung mit Unterhaltung kombinieren. Diese N\u00e4he macht den Aufenthalt in einer Finca Son Serra de Marina bequem f\u00fcr alle, die Ruhe suchen, aber nicht auf Dienstleistungen und Freizeitm\u00f6glichkeiten in wenigen Minuten verzichten m\u00f6chten.   <\/p>\t\t\t\t\t\t\t\t<\/div>\n\t\t\t\t<\/div>\n\t\t\t\t<\/div>\n\t\t<div class=\"elementor-element elementor-element-08ba996 e-con-full e-flex e-con e-child\" data-id=\"08ba996\" data-element_type=\"container\" data-e-type=\"container\">\n\t\t\t\t<div class=\"elementor-element elementor-element-4edf7bd elementor-widget__width-initial elementor-widget elementor-widget-heading\" data-id=\"4edf7bd\" data-element_type=\"widget\" data-e-type=\"widget\" data-widget_type=\"heading.default\">\n\t\t\t\t<div class=\"elementor-widget-container\">\n\t\t\t\t\t<h2 class=\"elementor-heading-title elementor-size-default\">Kleine lokale Gastronomie<\/h2>\t\t\t\t<\/div>\n\t\t\t\t<\/div>\n\t\t\t\t<div class=\"elementor-element elementor-element-2c66ccd elementor-widget elementor-widget-text-editor\" data-id=\"2c66ccd\" data-element_type=\"widget\" data-e-type=\"widget\" data-widget_type=\"text-editor.default\">\n\t\t\t\t<div class=\"elementor-widget-container\">\n\t\t\t\t\t\t\t\t\t<p>In Son Serra de Marina ist die lokale K\u00fcche ein Highlight f\u00fcr G\u00e4ste einer Finca Son Serra de Marina. Familiengef\u00fchrte Bars und Restaurants servieren frischen Fisch, typische mallorquinische Gerichte und regionale Produkte. Die Erkundung dieser kleinen gastronomischen Vielfalt erm\u00f6glicht authentische Geschmackserlebnisse und entspannte Momente. Jede Mahlzeit bereichert den Aufenthalt, sodass eine Finca Son Serra de Marina der perfekte Ausgangspunkt ist, um sich zu erholen und die Aromen Mallorcas zu geniessen.    <\/p>\t\t\t\t\t\t\t\t<\/div>\n\t\t\t\t<\/div>\n\t\t\t\t<\/div>\n\t\t\t\t\t<\/div>\n\t\t\t\t<\/div>\n\t\t<div class=\"elementor-element elementor-element-edcd42d e-flex e-con-boxed e-con e-parent\" data-id=\"edcd42d\" data-element_type=\"container\" data-e-type=\"container\">\n\t\t\t\t\t<div class=\"e-con-inner\">\n\t\t\t\t<div class=\"elementor-element elementor-element-77c58e6a elementor-widget elementor-widget-loop-carousel\" data-id=\"77c58e6a\" data-element_type=\"widget\" data-e-type=\"widget\" data-settings=\"{&quot;template_id&quot;:2081,&quot;_skin&quot;:&quot;post&quot;,&quot;slides_to_show&quot;:&quot;3&quot;,&quot;slides_to_show_tablet&quot;:&quot;2&quot;,&quot;slides_to_show_mobile&quot;:&quot;1&quot;,&quot;slides_to_scroll&quot;:&quot;1&quot;,&quot;edit_handle_selector&quot;:&quot;.elementor-loop-container&quot;,&quot;autoplay&quot;:&quot;yes&quot;,&quot;autoplay_speed&quot;:5000,&quot;pause_on_hover&quot;:&quot;yes&quot;,&quot;pause_on_interaction&quot;:&quot;yes&quot;,&quot;infinite&quot;:&quot;yes&quot;,&quot;speed&quot;:500,&quot;offset_sides&quot;:&quot;none&quot;,&quot;image_spacing_custom&quot;:{&quot;unit&quot;:&quot;px&quot;,&quot;size&quot;:10,&quot;sizes&quot;:[]},&quot;image_spacing_custom_tablet&quot;:{&quot;unit&quot;:&quot;px&quot;,&quot;size&quot;:&quot;&quot;,&quot;sizes&quot;:[]},&quot;image_spacing_custom_mobile&quot;:{&quot;unit&quot;:&quot;px&quot;,&quot;size&quot;:&quot;&quot;,&quot;sizes&quot;:[]}}\" data-widget_type=\"loop-carousel.post\">\n\t\t\t\t<div class=\"elementor-widget-container\">\n\t\t\t\t\t\t\t<div class=\"e-loop-nothing-found-message\">\n\t\t<\/div>\n\t\t\t\t\t\t<\/div>\n\t\t\t\t<\/div>\n\t\t\t\t\t<\/div>\n\t\t\t\t<\/div>\n\t\t<div class=\"elementor-element elementor-element-33530042 elementor-hidden-mobile e-flex e-con-boxed e-con e-parent\" data-id=\"33530042\" data-element_type=\"container\" data-e-type=\"container\">\n\t\t\t\t\t<div class=\"e-con-inner\">\n\t\t\t\t<div class=\"elementor-element elementor-element-35ec9ca2 elementor-widget elementor-widget-spacer\" data-id=\"35ec9ca2\" data-element_type=\"widget\" data-e-type=\"widget\" data-widget_type=\"spacer.default\">\n\t\t\t\t<div class=\"elementor-widget-container\">\n\t\t\t\t\t\t\t<div class=\"elementor-spacer\">\n\t\t\t<div class=\"elementor-spacer-inner\"><\/div>\n\t\t<\/div>\n\t\t\t\t\t\t<\/div>\n\t\t\t\t<\/div>\n\t\t\t\t\t<\/div>\n\t\t\t\t<\/div>\n\t\t\t\t<\/div>\n\t\t","protected":false},"excerpt":{"rendered":"<p>Buchen Sie eine Finca Son Serra de Marina Suchen Sie einen ruhigeren Ort auf der Insel? Dann bleiben Sie im Landesinneren. Finden Sie die beste Finca Son Serra de Marina. + INFO Son Serra de Marina &#8211; Mallorca Son Serra Relax 2 By home villas 360 Desde 183.84\u20ac por noche Son Serra de Marina &#8211; [&hellip;]<\/p>\n","protected":false},"author":2,"featured_media":3136,"parent":0,"menu_order":0,"comment_status":"open","ping_status":"open","template":"","meta":{"footnotes":""},"class_list":["post-3218","page","type-page","status-publish","has-post-thumbnail","hentry"],"yoast_head":"<!-- This site is optimized with the Yoast SEO plugin v27.5 - https:\/\/yoast.com\/product\/yoast-seo-wordpress\/ -->\n<title>Buchen Sie eine Finca Son Serra de Marina | Rentallorca<\/title>\n<meta name=\"description\" content=\"Suchen Sie einen ruhigeren Ort auf der Insel? Dann bleiben Sie im Landesinneren. Finden Sie die beste Finca Son Serra de Marina.\" \/>\n<meta name=\"robots\" content=\"index, follow, max-snippet:-1, max-image-preview:large, max-video-preview:-1\" \/>\n<link rel=\"canonical\" href=\"https:\/\/rentallorca.com\/blog\/de\/finca-son-serra-de-marina\/\" \/>\n<meta property=\"og:locale\" content=\"de_DE\" \/>\n<meta property=\"og:type\" content=\"article\" \/>\n<meta property=\"og:title\" content=\"Buchen Sie eine Finca Son Serra de Marina | Rentallorca\" \/>\n<meta property=\"og:description\" content=\"Suchen Sie einen ruhigeren Ort auf der Insel? Dann bleiben Sie im Landesinneren. Finden Sie die beste Finca Son Serra de Marina.\" \/>\n<meta property=\"og:url\" content=\"https:\/\/rentallorca.com\/blog\/de\/finca-son-serra-de-marina\/\" \/>\n<meta property=\"og:site_name\" content=\"Blog\" \/>\n<meta property=\"article:published_time\" content=\"2025-12-04T09:25:11+00:00\" \/>\n<meta property=\"article:modified_time\" content=\"2025-12-04T12:42:22+00:00\" \/>\n<meta property=\"og:image\" content=\"https:\/\/rentallorca.com\/blog\/wp-content\/uploads\/2025\/12\/casas-en-son-serra-de-marina.webp\" \/>\n\t<meta property=\"og:image:width\" content=\"800\" \/>\n\t<meta property=\"og:image:height\" content=\"800\" \/>\n\t<meta property=\"og:image:type\" content=\"image\/webp\" \/>\n<meta name=\"author\" content=\"digitalservices\" \/>\n<meta name=\"twitter:card\" content=\"summary_large_image\" \/>\n<meta name=\"twitter:label1\" content=\"Written by\" \/>\n\t<meta name=\"twitter:data1\" content=\"digitalservices\" \/>\n\t<meta name=\"twitter:label2\" content=\"Est. reading time\" \/>\n\t<meta name=\"twitter:data2\" content=\"4 minutes\" \/>\n<script type=\"application\/ld+json\" class=\"yoast-schema-graph\">{\"@context\":\"https:\\\/\\\/schema.org\",\"@graph\":[{\"@type\":\"Article\",\"@id\":\"https:\\\/\\\/rentallorca.com\\\/blog\\\/de\\\/finca-son-serra-de-marina\\\/#article\",\"isPartOf\":{\"@id\":\"https:\\\/\\\/rentallorca.com\\\/blog\\\/de\\\/finca-son-serra-de-marina\\\/\"},\"author\":{\"name\":\"digitalservices\",\"@id\":\"https:\\\/\\\/rentallorca.com\\\/blog\\\/de\\\/#\\\/schema\\\/person\\\/52fc00dd86d9c81282a034a332134bc2\"},\"headline\":\"Buchen Sie eine Finca Son Serra de Marina\",\"datePublished\":\"2025-12-04T09:25:11+00:00\",\"dateModified\":\"2025-12-04T12:42:22+00:00\",\"mainEntityOfPage\":{\"@id\":\"https:\\\/\\\/rentallorca.com\\\/blog\\\/de\\\/finca-son-serra-de-marina\\\/\"},\"wordCount\":434,\"commentCount\":0,\"image\":{\"@id\":\"https:\\\/\\\/rentallorca.com\\\/blog\\\/de\\\/finca-son-serra-de-marina\\\/#primaryimage\"},\"thumbnailUrl\":\"https:\\\/\\\/rentallorca.com\\\/blog\\\/wp-content\\\/uploads\\\/2025\\\/12\\\/casas-en-son-serra-de-marina.webp\",\"articleSection\":[\"Unterk\u00fcnfte\"],\"inLanguage\":\"de\",\"potentialAction\":[{\"@type\":\"CommentAction\",\"name\":\"Comment\",\"target\":[\"https:\\\/\\\/rentallorca.com\\\/blog\\\/de\\\/finca-son-serra-de-marina\\\/#respond\"]}]},{\"@type\":\"WebPage\",\"@id\":\"https:\\\/\\\/rentallorca.com\\\/blog\\\/de\\\/finca-son-serra-de-marina\\\/\",\"url\":\"https:\\\/\\\/rentallorca.com\\\/blog\\\/de\\\/finca-son-serra-de-marina\\\/\",\"name\":\"Buchen Sie eine Finca Son Serra de Marina | Rentallorca\",\"isPartOf\":{\"@id\":\"https:\\\/\\\/rentallorca.com\\\/blog\\\/de\\\/#website\"},\"primaryImageOfPage\":{\"@id\":\"https:\\\/\\\/rentallorca.com\\\/blog\\\/de\\\/finca-son-serra-de-marina\\\/#primaryimage\"},\"image\":{\"@id\":\"https:\\\/\\\/rentallorca.com\\\/blog\\\/de\\\/finca-son-serra-de-marina\\\/#primaryimage\"},\"thumbnailUrl\":\"https:\\\/\\\/rentallorca.com\\\/blog\\\/wp-content\\\/uploads\\\/2025\\\/12\\\/casas-en-son-serra-de-marina.webp\",\"datePublished\":\"2025-12-04T09:25:11+00:00\",\"dateModified\":\"2025-12-04T12:42:22+00:00\",\"author\":{\"@id\":\"https:\\\/\\\/rentallorca.com\\\/blog\\\/de\\\/#\\\/schema\\\/person\\\/52fc00dd86d9c81282a034a332134bc2\"},\"description\":\"Suchen Sie einen ruhigeren Ort auf der Insel? Dann bleiben Sie im Landesinneren. Finden Sie die beste Finca Son Serra de Marina.\",\"breadcrumb\":{\"@id\":\"https:\\\/\\\/rentallorca.com\\\/blog\\\/de\\\/finca-son-serra-de-marina\\\/#breadcrumb\"},\"inLanguage\":\"de\",\"potentialAction\":[{\"@type\":\"ReadAction\",\"target\":[\"https:\\\/\\\/rentallorca.com\\\/blog\\\/de\\\/finca-son-serra-de-marina\\\/\"]}]},{\"@type\":\"ImageObject\",\"inLanguage\":\"de\",\"@id\":\"https:\\\/\\\/rentallorca.com\\\/blog\\\/de\\\/finca-son-serra-de-marina\\\/#primaryimage\",\"url\":\"https:\\\/\\\/rentallorca.com\\\/blog\\\/wp-content\\\/uploads\\\/2025\\\/12\\\/casas-en-son-serra-de-marina.webp\",\"contentUrl\":\"https:\\\/\\\/rentallorca.com\\\/blog\\\/wp-content\\\/uploads\\\/2025\\\/12\\\/casas-en-son-serra-de-marina.webp\",\"width\":800,\"height\":800},{\"@type\":\"BreadcrumbList\",\"@id\":\"https:\\\/\\\/rentallorca.com\\\/blog\\\/de\\\/finca-son-serra-de-marina\\\/#breadcrumb\",\"itemListElement\":[{\"@type\":\"ListItem\",\"position\":1,\"name\":\"Home\",\"item\":\"https:\\\/\\\/rentallorca.com\\\/blog\\\/de\\\/\"},{\"@type\":\"ListItem\",\"position\":2,\"name\":\"Buchen Sie eine Finca Son Serra de Marina\"}]},{\"@type\":\"WebSite\",\"@id\":\"https:\\\/\\\/rentallorca.com\\\/blog\\\/de\\\/#website\",\"url\":\"https:\\\/\\\/rentallorca.com\\\/blog\\\/de\\\/\",\"name\":\"Blog\",\"description\":\"Rentallorca\",\"potentialAction\":[{\"@type\":\"SearchAction\",\"target\":{\"@type\":\"EntryPoint\",\"urlTemplate\":\"https:\\\/\\\/rentallorca.com\\\/blog\\\/de\\\/?s={search_term_string}\"},\"query-input\":{\"@type\":\"PropertyValueSpecification\",\"valueRequired\":true,\"valueName\":\"search_term_string\"}}],\"inLanguage\":\"de\"},{\"@type\":\"Person\",\"@id\":\"https:\\\/\\\/rentallorca.com\\\/blog\\\/de\\\/#\\\/schema\\\/person\\\/52fc00dd86d9c81282a034a332134bc2\",\"name\":\"digitalservices\",\"image\":{\"@type\":\"ImageObject\",\"inLanguage\":\"de\",\"@id\":\"https:\\\/\\\/secure.gravatar.com\\\/avatar\\\/af30f88a1904294c1f3eb09a9d7903eec4ffa18fa2cf40c28a8681014ecdfc20?s=96&d=mm&r=g\",\"url\":\"https:\\\/\\\/secure.gravatar.com\\\/avatar\\\/af30f88a1904294c1f3eb09a9d7903eec4ffa18fa2cf40c28a8681014ecdfc20?s=96&d=mm&r=g\",\"contentUrl\":\"https:\\\/\\\/secure.gravatar.com\\\/avatar\\\/af30f88a1904294c1f3eb09a9d7903eec4ffa18fa2cf40c28a8681014ecdfc20?s=96&d=mm&r=g\",\"caption\":\"digitalservices\"},\"url\":\"https:\\\/\\\/rentallorca.com\\\/blog\\\/de\\\/author\\\/digitalservices\\\/\"}]}<\/script>\n<!-- \/ Yoast SEO plugin. -->","yoast_head_json":{"title":"Buchen Sie eine Finca Son Serra de Marina | Rentallorca","description":"Suchen Sie einen ruhigeren Ort auf der Insel? Dann bleiben Sie im Landesinneren. Finden Sie die beste Finca Son Serra de Marina.","robots":{"index":"index","follow":"follow","max-snippet":"max-snippet:-1","max-image-preview":"max-image-preview:large","max-video-preview":"max-video-preview:-1"},"canonical":"https:\/\/rentallorca.com\/blog\/de\/finca-son-serra-de-marina\/","og_locale":"de_DE","og_type":"article","og_title":"Buchen Sie eine Finca Son Serra de Marina | Rentallorca","og_description":"Suchen Sie einen ruhigeren Ort auf der Insel? Dann bleiben Sie im Landesinneren. Finden Sie die beste Finca Son Serra de Marina.","og_url":"https:\/\/rentallorca.com\/blog\/de\/finca-son-serra-de-marina\/","og_site_name":"Blog","article_published_time":"2025-12-04T09:25:11+00:00","article_modified_time":"2025-12-04T12:42:22+00:00","og_image":[{"width":800,"height":800,"url":"https:\/\/rentallorca.com\/blog\/wp-content\/uploads\/2025\/12\/casas-en-son-serra-de-marina.webp","type":"image\/webp"}],"author":"digitalservices","twitter_card":"summary_large_image","twitter_misc":{"Written by":"digitalservices","Est. reading time":"4 minutes"},"schema":{"@context":"https:\/\/schema.org","@graph":[{"@type":"Article","@id":"https:\/\/rentallorca.com\/blog\/de\/finca-son-serra-de-marina\/#article","isPartOf":{"@id":"https:\/\/rentallorca.com\/blog\/de\/finca-son-serra-de-marina\/"},"author":{"name":"digitalservices","@id":"https:\/\/rentallorca.com\/blog\/de\/#\/schema\/person\/52fc00dd86d9c81282a034a332134bc2"},"headline":"Buchen Sie eine Finca Son Serra de Marina","datePublished":"2025-12-04T09:25:11+00:00","dateModified":"2025-12-04T12:42:22+00:00","mainEntityOfPage":{"@id":"https:\/\/rentallorca.com\/blog\/de\/finca-son-serra-de-marina\/"},"wordCount":434,"commentCount":0,"image":{"@id":"https:\/\/rentallorca.com\/blog\/de\/finca-son-serra-de-marina\/#primaryimage"},"thumbnailUrl":"https:\/\/rentallorca.com\/blog\/wp-content\/uploads\/2025\/12\/casas-en-son-serra-de-marina.webp","articleSection":["Unterk\u00fcnfte"],"inLanguage":"de","potentialAction":[{"@type":"CommentAction","name":"Comment","target":["https:\/\/rentallorca.com\/blog\/de\/finca-son-serra-de-marina\/#respond"]}]},{"@type":"WebPage","@id":"https:\/\/rentallorca.com\/blog\/de\/finca-son-serra-de-marina\/","url":"https:\/\/rentallorca.com\/blog\/de\/finca-son-serra-de-marina\/","name":"Buchen Sie eine Finca Son Serra de Marina | Rentallorca","isPartOf":{"@id":"https:\/\/rentallorca.com\/blog\/de\/#website"},"primaryImageOfPage":{"@id":"https:\/\/rentallorca.com\/blog\/de\/finca-son-serra-de-marina\/#primaryimage"},"image":{"@id":"https:\/\/rentallorca.com\/blog\/de\/finca-son-serra-de-marina\/#primaryimage"},"thumbnailUrl":"https:\/\/rentallorca.com\/blog\/wp-content\/uploads\/2025\/12\/casas-en-son-serra-de-marina.webp","datePublished":"2025-12-04T09:25:11+00:00","dateModified":"2025-12-04T12:42:22+00:00","author":{"@id":"https:\/\/rentallorca.com\/blog\/de\/#\/schema\/person\/52fc00dd86d9c81282a034a332134bc2"},"description":"Suchen Sie einen ruhigeren Ort auf der Insel? Dann bleiben Sie im Landesinneren. Finden Sie die beste Finca Son Serra de Marina.","breadcrumb":{"@id":"https:\/\/rentallorca.com\/blog\/de\/finca-son-serra-de-marina\/#breadcrumb"},"inLanguage":"de","potentialAction":[{"@type":"ReadAction","target":["https:\/\/rentallorca.com\/blog\/de\/finca-son-serra-de-marina\/"]}]},{"@type":"ImageObject","inLanguage":"de","@id":"https:\/\/rentallorca.com\/blog\/de\/finca-son-serra-de-marina\/#primaryimage","url":"https:\/\/rentallorca.com\/blog\/wp-content\/uploads\/2025\/12\/casas-en-son-serra-de-marina.webp","contentUrl":"https:\/\/rentallorca.com\/blog\/wp-content\/uploads\/2025\/12\/casas-en-son-serra-de-marina.webp","width":800,"height":800},{"@type":"BreadcrumbList","@id":"https:\/\/rentallorca.com\/blog\/de\/finca-son-serra-de-marina\/#breadcrumb","itemListElement":[{"@type":"ListItem","position":1,"name":"Home","item":"https:\/\/rentallorca.com\/blog\/de\/"},{"@type":"ListItem","position":2,"name":"Buchen Sie eine Finca Son Serra de Marina"}]},{"@type":"WebSite","@id":"https:\/\/rentallorca.com\/blog\/de\/#website","url":"https:\/\/rentallorca.com\/blog\/de\/","name":"Blog","description":"Rentallorca","potentialAction":[{"@type":"SearchAction","target":{"@type":"EntryPoint","urlTemplate":"https:\/\/rentallorca.com\/blog\/de\/?s={search_term_string}"},"query-input":{"@type":"PropertyValueSpecification","valueRequired":true,"valueName":"search_term_string"}}],"inLanguage":"de"},{"@type":"Person","@id":"https:\/\/rentallorca.com\/blog\/de\/#\/schema\/person\/52fc00dd86d9c81282a034a332134bc2","name":"digitalservices","image":{"@type":"ImageObject","inLanguage":"de","@id":"https:\/\/secure.gravatar.com\/avatar\/af30f88a1904294c1f3eb09a9d7903eec4ffa18fa2cf40c28a8681014ecdfc20?s=96&d=mm&r=g","url":"https:\/\/secure.gravatar.com\/avatar\/af30f88a1904294c1f3eb09a9d7903eec4ffa18fa2cf40c28a8681014ecdfc20?s=96&d=mm&r=g","contentUrl":"https:\/\/secure.gravatar.com\/avatar\/af30f88a1904294c1f3eb09a9d7903eec4ffa18fa2cf40c28a8681014ecdfc20?s=96&d=mm&r=g","caption":"digitalservices"},"url":"https:\/\/rentallorca.com\/blog\/de\/author\/digitalservices\/"}]}},"_links":{"self":[{"href":"https:\/\/rentallorca.com\/blog\/de\/wp-json\/wp\/v2\/pages\/3218","targetHints":{"allow":["GET"]}}],"collection":[{"href":"https:\/\/rentallorca.com\/blog\/de\/wp-json\/wp\/v2\/pages"}],"about":[{"href":"https:\/\/rentallorca.com\/blog\/de\/wp-json\/wp\/v2\/types\/page"}],"author":[{"embeddable":true,"href":"https:\/\/rentallorca.com\/blog\/de\/wp-json\/wp\/v2\/users\/2"}],"replies":[{"embeddable":true,"href":"https:\/\/rentallorca.com\/blog\/de\/wp-json\/wp\/v2\/comments?post=3218"}],"version-history":[{"count":4,"href":"https:\/\/rentallorca.com\/blog\/de\/wp-json\/wp\/v2\/pages\/3218\/revisions"}],"predecessor-version":[{"id":3248,"href":"https:\/\/rentallorca.com\/blog\/de\/wp-json\/wp\/v2\/pages\/3218\/revisions\/3248"}],"wp:featuredmedia":[{"embeddable":true,"href":"https:\/\/rentallorca.com\/blog\/de\/wp-json\/wp\/v2\/media\/3136"}],"wp:attachment":[{"href":"https:\/\/rentallorca.com\/blog\/de\/wp-json\/wp\/v2\/media?parent=3218"}],"curies":[{"name":"wp","href":"https:\/\/api.w.org\/{rel}","templated":true}]}}