{"id":3216,"date":"2025-12-04T09:19:58","date_gmt":"2025-12-04T09:19:58","guid":{"rendered":"https:\/\/rentallorca.com\/blog\/?p=3216"},"modified":"2025-12-04T12:42:23","modified_gmt":"2025-12-04T12:42:23","slug":"ferienhaus-maria-de-la-salut","status":"publish","type":"page","link":"https:\/\/rentallorca.com\/blog\/de\/ferienhaus-maria-de-la-salut\/","title":{"rendered":"Buchen Sie eine Ferienhaus Maria de la Salut"},"content":{"rendered":"\t\t<div data-elementor-type=\"wp-post\" data-elementor-id=\"3216\" class=\"elementor elementor-3216 elementor-3119\" data-elementor-post-type=\"page\">\n\t\t\t\t<div class=\"elementor-element elementor-element-2b04b95f elementor-hidden-desktop elementor-hidden-tablet e-flex e-con-boxed e-con e-parent\" data-id=\"2b04b95f\" data-element_type=\"container\" data-e-type=\"container\" data-settings=\"{&quot;background_background&quot;:&quot;classic&quot;}\">\n\t\t\t\t\t<div class=\"e-con-inner\">\n\t\t<div class=\"elementor-element elementor-element-1fce25a e-con-full elementor-hidden-tablet e-flex e-con e-child\" data-id=\"1fce25a\" data-element_type=\"container\" data-e-type=\"container\">\n\t\t\t\t<div class=\"elementor-element elementor-element-1966c3d5 elementor-widget elementor-widget-image\" data-id=\"1966c3d5\" data-element_type=\"widget\" data-e-type=\"widget\" data-widget_type=\"image.default\">\n\t\t\t\t<div class=\"elementor-widget-container\">\n\t\t\t\t\t\t\t\t\t\t\t\t\t\t\t<img fetchpriority=\"high\" decoding=\"async\" width=\"800\" height=\"800\" src=\"https:\/\/rentallorca.com\/blog\/wp-content\/uploads\/2025\/12\/alquiler-vacacional-maria-de-la-salut.webp\" class=\"attachment-large size-large wp-image-3128\" alt=\"Alquiler vacacional Maria de la Salut\" srcset=\"https:\/\/rentallorca.com\/blog\/wp-content\/uploads\/2025\/12\/alquiler-vacacional-maria-de-la-salut.webp 800w, https:\/\/rentallorca.com\/blog\/wp-content\/uploads\/2025\/12\/alquiler-vacacional-maria-de-la-salut-300x300.webp 300w, https:\/\/rentallorca.com\/blog\/wp-content\/uploads\/2025\/12\/alquiler-vacacional-maria-de-la-salut-150x150.webp 150w, https:\/\/rentallorca.com\/blog\/wp-content\/uploads\/2025\/12\/alquiler-vacacional-maria-de-la-salut-768x768.webp 768w\" sizes=\"(max-width: 800px) 100vw, 800px\" \/>\t\t\t\t\t\t\t\t\t\t\t\t\t\t\t<\/div>\n\t\t\t\t<\/div>\n\t\t\t\t<\/div>\n\t\t\t\t\t<\/div>\n\t\t\t\t<\/div>\n\t\t<div class=\"elementor-element elementor-element-3c26465a e-flex e-con-boxed e-con e-parent\" data-id=\"3c26465a\" data-element_type=\"container\" data-e-type=\"container\" data-settings=\"{&quot;background_background&quot;:&quot;classic&quot;}\">\n\t\t\t\t\t<div class=\"e-con-inner\">\n\t\t<div class=\"elementor-element elementor-element-9a73edc e-con-full e-flex e-con e-child\" data-id=\"9a73edc\" data-element_type=\"container\" data-e-type=\"container\">\n\t\t\t\t<div class=\"elementor-element elementor-element-34ce7b56 elementor-widget elementor-widget-heading\" data-id=\"34ce7b56\" data-element_type=\"widget\" data-e-type=\"widget\" data-widget_type=\"heading.default\">\n\t\t\t\t<div class=\"elementor-widget-container\">\n\t\t\t\t\t<h1 class=\"elementor-heading-title elementor-size-default\">Buchen Sie eine Ferienhaus Maria de la Salut<\/h1>\t\t\t\t<\/div>\n\t\t\t\t<\/div>\n\t\t\t\t<div class=\"elementor-element elementor-element-7b65a301 elementor-widget__width-initial elementor-widget elementor-widget-text-editor\" data-id=\"7b65a301\" data-element_type=\"widget\" data-e-type=\"widget\" data-widget_type=\"text-editor.default\">\n\t\t\t\t<div class=\"elementor-widget-container\">\n\t\t\t\t\t\t\t\t\t<p>Suchst du einen ruhigeren Ort auf der Insel? Bleib im Inland. Finde das beste Ferienhaus Maria de la Salut auf Rentallorca.<br> <br> <br>   <\/p>\t\t\t\t\t\t\t\t<\/div>\n\t\t\t\t<\/div>\n\t\t\t\t<div class=\"elementor-element elementor-element-72f829de elementor-widget elementor-widget-button\" data-id=\"72f829de\" data-element_type=\"widget\" data-e-type=\"widget\" data-widget_type=\"button.default\">\n\t\t\t\t<div class=\"elementor-widget-container\">\n\t\t\t\t\t\t\t\t\t<div class=\"elementor-button-wrapper\">\n\t\t\t\t\t<a class=\"elementor-button elementor-button-link elementor-size-sm\" href=\"https:\/\/rentallorca.com\/de\/vermietung\/vermietungen-maria-de-la-salut-d9083\/\">\n\t\t\t\t\t\t<span class=\"elementor-button-content-wrapper\">\n\t\t\t\t\t\t\t\t\t<span class=\"elementor-button-text\">+ INFO<\/span>\n\t\t\t\t\t<\/span>\n\t\t\t\t\t<\/a>\n\t\t\t\t<\/div>\n\t\t\t\t\t\t\t\t<\/div>\n\t\t\t\t<\/div>\n\t\t\t\t<\/div>\n\t\t<div class=\"elementor-element elementor-element-45ffba15 e-con-full elementor-hidden-tablet elementor-hidden-mobile e-flex e-con e-child\" data-id=\"45ffba15\" data-element_type=\"container\" data-e-type=\"container\">\n\t\t\t\t<div class=\"elementor-element elementor-element-195f94ab elementor-widget elementor-widget-image\" data-id=\"195f94ab\" data-element_type=\"widget\" data-e-type=\"widget\" data-widget_type=\"image.default\">\n\t\t\t\t<div class=\"elementor-widget-container\">\n\t\t\t\t\t\t\t\t\t\t\t\t\t\t\t<img fetchpriority=\"high\" decoding=\"async\" width=\"800\" height=\"800\" src=\"https:\/\/rentallorca.com\/blog\/wp-content\/uploads\/2025\/12\/alquiler-vacacional-maria-de-la-salut.webp\" class=\"attachment-large size-large wp-image-3128\" alt=\"Alquiler vacacional Maria de la Salut\" srcset=\"https:\/\/rentallorca.com\/blog\/wp-content\/uploads\/2025\/12\/alquiler-vacacional-maria-de-la-salut.webp 800w, https:\/\/rentallorca.com\/blog\/wp-content\/uploads\/2025\/12\/alquiler-vacacional-maria-de-la-salut-300x300.webp 300w, https:\/\/rentallorca.com\/blog\/wp-content\/uploads\/2025\/12\/alquiler-vacacional-maria-de-la-salut-150x150.webp 150w, https:\/\/rentallorca.com\/blog\/wp-content\/uploads\/2025\/12\/alquiler-vacacional-maria-de-la-salut-768x768.webp 768w\" sizes=\"(max-width: 800px) 100vw, 800px\" \/>\t\t\t\t\t\t\t\t\t\t\t\t\t\t\t<\/div>\n\t\t\t\t<\/div>\n\t\t\t\t<\/div>\n\t\t\t\t\t<\/div>\n\t\t\t\t<\/div>\n\t\t<div class=\"elementor-element elementor-element-72bbc7c e-flex e-con-boxed e-con e-parent\" data-id=\"72bbc7c\" data-element_type=\"container\" data-e-type=\"container\">\n\t\t\t\t\t<div class=\"e-con-inner\">\n\t\t\t\t<div class=\"elementor-element elementor-element-3d7bc5b7 elementor-widget elementor-widget-grid\" data-id=\"3d7bc5b7\" data-element_type=\"widget\" data-e-type=\"widget\" data-widget_type=\"grid.default\">\n\t\t\t\t<div class=\"elementor-widget-container\">\n\t\t\t\t\t\t\t<div class=\"its--row alojamientos-recomendados\">\n\n\t\t\t<div class=\"alojamientos-recomendados-container\">\n\n\t\t\t\t\t\n\t\t\t\t\t<a href=\"https:\/\/rentallorca.com\/de\/vermietung\/finca-maria-de-la-salut-c0016-finca-son-guillotet-441589.html\" rel=\"nofollow\" style=\"width: 49%;\">\n\t\t\t\t\t\t<div class=\"apartamento-box\">\n\t\t\t\t\t\t\t<div class=\"imagen_recomendados\">\n\t\t\t\t\t\t\t\t<img decoding=\"async\" src=\"https:\/\/crs.avantio.com\/fotos\/2\/16915784587f0fd0ee3f1c942d7e47055517ed6372\/big16915784836f1d3f881b0e3b659cf2fb1bd0ecd4d4.jpg\" alt=\"Son Guillotet by Rentallorca\">\n\t\t\t\t\t\t\t<\/div>\n\t\t\t\t\t\t\t<div class=\"info\">\n\t\t\t\t\t\t\t\t<div class=\"ubicacion\">\n\t\t\t\t\t\t\t\t\t<i class=\"fa-solid fa-location-dot icono-mapa\"><\/i><span class=\"ubicacion-texto\">Maria de la salut - Mallorca<\/span>\n\t\t\t\t\t\t\t\t<\/div>\n\t\t\t\t\t\t\t\t<H4 class=\"titulo-alojamiento\">\n\t\t\t\t\t\t\t\t\tSon Guillotet by Rentallorca\t\t\t\t\t\t\t\t<\/H4>\n\t\t\t\t\t\t\t\t<p class=\"precio-alojamiento\">Aus <span class=\"precio\">238.26\u20ac<\/span> pro Nacht<\/p>\n\t\t\t\t\t\t\t<\/div>\n\t\t\t\t\t\t<\/div>\n\t\t\t\t\t<\/a> \n\t\t\t\t\t\t\n\t\t\t\t\t<a href=\"https:\/\/rentallorca.com\/de\/vermietung\/ferienhaus-maria-de-la-salut-a0023-casa-aina-ses-cases-noves-528321.html\" rel=\"nofollow\" style=\"width: 49%;\">\n\t\t\t\t\t\t<div class=\"apartamento-box\">\n\t\t\t\t\t\t\t<div class=\"imagen_recomendados\">\n\t\t\t\t\t\t\t\t<img decoding=\"async\" src=\"https:\/\/crs.avantio.com\/fotos\/3\/1742206661b0bc46e0bc0c5840bf2d3b961cc51ebc\/big17685497852782eb3b44d81af58965774c4e0af09e.jpg\" alt=\"Ses Cases Noves by Rentallorca\">\n\t\t\t\t\t\t\t<\/div>\n\t\t\t\t\t\t\t<div class=\"info\">\n\t\t\t\t\t\t\t\t<div class=\"ubicacion\">\n\t\t\t\t\t\t\t\t\t<i class=\"fa-solid fa-location-dot icono-mapa\"><\/i><span class=\"ubicacion-texto\">Maria de la salut - Mallorca<\/span>\n\t\t\t\t\t\t\t\t<\/div>\n\t\t\t\t\t\t\t\t<H4 class=\"titulo-alojamiento\">\n\t\t\t\t\t\t\t\t\tSes Cases Noves by Rentallorca\t\t\t\t\t\t\t\t<\/H4>\n\t\t\t\t\t\t\t\t<p class=\"precio-alojamiento\">Aus <span class=\"precio\">262.20\u20ac<\/span> pro Nacht<\/p>\n\t\t\t\t\t\t\t<\/div>\n\t\t\t\t\t\t<\/div>\n\t\t\t\t\t<\/a> \n\t\t\t\t\t\t\t\t<\/div>\n\t\t\t<\/div>\n\t\t\t\t\t\t<\/div>\n\t\t\t\t<\/div>\n\t\t\t\t\t<\/div>\n\t\t\t\t<\/div>\n\t\t<div class=\"elementor-element elementor-element-52a094c3 e-flex e-con-boxed e-con e-parent\" data-id=\"52a094c3\" data-element_type=\"container\" data-e-type=\"container\">\n\t\t\t\t\t<div class=\"e-con-inner\">\n\t\t\t\t<div class=\"elementor-element elementor-element-779bde0 elementor-align-center elementor-widget elementor-widget-button\" data-id=\"779bde0\" data-element_type=\"widget\" data-e-type=\"widget\" data-widget_type=\"button.default\">\n\t\t\t\t<div class=\"elementor-widget-container\">\n\t\t\t\t\t\t\t\t\t<div class=\"elementor-button-wrapper\">\n\t\t\t\t\t<a class=\"elementor-button elementor-button-link elementor-size-sm\" href=\"https:\/\/rentallorca.com\/de\/vermietung\/vermietungen-maria-de-la-salut-d9083\/\">\n\t\t\t\t\t\t<span class=\"elementor-button-content-wrapper\">\n\t\t\t\t\t\t\t\t\t<span class=\"elementor-button-text\">+ UNTERK\u00dcNFTE<\/span>\n\t\t\t\t\t<\/span>\n\t\t\t\t\t<\/a>\n\t\t\t\t<\/div>\n\t\t\t\t\t\t\t\t<\/div>\n\t\t\t\t<\/div>\n\t\t\t\t\t<\/div>\n\t\t\t\t<\/div>\n\t\t<div class=\"elementor-element elementor-element-7ec74a44 e-flex e-con-boxed e-con e-parent\" data-id=\"7ec74a44\" data-element_type=\"container\" data-e-type=\"container\">\n\t\t\t\t\t<div class=\"e-con-inner\">\n\t\t<div class=\"elementor-element elementor-element-5736c21c e-con-full e-flex e-con e-child\" data-id=\"5736c21c\" data-element_type=\"container\" data-e-type=\"container\">\n\t\t<div class=\"elementor-element elementor-element-2bb13655 e-con-full e-flex e-con e-child\" data-id=\"2bb13655\" data-element_type=\"container\" data-e-type=\"container\">\n\t\t\t\t<div class=\"elementor-element elementor-element-16f8e590 elementor-view-default elementor-widget elementor-widget-icon\" data-id=\"16f8e590\" data-element_type=\"widget\" data-e-type=\"widget\" data-widget_type=\"icon.default\">\n\t\t\t\t<div class=\"elementor-widget-container\">\n\t\t\t\t\t\t\t<div class=\"elementor-icon-wrapper\">\n\t\t\t<div class=\"elementor-icon\">\n\t\t\t<svg aria-hidden=\"true\" class=\"e-font-icon-svg e-fas-credit-card\" viewBox=\"0 0 576 512\" xmlns=\"http:\/\/www.w3.org\/2000\/svg\"><path d=\"M0 432c0 26.5 21.5 48 48 48h480c26.5 0 48-21.5 48-48V256H0v176zm192-68c0-6.6 5.4-12 12-12h136c6.6 0 12 5.4 12 12v40c0 6.6-5.4 12-12 12H204c-6.6 0-12-5.4-12-12v-40zm-128 0c0-6.6 5.4-12 12-12h72c6.6 0 12 5.4 12 12v40c0 6.6-5.4 12-12 12H76c-6.6 0-12-5.4-12-12v-40zM576 80v48H0V80c0-26.5 21.5-48 48-48h480c26.5 0 48 21.5 48 48z\"><\/path><\/svg>\t\t\t<\/div>\n\t\t<\/div>\n\t\t\t\t\t\t<\/div>\n\t\t\t\t<\/div>\n\t\t\t\t<div class=\"elementor-element elementor-element-25655fcd elementor-widget elementor-widget-heading\" data-id=\"25655fcd\" data-element_type=\"widget\" data-e-type=\"widget\" data-widget_type=\"heading.default\">\n\t\t\t\t<div class=\"elementor-widget-container\">\n\t\t\t\t\t<h3 class=\"elementor-heading-title elementor-size-default\">Sichere Zahlung<\/h3>\t\t\t\t<\/div>\n\t\t\t\t<\/div>\n\t\t\t\t<div class=\"elementor-element elementor-element-76a19401 elementor-widget elementor-widget-text-editor\" data-id=\"76a19401\" data-element_type=\"widget\" data-e-type=\"widget\" data-widget_type=\"text-editor.default\">\n\t\t\t\t<div class=\"elementor-widget-container\">\n\t\t\t\t\t\t\t\t\t<p data-start=\"263\" data-end=\"352\">Bezahlen Sie sicher online und mit vollem Schutz Ihrer pers\u00f6nlichen Daten.<\/p>\t\t\t\t\t\t\t\t<\/div>\n\t\t\t\t<\/div>\n\t\t\t\t<\/div>\n\t\t<div class=\"elementor-element elementor-element-147b0c48 e-con-full e-flex e-con e-child\" data-id=\"147b0c48\" data-element_type=\"container\" data-e-type=\"container\">\n\t\t\t\t<div class=\"elementor-element elementor-element-28e9a417 elementor-view-default elementor-widget elementor-widget-icon\" data-id=\"28e9a417\" data-element_type=\"widget\" data-e-type=\"widget\" data-widget_type=\"icon.default\">\n\t\t\t\t<div class=\"elementor-widget-container\">\n\t\t\t\t\t\t\t<div class=\"elementor-icon-wrapper\">\n\t\t\t<div class=\"elementor-icon\">\n\t\t\t<svg aria-hidden=\"true\" class=\"e-font-icon-svg e-fas-concierge-bell\" viewBox=\"0 0 512 512\" xmlns=\"http:\/\/www.w3.org\/2000\/svg\"><path d=\"M288 130.54V112h16c8.84 0 16-7.16 16-16V80c0-8.84-7.16-16-16-16h-96c-8.84 0-16 7.16-16 16v16c0 8.84 7.16 16 16 16h16v18.54C115.49 146.11 32 239.18 32 352h448c0-112.82-83.49-205.89-192-221.46zM496 384H16c-8.84 0-16 7.16-16 16v32c0 8.84 7.16 16 16 16h480c8.84 0 16-7.16 16-16v-32c0-8.84-7.16-16-16-16z\"><\/path><\/svg>\t\t\t<\/div>\n\t\t<\/div>\n\t\t\t\t\t\t<\/div>\n\t\t\t\t<\/div>\n\t\t\t\t<div class=\"elementor-element elementor-element-6f941902 elementor-widget elementor-widget-heading\" data-id=\"6f941902\" data-element_type=\"widget\" data-e-type=\"widget\" data-widget_type=\"heading.default\">\n\t\t\t\t<div class=\"elementor-widget-container\">\n\t\t\t\t\t<h3 class=\"elementor-heading-title elementor-size-default\">Flexibler Check-in<\/h3>\t\t\t\t<\/div>\n\t\t\t\t<\/div>\n\t\t\t\t<div class=\"elementor-element elementor-element-4f470768 elementor-widget elementor-widget-text-editor\" data-id=\"4f470768\" data-element_type=\"widget\" data-e-type=\"widget\" data-widget_type=\"text-editor.default\">\n\t\t\t\t<div class=\"elementor-widget-container\">\n\t\t\t\t\t\t\t\t\t<p data-start=\"263\" data-end=\"352\">Reisen Sie, wann es Ihnen passt \u2013 dank flexibler Check-in-Zeiten genie\u00dfen Sie mehr Freiheit.<\/p>\t\t\t\t\t\t\t\t<\/div>\n\t\t\t\t<\/div>\n\t\t\t\t<\/div>\n\t\t<div class=\"elementor-element elementor-element-429fb347 e-con-full e-flex e-con e-child\" data-id=\"429fb347\" data-element_type=\"container\" data-e-type=\"container\">\n\t\t\t\t<div class=\"elementor-element elementor-element-5204384d elementor-view-default elementor-widget elementor-widget-icon\" data-id=\"5204384d\" data-element_type=\"widget\" data-e-type=\"widget\" data-widget_type=\"icon.default\">\n\t\t\t\t<div class=\"elementor-widget-container\">\n\t\t\t\t\t\t\t<div class=\"elementor-icon-wrapper\">\n\t\t\t<div class=\"elementor-icon\">\n\t\t\t<svg aria-hidden=\"true\" class=\"e-font-icon-svg e-far-calendar-times\" viewBox=\"0 0 448 512\" xmlns=\"http:\/\/www.w3.org\/2000\/svg\"><path d=\"M311.7 374.7l-17 17c-4.7 4.7-12.3 4.7-17 0L224 337.9l-53.7 53.7c-4.7 4.7-12.3 4.7-17 0l-17-17c-4.7-4.7-4.7-12.3 0-17l53.7-53.7-53.7-53.7c-4.7-4.7-4.7-12.3 0-17l17-17c4.7-4.7 12.3-4.7 17 0l53.7 53.7 53.7-53.7c4.7-4.7 12.3-4.7 17 0l17 17c4.7 4.7 4.7 12.3 0 17L257.9 304l53.7 53.7c4.8 4.7 4.8 12.3.1 17zM448 112v352c0 26.5-21.5 48-48 48H48c-26.5 0-48-21.5-48-48V112c0-26.5 21.5-48 48-48h48V12c0-6.6 5.4-12 12-12h40c6.6 0 12 5.4 12 12v52h128V12c0-6.6 5.4-12 12-12h40c6.6 0 12 5.4 12 12v52h48c26.5 0 48 21.5 48 48zm-48 346V160H48v298c0 3.3 2.7 6 6 6h340c3.3 0 6-2.7 6-6z\"><\/path><\/svg>\t\t\t<\/div>\n\t\t<\/div>\n\t\t\t\t\t\t<\/div>\n\t\t\t\t<\/div>\n\t\t\t\t<div class=\"elementor-element elementor-element-328521c2 elementor-widget elementor-widget-heading\" data-id=\"328521c2\" data-element_type=\"widget\" data-e-type=\"widget\" data-widget_type=\"heading.default\">\n\t\t\t\t<div class=\"elementor-widget-container\">\n\t\t\t\t\t<h3 class=\"elementor-heading-title elementor-size-default\">Kostenlose Stornierung<\/h3>\t\t\t\t<\/div>\n\t\t\t\t<\/div>\n\t\t\t\t<div class=\"elementor-element elementor-element-7663886c elementor-widget elementor-widget-text-editor\" data-id=\"7663886c\" data-element_type=\"widget\" data-e-type=\"widget\" data-widget_type=\"text-editor.default\">\n\t\t\t\t<div class=\"elementor-widget-container\">\n\t\t\t\t\t\t\t\t\t<p data-start=\"90\" data-end=\"171\">Je nach Unterkunft k\u00f6nnen Sie bis zu 30 Tage vor Anreise kostenlos stornieren.<\/p>\t\t\t\t\t\t\t\t<\/div>\n\t\t\t\t<\/div>\n\t\t\t\t<\/div>\n\t\t\t\t<\/div>\n\t\t\t\t\t<\/div>\n\t\t\t\t<\/div>\n\t\t<div class=\"elementor-element elementor-element-68f85d81 e-flex e-con-boxed e-con e-parent\" data-id=\"68f85d81\" data-element_type=\"container\" data-e-type=\"container\">\n\t\t\t\t\t<div class=\"e-con-inner\">\n\t\t<div class=\"elementor-element elementor-element-76afd1f e-con-full e-flex e-con e-child\" data-id=\"76afd1f\" data-element_type=\"container\" data-e-type=\"container\">\n\t\t\t\t<div class=\"elementor-element elementor-element-8233eec elementor-widget elementor-widget-heading\" data-id=\"8233eec\" data-element_type=\"widget\" data-e-type=\"widget\" data-widget_type=\"heading.default\">\n\t\t\t\t<div class=\"elementor-widget-container\">\n\t\t\t\t\t<h2 class=\"elementor-heading-title elementor-size-default\">Suchen Sie ein Landhotel? Schauen Sie sich unsere Optionen an!  <\/h2>\t\t\t\t<\/div>\n\t\t\t\t<\/div>\n\t\t\t\t<div class=\"elementor-element elementor-element-631d592 elementor-widget elementor-widget-grid\" data-id=\"631d592\" data-element_type=\"widget\" data-e-type=\"widget\" data-widget_type=\"grid.default\">\n\t\t\t\t<div class=\"elementor-widget-container\">\n\t\t\t\t\t\t\t<div class=\"its--row alojamientos-recomendados\">\n\n\t\t\t<div class=\"alojamientos-recomendados-container\">\n\n\t\t\t\t\t\n\t\t\t\t\t<a href=\"https:\/\/rentallorca.com\/de\/vermietung\/ferienwohnung-petra-ah0002-apartamento-son-calo-b-504152.html\" rel=\"nofollow\" style=\"width: 32%;\">\n\t\t\t\t\t\t<div class=\"apartamento-box\">\n\t\t\t\t\t\t\t<div class=\"imagen_recomendados\">\n\t\t\t\t\t\t\t\t<img decoding=\"async\" src=\"https:\/\/crs.avantio.com\/fotos\/2\/17277961446dacc8be1902835c326ed62a9cc2a0a2\/big172779615576397b0e10af3c9655dc000120d647da.jpg\" alt=\"Apartamento Son Calo B by Rentallorca\">\n\t\t\t\t\t\t\t<\/div>\n\t\t\t\t\t\t\t<div class=\"info\">\n\t\t\t\t\t\t\t\t<div class=\"ubicacion\">\n\t\t\t\t\t\t\t\t\t<i class=\"fa-solid fa-location-dot icono-mapa\"><\/i><span class=\"ubicacion-texto\">Petra - Mallorca<\/span>\n\t\t\t\t\t\t\t\t<\/div>\n\t\t\t\t\t\t\t\t<H4 class=\"titulo-alojamiento\">\n\t\t\t\t\t\t\t\t\tApartamento Son Calo B by Rentallorca\t\t\t\t\t\t\t\t<\/H4>\n\t\t\t\t\t\t\t\t<p class=\"precio-alojamiento\">Aus <span class=\"precio\">79.80\u20ac<\/span> pro Nacht<\/p>\n\t\t\t\t\t\t\t<\/div>\n\t\t\t\t\t\t<\/div>\n\t\t\t\t\t<\/a> \n\t\t\t\t\t\t\n\t\t\t\t\t<a href=\"https:\/\/rentallorca.com\/de\/vermietung\/ferienwohnung-petra-ah0004-apartamento-son-calo-e-504626.html\" rel=\"nofollow\" style=\"width: 32%;\">\n\t\t\t\t\t\t<div class=\"apartamento-box\">\n\t\t\t\t\t\t\t<div class=\"imagen_recomendados\">\n\t\t\t\t\t\t\t\t<img decoding=\"async\" src=\"https:\/\/crs.avantio.com\/fotos\/3\/1728488335f21fa21c2ffe529a9914c2a062d7fde3\/big17284883429c6672ef4fcd569df30e54edf622d25a.jpg\" alt=\" Apartamento Son Calo E by Rentallorca\">\n\t\t\t\t\t\t\t<\/div>\n\t\t\t\t\t\t\t<div class=\"info\">\n\t\t\t\t\t\t\t\t<div class=\"ubicacion\">\n\t\t\t\t\t\t\t\t\t<i class=\"fa-solid fa-location-dot icono-mapa\"><\/i><span class=\"ubicacion-texto\">Petra - Mallorca<\/span>\n\t\t\t\t\t\t\t\t<\/div>\n\t\t\t\t\t\t\t\t<H4 class=\"titulo-alojamiento\">\n\t\t\t\t\t\t\t\t\t Apartamento Son Calo E by Rentallorca\t\t\t\t\t\t\t\t<\/H4>\n\t\t\t\t\t\t\t\t<p class=\"precio-alojamiento\">Aus <span class=\"precio\">79.80\u20ac<\/span> pro Nacht<\/p>\n\t\t\t\t\t\t\t<\/div>\n\t\t\t\t\t\t<\/div>\n\t\t\t\t\t<\/a> \n\t\t\t\t\t\t\n\t\t\t\t\t<a href=\"https:\/\/rentallorca.com\/de\/vermietung\/ferienwohnung-petra-ah0001-apartamento-son-calo-a-507006.html\" rel=\"nofollow\" style=\"width: 32%;\">\n\t\t\t\t\t\t<div class=\"apartamento-box\">\n\t\t\t\t\t\t\t<div class=\"imagen_recomendados\">\n\t\t\t\t\t\t\t\t<img decoding=\"async\" src=\"https:\/\/crs.avantio.com\/fotos\/3\/1730276964ced2fd58b66d04ebac860b596dee40a8\/big17302769650b8f23c250b6143349a1872e57f00069.jpg\" alt=\"Apartamento Son Calo A by Rentallorca\">\n\t\t\t\t\t\t\t<\/div>\n\t\t\t\t\t\t\t<div class=\"info\">\n\t\t\t\t\t\t\t\t<div class=\"ubicacion\">\n\t\t\t\t\t\t\t\t\t<i class=\"fa-solid fa-location-dot icono-mapa\"><\/i><span class=\"ubicacion-texto\">Petra - Mallorca<\/span>\n\t\t\t\t\t\t\t\t<\/div>\n\t\t\t\t\t\t\t\t<H4 class=\"titulo-alojamiento\">\n\t\t\t\t\t\t\t\t\tApartamento Son Calo A by Rentallorca\t\t\t\t\t\t\t\t<\/H4>\n\t\t\t\t\t\t\t\t<p class=\"precio-alojamiento\">Aus <span class=\"precio\">79.80\u20ac<\/span> pro Nacht<\/p>\n\t\t\t\t\t\t\t<\/div>\n\t\t\t\t\t\t<\/div>\n\t\t\t\t\t<\/a> \n\t\t\t\t\t\t\t\t<\/div>\n\t\t\t<\/div>\n\t\t\t\t\t\t<\/div>\n\t\t\t\t<\/div>\n\t\t\t\t<div class=\"elementor-element elementor-element-8f3b86d elementor-align-right elementor-widget elementor-widget-button\" data-id=\"8f3b86d\" data-element_type=\"widget\" data-e-type=\"widget\" data-widget_type=\"button.default\">\n\t\t\t\t<div class=\"elementor-widget-container\">\n\t\t\t\t\t\t\t\t\t<div class=\"elementor-button-wrapper\">\n\t\t\t\t\t<a class=\"elementor-button elementor-button-link elementor-size-sm\" href=\"https:\/\/rentallorca.com\/de\/hotels-mallorca-inland\/\">\n\t\t\t\t\t\t<span class=\"elementor-button-content-wrapper\">\n\t\t\t\t\t\t\t\t\t<span class=\"elementor-button-text\">JETZT BUCHEN<\/span>\n\t\t\t\t\t<\/span>\n\t\t\t\t\t<\/a>\n\t\t\t\t<\/div>\n\t\t\t\t\t\t\t\t<\/div>\n\t\t\t\t<\/div>\n\t\t\t\t<div class=\"elementor-element elementor-element-f17cb43 elementor-widget elementor-widget-spacer\" data-id=\"f17cb43\" data-element_type=\"widget\" data-e-type=\"widget\" data-widget_type=\"spacer.default\">\n\t\t\t\t<div class=\"elementor-widget-container\">\n\t\t\t\t\t\t\t<div class=\"elementor-spacer\">\n\t\t\t<div class=\"elementor-spacer-inner\"><\/div>\n\t\t<\/div>\n\t\t\t\t\t\t<\/div>\n\t\t\t\t<\/div>\n\t\t\t\t<\/div>\n\t\t\t\t\t<\/div>\n\t\t\t\t<\/div>\n\t\t<div class=\"elementor-element elementor-element-9f344bc e-flex e-con-boxed e-con e-parent\" data-id=\"9f344bc\" data-element_type=\"container\" data-e-type=\"container\">\n\t\t\t\t\t<div class=\"e-con-inner\">\n\t\t<div class=\"elementor-element elementor-element-5dbaae33 e-con-full e-flex e-con e-child\" data-id=\"5dbaae33\" data-element_type=\"container\" data-e-type=\"container\">\n\t\t\t\t<div class=\"elementor-element elementor-element-2dfca314 elementor-widget__width-initial elementor-widget elementor-widget-heading\" data-id=\"2dfca314\" data-element_type=\"widget\" data-e-type=\"widget\" data-widget_type=\"heading.default\">\n\t\t\t\t<div class=\"elementor-widget-container\">\n\t\t\t\t\t<h2 class=\"elementor-heading-title elementor-size-default\">Historisches Stadtzentrum<\/h2>\t\t\t\t<\/div>\n\t\t\t\t<\/div>\n\t\t\t\t<div class=\"elementor-element elementor-element-1b0db2 elementor-widget elementor-widget-text-editor\" data-id=\"1b0db2\" data-element_type=\"widget\" data-e-type=\"widget\" data-widget_type=\"text-editor.default\">\n\t\t\t\t<div class=\"elementor-widget-container\">\n\t\t\t\t\t\t\t\t\t<p>Das traditionelle Stadtzentrum von Maria de la Salut ist ideal f\u00fcr G\u00e4ste eines Ferienhaus Maria de la Salut, die Ruhe und Authentizit\u00e4t suchen. Enge Gassen, Steinh\u00e4user und charmante Pl\u00e4tze laden zu Spazierg\u00e4ngen ein und lassen die Essenz des Ortes entdecken. Jede Ecke spiegelt das l\u00e4ndliche Mallorca wider. Das Erkunden des historischen Zentrums bereichert jeden Aufenthalt in einem Ferienhaus Maria de la Salut und sorgt f\u00fcr ein unvergessliches Erlebnis.    <\/p>\t\t\t\t\t\t\t\t<\/div>\n\t\t\t\t<\/div>\n\t\t\t\t<\/div>\n\t\t<div class=\"elementor-element elementor-element-8654bd1 e-con-full e-flex e-con e-child\" data-id=\"8654bd1\" data-element_type=\"container\" data-e-type=\"container\">\n\t\t\t\t<div class=\"elementor-element elementor-element-af1e19c elementor-widget__width-initial elementor-widget elementor-widget-heading\" data-id=\"af1e19c\" data-element_type=\"widget\" data-e-type=\"widget\" data-widget_type=\"heading.default\">\n\t\t\t\t<div class=\"elementor-widget-container\">\n\t\t\t\t\t<h2 class=\"elementor-heading-title elementor-size-default\">Pfarrkirche Maria de la Salut<\/h2>\t\t\t\t<\/div>\n\t\t\t\t<\/div>\n\t\t\t\t<div class=\"elementor-element elementor-element-80621b5 elementor-widget elementor-widget-text-editor\" data-id=\"80621b5\" data-element_type=\"widget\" data-e-type=\"widget\" data-widget_type=\"text-editor.default\">\n\t\t\t\t<div class=\"elementor-widget-container\">\n\t\t\t\t\t\t\t\t\t<p>Die Pfarrkirche von Maria de la Salut, erbaut im 19. Jahrhundert, ist ein Muss f\u00fcr G\u00e4ste eines Ferienhaus Maria de la Salut. Ihre schlichte Architektur und die zentrale Rolle im Gemeindeleben zeigen die Geschichte und Traditionen des Ortes. Der Besuch von Veranstaltungen oder das Bewundern der Fassade bereichern jeden Aufenthalt. Ein Besuch der Kirche w\u00e4hrend eines Ferienhaus Maria de la Salut Aufenthalts vermittelt Einblicke in die lokale Kultur und Spiritualit\u00e4t.    <\/p>\t\t\t\t\t\t\t\t<\/div>\n\t\t\t\t<\/div>\n\t\t\t\t<\/div>\n\t\t<div class=\"elementor-element elementor-element-c052035 e-con-full e-flex e-con e-child\" data-id=\"c052035\" data-element_type=\"container\" data-e-type=\"container\">\n\t\t\t\t<div class=\"elementor-element elementor-element-74fbe8f elementor-widget__width-initial elementor-widget elementor-widget-heading\" data-id=\"74fbe8f\" data-element_type=\"widget\" data-e-type=\"widget\" data-widget_type=\"heading.default\">\n\t\t\t\t<div class=\"elementor-widget-container\">\n\t\t\t\t\t<h2 class=\"elementor-heading-title elementor-size-default\">Wochenmarkt\n<\/h2>\t\t\t\t<\/div>\n\t\t\t\t<\/div>\n\t\t\t\t<div class=\"elementor-element elementor-element-c46486e elementor-widget elementor-widget-text-editor\" data-id=\"c46486e\" data-element_type=\"widget\" data-e-type=\"widget\" data-widget_type=\"text-editor.default\">\n\t\t\t\t<div class=\"elementor-widget-container\">\n\t\t\t\t\t\t\t\t\t<p>Der Wochenmarkt in Maria de la Salut, besonders donnerstags, ist ein H\u00f6hepunkt f\u00fcr alle G\u00e4ste eines Ferienhaus Maria de la Salut. Frische Produkte, lokale Handwerkskunst und typische mallorquinische Spezialit\u00e4ten warten auf Besucher. Gleichzeitig ist der Markt ein Treffpunkt f\u00fcr Einheimische und Besucher, der authentische Einblicke in das Dorfleben bietet. Ein Besuch des Marktes bereichert jeden Aufenthalt im Ferienhaus Maria de la Salut mit Kultur, Geschmackserlebnissen und lebendiger Atmosph\u00e4re.    <\/p>\t\t\t\t\t\t\t\t<\/div>\n\t\t\t\t<\/div>\n\t\t\t\t<\/div>\n\t\t\t\t\t<\/div>\n\t\t\t\t<\/div>\n\t\t<div class=\"elementor-element elementor-element-40c8416c e-flex e-con-boxed e-con e-parent\" data-id=\"40c8416c\" data-element_type=\"container\" data-e-type=\"container\">\n\t\t\t\t\t<div class=\"e-con-inner\">\n\t\t\t\t<div class=\"elementor-element elementor-element-42289ae0 elementor-widget elementor-widget-loop-carousel\" data-id=\"42289ae0\" data-element_type=\"widget\" data-e-type=\"widget\" data-settings=\"{&quot;template_id&quot;:2081,&quot;_skin&quot;:&quot;post&quot;,&quot;slides_to_show&quot;:&quot;3&quot;,&quot;slides_to_show_tablet&quot;:&quot;2&quot;,&quot;slides_to_show_mobile&quot;:&quot;1&quot;,&quot;slides_to_scroll&quot;:&quot;1&quot;,&quot;edit_handle_selector&quot;:&quot;.elementor-loop-container&quot;,&quot;autoplay&quot;:&quot;yes&quot;,&quot;autoplay_speed&quot;:5000,&quot;pause_on_hover&quot;:&quot;yes&quot;,&quot;pause_on_interaction&quot;:&quot;yes&quot;,&quot;infinite&quot;:&quot;yes&quot;,&quot;speed&quot;:500,&quot;offset_sides&quot;:&quot;none&quot;,&quot;image_spacing_custom&quot;:{&quot;unit&quot;:&quot;px&quot;,&quot;size&quot;:10,&quot;sizes&quot;:[]},&quot;image_spacing_custom_tablet&quot;:{&quot;unit&quot;:&quot;px&quot;,&quot;size&quot;:&quot;&quot;,&quot;sizes&quot;:[]},&quot;image_spacing_custom_mobile&quot;:{&quot;unit&quot;:&quot;px&quot;,&quot;size&quot;:&quot;&quot;,&quot;sizes&quot;:[]}}\" data-widget_type=\"loop-carousel.post\">\n\t\t\t\t<div class=\"elementor-widget-container\">\n\t\t\t\t\t\t\t<div class=\"e-loop-nothing-found-message\">\n\t\t<\/div>\n\t\t\t\t\t\t<\/div>\n\t\t\t\t<\/div>\n\t\t\t\t\t<\/div>\n\t\t\t\t<\/div>\n\t\t<div class=\"elementor-element elementor-element-4486fe9c elementor-hidden-mobile e-flex e-con-boxed e-con e-parent\" data-id=\"4486fe9c\" data-element_type=\"container\" data-e-type=\"container\">\n\t\t\t\t\t<div class=\"e-con-inner\">\n\t\t\t\t<div class=\"elementor-element elementor-element-6b31d82b elementor-widget elementor-widget-spacer\" data-id=\"6b31d82b\" data-element_type=\"widget\" data-e-type=\"widget\" data-widget_type=\"spacer.default\">\n\t\t\t\t<div class=\"elementor-widget-container\">\n\t\t\t\t\t\t\t<div class=\"elementor-spacer\">\n\t\t\t<div class=\"elementor-spacer-inner\"><\/div>\n\t\t<\/div>\n\t\t\t\t\t\t<\/div>\n\t\t\t\t<\/div>\n\t\t\t\t\t<\/div>\n\t\t\t\t<\/div>\n\t\t\t\t<\/div>\n\t\t","protected":false},"excerpt":{"rendered":"<p>Buchen Sie eine Ferienhaus Maria de la Salut Suchst du einen ruhigeren Ort auf der Insel? Bleib im Inland. Finde das beste Ferienhaus Maria de la Salut auf Rentallorca. + INFO Maria de la salut &#8211; Mallorca Son Guillotet by Rentallorca Desde 238.26\u20ac por noche Maria de la salut &#8211; Mallorca Ses Cases Noves by [&hellip;]<\/p>\n","protected":false},"author":2,"featured_media":3128,"parent":0,"menu_order":0,"comment_status":"open","ping_status":"open","template":"","meta":{"footnotes":""},"class_list":["post-3216","page","type-page","status-publish","has-post-thumbnail","hentry"],"yoast_head":"<!-- This site is optimized with the Yoast SEO plugin v27.5 - https:\/\/yoast.com\/product\/yoast-seo-wordpress\/ -->\n<title>Buchen Sie eine Ferienhaus Maria de la Salut | Rentallorca<\/title>\n<meta name=\"description\" content=\"Suchst du einen ruhigeren Ort auf der Insel? Bleib im Inland. Finde das beste Ferienhaus Maria de la Salut auf Rentallorca.\" \/>\n<meta name=\"robots\" content=\"index, follow, max-snippet:-1, max-image-preview:large, max-video-preview:-1\" \/>\n<link rel=\"canonical\" href=\"https:\/\/rentallorca.com\/blog\/de\/ferienhaus-maria-de-la-salut\/\" \/>\n<meta property=\"og:locale\" content=\"de_DE\" \/>\n<meta property=\"og:type\" content=\"article\" \/>\n<meta property=\"og:title\" content=\"Buchen Sie eine Ferienhaus Maria de la Salut | Rentallorca\" \/>\n<meta property=\"og:description\" content=\"Suchst du einen ruhigeren Ort auf der Insel? Bleib im Inland. Finde das beste Ferienhaus Maria de la Salut auf Rentallorca.\" \/>\n<meta property=\"og:url\" content=\"https:\/\/rentallorca.com\/blog\/de\/ferienhaus-maria-de-la-salut\/\" \/>\n<meta property=\"og:site_name\" content=\"Blog\" \/>\n<meta property=\"article:published_time\" content=\"2025-12-04T09:19:58+00:00\" \/>\n<meta property=\"article:modified_time\" content=\"2025-12-04T12:42:23+00:00\" \/>\n<meta property=\"og:image\" content=\"https:\/\/rentallorca.com\/blog\/wp-content\/uploads\/2025\/12\/alquiler-vacacional-maria-de-la-salut.webp\" \/>\n\t<meta property=\"og:image:width\" content=\"800\" \/>\n\t<meta property=\"og:image:height\" content=\"800\" \/>\n\t<meta property=\"og:image:type\" content=\"image\/webp\" \/>\n<meta name=\"author\" content=\"digitalservices\" \/>\n<meta name=\"twitter:card\" content=\"summary_large_image\" \/>\n<meta name=\"twitter:label1\" content=\"Written by\" \/>\n\t<meta name=\"twitter:data1\" content=\"digitalservices\" \/>\n\t<meta name=\"twitter:label2\" content=\"Est. reading time\" \/>\n\t<meta name=\"twitter:data2\" content=\"4 minutes\" \/>\n<script type=\"application\/ld+json\" class=\"yoast-schema-graph\">{\"@context\":\"https:\\\/\\\/schema.org\",\"@graph\":[{\"@type\":\"Article\",\"@id\":\"https:\\\/\\\/rentallorca.com\\\/blog\\\/de\\\/ferienhaus-maria-de-la-salut\\\/#article\",\"isPartOf\":{\"@id\":\"https:\\\/\\\/rentallorca.com\\\/blog\\\/de\\\/ferienhaus-maria-de-la-salut\\\/\"},\"author\":{\"name\":\"digitalservices\",\"@id\":\"https:\\\/\\\/rentallorca.com\\\/blog\\\/de\\\/#\\\/schema\\\/person\\\/52fc00dd86d9c81282a034a332134bc2\"},\"headline\":\"Buchen Sie eine Ferienhaus Maria de la Salut\",\"datePublished\":\"2025-12-04T09:19:58+00:00\",\"dateModified\":\"2025-12-04T12:42:23+00:00\",\"mainEntityOfPage\":{\"@id\":\"https:\\\/\\\/rentallorca.com\\\/blog\\\/de\\\/ferienhaus-maria-de-la-salut\\\/\"},\"wordCount\":391,\"commentCount\":0,\"image\":{\"@id\":\"https:\\\/\\\/rentallorca.com\\\/blog\\\/de\\\/ferienhaus-maria-de-la-salut\\\/#primaryimage\"},\"thumbnailUrl\":\"https:\\\/\\\/rentallorca.com\\\/blog\\\/wp-content\\\/uploads\\\/2025\\\/12\\\/alquiler-vacacional-maria-de-la-salut.webp\",\"articleSection\":[\"Unterk\u00fcnfte\"],\"inLanguage\":\"de\",\"potentialAction\":[{\"@type\":\"CommentAction\",\"name\":\"Comment\",\"target\":[\"https:\\\/\\\/rentallorca.com\\\/blog\\\/de\\\/ferienhaus-maria-de-la-salut\\\/#respond\"]}]},{\"@type\":\"WebPage\",\"@id\":\"https:\\\/\\\/rentallorca.com\\\/blog\\\/de\\\/ferienhaus-maria-de-la-salut\\\/\",\"url\":\"https:\\\/\\\/rentallorca.com\\\/blog\\\/de\\\/ferienhaus-maria-de-la-salut\\\/\",\"name\":\"Buchen Sie eine Ferienhaus Maria de la Salut | Rentallorca\",\"isPartOf\":{\"@id\":\"https:\\\/\\\/rentallorca.com\\\/blog\\\/de\\\/#website\"},\"primaryImageOfPage\":{\"@id\":\"https:\\\/\\\/rentallorca.com\\\/blog\\\/de\\\/ferienhaus-maria-de-la-salut\\\/#primaryimage\"},\"image\":{\"@id\":\"https:\\\/\\\/rentallorca.com\\\/blog\\\/de\\\/ferienhaus-maria-de-la-salut\\\/#primaryimage\"},\"thumbnailUrl\":\"https:\\\/\\\/rentallorca.com\\\/blog\\\/wp-content\\\/uploads\\\/2025\\\/12\\\/alquiler-vacacional-maria-de-la-salut.webp\",\"datePublished\":\"2025-12-04T09:19:58+00:00\",\"dateModified\":\"2025-12-04T12:42:23+00:00\",\"author\":{\"@id\":\"https:\\\/\\\/rentallorca.com\\\/blog\\\/de\\\/#\\\/schema\\\/person\\\/52fc00dd86d9c81282a034a332134bc2\"},\"description\":\"Suchst du einen ruhigeren Ort auf der Insel? Bleib im Inland. Finde das beste Ferienhaus Maria de la Salut auf Rentallorca.\",\"breadcrumb\":{\"@id\":\"https:\\\/\\\/rentallorca.com\\\/blog\\\/de\\\/ferienhaus-maria-de-la-salut\\\/#breadcrumb\"},\"inLanguage\":\"de\",\"potentialAction\":[{\"@type\":\"ReadAction\",\"target\":[\"https:\\\/\\\/rentallorca.com\\\/blog\\\/de\\\/ferienhaus-maria-de-la-salut\\\/\"]}]},{\"@type\":\"ImageObject\",\"inLanguage\":\"de\",\"@id\":\"https:\\\/\\\/rentallorca.com\\\/blog\\\/de\\\/ferienhaus-maria-de-la-salut\\\/#primaryimage\",\"url\":\"https:\\\/\\\/rentallorca.com\\\/blog\\\/wp-content\\\/uploads\\\/2025\\\/12\\\/alquiler-vacacional-maria-de-la-salut.webp\",\"contentUrl\":\"https:\\\/\\\/rentallorca.com\\\/blog\\\/wp-content\\\/uploads\\\/2025\\\/12\\\/alquiler-vacacional-maria-de-la-salut.webp\",\"width\":800,\"height\":800,\"caption\":\"Alquiler vacacional Maria de la Salut\"},{\"@type\":\"BreadcrumbList\",\"@id\":\"https:\\\/\\\/rentallorca.com\\\/blog\\\/de\\\/ferienhaus-maria-de-la-salut\\\/#breadcrumb\",\"itemListElement\":[{\"@type\":\"ListItem\",\"position\":1,\"name\":\"Home\",\"item\":\"https:\\\/\\\/rentallorca.com\\\/blog\\\/de\\\/\"},{\"@type\":\"ListItem\",\"position\":2,\"name\":\"Buchen Sie eine Ferienhaus Maria de la Salut\"}]},{\"@type\":\"WebSite\",\"@id\":\"https:\\\/\\\/rentallorca.com\\\/blog\\\/de\\\/#website\",\"url\":\"https:\\\/\\\/rentallorca.com\\\/blog\\\/de\\\/\",\"name\":\"Blog\",\"description\":\"Rentallorca\",\"potentialAction\":[{\"@type\":\"SearchAction\",\"target\":{\"@type\":\"EntryPoint\",\"urlTemplate\":\"https:\\\/\\\/rentallorca.com\\\/blog\\\/de\\\/?s={search_term_string}\"},\"query-input\":{\"@type\":\"PropertyValueSpecification\",\"valueRequired\":true,\"valueName\":\"search_term_string\"}}],\"inLanguage\":\"de\"},{\"@type\":\"Person\",\"@id\":\"https:\\\/\\\/rentallorca.com\\\/blog\\\/de\\\/#\\\/schema\\\/person\\\/52fc00dd86d9c81282a034a332134bc2\",\"name\":\"digitalservices\",\"image\":{\"@type\":\"ImageObject\",\"inLanguage\":\"de\",\"@id\":\"https:\\\/\\\/secure.gravatar.com\\\/avatar\\\/af30f88a1904294c1f3eb09a9d7903eec4ffa18fa2cf40c28a8681014ecdfc20?s=96&d=mm&r=g\",\"url\":\"https:\\\/\\\/secure.gravatar.com\\\/avatar\\\/af30f88a1904294c1f3eb09a9d7903eec4ffa18fa2cf40c28a8681014ecdfc20?s=96&d=mm&r=g\",\"contentUrl\":\"https:\\\/\\\/secure.gravatar.com\\\/avatar\\\/af30f88a1904294c1f3eb09a9d7903eec4ffa18fa2cf40c28a8681014ecdfc20?s=96&d=mm&r=g\",\"caption\":\"digitalservices\"},\"url\":\"https:\\\/\\\/rentallorca.com\\\/blog\\\/de\\\/author\\\/digitalservices\\\/\"}]}<\/script>\n<!-- \/ Yoast SEO plugin. -->","yoast_head_json":{"title":"Buchen Sie eine Ferienhaus Maria de la Salut | Rentallorca","description":"Suchst du einen ruhigeren Ort auf der Insel? Bleib im Inland. Finde das beste Ferienhaus Maria de la Salut auf Rentallorca.","robots":{"index":"index","follow":"follow","max-snippet":"max-snippet:-1","max-image-preview":"max-image-preview:large","max-video-preview":"max-video-preview:-1"},"canonical":"https:\/\/rentallorca.com\/blog\/de\/ferienhaus-maria-de-la-salut\/","og_locale":"de_DE","og_type":"article","og_title":"Buchen Sie eine Ferienhaus Maria de la Salut | Rentallorca","og_description":"Suchst du einen ruhigeren Ort auf der Insel? Bleib im Inland. Finde das beste Ferienhaus Maria de la Salut auf Rentallorca.","og_url":"https:\/\/rentallorca.com\/blog\/de\/ferienhaus-maria-de-la-salut\/","og_site_name":"Blog","article_published_time":"2025-12-04T09:19:58+00:00","article_modified_time":"2025-12-04T12:42:23+00:00","og_image":[{"width":800,"height":800,"url":"https:\/\/rentallorca.com\/blog\/wp-content\/uploads\/2025\/12\/alquiler-vacacional-maria-de-la-salut.webp","type":"image\/webp"}],"author":"digitalservices","twitter_card":"summary_large_image","twitter_misc":{"Written by":"digitalservices","Est. reading time":"4 minutes"},"schema":{"@context":"https:\/\/schema.org","@graph":[{"@type":"Article","@id":"https:\/\/rentallorca.com\/blog\/de\/ferienhaus-maria-de-la-salut\/#article","isPartOf":{"@id":"https:\/\/rentallorca.com\/blog\/de\/ferienhaus-maria-de-la-salut\/"},"author":{"name":"digitalservices","@id":"https:\/\/rentallorca.com\/blog\/de\/#\/schema\/person\/52fc00dd86d9c81282a034a332134bc2"},"headline":"Buchen Sie eine Ferienhaus Maria de la Salut","datePublished":"2025-12-04T09:19:58+00:00","dateModified":"2025-12-04T12:42:23+00:00","mainEntityOfPage":{"@id":"https:\/\/rentallorca.com\/blog\/de\/ferienhaus-maria-de-la-salut\/"},"wordCount":391,"commentCount":0,"image":{"@id":"https:\/\/rentallorca.com\/blog\/de\/ferienhaus-maria-de-la-salut\/#primaryimage"},"thumbnailUrl":"https:\/\/rentallorca.com\/blog\/wp-content\/uploads\/2025\/12\/alquiler-vacacional-maria-de-la-salut.webp","articleSection":["Unterk\u00fcnfte"],"inLanguage":"de","potentialAction":[{"@type":"CommentAction","name":"Comment","target":["https:\/\/rentallorca.com\/blog\/de\/ferienhaus-maria-de-la-salut\/#respond"]}]},{"@type":"WebPage","@id":"https:\/\/rentallorca.com\/blog\/de\/ferienhaus-maria-de-la-salut\/","url":"https:\/\/rentallorca.com\/blog\/de\/ferienhaus-maria-de-la-salut\/","name":"Buchen Sie eine Ferienhaus Maria de la Salut | Rentallorca","isPartOf":{"@id":"https:\/\/rentallorca.com\/blog\/de\/#website"},"primaryImageOfPage":{"@id":"https:\/\/rentallorca.com\/blog\/de\/ferienhaus-maria-de-la-salut\/#primaryimage"},"image":{"@id":"https:\/\/rentallorca.com\/blog\/de\/ferienhaus-maria-de-la-salut\/#primaryimage"},"thumbnailUrl":"https:\/\/rentallorca.com\/blog\/wp-content\/uploads\/2025\/12\/alquiler-vacacional-maria-de-la-salut.webp","datePublished":"2025-12-04T09:19:58+00:00","dateModified":"2025-12-04T12:42:23+00:00","author":{"@id":"https:\/\/rentallorca.com\/blog\/de\/#\/schema\/person\/52fc00dd86d9c81282a034a332134bc2"},"description":"Suchst du einen ruhigeren Ort auf der Insel? Bleib im Inland. Finde das beste Ferienhaus Maria de la Salut auf Rentallorca.","breadcrumb":{"@id":"https:\/\/rentallorca.com\/blog\/de\/ferienhaus-maria-de-la-salut\/#breadcrumb"},"inLanguage":"de","potentialAction":[{"@type":"ReadAction","target":["https:\/\/rentallorca.com\/blog\/de\/ferienhaus-maria-de-la-salut\/"]}]},{"@type":"ImageObject","inLanguage":"de","@id":"https:\/\/rentallorca.com\/blog\/de\/ferienhaus-maria-de-la-salut\/#primaryimage","url":"https:\/\/rentallorca.com\/blog\/wp-content\/uploads\/2025\/12\/alquiler-vacacional-maria-de-la-salut.webp","contentUrl":"https:\/\/rentallorca.com\/blog\/wp-content\/uploads\/2025\/12\/alquiler-vacacional-maria-de-la-salut.webp","width":800,"height":800,"caption":"Alquiler vacacional Maria de la Salut"},{"@type":"BreadcrumbList","@id":"https:\/\/rentallorca.com\/blog\/de\/ferienhaus-maria-de-la-salut\/#breadcrumb","itemListElement":[{"@type":"ListItem","position":1,"name":"Home","item":"https:\/\/rentallorca.com\/blog\/de\/"},{"@type":"ListItem","position":2,"name":"Buchen Sie eine Ferienhaus Maria de la Salut"}]},{"@type":"WebSite","@id":"https:\/\/rentallorca.com\/blog\/de\/#website","url":"https:\/\/rentallorca.com\/blog\/de\/","name":"Blog","description":"Rentallorca","potentialAction":[{"@type":"SearchAction","target":{"@type":"EntryPoint","urlTemplate":"https:\/\/rentallorca.com\/blog\/de\/?s={search_term_string}"},"query-input":{"@type":"PropertyValueSpecification","valueRequired":true,"valueName":"search_term_string"}}],"inLanguage":"de"},{"@type":"Person","@id":"https:\/\/rentallorca.com\/blog\/de\/#\/schema\/person\/52fc00dd86d9c81282a034a332134bc2","name":"digitalservices","image":{"@type":"ImageObject","inLanguage":"de","@id":"https:\/\/secure.gravatar.com\/avatar\/af30f88a1904294c1f3eb09a9d7903eec4ffa18fa2cf40c28a8681014ecdfc20?s=96&d=mm&r=g","url":"https:\/\/secure.gravatar.com\/avatar\/af30f88a1904294c1f3eb09a9d7903eec4ffa18fa2cf40c28a8681014ecdfc20?s=96&d=mm&r=g","contentUrl":"https:\/\/secure.gravatar.com\/avatar\/af30f88a1904294c1f3eb09a9d7903eec4ffa18fa2cf40c28a8681014ecdfc20?s=96&d=mm&r=g","caption":"digitalservices"},"url":"https:\/\/rentallorca.com\/blog\/de\/author\/digitalservices\/"}]}},"_links":{"self":[{"href":"https:\/\/rentallorca.com\/blog\/de\/wp-json\/wp\/v2\/pages\/3216","targetHints":{"allow":["GET"]}}],"collection":[{"href":"https:\/\/rentallorca.com\/blog\/de\/wp-json\/wp\/v2\/pages"}],"about":[{"href":"https:\/\/rentallorca.com\/blog\/de\/wp-json\/wp\/v2\/types\/page"}],"author":[{"embeddable":true,"href":"https:\/\/rentallorca.com\/blog\/de\/wp-json\/wp\/v2\/users\/2"}],"replies":[{"embeddable":true,"href":"https:\/\/rentallorca.com\/blog\/de\/wp-json\/wp\/v2\/comments?post=3216"}],"version-history":[{"count":4,"href":"https:\/\/rentallorca.com\/blog\/de\/wp-json\/wp\/v2\/pages\/3216\/revisions"}],"predecessor-version":[{"id":3249,"href":"https:\/\/rentallorca.com\/blog\/de\/wp-json\/wp\/v2\/pages\/3216\/revisions\/3249"}],"wp:featuredmedia":[{"embeddable":true,"href":"https:\/\/rentallorca.com\/blog\/de\/wp-json\/wp\/v2\/media\/3128"}],"wp:attachment":[{"href":"https:\/\/rentallorca.com\/blog\/de\/wp-json\/wp\/v2\/media?parent=3216"}],"curies":[{"name":"wp","href":"https:\/\/api.w.org\/{rel}","templated":true}]}}