{"id":197,"date":"2025-01-31T09:04:39","date_gmt":"2025-01-31T09:04:39","guid":{"rendered":"https:\/\/rentallorca.com\/blog\/tu-viaje-a-mallorca\/"},"modified":"2026-01-16T13:05:53","modified_gmt":"2026-01-16T13:05:53","slug":"tu-viaje-a-mallorca","status":"publish","type":"page","link":"https:\/\/rentallorca.com\/blog\/de\/","title":{"rendered":"Ihre Reise nach Mallorca"},"content":{"rendered":"\t\t<div data-elementor-type=\"wp-page\" data-elementor-id=\"197\" class=\"elementor elementor-197 elementor-38\" data-elementor-post-type=\"page\">\n\t\t\t\t\t\t<section class=\"elementor-section elementor-top-section elementor-element elementor-element-2e3290db elementor-section-boxed elementor-section-height-default elementor-section-height-default\" data-id=\"2e3290db\" data-element_type=\"section\" data-e-type=\"section\">\n\t\t\t\t\t\t<div class=\"elementor-container elementor-column-gap-default\">\n\t\t\t\t\t<div class=\"elementor-column elementor-col-100 elementor-top-column elementor-element elementor-element-a661a65\" data-id=\"a661a65\" data-element_type=\"column\" data-e-type=\"column\">\n\t\t\t<div class=\"elementor-widget-wrap elementor-element-populated\">\n\t\t\t\t\t\t<div class=\"elementor-element elementor-element-13047b20 elementor-widget elementor-widget-heading\" data-id=\"13047b20\" data-element_type=\"widget\" data-e-type=\"widget\" data-widget_type=\"heading.default\">\n\t\t\t\t<div class=\"elementor-widget-container\">\n\t\t\t\t\t<h1 class=\"elementor-heading-title elementor-size-default\">Ihre Reise nach Mallorca<\/h1>\t\t\t\t<\/div>\n\t\t\t\t<\/div>\n\t\t\t\t<div class=\"elementor-element elementor-element-1268751 elementor-widget elementor-widget-text-editor\" data-id=\"1268751\" data-element_type=\"widget\" data-e-type=\"widget\" data-widget_type=\"text-editor.default\">\n\t\t\t\t<div class=\"elementor-widget-container\">\n\t\t\t\t\t\t\t\t\t<p>Bereiten Sie Ihre<strong> Reise nach Mallorca<\/strong> durch unsere Artikel vor, in denen wir die malerischsten und charmantesten Orte der Insel erkunden. Von der Sch\u00f6nheit der K\u00fcsten von <strong>Alcudia <\/strong>und <strong>Pollensa <\/strong>bis hin zur Authentizit\u00e4t von <strong>Soller <\/strong>und <strong>Petra <\/strong>f\u00fchren wir Sie an Orte voller Geschichte, Natur und lokaler Gastronomie. Wenn Sie auf der Suche nach Inspirationen f\u00fcr Ihren n\u00e4chsten Urlaub sind, finden Sie hier Empfehlungen, was Sie sehen, wo Sie essen k\u00f6nnen und wie Sie das Beste aus diesem Mittelmeerparadies machen k\u00f6nnen.<\/p>\t\t\t\t\t\t\t\t<\/div>\n\t\t\t\t<\/div>\n\t\t\t\t<div class=\"elementor-element elementor-element-90ada80 elementor-widget elementor-widget-heading\" data-id=\"90ada80\" data-element_type=\"widget\" data-e-type=\"widget\" data-widget_type=\"heading.default\">\n\t\t\t\t<div class=\"elementor-widget-container\">\n\t\t\t\t\t<h2 class=\"elementor-heading-title elementor-size-default\">Entdecken Sie die Insel<\/h2>\t\t\t\t<\/div>\n\t\t\t\t<\/div>\n\t\t\t\t\t<\/div>\n\t\t<\/div>\n\t\t\t\t\t<\/div>\n\t\t<\/section>\n\t\t\t\t<section class=\"elementor-section elementor-top-section elementor-element elementor-element-6f7b6f08 elementor-section-boxed elementor-section-height-default elementor-section-height-default\" data-id=\"6f7b6f08\" data-element_type=\"section\" data-e-type=\"section\" data-settings=\"{&quot;background_background&quot;:&quot;classic&quot;}\">\n\t\t\t\t\t\t<div class=\"elementor-container elementor-column-gap-default\">\n\t\t\t\t\t<div class=\"elementor-column elementor-col-100 elementor-top-column elementor-element elementor-element-195d67f\" data-id=\"195d67f\" data-element_type=\"column\" data-e-type=\"column\">\n\t\t\t<div class=\"elementor-widget-wrap elementor-element-populated\">\n\t\t\t\t\t\t<div class=\"elementor-element elementor-element-43c54d1 elementor-widget__width-initial elementor-arrows-position-outside elementor-pagination-type-bullets elementor-pagination-position-outside elementor-widget elementor-widget-loop-carousel\" data-id=\"43c54d1\" data-element_type=\"widget\" data-e-type=\"widget\" data-settings=\"{&quot;template_id&quot;:1259,&quot;image_spacing_custom&quot;:{&quot;unit&quot;:&quot;px&quot;,&quot;size&quot;:&quot;&quot;,&quot;sizes&quot;:[]},&quot;_skin&quot;:&quot;post&quot;,&quot;slides_to_show&quot;:&quot;3&quot;,&quot;slides_to_show_tablet&quot;:&quot;2&quot;,&quot;slides_to_show_mobile&quot;:&quot;1&quot;,&quot;slides_to_scroll&quot;:&quot;1&quot;,&quot;edit_handle_selector&quot;:&quot;.elementor-loop-container&quot;,&quot;autoplay&quot;:&quot;yes&quot;,&quot;autoplay_speed&quot;:5000,&quot;pause_on_hover&quot;:&quot;yes&quot;,&quot;pause_on_interaction&quot;:&quot;yes&quot;,&quot;infinite&quot;:&quot;yes&quot;,&quot;speed&quot;:500,&quot;offset_sides&quot;:&quot;none&quot;,&quot;arrows&quot;:&quot;yes&quot;,&quot;pagination&quot;:&quot;bullets&quot;,&quot;image_spacing_custom_tablet&quot;:{&quot;unit&quot;:&quot;px&quot;,&quot;size&quot;:&quot;&quot;,&quot;sizes&quot;:[]},&quot;image_spacing_custom_mobile&quot;:{&quot;unit&quot;:&quot;px&quot;,&quot;size&quot;:&quot;&quot;,&quot;sizes&quot;:[]}}\" data-widget_type=\"loop-carousel.post\">\n\t\t\t\t<div class=\"elementor-widget-container\">\n\t\t\t\t\t\t\t<div class=\"swiper elementor-loop-container elementor-grid\" role=\"list\" dir=\"ltr\">\n\t\t\t\t<div class=\"swiper-wrapper\" aria-live=\"off\">\n\t\t<style id=\"loop-1259\">.elementor-1259 .elementor-element.elementor-element-e2cfd45{--display:flex;--flex-direction:row;--container-widget-width:initial;--container-widget-height:100%;--container-widget-flex-grow:1;--container-widget-align-self:stretch;--flex-wrap-mobile:wrap;}.elementor-widget-call-to-action .elementor-cta__title{font-family:var( --e-global-typography-primary-font-family ), Sans-serif;font-size:var( --e-global-typography-primary-font-size );font-weight:var( --e-global-typography-primary-font-weight );}.elementor-widget-call-to-action .elementor-cta__description{font-family:var( --e-global-typography-text-font-family ), Sans-serif;font-size:var( --e-global-typography-text-font-size );font-weight:var( --e-global-typography-text-font-weight );}.elementor-widget-call-to-action .elementor-cta__button{font-family:var( --e-global-typography-accent-font-family ), Sans-serif;font-weight:var( --e-global-typography-accent-font-weight );}.elementor-widget-call-to-action .elementor-ribbon-inner{background-color:var( --e-global-color-accent );font-family:var( --e-global-typography-accent-font-family ), Sans-serif;font-weight:var( --e-global-typography-accent-font-weight );}.elementor-1259 .elementor-element.elementor-element-ceea227 .elementor-cta__content{text-align:start;padding:070px 20px 30px 50px;}.elementor-1259 .elementor-element.elementor-element-ceea227 .elementor-cta__title{font-family:\"Quicksand\", Sans-serif;font-size:25px;font-weight:800;-webkit-text-stroke-width:0px;stroke-width:0px;-webkit-text-stroke-color:#FFFFFF;stroke:#FFFFFF;}.elementor-1259 .elementor-element.elementor-element-ceea227 .elementor-cta__title:not(:last-child){margin-bottom:20px;}.elementor-1259 .elementor-element.elementor-element-ceea227 .elementor-cta:not(:hover) .elementor-cta__bg-overlay{background-color:#0000006E;}.elementor-1259 .elementor-element.elementor-element-ceea227 .elementor-cta:hover .elementor-cta__bg{filter:brightness( 100% ) contrast( 100% ) saturate( 100% ) blur( 0px ) hue-rotate( 0deg );}.elementor-1259 .elementor-element.elementor-element-ceea227 .elementor-cta .elementor-cta__bg, .elementor-1259 .elementor-element.elementor-element-ceea227 .elementor-cta .elementor-cta__bg-overlay{transition-duration:1500ms;}.elementor-1259 .elementor-element.elementor-element-ceea227 > .elementor-widget-container{padding:0px 0px 0px 0px;border-radius:20px 20px 20px 20px;}.elementor-1259 .elementor-element.elementor-element-ceea227.elementor-element{--flex-grow:1;--flex-shrink:0;}@media(min-width:768px){.elementor-1259 .elementor-element.elementor-element-e2cfd45{--content-width:1440px;}}@media(max-width:1024px){.elementor-widget-call-to-action .elementor-cta__title{font-size:var( --e-global-typography-primary-font-size );}.elementor-widget-call-to-action .elementor-cta__description{font-size:var( --e-global-typography-text-font-size );}}@media(max-width:767px){.elementor-widget-call-to-action .elementor-cta__title{font-size:var( --e-global-typography-primary-font-size );}.elementor-widget-call-to-action .elementor-cta__description{font-size:var( --e-global-typography-text-font-size );}}<\/style>\t\t<div data-elementor-type=\"loop-item\" data-elementor-id=\"1259\" class=\"elementor elementor-1259 elementor-748 elementor-748 swiper-slide e-loop-item e-loop-item-4048 post-4048 post type-post status-publish format-standard has-post-thumbnail hentry category-reiseziele\" data-elementor-post-type=\"elementor_library\" role=\"group\" aria-roledescription=\"slide\" data-custom-edit-handle=\"1\">\n\t\t\t<div class=\"elementor-element elementor-element-e2cfd45 e-flex e-con-boxed e-con e-parent\" data-id=\"e2cfd45\" data-element_type=\"container\" data-e-type=\"container\">\n\t\t\t\t\t<div class=\"e-con-inner\">\n\t\t\t\t<div class=\"elementor-element elementor-element-ceea227 elementor-cta--skin-cover elementor-cta--valign-bottom elementor-bg-transform elementor-bg-transform-zoom-in elementor-widget elementor-widget-call-to-action\" data-id=\"ceea227\" data-element_type=\"widget\" data-e-type=\"widget\" data-widget_type=\"call-to-action.default\">\n\t\t\t\t<div class=\"elementor-widget-container\">\n\t\t\t\t\t\t\t<a class=\"elementor-cta\" href=\"https:\/\/rentallorca.com\/blog\/de\/was-tun-sant-llorenc-des-cardassar\/\">\n\t\t\t\t\t<div class=\"elementor-cta__bg-wrapper\">\n\t\t\t\t<div class=\"elementor-cta__bg elementor-bg\" style=\"background-image: url(https:\/\/rentallorca.com\/blog\/wp-content\/uploads\/2026\/04\/Sant-Llorenc-des-Cardassar.webp);\" role=\"img\" aria-label=\"Sant-Llorenc-des-Cardassar.webp\"><\/div>\n\t\t\t\t<div class=\"elementor-cta__bg-overlay\"><\/div>\n\t\t\t<\/div>\n\t\t\t\t\t\t\t<div class=\"elementor-cta__content\">\n\t\t\t\t\n\t\t\t\t\t\t\t\t\t<h2 class=\"elementor-cta__title elementor-cta__content-item elementor-content-item\">\n\t\t\t\t\t\tWas tun in Sant Lloren\u00e7 des Cardassar und warum es einen Besuch auf Mallorca wert ist\t\t\t\t\t<\/h2>\n\t\t\t\t\n\t\t\t\t\n\t\t\t\t\t\t\t<\/div>\n\t\t\t\t\t\t<\/a>\n\t\t\t\t\t\t<\/div>\n\t\t\t\t<\/div>\n\t\t\t\t\t<\/div>\n\t\t\t\t<\/div>\n\t\t\t\t<\/div>\n\t\t\t\t<div data-elementor-type=\"loop-item\" data-elementor-id=\"1259\" class=\"elementor elementor-1259 elementor-748 elementor-748 swiper-slide e-loop-item e-loop-item-4044 post-4044 post type-post status-publish format-standard has-post-thumbnail hentry category-mallorca-urlaub\" data-elementor-post-type=\"elementor_library\" role=\"group\" aria-roledescription=\"slide\" data-custom-edit-handle=\"1\">\n\t\t\t<div class=\"elementor-element elementor-element-e2cfd45 e-flex e-con-boxed e-con e-parent\" data-id=\"e2cfd45\" data-element_type=\"container\" data-e-type=\"container\">\n\t\t\t\t\t<div class=\"e-con-inner\">\n\t\t\t\t<div class=\"elementor-element elementor-element-ceea227 elementor-cta--skin-cover elementor-cta--valign-bottom elementor-bg-transform elementor-bg-transform-zoom-in elementor-widget elementor-widget-call-to-action\" data-id=\"ceea227\" data-element_type=\"widget\" data-e-type=\"widget\" data-widget_type=\"call-to-action.default\">\n\t\t\t\t<div class=\"elementor-widget-container\">\n\t\t\t\t\t\t\t<a class=\"elementor-cta\" href=\"https:\/\/rentallorca.com\/blog\/de\/mallorca-im-mai\/\">\n\t\t\t\t\t<div class=\"elementor-cta__bg-wrapper\">\n\t\t\t\t<div class=\"elementor-cta__bg elementor-bg\" style=\"background-image: url(https:\/\/rentallorca.com\/blog\/wp-content\/uploads\/2026\/04\/mallorca-en-mayo.jpg);\" role=\"img\" aria-label=\"mallorca-en-mayo.jpg\"><\/div>\n\t\t\t\t<div class=\"elementor-cta__bg-overlay\"><\/div>\n\t\t\t<\/div>\n\t\t\t\t\t\t\t<div class=\"elementor-cta__content\">\n\t\t\t\t\n\t\t\t\t\t\t\t\t\t<h2 class=\"elementor-cta__title elementor-cta__content-item elementor-content-item\">\n\t\t\t\t\t\tMallorca im Mai, der ideale Zeitpunkt, um die Insel in Ruhe zu genie\u00dfen\t\t\t\t\t<\/h2>\n\t\t\t\t\n\t\t\t\t\n\t\t\t\t\t\t\t<\/div>\n\t\t\t\t\t\t<\/a>\n\t\t\t\t\t\t<\/div>\n\t\t\t\t<\/div>\n\t\t\t\t\t<\/div>\n\t\t\t\t<\/div>\n\t\t\t\t<\/div>\n\t\t\t\t<div data-elementor-type=\"loop-item\" data-elementor-id=\"1259\" class=\"elementor elementor-1259 elementor-748 elementor-748 swiper-slide e-loop-item e-loop-item-3828 post-3828 post type-post status-publish format-standard has-post-thumbnail hentry category-mallorca-urlaub\" data-elementor-post-type=\"elementor_library\" role=\"group\" aria-roledescription=\"slide\" data-custom-edit-handle=\"1\">\n\t\t\t<div class=\"elementor-element elementor-element-e2cfd45 e-flex e-con-boxed e-con e-parent\" data-id=\"e2cfd45\" data-element_type=\"container\" data-e-type=\"container\">\n\t\t\t\t\t<div class=\"e-con-inner\">\n\t\t\t\t<div class=\"elementor-element elementor-element-ceea227 elementor-cta--skin-cover elementor-cta--valign-bottom elementor-bg-transform elementor-bg-transform-zoom-in elementor-widget elementor-widget-call-to-action\" data-id=\"ceea227\" data-element_type=\"widget\" data-e-type=\"widget\" data-widget_type=\"call-to-action.default\">\n\t\t\t\t<div class=\"elementor-widget-container\">\n\t\t\t\t\t\t\t<a class=\"elementor-cta\" href=\"https:\/\/rentallorca.com\/blog\/de\/mallorca-im-april\/\">\n\t\t\t\t\t<div class=\"elementor-cta__bg-wrapper\">\n\t\t\t\t<div class=\"elementor-cta__bg elementor-bg\" style=\"background-image: url(https:\/\/rentallorca.com\/blog\/wp-content\/uploads\/2026\/03\/mallorca-en-abril.jpg);\" role=\"img\" aria-label=\"mallorca-en-abril.jpg\"><\/div>\n\t\t\t\t<div class=\"elementor-cta__bg-overlay\"><\/div>\n\t\t\t<\/div>\n\t\t\t\t\t\t\t<div class=\"elementor-cta__content\">\n\t\t\t\t\n\t\t\t\t\t\t\t\t\t<h2 class=\"elementor-cta__title elementor-cta__content-item elementor-content-item\">\n\t\t\t\t\t\tWie ist das Wetter auf Mallorca im April? Entdecken Sie die besten Pl\u00e4ne, um die Insel zu genie\u00dfen\t\t\t\t\t<\/h2>\n\t\t\t\t\n\t\t\t\t\n\t\t\t\t\t\t\t<\/div>\n\t\t\t\t\t\t<\/a>\n\t\t\t\t\t\t<\/div>\n\t\t\t\t<\/div>\n\t\t\t\t\t<\/div>\n\t\t\t\t<\/div>\n\t\t\t\t<\/div>\n\t\t\t\t<div data-elementor-type=\"loop-item\" data-elementor-id=\"1259\" class=\"elementor elementor-1259 elementor-748 elementor-748 swiper-slide e-loop-item e-loop-item-3660 post-3660 post type-post status-publish format-standard has-post-thumbnail hentry category-mallorca-urlaub\" data-elementor-post-type=\"elementor_library\" role=\"group\" aria-roledescription=\"slide\" data-custom-edit-handle=\"1\">\n\t\t\t<div class=\"elementor-element elementor-element-e2cfd45 e-flex e-con-boxed e-con e-parent\" data-id=\"e2cfd45\" data-element_type=\"container\" data-e-type=\"container\">\n\t\t\t\t\t<div class=\"e-con-inner\">\n\t\t\t\t<div class=\"elementor-element elementor-element-ceea227 elementor-cta--skin-cover elementor-cta--valign-bottom elementor-bg-transform elementor-bg-transform-zoom-in elementor-widget elementor-widget-call-to-action\" data-id=\"ceea227\" data-element_type=\"widget\" data-e-type=\"widget\" data-widget_type=\"call-to-action.default\">\n\t\t\t\t<div class=\"elementor-widget-container\">\n\t\t\t\t\t\t\t<a class=\"elementor-cta\" href=\"https:\/\/rentallorca.com\/blog\/de\/mallorca-im-marz\/\">\n\t\t\t\t\t<div class=\"elementor-cta__bg-wrapper\">\n\t\t\t\t<div class=\"elementor-cta__bg elementor-bg\" style=\"background-image: url(https:\/\/rentallorca.com\/blog\/wp-content\/uploads\/2026\/02\/mallorca-marzo.jpg);\" role=\"img\" aria-label=\"mallorca marzo\"><\/div>\n\t\t\t\t<div class=\"elementor-cta__bg-overlay\"><\/div>\n\t\t\t<\/div>\n\t\t\t\t\t\t\t<div class=\"elementor-cta__content\">\n\t\t\t\t\n\t\t\t\t\t\t\t\t\t<h2 class=\"elementor-cta__title elementor-cta__content-item elementor-content-item\">\n\t\t\t\t\t\tMallorca im M\u00e4rz bietet gutes Wetter, Pl\u00e4ne und eine goldene Gelegenheit, die Insel zu besuchen\t\t\t\t\t<\/h2>\n\t\t\t\t\n\t\t\t\t\n\t\t\t\t\t\t\t<\/div>\n\t\t\t\t\t\t<\/a>\n\t\t\t\t\t\t<\/div>\n\t\t\t\t<\/div>\n\t\t\t\t\t<\/div>\n\t\t\t\t<\/div>\n\t\t\t\t<\/div>\n\t\t\t\t<div data-elementor-type=\"loop-item\" data-elementor-id=\"1259\" class=\"elementor elementor-1259 elementor-748 elementor-748 swiper-slide e-loop-item e-loop-item-3606 post-3606 post type-post status-publish format-standard has-post-thumbnail hentry category-mallorca-urlaub\" data-elementor-post-type=\"elementor_library\" role=\"group\" aria-roledescription=\"slide\" data-custom-edit-handle=\"1\">\n\t\t\t<div class=\"elementor-element elementor-element-e2cfd45 e-flex e-con-boxed e-con e-parent\" data-id=\"e2cfd45\" data-element_type=\"container\" data-e-type=\"container\">\n\t\t\t\t\t<div class=\"e-con-inner\">\n\t\t\t\t<div class=\"elementor-element elementor-element-ceea227 elementor-cta--skin-cover elementor-cta--valign-bottom elementor-bg-transform elementor-bg-transform-zoom-in elementor-widget elementor-widget-call-to-action\" data-id=\"ceea227\" data-element_type=\"widget\" data-e-type=\"widget\" data-widget_type=\"call-to-action.default\">\n\t\t\t\t<div class=\"elementor-widget-container\">\n\t\t\t\t\t\t\t<a class=\"elementor-cta\" href=\"https:\/\/rentallorca.com\/blog\/de\/mallorca-im-februar\/\">\n\t\t\t\t\t<div class=\"elementor-cta__bg-wrapper\">\n\t\t\t\t<div class=\"elementor-cta__bg elementor-bg\" style=\"background-image: url(https:\/\/rentallorca.com\/blog\/wp-content\/uploads\/2026\/01\/tiempo-mallorca-en-febrero.jpg);\" role=\"img\" aria-label=\"tiempo-mallorca-en-febrero\"><\/div>\n\t\t\t\t<div class=\"elementor-cta__bg-overlay\"><\/div>\n\t\t\t<\/div>\n\t\t\t\t\t\t\t<div class=\"elementor-cta__content\">\n\t\t\t\t\n\t\t\t\t\t\t\t\t\t<h2 class=\"elementor-cta__title elementor-cta__content-item elementor-content-item\">\n\t\t\t\t\t\tLohnt sich ein Besuch auf Mallorca im Februar? Die Antwort wird Sie vielleicht \u00fcberraschen\t\t\t\t\t<\/h2>\n\t\t\t\t\n\t\t\t\t\n\t\t\t\t\t\t\t<\/div>\n\t\t\t\t\t\t<\/a>\n\t\t\t\t\t\t<\/div>\n\t\t\t\t<\/div>\n\t\t\t\t\t<\/div>\n\t\t\t\t<\/div>\n\t\t\t\t<\/div>\n\t\t\t\t<div data-elementor-type=\"loop-item\" data-elementor-id=\"1259\" class=\"elementor elementor-1259 elementor-748 elementor-748 swiper-slide e-loop-item e-loop-item-3438 post-3438 post type-post status-publish format-standard has-post-thumbnail hentry category-mallorca-urlaub\" data-elementor-post-type=\"elementor_library\" role=\"group\" aria-roledescription=\"slide\" data-custom-edit-handle=\"1\">\n\t\t\t<div class=\"elementor-element elementor-element-e2cfd45 e-flex e-con-boxed e-con e-parent\" data-id=\"e2cfd45\" data-element_type=\"container\" data-e-type=\"container\">\n\t\t\t\t\t<div class=\"e-con-inner\">\n\t\t\t\t<div class=\"elementor-element elementor-element-ceea227 elementor-cta--skin-cover elementor-cta--valign-bottom elementor-bg-transform elementor-bg-transform-zoom-in elementor-widget elementor-widget-call-to-action\" data-id=\"ceea227\" data-element_type=\"widget\" data-e-type=\"widget\" data-widget_type=\"call-to-action.default\">\n\t\t\t\t<div class=\"elementor-widget-container\">\n\t\t\t\t\t\t\t<a class=\"elementor-cta\" href=\"https:\/\/rentallorca.com\/blog\/de\/mallorca-im-january\/\">\n\t\t\t\t\t<div class=\"elementor-cta__bg-wrapper\">\n\t\t\t\t<div class=\"elementor-cta__bg elementor-bg\" style=\"background-image: url(https:\/\/rentallorca.com\/blog\/wp-content\/uploads\/2025\/12\/visitar-Mallorca-en-enero.jpg);\" role=\"img\" aria-label=\"visitar-Mallorca-en-enero.jpg\"><\/div>\n\t\t\t\t<div class=\"elementor-cta__bg-overlay\"><\/div>\n\t\t\t<\/div>\n\t\t\t\t\t\t\t<div class=\"elementor-cta__content\">\n\t\t\t\t\n\t\t\t\t\t\t\t\t\t<h2 class=\"elementor-cta__title elementor-cta__content-item elementor-content-item\">\n\t\t\t\t\t\tHaben Sie schon einmal dar\u00fcber nachgedacht, Mallorca im Januar zu besuchen? Hier sind die Gr\u00fcnde daf\u00fcr!\t\t\t\t\t<\/h2>\n\t\t\t\t\n\t\t\t\t\n\t\t\t\t\t\t\t<\/div>\n\t\t\t\t\t\t<\/a>\n\t\t\t\t\t\t<\/div>\n\t\t\t\t<\/div>\n\t\t\t\t\t<\/div>\n\t\t\t\t<\/div>\n\t\t\t\t<\/div>\n\t\t\t\t<div data-elementor-type=\"loop-item\" data-elementor-id=\"1259\" class=\"elementor elementor-1259 elementor-748 elementor-748 swiper-slide e-loop-item e-loop-item-3434 post-3434 post type-post status-publish format-standard has-post-thumbnail hentry category-mallorca-urlaub\" data-elementor-post-type=\"elementor_library\" role=\"group\" aria-roledescription=\"slide\" data-custom-edit-handle=\"1\">\n\t\t\t<div class=\"elementor-element elementor-element-e2cfd45 e-flex e-con-boxed e-con e-parent\" data-id=\"e2cfd45\" data-element_type=\"container\" data-e-type=\"container\">\n\t\t\t\t\t<div class=\"e-con-inner\">\n\t\t\t\t<div class=\"elementor-element elementor-element-ceea227 elementor-cta--skin-cover elementor-cta--valign-bottom elementor-bg-transform elementor-bg-transform-zoom-in elementor-widget elementor-widget-call-to-action\" data-id=\"ceea227\" data-element_type=\"widget\" data-e-type=\"widget\" data-widget_type=\"call-to-action.default\">\n\t\t\t\t<div class=\"elementor-widget-container\">\n\t\t\t\t\t\t\t<a class=\"elementor-cta\" href=\"https:\/\/rentallorca.com\/blog\/de\/platja-son-serra-de-marina\/\">\n\t\t\t\t\t<div class=\"elementor-cta__bg-wrapper\">\n\t\t\t\t<div class=\"elementor-cta__bg elementor-bg\" style=\"background-image: url(https:\/\/rentallorca.com\/blog\/wp-content\/uploads\/2025\/12\/Playa-son-serra-de-marina-alcudia.jpg);\" role=\"img\" aria-label=\"Playa son serra de marina alcudia\"><\/div>\n\t\t\t\t<div class=\"elementor-cta__bg-overlay\"><\/div>\n\t\t\t<\/div>\n\t\t\t\t\t\t\t<div class=\"elementor-cta__content\">\n\t\t\t\t\n\t\t\t\t\t\t\t\t\t<h2 class=\"elementor-cta__title elementor-cta__content-item elementor-content-item\">\n\t\t\t\t\t\tBesuchen Sie die Platja Son Serra de Marina, Sie werden begeistert sein!\t\t\t\t\t<\/h2>\n\t\t\t\t\n\t\t\t\t\n\t\t\t\t\t\t\t<\/div>\n\t\t\t\t\t\t<\/a>\n\t\t\t\t\t\t<\/div>\n\t\t\t\t<\/div>\n\t\t\t\t\t<\/div>\n\t\t\t\t<\/div>\n\t\t\t\t<\/div>\n\t\t\t\t<div data-elementor-type=\"loop-item\" data-elementor-id=\"1259\" class=\"elementor elementor-1259 elementor-748 elementor-748 swiper-slide e-loop-item e-loop-item-2542 post-2542 post type-post status-publish format-standard has-post-thumbnail hentry category-mallorca-urlaub\" data-elementor-post-type=\"elementor_library\" role=\"group\" aria-roledescription=\"slide\" data-custom-edit-handle=\"1\">\n\t\t\t<div class=\"elementor-element elementor-element-e2cfd45 e-flex e-con-boxed e-con e-parent\" data-id=\"e2cfd45\" data-element_type=\"container\" data-e-type=\"container\">\n\t\t\t\t\t<div class=\"e-con-inner\">\n\t\t\t\t<div class=\"elementor-element elementor-element-ceea227 elementor-cta--skin-cover elementor-cta--valign-bottom elementor-bg-transform elementor-bg-transform-zoom-in elementor-widget elementor-widget-call-to-action\" data-id=\"ceea227\" data-element_type=\"widget\" data-e-type=\"widget\" data-widget_type=\"call-to-action.default\">\n\t\t\t\t<div class=\"elementor-widget-container\">\n\t\t\t\t\t\t\t<a class=\"elementor-cta\" href=\"https:\/\/rentallorca.com\/blog\/de\/puig-de-sant-marti\/\">\n\t\t\t\t\t<div class=\"elementor-cta__bg-wrapper\">\n\t\t\t\t<div class=\"elementor-cta__bg elementor-bg\" style=\"background-image: url(https:\/\/rentallorca.com\/blog\/wp-content\/uploads\/2025\/08\/Puig-de-Sant-Marti-puesta-de-sol-1.webp);\" role=\"img\" aria-label=\"Puig-de-Sant-Marti-puesta-de-sol\"><\/div>\n\t\t\t\t<div class=\"elementor-cta__bg-overlay\"><\/div>\n\t\t\t<\/div>\n\t\t\t\t\t\t\t<div class=\"elementor-cta__content\">\n\t\t\t\t\n\t\t\t\t\t\t\t\t\t<h2 class=\"elementor-cta__title elementor-cta__content-item elementor-content-item\">\n\t\t\t\t\t\tSind Sie noch nicht auf den Puig de Sant Mart\u00ed gestiegen? Erklimmen Sie seinen Gipfel und machen Sie eine traumhafte Route\t\t\t\t\t<\/h2>\n\t\t\t\t\n\t\t\t\t\n\t\t\t\t\t\t\t<\/div>\n\t\t\t\t\t\t<\/a>\n\t\t\t\t\t\t<\/div>\n\t\t\t\t<\/div>\n\t\t\t\t\t<\/div>\n\t\t\t\t<\/div>\n\t\t\t\t<\/div>\n\t\t\t\t<div data-elementor-type=\"loop-item\" data-elementor-id=\"1259\" class=\"elementor elementor-1259 elementor-748 elementor-748 swiper-slide e-loop-item e-loop-item-2540 post-2540 post type-post status-publish format-standard has-post-thumbnail hentry category-mallorca-urlaub\" data-elementor-post-type=\"elementor_library\" role=\"group\" aria-roledescription=\"slide\" data-custom-edit-handle=\"1\">\n\t\t\t<div class=\"elementor-element elementor-element-e2cfd45 e-flex e-con-boxed e-con e-parent\" data-id=\"e2cfd45\" data-element_type=\"container\" data-e-type=\"container\">\n\t\t\t\t\t<div class=\"e-con-inner\">\n\t\t\t\t<div class=\"elementor-element elementor-element-ceea227 elementor-cta--skin-cover elementor-cta--valign-bottom elementor-bg-transform elementor-bg-transform-zoom-in elementor-widget elementor-widget-call-to-action\" data-id=\"ceea227\" data-element_type=\"widget\" data-e-type=\"widget\" data-widget_type=\"call-to-action.default\">\n\t\t\t\t<div class=\"elementor-widget-container\">\n\t\t\t\t\t\t\t<a class=\"elementor-cta\" href=\"https:\/\/rentallorca.com\/blog\/de\/golf-auf-mallorca\/\">\n\t\t\t\t\t<div class=\"elementor-cta__bg-wrapper\">\n\t\t\t\t<div class=\"elementor-cta__bg elementor-bg\" style=\"background-image: url(https:\/\/rentallorca.com\/blog\/wp-content\/uploads\/2025\/08\/mallorca-campos-de-golf.jpg);\" role=\"img\" aria-label=\"mallorca campos de golf\"><\/div>\n\t\t\t\t<div class=\"elementor-cta__bg-overlay\"><\/div>\n\t\t\t<\/div>\n\t\t\t\t\t\t\t<div class=\"elementor-cta__content\">\n\t\t\t\t\n\t\t\t\t\t\t\t\t\t<h2 class=\"elementor-cta__title elementor-cta__content-item elementor-content-item\">\n\t\t\t\t\t\tHaben Sie Lust auf eine Runde Golf auf Mallorca? Entdecken Sie hier die besten Clubs\t\t\t\t\t<\/h2>\n\t\t\t\t\n\t\t\t\t\n\t\t\t\t\t\t\t<\/div>\n\t\t\t\t\t\t<\/a>\n\t\t\t\t\t\t<\/div>\n\t\t\t\t<\/div>\n\t\t\t\t\t<\/div>\n\t\t\t\t<\/div>\n\t\t\t\t<\/div>\n\t\t\t\t<div data-elementor-type=\"loop-item\" data-elementor-id=\"1259\" class=\"elementor elementor-1259 elementor-748 elementor-748 swiper-slide e-loop-item e-loop-item-2256 post-2256 post type-post status-publish format-standard has-post-thumbnail hentry category-reiseziele\" data-elementor-post-type=\"elementor_library\" role=\"group\" aria-roledescription=\"slide\" data-custom-edit-handle=\"1\">\n\t\t\t<div class=\"elementor-element elementor-element-e2cfd45 e-flex e-con-boxed e-con e-parent\" data-id=\"e2cfd45\" data-element_type=\"container\" data-e-type=\"container\">\n\t\t\t\t\t<div class=\"e-con-inner\">\n\t\t\t\t<div class=\"elementor-element elementor-element-ceea227 elementor-cta--skin-cover elementor-cta--valign-bottom elementor-bg-transform elementor-bg-transform-zoom-in elementor-widget elementor-widget-call-to-action\" data-id=\"ceea227\" data-element_type=\"widget\" data-e-type=\"widget\" data-widget_type=\"call-to-action.default\">\n\t\t\t\t<div class=\"elementor-widget-container\">\n\t\t\t\t\t\t\t<a class=\"elementor-cta\" href=\"https:\/\/rentallorca.com\/blog\/de\/petra\/\">\n\t\t\t\t\t<div class=\"elementor-cta__bg-wrapper\">\n\t\t\t\t<div class=\"elementor-cta__bg elementor-bg\" style=\"background-image: url(https:\/\/rentallorca.com\/blog\/wp-content\/uploads\/2025\/07\/visitar-petra-mallorca.jpg);\" role=\"img\" aria-label=\"visitar-petra-mallorca.jpg\"><\/div>\n\t\t\t\t<div class=\"elementor-cta__bg-overlay\"><\/div>\n\t\t\t<\/div>\n\t\t\t\t\t\t\t<div class=\"elementor-cta__content\">\n\t\t\t\t\n\t\t\t\t\t\t\t\t\t<h2 class=\"elementor-cta__title elementor-cta__content-item elementor-content-item\">\n\t\t\t\t\t\tBesuchen Sie Petra, einen wahren verborgenen Schatz auf den Balearen\t\t\t\t\t<\/h2>\n\t\t\t\t\n\t\t\t\t\n\t\t\t\t\t\t\t<\/div>\n\t\t\t\t\t\t<\/a>\n\t\t\t\t\t\t<\/div>\n\t\t\t\t<\/div>\n\t\t\t\t\t<\/div>\n\t\t\t\t<\/div>\n\t\t\t\t<\/div>\n\t\t\t\t<div data-elementor-type=\"loop-item\" data-elementor-id=\"1259\" class=\"elementor elementor-1259 elementor-748 elementor-748 swiper-slide e-loop-item e-loop-item-2258 post-2258 post type-post status-publish format-standard has-post-thumbnail hentry category-mallorca-urlaub\" data-elementor-post-type=\"elementor_library\" role=\"group\" aria-roledescription=\"slide\" data-custom-edit-handle=\"1\">\n\t\t\t<div class=\"elementor-element elementor-element-e2cfd45 e-flex e-con-boxed e-con e-parent\" data-id=\"e2cfd45\" data-element_type=\"container\" data-e-type=\"container\">\n\t\t\t\t\t<div class=\"e-con-inner\">\n\t\t\t\t<div class=\"elementor-element elementor-element-ceea227 elementor-cta--skin-cover elementor-cta--valign-bottom elementor-bg-transform elementor-bg-transform-zoom-in elementor-widget elementor-widget-call-to-action\" data-id=\"ceea227\" data-element_type=\"widget\" data-e-type=\"widget\" data-widget_type=\"call-to-action.default\">\n\t\t\t\t<div class=\"elementor-widget-container\">\n\t\t\t\t\t\t\t<a class=\"elementor-cta\" href=\"https:\/\/rentallorca.com\/blog\/de\/kindern-nach-mallorca\/\">\n\t\t\t\t\t<div class=\"elementor-cta__bg-wrapper\">\n\t\t\t\t<div class=\"elementor-cta__bg elementor-bg\" style=\"background-image: url(https:\/\/rentallorca.com\/blog\/wp-content\/uploads\/2025\/07\/mallorca-con-ninos.jpg);\" role=\"img\" aria-label=\"mallorca-con-ninos.jpg\"><\/div>\n\t\t\t\t<div class=\"elementor-cta__bg-overlay\"><\/div>\n\t\t\t<\/div>\n\t\t\t\t\t\t\t<div class=\"elementor-cta__content\">\n\t\t\t\t\n\t\t\t\t\t\t\t\t\t<h2 class=\"elementor-cta__title elementor-cta__content-item elementor-content-item\">\n\t\t\t\t\t\tWerden Sie mit Kindern nach Mallorca reisen? Hier ist alles, was Sie wissen m\u00fcssen\t\t\t\t\t<\/h2>\n\t\t\t\t\n\t\t\t\t\n\t\t\t\t\t\t\t<\/div>\n\t\t\t\t\t\t<\/a>\n\t\t\t\t\t\t<\/div>\n\t\t\t\t<\/div>\n\t\t\t\t\t<\/div>\n\t\t\t\t<\/div>\n\t\t\t\t<\/div>\n\t\t\t\t<div data-elementor-type=\"loop-item\" data-elementor-id=\"1259\" class=\"elementor elementor-1259 elementor-748 elementor-748 swiper-slide e-loop-item e-loop-item-1956 post-1956 post type-post status-publish format-standard has-post-thumbnail hentry category-reiseziele\" data-elementor-post-type=\"elementor_library\" role=\"group\" aria-roledescription=\"slide\" data-custom-edit-handle=\"1\">\n\t\t\t<div class=\"elementor-element elementor-element-e2cfd45 e-flex e-con-boxed e-con e-parent\" data-id=\"e2cfd45\" data-element_type=\"container\" data-e-type=\"container\">\n\t\t\t\t\t<div class=\"e-con-inner\">\n\t\t\t\t<div class=\"elementor-element elementor-element-ceea227 elementor-cta--skin-cover elementor-cta--valign-bottom elementor-bg-transform elementor-bg-transform-zoom-in elementor-widget elementor-widget-call-to-action\" data-id=\"ceea227\" data-element_type=\"widget\" data-e-type=\"widget\" data-widget_type=\"call-to-action.default\">\n\t\t\t\t<div class=\"elementor-widget-container\">\n\t\t\t\t\t\t\t<a class=\"elementor-cta\" href=\"https:\/\/rentallorca.com\/blog\/de\/manacor\/\">\n\t\t\t\t\t<div class=\"elementor-cta__bg-wrapper\">\n\t\t\t\t<div class=\"elementor-cta__bg elementor-bg\" style=\"background-image: url(https:\/\/rentallorca.com\/blog\/wp-content\/uploads\/2025\/06\/manacor-mallorca.jpg);\" role=\"img\" aria-label=\"Porto Cristo, Manacor Municipality, Mediterranean Sea, Mallorca, Balearic Islands, Spain, Europe\"><\/div>\n\t\t\t\t<div class=\"elementor-cta__bg-overlay\"><\/div>\n\t\t\t<\/div>\n\t\t\t\t\t\t\t<div class=\"elementor-cta__content\">\n\t\t\t\t\n\t\t\t\t\t\t\t\t\t<h2 class=\"elementor-cta__title elementor-cta__content-item elementor-content-item\">\n\t\t\t\t\t\tWas gibt es in Manacor zu sehen? Hier ist Ihr vollst\u00e4ndiger Reisef\u00fchrer\t\t\t\t\t<\/h2>\n\t\t\t\t\n\t\t\t\t\n\t\t\t\t\t\t\t<\/div>\n\t\t\t\t\t\t<\/a>\n\t\t\t\t\t\t<\/div>\n\t\t\t\t<\/div>\n\t\t\t\t\t<\/div>\n\t\t\t\t<\/div>\n\t\t\t\t<\/div>\n\t\t\t\t<div data-elementor-type=\"loop-item\" data-elementor-id=\"1259\" class=\"elementor elementor-1259 elementor-748 elementor-748 swiper-slide e-loop-item e-loop-item-1618 post-1618 post type-post status-publish format-standard has-post-thumbnail hentry category-mallorca-urlaub\" data-elementor-post-type=\"elementor_library\" role=\"group\" aria-roledescription=\"slide\" data-custom-edit-handle=\"1\">\n\t\t\t<div class=\"elementor-element elementor-element-e2cfd45 e-flex e-con-boxed e-con e-parent\" data-id=\"e2cfd45\" data-element_type=\"container\" data-e-type=\"container\">\n\t\t\t\t\t<div class=\"e-con-inner\">\n\t\t\t\t<div class=\"elementor-element elementor-element-ceea227 elementor-cta--skin-cover elementor-cta--valign-bottom elementor-bg-transform elementor-bg-transform-zoom-in elementor-widget elementor-widget-call-to-action\" data-id=\"ceea227\" data-element_type=\"widget\" data-e-type=\"widget\" data-widget_type=\"call-to-action.default\">\n\t\t\t\t<div class=\"elementor-widget-container\">\n\t\t\t\t\t\t\t<a class=\"elementor-cta\" href=\"https:\/\/rentallorca.com\/blog\/de\/buchten-mallorcas\/\">\n\t\t\t\t\t<div class=\"elementor-cta__bg-wrapper\">\n\t\t\t\t<div class=\"elementor-cta__bg elementor-bg\" style=\"background-image: url(https:\/\/rentallorca.com\/blog\/wp-content\/uploads\/2025\/05\/calas-de-Mallorca.jpg);\" role=\"img\" aria-label=\"calas de Mallorca\"><\/div>\n\t\t\t\t<div class=\"elementor-cta__bg-overlay\"><\/div>\n\t\t\t<\/div>\n\t\t\t\t\t\t\t<div class=\"elementor-cta__content\">\n\t\t\t\t\n\t\t\t\t\t\t\t\t\t<h2 class=\"elementor-cta__title elementor-cta__content-item elementor-content-item\">\n\t\t\t\t\t\tM\u00f6chten Sie in den besten Buchten Mallorcas schwimmen? Dies m\u00fcssen Sie lesen.\t\t\t\t\t<\/h2>\n\t\t\t\t\n\t\t\t\t\n\t\t\t\t\t\t\t<\/div>\n\t\t\t\t\t\t<\/a>\n\t\t\t\t\t\t<\/div>\n\t\t\t\t<\/div>\n\t\t\t\t\t<\/div>\n\t\t\t\t<\/div>\n\t\t\t\t<\/div>\n\t\t\t\t<div data-elementor-type=\"loop-item\" data-elementor-id=\"1259\" class=\"elementor elementor-1259 elementor-748 elementor-748 swiper-slide e-loop-item e-loop-item-1620 post-1620 post type-post status-publish format-standard has-post-thumbnail hentry category-reiseziele\" data-elementor-post-type=\"elementor_library\" role=\"group\" aria-roledescription=\"slide\" data-custom-edit-handle=\"1\">\n\t\t\t<div class=\"elementor-element elementor-element-e2cfd45 e-flex e-con-boxed e-con e-parent\" data-id=\"e2cfd45\" data-element_type=\"container\" data-e-type=\"container\">\n\t\t\t\t\t<div class=\"e-con-inner\">\n\t\t\t\t<div class=\"elementor-element elementor-element-ceea227 elementor-cta--skin-cover elementor-cta--valign-bottom elementor-bg-transform elementor-bg-transform-zoom-in elementor-widget elementor-widget-call-to-action\" data-id=\"ceea227\" data-element_type=\"widget\" data-e-type=\"widget\" data-widget_type=\"call-to-action.default\">\n\t\t\t\t<div class=\"elementor-widget-container\">\n\t\t\t\t\t\t\t<a class=\"elementor-cta\" href=\"https:\/\/rentallorca.com\/blog\/de\/sehenswurdigkeiten-soller\/\">\n\t\t\t\t\t<div class=\"elementor-cta__bg-wrapper\">\n\t\t\t\t<div class=\"elementor-cta__bg elementor-bg\" style=\"background-image: url(https:\/\/rentallorca.com\/blog\/wp-content\/uploads\/2025\/05\/puerto-soller-mallorca.jpg);\" role=\"img\" aria-label=\"puerto soller mallorca\"><\/div>\n\t\t\t\t<div class=\"elementor-cta__bg-overlay\"><\/div>\n\t\t\t<\/div>\n\t\t\t\t\t\t\t<div class=\"elementor-cta__content\">\n\t\t\t\t\n\t\t\t\t\t\t\t\t\t<h2 class=\"elementor-cta__title elementor-cta__content-item elementor-content-item\">\n\t\t\t\t\t\tM\u00f6chten Sie wissen, was es in S\u00f3ller und Umgebung zu sehen gibt? Wir zeigen es Ihnen.\t\t\t\t\t<\/h2>\n\t\t\t\t\n\t\t\t\t\n\t\t\t\t\t\t\t<\/div>\n\t\t\t\t\t\t<\/a>\n\t\t\t\t\t\t<\/div>\n\t\t\t\t<\/div>\n\t\t\t\t\t<\/div>\n\t\t\t\t<\/div>\n\t\t\t\t<\/div>\n\t\t\t\t<div data-elementor-type=\"loop-item\" data-elementor-id=\"1259\" class=\"elementor elementor-1259 elementor-748 elementor-748 swiper-slide e-loop-item e-loop-item-1330 post-1330 post type-post status-publish format-standard has-post-thumbnail hentry category-mallorca-urlaub\" data-elementor-post-type=\"elementor_library\" role=\"group\" aria-roledescription=\"slide\" data-custom-edit-handle=\"1\">\n\t\t\t<div class=\"elementor-element elementor-element-e2cfd45 e-flex e-con-boxed e-con e-parent\" data-id=\"e2cfd45\" data-element_type=\"container\" data-e-type=\"container\">\n\t\t\t\t\t<div class=\"e-con-inner\">\n\t\t\t\t<div class=\"elementor-element elementor-element-ceea227 elementor-cta--skin-cover elementor-cta--valign-bottom elementor-bg-transform elementor-bg-transform-zoom-in elementor-widget elementor-widget-call-to-action\" data-id=\"ceea227\" data-element_type=\"widget\" data-e-type=\"widget\" data-widget_type=\"call-to-action.default\">\n\t\t\t\t<div class=\"elementor-widget-container\">\n\t\t\t\t\t\t\t<a class=\"elementor-cta\" href=\"https:\/\/rentallorca.com\/blog\/de\/straende-mallorcas\/\">\n\t\t\t\t\t<div class=\"elementor-cta__bg-wrapper\">\n\t\t\t\t<div class=\"elementor-cta__bg elementor-bg\" style=\"background-image: url(https:\/\/rentallorca.com\/blog\/wp-content\/uploads\/2025\/04\/playas-en-mallorca.jpg);\" role=\"img\" aria-label=\"playas-en-mallorca.jpg\"><\/div>\n\t\t\t\t<div class=\"elementor-cta__bg-overlay\"><\/div>\n\t\t\t<\/div>\n\t\t\t\t\t\t\t<div class=\"elementor-cta__content\">\n\t\t\t\t\n\t\t\t\t\t\t\t\t\t<h2 class=\"elementor-cta__title elementor-cta__content-item elementor-content-item\">\n\t\t\t\t\t\tDie besten Str\u00e4nde Mallorcas. Wir pr\u00e4sentieren Ihnen die definitive Liste!\t\t\t\t\t<\/h2>\n\t\t\t\t\n\t\t\t\t\n\t\t\t\t\t\t\t<\/div>\n\t\t\t\t\t\t<\/a>\n\t\t\t\t\t\t<\/div>\n\t\t\t\t<\/div>\n\t\t\t\t\t<\/div>\n\t\t\t\t<\/div>\n\t\t\t\t<\/div>\n\t\t\t\t<div data-elementor-type=\"loop-item\" data-elementor-id=\"1259\" class=\"elementor elementor-1259 elementor-748 elementor-748 swiper-slide e-loop-item e-loop-item-1332 post-1332 post type-post status-publish format-standard has-post-thumbnail hentry category-reiseziele\" data-elementor-post-type=\"elementor_library\" role=\"group\" aria-roledescription=\"slide\" data-custom-edit-handle=\"1\">\n\t\t\t<div class=\"elementor-element elementor-element-e2cfd45 e-flex e-con-boxed e-con e-parent\" data-id=\"e2cfd45\" data-element_type=\"container\" data-e-type=\"container\">\n\t\t\t\t\t<div class=\"e-con-inner\">\n\t\t\t\t<div class=\"elementor-element elementor-element-ceea227 elementor-cta--skin-cover elementor-cta--valign-bottom elementor-bg-transform elementor-bg-transform-zoom-in elementor-widget elementor-widget-call-to-action\" data-id=\"ceea227\" data-element_type=\"widget\" data-e-type=\"widget\" data-widget_type=\"call-to-action.default\">\n\t\t\t\t<div class=\"elementor-widget-container\">\n\t\t\t\t\t\t\t<a class=\"elementor-cta\" href=\"https:\/\/rentallorca.com\/blog\/de\/entdecken-sie-die-sehenswurdigkeiten-in-pollenca\/\">\n\t\t\t\t\t<div class=\"elementor-cta__bg-wrapper\">\n\t\t\t\t<div class=\"elementor-cta__bg elementor-bg\" style=\"background-image: url(https:\/\/rentallorca.com\/blog\/wp-content\/uploads\/2025\/04\/que-ver-pollensa.jpg);\" role=\"img\" aria-label=\"que ver pollensa\"><\/div>\n\t\t\t\t<div class=\"elementor-cta__bg-overlay\"><\/div>\n\t\t\t<\/div>\n\t\t\t\t\t\t\t<div class=\"elementor-cta__content\">\n\t\t\t\t\n\t\t\t\t\t\t\t\t\t<h2 class=\"elementor-cta__title elementor-cta__content-item elementor-content-item\">\n\t\t\t\t\t\tEntdecken Sie die Sehensw\u00fcrdigkeiten in Pollen\u00e7a\t\t\t\t\t<\/h2>\n\t\t\t\t\n\t\t\t\t\n\t\t\t\t\t\t\t<\/div>\n\t\t\t\t\t\t<\/a>\n\t\t\t\t\t\t<\/div>\n\t\t\t\t<\/div>\n\t\t\t\t\t<\/div>\n\t\t\t\t<\/div>\n\t\t\t\t<\/div>\n\t\t\t\t<div data-elementor-type=\"loop-item\" data-elementor-id=\"1259\" class=\"elementor elementor-1259 elementor-748 elementor-748 swiper-slide e-loop-item e-loop-item-1059 post-1059 post type-post status-publish format-standard has-post-thumbnail hentry category-reiseziele\" data-elementor-post-type=\"elementor_library\" role=\"group\" aria-roledescription=\"slide\" data-custom-edit-handle=\"1\">\n\t\t\t<div class=\"elementor-element elementor-element-e2cfd45 e-flex e-con-boxed e-con e-parent\" data-id=\"e2cfd45\" data-element_type=\"container\" data-e-type=\"container\">\n\t\t\t\t\t<div class=\"e-con-inner\">\n\t\t\t\t<div class=\"elementor-element elementor-element-ceea227 elementor-cta--skin-cover elementor-cta--valign-bottom elementor-bg-transform elementor-bg-transform-zoom-in elementor-widget elementor-widget-call-to-action\" data-id=\"ceea227\" data-element_type=\"widget\" data-e-type=\"widget\" data-widget_type=\"call-to-action.default\">\n\t\t\t\t<div class=\"elementor-widget-container\">\n\t\t\t\t\t\t\t<a class=\"elementor-cta\" href=\"https:\/\/rentallorca.com\/blog\/de\/was-man-in-alcudia-machen-kann\/\">\n\t\t\t\t\t<div class=\"elementor-cta__bg-wrapper\">\n\t\t\t\t<div class=\"elementor-cta__bg elementor-bg\" style=\"background-image: url(https:\/\/rentallorca.com\/blog\/wp-content\/uploads\/2025\/03\/que-ver-en-alcudia-10.webp);\" role=\"img\" aria-label=\"que-ver-en-alcudia-10\"><\/div>\n\t\t\t\t<div class=\"elementor-cta__bg-overlay\"><\/div>\n\t\t\t<\/div>\n\t\t\t\t\t\t\t<div class=\"elementor-cta__content\">\n\t\t\t\t\n\t\t\t\t\t\t\t\t\t<h2 class=\"elementor-cta__title elementor-cta__content-item elementor-content-item\">\n\t\t\t\t\t\tSollten Sie nicht wissen, was man in Alcudia machen kann\u2026 Dies ist Ihr Leitfaden!\t\t\t\t\t<\/h2>\n\t\t\t\t\n\t\t\t\t\n\t\t\t\t\t\t\t<\/div>\n\t\t\t\t\t\t<\/a>\n\t\t\t\t\t\t<\/div>\n\t\t\t\t<\/div>\n\t\t\t\t\t<\/div>\n\t\t\t\t<\/div>\n\t\t\t\t<\/div>\n\t\t\t\t<div data-elementor-type=\"loop-item\" data-elementor-id=\"1259\" class=\"elementor elementor-1259 elementor-748 elementor-748 swiper-slide e-loop-item e-loop-item-681 post-681 post type-post status-publish format-standard has-post-thumbnail hentry category-mallorca-urlaub\" data-elementor-post-type=\"elementor_library\" role=\"group\" aria-roledescription=\"slide\" data-custom-edit-handle=\"1\">\n\t\t\t<div class=\"elementor-element elementor-element-e2cfd45 e-flex e-con-boxed e-con e-parent\" data-id=\"e2cfd45\" data-element_type=\"container\" data-e-type=\"container\">\n\t\t\t\t\t<div class=\"e-con-inner\">\n\t\t\t\t<div class=\"elementor-element elementor-element-ceea227 elementor-cta--skin-cover elementor-cta--valign-bottom elementor-bg-transform elementor-bg-transform-zoom-in elementor-widget elementor-widget-call-to-action\" data-id=\"ceea227\" data-element_type=\"widget\" data-e-type=\"widget\" data-widget_type=\"call-to-action.default\">\n\t\t\t\t<div class=\"elementor-widget-container\">\n\t\t\t\t\t\t\t<a class=\"elementor-cta\" href=\"https:\/\/rentallorca.com\/blog\/de\/schonsten-dorfer-mallorcas\/\">\n\t\t\t\t\t<div class=\"elementor-cta__bg-wrapper\">\n\t\t\t\t<div class=\"elementor-cta__bg elementor-bg\" style=\"background-image: url(https:\/\/rentallorca.com\/blog\/wp-content\/uploads\/2025\/02\/pueblos-bonitos-mallorca.jpg);\" role=\"img\" aria-label=\"pueblos bonitos mallorca\"><\/div>\n\t\t\t\t<div class=\"elementor-cta__bg-overlay\"><\/div>\n\t\t\t<\/div>\n\t\t\t\t\t\t\t<div class=\"elementor-cta__content\">\n\t\t\t\t\n\t\t\t\t\t\t\t\t\t<h2 class=\"elementor-cta__title elementor-cta__content-item elementor-content-item\">\n\t\t\t\t\t\tHaben Sie die sch\u00f6nsten D\u00f6rfer Mallorcas noch nicht entdeckt? Hier sind sie!\t\t\t\t\t<\/h2>\n\t\t\t\t\n\t\t\t\t\n\t\t\t\t\t\t\t<\/div>\n\t\t\t\t\t\t<\/a>\n\t\t\t\t\t\t<\/div>\n\t\t\t\t<\/div>\n\t\t\t\t\t<\/div>\n\t\t\t\t<\/div>\n\t\t\t\t<\/div>\n\t\t\t\t<div data-elementor-type=\"loop-item\" data-elementor-id=\"1259\" class=\"elementor elementor-1259 elementor-748 elementor-748 swiper-slide e-loop-item e-loop-item-679 post-679 post type-post status-publish format-standard has-post-thumbnail hentry category-reiseziele\" data-elementor-post-type=\"elementor_library\" role=\"group\" aria-roledescription=\"slide\" data-custom-edit-handle=\"1\">\n\t\t\t<div class=\"elementor-element elementor-element-e2cfd45 e-flex e-con-boxed e-con e-parent\" data-id=\"e2cfd45\" data-element_type=\"container\" data-e-type=\"container\">\n\t\t\t\t\t<div class=\"e-con-inner\">\n\t\t\t\t<div class=\"elementor-element elementor-element-ceea227 elementor-cta--skin-cover elementor-cta--valign-bottom elementor-bg-transform elementor-bg-transform-zoom-in elementor-widget elementor-widget-call-to-action\" data-id=\"ceea227\" data-element_type=\"widget\" data-e-type=\"widget\" data-widget_type=\"call-to-action.default\">\n\t\t\t\t<div class=\"elementor-widget-container\">\n\t\t\t\t\t\t\t<a class=\"elementor-cta\" href=\"https:\/\/rentallorca.com\/blog\/de\/sehenswurdigkeiten-palma-de-mallorca\/\">\n\t\t\t\t\t<div class=\"elementor-cta__bg-wrapper\">\n\t\t\t\t<div class=\"elementor-cta__bg elementor-bg\" style=\"background-image: url(https:\/\/rentallorca.com\/blog\/wp-content\/uploads\/2025\/02\/Mallorca-en-3-dias.jpg);\" role=\"img\" aria-label=\"Mallorca-en-3-dias.jpg\"><\/div>\n\t\t\t\t<div class=\"elementor-cta__bg-overlay\"><\/div>\n\t\t\t<\/div>\n\t\t\t\t\t\t\t<div class=\"elementor-cta__content\">\n\t\t\t\t\n\t\t\t\t\t\t\t\t\t<h2 class=\"elementor-cta__title elementor-cta__content-item elementor-content-item\">\n\t\t\t\t\t\tHaben Sie 3 freie Tage? Wir informieren Sie \u00fcber die Sehensw\u00fcrdigkeiten in Palma de Mallorca\t\t\t\t\t<\/h2>\n\t\t\t\t\n\t\t\t\t\n\t\t\t\t\t\t\t<\/div>\n\t\t\t\t\t\t<\/a>\n\t\t\t\t\t\t<\/div>\n\t\t\t\t<\/div>\n\t\t\t\t\t<\/div>\n\t\t\t\t<\/div>\n\t\t\t\t<\/div>\n\t\t\t\t<\/div>\n\t\t<\/div>\n\t\t\t\t\t<div class=\"elementor-swiper-button elementor-swiper-button-prev\" role=\"button\" tabindex=\"0\" aria-label=\"Previous\">\n\t\t\t\t<svg aria-hidden=\"true\" class=\"e-font-icon-svg e-eicon-chevron-left\" viewBox=\"0 0 1000 1000\" xmlns=\"http:\/\/www.w3.org\/2000\/svg\"><path d=\"M646 125C629 125 613 133 604 142L308 442C296 454 292 471 292 487 292 504 296 521 308 533L604 854C617 867 629 875 646 875 663 875 679 871 692 858 704 846 713 829 713 812 713 796 708 779 692 767L438 487 692 225C700 217 708 204 708 187 708 171 704 154 692 142 675 129 663 125 646 125Z\"><\/path><\/svg>\t\t\t<\/div>\n\t\t\t<div class=\"elementor-swiper-button elementor-swiper-button-next\" role=\"button\" tabindex=\"0\" aria-label=\"Next\">\n\t\t\t\t<svg aria-hidden=\"true\" class=\"e-font-icon-svg e-eicon-chevron-right\" viewBox=\"0 0 1000 1000\" xmlns=\"http:\/\/www.w3.org\/2000\/svg\"><path d=\"M696 533C708 521 713 504 713 487 713 471 708 454 696 446L400 146C388 133 375 125 354 125 338 125 325 129 313 142 300 154 292 171 292 187 292 204 296 221 308 233L563 492 304 771C292 783 288 800 288 817 288 833 296 850 308 863 321 871 338 875 354 875 371 875 388 867 400 854L696 533Z\"><\/path><\/svg>\t\t\t<\/div>\n\t\t\t\t\t<div class=\"swiper-pagination\"><\/div>\n\t\t\t\t\t\t<\/div>\n\t\t\t\t<\/div>\n\t\t\t\t\t<\/div>\n\t\t<\/div>\n\t\t\t\t\t<\/div>\n\t\t<\/section>\n\t\t<div class=\"elementor-element elementor-element-8dae39b e-flex e-con-boxed e-con e-parent\" data-id=\"8dae39b\" data-element_type=\"container\" data-e-type=\"container\">\n\t\t\t\t\t<div class=\"e-con-inner\">\n\t\t<div class=\"elementor-element elementor-element-70859b2 e-con-full e-flex e-con e-child\" data-id=\"70859b2\" data-element_type=\"container\" data-e-type=\"container\">\n\t\t\t\t<div class=\"elementor-element elementor-element-5ddb5f8 elementor-widget elementor-widget-heading\" data-id=\"5ddb5f8\" data-element_type=\"widget\" data-e-type=\"widget\" data-widget_type=\"heading.default\">\n\t\t\t\t<div class=\"elementor-widget-container\">\n\t\t\t\t\t<h2 class=\"elementor-heading-title elementor-size-default\">Praktische Reiseguide f\u00fcr Mallorca<\/h2>\t\t\t\t<\/div>\n\t\t\t\t<\/div>\n\t\t\t\t<div class=\"elementor-element elementor-element-f45a41b elementor-widget elementor-widget-text-editor\" data-id=\"f45a41b\" data-element_type=\"widget\" data-e-type=\"widget\" data-widget_type=\"text-editor.default\">\n\t\t\t\t<div class=\"elementor-widget-container\">\n\t\t\t\t\t\t\t\t\t<div class=\"flex max-w-full flex-col flex-grow AIPRM__conversation__response\"><div class=\"min-h-8 text-message flex w-full flex-col items-end gap-2 whitespace-normal break-words [.text-message+&amp;]:mt-5\" dir=\"auto\" data-message-author-role=\"assistant\" data-message-id=\"6c65b7eb-ba24-4a5a-be00-a57b82094249\" data-message-model-slug=\"gpt-4o\"><div class=\"flex w-full flex-col gap-1 empty:hidden first:pt-[3px]\"><div class=\"markdown prose w-full break-words dark:prose-invert light\"><div class=\"flex max-w-full flex-col flex-grow\"><div class=\"min-h-8 text-message flex w-full flex-col items-end gap-2 whitespace-normal break-words text-start [.text-message+&amp;]:mt-5\" dir=\"auto\" data-message-author-role=\"assistant\" data-message-id=\"01ec5430-59fd-4865-9749-c26b8e3514f4\" data-message-model-slug=\"gpt-4o\"><div class=\"flex w-full flex-col gap-1 empty:hidden first:pt-[3px]\"><div class=\"markdown prose w-full break-words dark:prose-invert light\"><p>Besuchen Sie die Insel zum ersten Mal? Du reist oft an dieses Reiseziel und suchst nach neuen Inspirationen? Nutzen Sie unsere Reiseguide und organisieren Sie Ihre Reise nach Mallorca mit Expertentipps.<\/p><\/div><\/div><\/div><\/div><\/div><\/div><\/div><\/div>\t\t\t\t\t\t\t\t<\/div>\n\t\t\t\t<\/div>\n\t\t\t\t<div class=\"elementor-element elementor-element-d1a7d48 elementor-pagination-type-bullets elementor-pagination-position-outside elementor-widget elementor-widget-loop-carousel\" data-id=\"d1a7d48\" data-element_type=\"widget\" data-e-type=\"widget\" data-settings=\"{&quot;template_id&quot;:1263,&quot;slides_to_show&quot;:&quot;1&quot;,&quot;_skin&quot;:&quot;post&quot;,&quot;slides_to_show_tablet&quot;:&quot;2&quot;,&quot;slides_to_show_mobile&quot;:&quot;1&quot;,&quot;slides_to_scroll&quot;:&quot;1&quot;,&quot;edit_handle_selector&quot;:&quot;.elementor-loop-container&quot;,&quot;autoplay&quot;:&quot;yes&quot;,&quot;autoplay_speed&quot;:5000,&quot;pause_on_hover&quot;:&quot;yes&quot;,&quot;pause_on_interaction&quot;:&quot;yes&quot;,&quot;infinite&quot;:&quot;yes&quot;,&quot;speed&quot;:500,&quot;offset_sides&quot;:&quot;none&quot;,&quot;pagination&quot;:&quot;bullets&quot;,&quot;image_spacing_custom&quot;:{&quot;unit&quot;:&quot;px&quot;,&quot;size&quot;:10,&quot;sizes&quot;:[]},&quot;image_spacing_custom_tablet&quot;:{&quot;unit&quot;:&quot;px&quot;,&quot;size&quot;:&quot;&quot;,&quot;sizes&quot;:[]},&quot;image_spacing_custom_mobile&quot;:{&quot;unit&quot;:&quot;px&quot;,&quot;size&quot;:&quot;&quot;,&quot;sizes&quot;:[]}}\" data-widget_type=\"loop-carousel.post\">\n\t\t\t\t<div class=\"elementor-widget-container\">\n\t\t\t\t\t\t\t<div class=\"swiper elementor-loop-container elementor-grid\" role=\"list\" dir=\"ltr\">\n\t\t\t\t<div class=\"swiper-wrapper\" aria-live=\"off\">\n\t\t<style id=\"loop-1263\">.elementor-1263 .elementor-element.elementor-element-e11a3f2{--display:flex;}.elementor-widget-call-to-action .elementor-cta__title{font-family:var( --e-global-typography-primary-font-family ), Sans-serif;font-size:var( --e-global-typography-primary-font-size );font-weight:var( --e-global-typography-primary-font-weight );}.elementor-widget-call-to-action .elementor-cta__description{font-family:var( --e-global-typography-text-font-family ), Sans-serif;font-size:var( --e-global-typography-text-font-size );font-weight:var( --e-global-typography-text-font-weight );}.elementor-widget-call-to-action .elementor-cta__button{font-family:var( --e-global-typography-accent-font-family ), Sans-serif;font-weight:var( --e-global-typography-accent-font-weight );}.elementor-widget-call-to-action .elementor-ribbon-inner{background-color:var( --e-global-color-accent );font-family:var( --e-global-typography-accent-font-family ), Sans-serif;font-weight:var( --e-global-typography-accent-font-weight );}.elementor-1263 .elementor-element.elementor-element-4de2efc .elementor-cta__content{text-align:start;padding:070px 20px 30px 50px;}.elementor-1263 .elementor-element.elementor-element-4de2efc .elementor-cta__title{font-family:\"Quicksand\", Sans-serif;font-size:25px;font-weight:800;-webkit-text-stroke-width:0px;stroke-width:0px;-webkit-text-stroke-color:#FFFFFF;stroke:#FFFFFF;}.elementor-1263 .elementor-element.elementor-element-4de2efc .elementor-cta__title:not(:last-child){margin-bottom:20px;}.elementor-1263 .elementor-element.elementor-element-4de2efc .elementor-cta__button{color:var( --e-global-color-text );background-color:#FFFFFF;border-color:#FFFFFF;border-radius:20px;box-shadow:0px 0px 10px 0px rgba(0,0,0,0.5);}.elementor-1263 .elementor-element.elementor-element-4de2efc .elementor-cta:not(:hover) .elementor-cta__bg-overlay{background-color:#0000006E;}.elementor-1263 .elementor-element.elementor-element-4de2efc .elementor-cta:hover .elementor-cta__bg{filter:brightness( 100% ) contrast( 100% ) saturate( 100% ) blur( 0px ) hue-rotate( 0deg );}.elementor-1263 .elementor-element.elementor-element-4de2efc .elementor-cta .elementor-cta__bg, .elementor-1263 .elementor-element.elementor-element-4de2efc .elementor-cta .elementor-cta__bg-overlay{transition-duration:1500ms;}.elementor-1263 .elementor-element.elementor-element-4de2efc > .elementor-widget-container{padding:0px 0px 0px 0px;border-radius:20px 20px 20px 20px;}@media(max-width:1024px){.elementor-widget-call-to-action .elementor-cta__title{font-size:var( --e-global-typography-primary-font-size );}.elementor-widget-call-to-action .elementor-cta__description{font-size:var( --e-global-typography-text-font-size );}}@media(max-width:767px){.elementor-widget-call-to-action .elementor-cta__title{font-size:var( --e-global-typography-primary-font-size );}.elementor-widget-call-to-action .elementor-cta__description{font-size:var( --e-global-typography-text-font-size );}}<\/style>\t\t<div data-elementor-type=\"loop-item\" data-elementor-id=\"1263\" class=\"elementor elementor-1263 elementor-712 elementor-712 swiper-slide e-loop-item e-loop-item-3834 post-3834 post type-post status-publish format-standard has-post-thumbnail hentry category-reiseguide\" data-elementor-post-type=\"elementor_library\" role=\"group\" aria-roledescription=\"slide\" data-custom-edit-handle=\"1\">\n\t\t\t<div class=\"elementor-element elementor-element-e11a3f2 e-flex e-con-boxed e-con e-parent\" data-id=\"e11a3f2\" data-element_type=\"container\" data-e-type=\"container\">\n\t\t\t\t\t<div class=\"e-con-inner\">\n\t\t\t\t<div class=\"elementor-element elementor-element-4de2efc elementor-cta--skin-cover elementor-cta--valign-bottom elementor-bg-transform elementor-bg-transform-zoom-in elementor-widget elementor-widget-call-to-action\" data-id=\"4de2efc\" data-element_type=\"widget\" data-e-type=\"widget\" data-widget_type=\"call-to-action.default\">\n\t\t\t\t<div class=\"elementor-widget-container\">\n\t\t\t\t\t\t\t<a class=\"elementor-cta\" href=\"https:\/\/rentallorca.com\/blog\/de\/maria-de-la-salut-mallorca\/\">\n\t\t\t\t\t<div class=\"elementor-cta__bg-wrapper\">\n\t\t\t\t<div class=\"elementor-cta__bg elementor-bg\" style=\"background-image: url(https:\/\/rentallorca.com\/blog\/wp-content\/uploads\/2026\/03\/Mare-de-Deu-de-la-Salut.jpg);\" role=\"img\" aria-label=\"Mare-de-Deu-de-la-Salut.jpg\"><\/div>\n\t\t\t\t<div class=\"elementor-cta__bg-overlay\"><\/div>\n\t\t\t<\/div>\n\t\t\t\t\t\t\t<div class=\"elementor-cta__content\">\n\t\t\t\t\n\t\t\t\t\t\t\t\t\t<h2 class=\"elementor-cta__title elementor-cta__content-item elementor-content-item\">\n\t\t\t\t\t\tMaria de la Salut: Das Dorf, das Ihnen das authentischste Gesicht Mallorcas zeigt\t\t\t\t\t<\/h2>\n\t\t\t\t\n\t\t\t\t\n\t\t\t\t\t\t\t\t\t<div class=\"elementor-cta__button-wrapper elementor-cta__content-item elementor-content-item \">\n\t\t\t\t\t<span class=\"elementor-cta__button elementor-button elementor-size-\">\n\t\t\t\t\t\tMehr lesen\t\t\t\t\t<\/span>\n\t\t\t\t\t<\/div>\n\t\t\t\t\t\t\t<\/div>\n\t\t\t\t\t\t<\/a>\n\t\t\t\t\t\t<\/div>\n\t\t\t\t<\/div>\n\t\t\t\t\t<\/div>\n\t\t\t\t<\/div>\n\t\t\t\t<\/div>\n\t\t\t\t<div data-elementor-type=\"loop-item\" data-elementor-id=\"1263\" class=\"elementor elementor-1263 elementor-712 elementor-712 swiper-slide e-loop-item e-loop-item-3658 post-3658 post type-post status-publish format-standard has-post-thumbnail hentry category-reiseguide\" data-elementor-post-type=\"elementor_library\" role=\"group\" aria-roledescription=\"slide\" data-custom-edit-handle=\"1\">\n\t\t\t<div class=\"elementor-element elementor-element-e11a3f2 e-flex e-con-boxed e-con e-parent\" data-id=\"e11a3f2\" data-element_type=\"container\" data-e-type=\"container\">\n\t\t\t\t\t<div class=\"e-con-inner\">\n\t\t\t\t<div class=\"elementor-element elementor-element-4de2efc elementor-cta--skin-cover elementor-cta--valign-bottom elementor-bg-transform elementor-bg-transform-zoom-in elementor-widget elementor-widget-call-to-action\" data-id=\"4de2efc\" data-element_type=\"widget\" data-e-type=\"widget\" data-widget_type=\"call-to-action.default\">\n\t\t\t\t<div class=\"elementor-widget-container\">\n\t\t\t\t\t\t\t<a class=\"elementor-cta\" href=\"https:\/\/rentallorca.com\/blog\/de\/altstadt-alcudia\/\">\n\t\t\t\t\t<div class=\"elementor-cta__bg-wrapper\">\n\t\t\t\t<div class=\"elementor-cta__bg elementor-bg\" style=\"background-image: url(https:\/\/rentallorca.com\/blog\/wp-content\/uploads\/2026\/02\/Visit-Alcudia.jpg);\" role=\"img\" aria-label=\"Visit-Alcudia.jpg\"><\/div>\n\t\t\t\t<div class=\"elementor-cta__bg-overlay\"><\/div>\n\t\t\t<\/div>\n\t\t\t\t\t\t\t<div class=\"elementor-cta__content\">\n\t\t\t\t\n\t\t\t\t\t\t\t\t\t<h2 class=\"elementor-cta__title elementor-cta__content-item elementor-content-item\">\n\t\t\t\t\t\tAltstadt von Alc\u00fadia. Entdecken Sie ihre Mauern, Geschichte und den ganzen mallorquinischen Charme.\t\t\t\t\t<\/h2>\n\t\t\t\t\n\t\t\t\t\n\t\t\t\t\t\t\t\t\t<div class=\"elementor-cta__button-wrapper elementor-cta__content-item elementor-content-item \">\n\t\t\t\t\t<span class=\"elementor-cta__button elementor-button elementor-size-\">\n\t\t\t\t\t\tMehr lesen\t\t\t\t\t<\/span>\n\t\t\t\t\t<\/div>\n\t\t\t\t\t\t\t<\/div>\n\t\t\t\t\t\t<\/a>\n\t\t\t\t\t\t<\/div>\n\t\t\t\t<\/div>\n\t\t\t\t\t<\/div>\n\t\t\t\t<\/div>\n\t\t\t\t<\/div>\n\t\t\t\t<div data-elementor-type=\"loop-item\" data-elementor-id=\"1263\" class=\"elementor elementor-1263 elementor-712 elementor-712 swiper-slide e-loop-item e-loop-item-3612 post-3612 post type-post status-publish format-standard has-post-thumbnail hentry category-reiseguide\" data-elementor-post-type=\"elementor_library\" role=\"group\" aria-roledescription=\"slide\" data-custom-edit-handle=\"1\">\n\t\t\t<div class=\"elementor-element elementor-element-e11a3f2 e-flex e-con-boxed e-con e-parent\" data-id=\"e11a3f2\" data-element_type=\"container\" data-e-type=\"container\">\n\t\t\t\t\t<div class=\"e-con-inner\">\n\t\t\t\t<div class=\"elementor-element elementor-element-4de2efc elementor-cta--skin-cover elementor-cta--valign-bottom elementor-bg-transform elementor-bg-transform-zoom-in elementor-widget elementor-widget-call-to-action\" data-id=\"4de2efc\" data-element_type=\"widget\" data-e-type=\"widget\" data-widget_type=\"call-to-action.default\">\n\t\t\t\t<div class=\"elementor-widget-container\">\n\t\t\t\t\t\t\t<a class=\"elementor-cta\" href=\"https:\/\/rentallorca.com\/blog\/de\/vilafranca-de-bonany\/\">\n\t\t\t\t\t<div class=\"elementor-cta__bg-wrapper\">\n\t\t\t\t<div class=\"elementor-cta__bg elementor-bg\" style=\"background-image: url(https:\/\/rentallorca.com\/blog\/wp-content\/uploads\/2026\/01\/Vilafranca-de-bonany.jpg);\" role=\"img\" aria-label=\"Vilafranca de bonany\"><\/div>\n\t\t\t\t<div class=\"elementor-cta__bg-overlay\"><\/div>\n\t\t\t<\/div>\n\t\t\t\t\t\t\t<div class=\"elementor-cta__content\">\n\t\t\t\t\n\t\t\t\t\t\t\t\t\t<h2 class=\"elementor-cta__title elementor-cta__content-item elementor-content-item\">\n\t\t\t\t\t\tVilafranca de Bonany: Ein Dorf mit Seele im Herzen von Mallorca\t\t\t\t\t<\/h2>\n\t\t\t\t\n\t\t\t\t\n\t\t\t\t\t\t\t\t\t<div class=\"elementor-cta__button-wrapper elementor-cta__content-item elementor-content-item \">\n\t\t\t\t\t<span class=\"elementor-cta__button elementor-button elementor-size-\">\n\t\t\t\t\t\tMehr lesen\t\t\t\t\t<\/span>\n\t\t\t\t\t<\/div>\n\t\t\t\t\t\t\t<\/div>\n\t\t\t\t\t\t<\/a>\n\t\t\t\t\t\t<\/div>\n\t\t\t\t<\/div>\n\t\t\t\t\t<\/div>\n\t\t\t\t<\/div>\n\t\t\t\t<\/div>\n\t\t\t\t<div data-elementor-type=\"loop-item\" data-elementor-id=\"1263\" class=\"elementor elementor-1263 elementor-712 elementor-712 swiper-slide e-loop-item e-loop-item-2921 post-2921 post type-post status-publish format-standard has-post-thumbnail hentry category-reiseguide\" data-elementor-post-type=\"elementor_library\" role=\"group\" aria-roledescription=\"slide\" data-custom-edit-handle=\"1\">\n\t\t\t<div class=\"elementor-element elementor-element-e11a3f2 e-flex e-con-boxed e-con e-parent\" data-id=\"e11a3f2\" data-element_type=\"container\" data-e-type=\"container\">\n\t\t\t\t\t<div class=\"e-con-inner\">\n\t\t\t\t<div class=\"elementor-element elementor-element-4de2efc elementor-cta--skin-cover elementor-cta--valign-bottom elementor-bg-transform elementor-bg-transform-zoom-in elementor-widget elementor-widget-call-to-action\" data-id=\"4de2efc\" data-element_type=\"widget\" data-e-type=\"widget\" data-widget_type=\"call-to-action.default\">\n\t\t\t\t<div class=\"elementor-widget-container\">\n\t\t\t\t\t\t\t<a class=\"elementor-cta\" href=\"https:\/\/rentallorca.com\/blog\/de\/reiseguide-weihnachten-auf-mallorca\/\">\n\t\t\t\t\t<div class=\"elementor-cta__bg-wrapper\">\n\t\t\t\t<div class=\"elementor-cta__bg elementor-bg\" style=\"background-image: url(https:\/\/rentallorca.com\/blog\/wp-content\/uploads\/2025\/11\/weihnachten-auf-mallorca.webp);\" role=\"img\" aria-label=\"Reiseguide Weihnachten auf Mallorca\"><\/div>\n\t\t\t\t<div class=\"elementor-cta__bg-overlay\"><\/div>\n\t\t\t<\/div>\n\t\t\t\t\t\t\t<div class=\"elementor-cta__content\">\n\t\t\t\t\n\t\t\t\t\t\t\t\t\t<h2 class=\"elementor-cta__title elementor-cta__content-item elementor-content-item\">\n\t\t\t\t\t\tReiseguide Weihnachten auf Mallorca\t\t\t\t\t<\/h2>\n\t\t\t\t\n\t\t\t\t\n\t\t\t\t\t\t\t\t\t<div class=\"elementor-cta__button-wrapper elementor-cta__content-item elementor-content-item \">\n\t\t\t\t\t<span class=\"elementor-cta__button elementor-button elementor-size-\">\n\t\t\t\t\t\tMehr lesen\t\t\t\t\t<\/span>\n\t\t\t\t\t<\/div>\n\t\t\t\t\t\t\t<\/div>\n\t\t\t\t\t\t<\/a>\n\t\t\t\t\t\t<\/div>\n\t\t\t\t<\/div>\n\t\t\t\t\t<\/div>\n\t\t\t\t<\/div>\n\t\t\t\t<\/div>\n\t\t\t\t<div data-elementor-type=\"loop-item\" data-elementor-id=\"1263\" class=\"elementor elementor-1263 elementor-712 elementor-712 swiper-slide e-loop-item e-loop-item-2885 post-2885 post type-post status-publish format-standard has-post-thumbnail hentry category-reiseguide\" data-elementor-post-type=\"elementor_library\" role=\"group\" aria-roledescription=\"slide\" data-custom-edit-handle=\"1\">\n\t\t\t<div class=\"elementor-element elementor-element-e11a3f2 e-flex e-con-boxed e-con e-parent\" data-id=\"e11a3f2\" data-element_type=\"container\" data-e-type=\"container\">\n\t\t\t\t\t<div class=\"e-con-inner\">\n\t\t\t\t<div class=\"elementor-element elementor-element-4de2efc elementor-cta--skin-cover elementor-cta--valign-bottom elementor-bg-transform elementor-bg-transform-zoom-in elementor-widget elementor-widget-call-to-action\" data-id=\"4de2efc\" data-element_type=\"widget\" data-e-type=\"widget\" data-widget_type=\"call-to-action.default\">\n\t\t\t\t<div class=\"elementor-widget-container\">\n\t\t\t\t\t\t\t<a class=\"elementor-cta\" href=\"https:\/\/rentallorca.com\/blog\/de\/ferien-auf-dem-land-mallorca\/\">\n\t\t\t\t\t<div class=\"elementor-cta__bg-wrapper\">\n\t\t\t\t<div class=\"elementor-cta__bg elementor-bg\" style=\"background-image: url(https:\/\/rentallorca.com\/blog\/wp-content\/uploads\/2025\/10\/turismo-rural-mallorca-3.webp);\" role=\"img\" aria-label=\"turismo rural mallorca\u200b\"><\/div>\n\t\t\t\t<div class=\"elementor-cta__bg-overlay\"><\/div>\n\t\t\t<\/div>\n\t\t\t\t\t\t\t<div class=\"elementor-cta__content\">\n\t\t\t\t\n\t\t\t\t\t\t\t\t\t<h2 class=\"elementor-cta__title elementor-cta__content-item elementor-content-item\">\n\t\t\t\t\t\tFerien auf dem Land Mallorca\t\t\t\t\t<\/h2>\n\t\t\t\t\n\t\t\t\t\n\t\t\t\t\t\t\t\t\t<div class=\"elementor-cta__button-wrapper elementor-cta__content-item elementor-content-item \">\n\t\t\t\t\t<span class=\"elementor-cta__button elementor-button elementor-size-\">\n\t\t\t\t\t\tMehr lesen\t\t\t\t\t<\/span>\n\t\t\t\t\t<\/div>\n\t\t\t\t\t\t\t<\/div>\n\t\t\t\t\t\t<\/a>\n\t\t\t\t\t\t<\/div>\n\t\t\t\t<\/div>\n\t\t\t\t\t<\/div>\n\t\t\t\t<\/div>\n\t\t\t\t<\/div>\n\t\t\t\t<div data-elementor-type=\"loop-item\" data-elementor-id=\"1263\" class=\"elementor elementor-1263 elementor-712 elementor-712 swiper-slide e-loop-item e-loop-item-2447 post-2447 post type-post status-publish format-standard has-post-thumbnail hentry category-reiseguide\" data-elementor-post-type=\"elementor_library\" role=\"group\" aria-roledescription=\"slide\" data-custom-edit-handle=\"1\">\n\t\t\t<div class=\"elementor-element elementor-element-e11a3f2 e-flex e-con-boxed e-con e-parent\" data-id=\"e11a3f2\" data-element_type=\"container\" data-e-type=\"container\">\n\t\t\t\t\t<div class=\"e-con-inner\">\n\t\t\t\t<div class=\"elementor-element elementor-element-4de2efc elementor-cta--skin-cover elementor-cta--valign-bottom elementor-bg-transform elementor-bg-transform-zoom-in elementor-widget elementor-widget-call-to-action\" data-id=\"4de2efc\" data-element_type=\"widget\" data-e-type=\"widget\" data-widget_type=\"call-to-action.default\">\n\t\t\t\t<div class=\"elementor-widget-container\">\n\t\t\t\t\t\t\t<a class=\"elementor-cta\" href=\"https:\/\/rentallorca.com\/blog\/de\/mallorca-beste-orte-fur-familien\/\">\n\t\t\t\t\t<div class=\"elementor-cta__bg-wrapper\">\n\t\t\t\t<div class=\"elementor-cta__bg elementor-bg\" style=\"background-image: url(https:\/\/rentallorca.com\/blog\/wp-content\/uploads\/2025\/08\/cual-es-la-mejor-zona-de-mallorca-para-familias_-1.webp);\" role=\"img\" aria-label=\"la mejor zona de mallorca para familias\u200b\"><\/div>\n\t\t\t\t<div class=\"elementor-cta__bg-overlay\"><\/div>\n\t\t\t<\/div>\n\t\t\t\t\t\t\t<div class=\"elementor-cta__content\">\n\t\t\t\t\n\t\t\t\t\t\t\t\t\t<h2 class=\"elementor-cta__title elementor-cta__content-item elementor-content-item\">\n\t\t\t\t\t\tEntdecken Sie die Mallorca beste orte f\u00fcr familien\t\t\t\t\t<\/h2>\n\t\t\t\t\n\t\t\t\t\n\t\t\t\t\t\t\t\t\t<div class=\"elementor-cta__button-wrapper elementor-cta__content-item elementor-content-item \">\n\t\t\t\t\t<span class=\"elementor-cta__button elementor-button elementor-size-\">\n\t\t\t\t\t\tMehr lesen\t\t\t\t\t<\/span>\n\t\t\t\t\t<\/div>\n\t\t\t\t\t\t\t<\/div>\n\t\t\t\t\t\t<\/a>\n\t\t\t\t\t\t<\/div>\n\t\t\t\t<\/div>\n\t\t\t\t\t<\/div>\n\t\t\t\t<\/div>\n\t\t\t\t<\/div>\n\t\t\t\t<\/div>\n\t\t<\/div>\n\t\t\t\t\t<div class=\"swiper-pagination\"><\/div>\n\t\t\t\t\t\t<\/div>\n\t\t\t\t<\/div>\n\t\t\t\t<\/div>\n\t\t\t\t\t<\/div>\n\t\t\t\t<\/div>\n\t\t\t\t<section class=\"elementor-section elementor-top-section elementor-element elementor-element-fd295da elementor-section-boxed elementor-section-height-default elementor-section-height-default\" data-id=\"fd295da\" data-element_type=\"section\" data-e-type=\"section\">\n\t\t\t\t\t\t<div class=\"elementor-container elementor-column-gap-default\">\n\t\t\t\t\t<div class=\"elementor-column elementor-col-100 elementor-top-column elementor-element elementor-element-d31fac8\" data-id=\"d31fac8\" data-element_type=\"column\" data-e-type=\"column\">\n\t\t\t<div class=\"elementor-widget-wrap elementor-element-populated\">\n\t\t\t\t\t\t<div class=\"elementor-element elementor-element-6348569 elementor-widget elementor-widget-heading\" data-id=\"6348569\" data-element_type=\"widget\" data-e-type=\"widget\" data-widget_type=\"heading.default\">\n\t\t\t\t<div class=\"elementor-widget-container\">\n\t\t\t\t\t<h2 class=\"elementor-heading-title elementor-size-default\">Kommen Sie in den Urlaub nach Mallorca<\/h2>\t\t\t\t<\/div>\n\t\t\t\t<\/div>\n\t\t\t\t\t<\/div>\n\t\t<\/div>\n\t\t\t\t\t<\/div>\n\t\t<\/section>\n\t\t<div class=\"elementor-element elementor-element-837b4eb e-flex e-con-boxed e-con e-parent\" data-id=\"837b4eb\" data-element_type=\"container\" data-e-type=\"container\">\n\t\t\t\t\t<div class=\"e-con-inner\">\n\t\t\t\t<div class=\"elementor-element elementor-element-3ae616d elementor-widget__width-initial elementor-widget elementor-widget-grid\" data-id=\"3ae616d\" data-element_type=\"widget\" data-e-type=\"widget\" data-widget_type=\"grid.default\">\n\t\t\t\t<div class=\"elementor-widget-container\">\n\t\t\t\t\t\t\t<div class=\"its--row alojamientos-recomendados\">\n\n\t\t\t<div class=\"alojamientos-recomendados-container\">\n\n\t\t\t\t\t\n\t\t\t\t\t<a href=\"https:\/\/rentallorca.com\/de\/vermietung\/villa-son-serra-de-marina-son-serra-relax-2-by-home-villas-360-376207.html\" rel=\"nofollow\" style=\"width: 32%;\">\n\t\t\t\t\t\t<div class=\"apartamento-box\">\n\t\t\t\t\t\t\t<div class=\"imagen_recomendados\">\n\t\t\t\t\t\t\t\t<img decoding=\"async\" src=\"https:\/\/crs.avantio.com\/fotos\/2\/1641977547dcf70f45f7ec3e3ad825855909299159\/big1700214503cb14259c69803ad209aaab0ed1489aef.jpg\" alt=\"Stadth\u00e4user Son Serra Relax in Son Serra de Marina by Home Villas 360\">\n\t\t\t\t\t\t\t<\/div>\n\t\t\t\t\t\t\t<div class=\"info\">\n\t\t\t\t\t\t\t\t<div class=\"ubicacion\">\n\t\t\t\t\t\t\t\t\t<i class=\"fa-solid fa-location-dot icono-mapa\"><\/i><span class=\"ubicacion-texto\">Son Serra de Marina - Mallorca<\/span>\n\t\t\t\t\t\t\t\t<\/div>\n\t\t\t\t\t\t\t\t<H4 class=\"titulo-alojamiento\">\n\t\t\t\t\t\t\t\t\tStadth\u00e4user Son Serra Relax in Son Serra de Marina by Home Villas 360\t\t\t\t\t\t\t\t<\/H4>\n\t\t\t\t\t\t\t\t<p class=\"precio-alojamiento\">Aus <span class=\"precio\">183.84\u20ac<\/span> pro Nacht<\/p>\n\t\t\t\t\t\t\t<\/div>\n\t\t\t\t\t\t<\/div>\n\t\t\t\t\t<\/a> \n\t\t\t\t\t\t\n\t\t\t\t\t<a href=\"https:\/\/rentallorca.com\/de\/vermietung\/ferienwohnung-puerto-pollensa-apartment-can-sivella-by-home-villas-360-376208.html\" rel=\"nofollow\" style=\"width: 32%;\">\n\t\t\t\t\t\t<div class=\"apartamento-box\">\n\t\t\t\t\t\t\t<div class=\"imagen_recomendados\">\n\t\t\t\t\t\t\t\t<img decoding=\"async\" src=\"https:\/\/crs.avantio.com\/fotos\/2\/16419775503a065e7d5b9e81869f0b0ad753313ef2\/big1654602492e226c84e237e8edba4f5254128ebc5c8.jpg\" alt=\"Apartment Can Sivella in Puerto Pollensa by Home Villas 360\">\n\t\t\t\t\t\t\t<\/div>\n\t\t\t\t\t\t\t<div class=\"info\">\n\t\t\t\t\t\t\t\t<div class=\"ubicacion\">\n\t\t\t\t\t\t\t\t\t<i class=\"fa-solid fa-location-dot icono-mapa\"><\/i><span class=\"ubicacion-texto\">Puerto Pollensa - Mallorca<\/span>\n\t\t\t\t\t\t\t\t<\/div>\n\t\t\t\t\t\t\t\t<H4 class=\"titulo-alojamiento\">\n\t\t\t\t\t\t\t\t\tApartment Can Sivella in Puerto Pollensa by Home Villas 360\t\t\t\t\t\t\t\t<\/H4>\n\t\t\t\t\t\t\t\t<p class=\"precio-alojamiento\">Aus <span class=\"precio\">163.67\u20ac<\/span> pro Nacht<\/p>\n\t\t\t\t\t\t\t<\/div>\n\t\t\t\t\t\t<\/div>\n\t\t\t\t\t<\/a> \n\t\t\t\t\t\t\n\t\t\t\t\t<a href=\"https:\/\/rentallorca.com\/de\/vermietung\/ferienwohnung-alcudia-apartment-playa-2b-in-puerto-de-alcudia-376212.html\" rel=\"nofollow\" style=\"width: 32%;\">\n\t\t\t\t\t\t<div class=\"apartamento-box\">\n\t\t\t\t\t\t\t<div class=\"imagen_recomendados\">\n\t\t\t\t\t\t\t\t<img decoding=\"async\" src=\"https:\/\/crs.avantio.com\/fotos\/2\/1641977800def8296f329cca1e51b9764cf7dce01d\/big1671010379a4f4a636295de85a927a064833776dcd.jpg\" alt=\"Apartment Playa 2B in Puerto de Alcudia \">\n\t\t\t\t\t\t\t<\/div>\n\t\t\t\t\t\t\t<div class=\"info\">\n\t\t\t\t\t\t\t\t<div class=\"ubicacion\">\n\t\t\t\t\t\t\t\t\t<i class=\"fa-solid fa-location-dot icono-mapa\"><\/i><span class=\"ubicacion-texto\">Alcudia - Mallorca<\/span>\n\t\t\t\t\t\t\t\t<\/div>\n\t\t\t\t\t\t\t\t<H4 class=\"titulo-alojamiento\">\n\t\t\t\t\t\t\t\t\tApartment Playa 2B in Puerto de Alcudia \t\t\t\t\t\t\t\t<\/H4>\n\t\t\t\t\t\t\t\t<p class=\"precio-alojamiento\">Aus <span class=\"precio\">50.45\u20ac<\/span> pro Nacht<\/p>\n\t\t\t\t\t\t\t<\/div>\n\t\t\t\t\t\t<\/div>\n\t\t\t\t\t<\/a> \n\t\t\t\t\t\t\t\t<\/div>\n\t\t\t<\/div>\n\t\t\t\t\t\t<\/div>\n\t\t\t\t<\/div>\n\t\t\t\t\t<\/div>\n\t\t\t\t<\/div>\n\t\t\t\t<section class=\"elementor-section elementor-top-section elementor-element elementor-element-6394aea elementor-section-boxed elementor-section-height-default elementor-section-height-default\" data-id=\"6394aea\" data-element_type=\"section\" data-e-type=\"section\">\n\t\t\t\t\t\t<div class=\"elementor-container elementor-column-gap-default\">\n\t\t\t\t\t<div class=\"elementor-column elementor-col-100 elementor-top-column elementor-element elementor-element-aba1299\" data-id=\"aba1299\" data-element_type=\"column\" data-e-type=\"column\">\n\t\t\t<div class=\"elementor-widget-wrap elementor-element-populated\">\n\t\t\t\t\t\t<div class=\"elementor-element elementor-element-bbd44ae elementor-widget elementor-widget-heading\" data-id=\"bbd44ae\" data-element_type=\"widget\" data-e-type=\"widget\" data-widget_type=\"heading.default\">\n\t\t\t\t<div class=\"elementor-widget-container\">\n\t\t\t\t\t<h2 class=\"elementor-heading-title elementor-size-default\">Kommen Sie in den Urlaub nach Mallorca<\/h2>\t\t\t\t<\/div>\n\t\t\t\t<\/div>\n\t\t\t\t<div class=\"elementor-element elementor-element-410e4ea elementor-widget elementor-widget-text-editor\" data-id=\"410e4ea\" data-element_type=\"widget\" data-e-type=\"widget\" data-widget_type=\"text-editor.default\">\n\t\t\t\t<div class=\"elementor-widget-container\">\n\t\t\t\t\t\t\t\t\t<div class=\"flex max-w-full flex-col flex-grow AIPRM__conversation__response\">\n<div class=\"min-h-8 text-message flex w-full flex-col items-end gap-2 whitespace-normal break-words [.text-message+&amp;]:mt-5\" dir=\"auto\" data-message-author-role=\"assistant\" data-message-id=\"6c65b7eb-ba24-4a5a-be00-a57b82094249\" data-message-model-slug=\"gpt-4o\">\n<div class=\"flex w-full flex-col gap-1 empty:hidden first:pt-[3px]\">\n<div class=\"markdown prose w-full break-words dark:prose-invert light\">\n<div class=\"flex max-w-full flex-col flex-grow\">\n<div class=\"min-h-8 text-message flex w-full flex-col items-end gap-2 whitespace-normal break-words text-start [.text-message+&amp;]:mt-5\" dir=\"auto\" data-message-author-role=\"assistant\" data-message-id=\"01ec5430-59fd-4865-9749-c26b8e3514f4\" data-message-model-slug=\"gpt-4o\">\n<div class=\"flex w-full flex-col gap-1 empty:hidden first:pt-[3px]\">\n<div class=\"markdown prose w-full break-words dark:prose-invert light\">\n<p>Machen Sie Ihre Reise zu einem unvergesslichen Erlebnis und \u00fcbernachten Sie in unseren exklusiven Unterk\u00fcnften, die Ihnen Komfort und Authentizit\u00e4t an den sch\u00f6nsten Orten Mallorcas bieten sollen. Ob es sich um eine Villa mit Meerblick oder ein gem\u00fctliches Landhaus in den Bergen handelt, wir haben den perfekten Ort f\u00fcr Sie &#8211; buchen Sie jetzt und erleben Sie die Insel wie nie zuvor! Ob Villa mit Meerblick oder gem\u00fctliches Landhaus in den Bergen, wir haben den perfekten Raum f\u00fcr Sie. Buchen Sie jetzt und erleben Sie die Insel wie nie zuvor!<\/p>\n<\/div>\n<\/div>\n<\/div>\n<\/div>\n<\/div>\n<\/div>\n<\/div>\n<\/div>\n\t\t\t\t\t\t\t\t<\/div>\n\t\t\t\t<\/div>\n\t\t\t\t\t<\/div>\n\t\t<\/div>\n\t\t\t\t\t<\/div>\n\t\t<\/section>\n\t\t<div class=\"elementor-element elementor-element-34ebfd9 e-flex e-con-boxed e-con e-parent\" data-id=\"34ebfd9\" data-element_type=\"container\" data-e-type=\"container\">\n\t\t\t\t\t<div class=\"e-con-inner\">\n\t\t\t\t<div class=\"elementor-element elementor-element-1796c58 elementor-widget elementor-widget-loop-carousel\" data-id=\"1796c58\" data-element_type=\"widget\" data-e-type=\"widget\" data-settings=\"{&quot;template_id&quot;:2081,&quot;slides_to_show&quot;:&quot;4&quot;,&quot;_skin&quot;:&quot;post&quot;,&quot;slides_to_show_tablet&quot;:&quot;2&quot;,&quot;slides_to_show_mobile&quot;:&quot;1&quot;,&quot;slides_to_scroll&quot;:&quot;1&quot;,&quot;edit_handle_selector&quot;:&quot;.elementor-loop-container&quot;,&quot;autoplay&quot;:&quot;yes&quot;,&quot;autoplay_speed&quot;:5000,&quot;pause_on_hover&quot;:&quot;yes&quot;,&quot;pause_on_interaction&quot;:&quot;yes&quot;,&quot;infinite&quot;:&quot;yes&quot;,&quot;speed&quot;:500,&quot;offset_sides&quot;:&quot;none&quot;,&quot;image_spacing_custom&quot;:{&quot;unit&quot;:&quot;px&quot;,&quot;size&quot;:10,&quot;sizes&quot;:[]},&quot;image_spacing_custom_tablet&quot;:{&quot;unit&quot;:&quot;px&quot;,&quot;size&quot;:&quot;&quot;,&quot;sizes&quot;:[]},&quot;image_spacing_custom_mobile&quot;:{&quot;unit&quot;:&quot;px&quot;,&quot;size&quot;:&quot;&quot;,&quot;sizes&quot;:[]}}\" data-widget_type=\"loop-carousel.post\">\n\t\t\t\t<div class=\"elementor-widget-container\">\n\t\t\t\t\t\t\t<div class=\"swiper elementor-loop-container elementor-grid\" role=\"list\" dir=\"ltr\">\n\t\t\t\t<div class=\"swiper-wrapper\" aria-live=\"off\">\n\t\t<style id=\"loop-2081\">.elementor-2081 .elementor-element.elementor-element-7d8bdba{--display:flex;--flex-direction:column;--container-widget-width:calc( ( 1 - var( --container-widget-flex-grow ) ) * 100% );--container-widget-height:initial;--container-widget-flex-grow:0;--container-widget-align-self:initial;--flex-wrap-mobile:wrap;--justify-content:flex-start;--align-items:flex-start;}.elementor-widget-image .widget-image-caption{color:var( --e-global-color-text );font-family:var( --e-global-typography-text-font-family ), Sans-serif;font-size:var( --e-global-typography-text-font-size );font-weight:var( --e-global-typography-text-font-weight );}.elementor-2081 .elementor-element.elementor-element-6420d0f img{height:200px;object-fit:cover;object-position:center center;}.elementor-2081 .elementor-element.elementor-element-6420d0f > .elementor-widget-container{padding:0px 0px 0px 0px;}.elementor-2081 .elementor-element.elementor-element-6420d0f.elementor-element{--flex-grow:1;--flex-shrink:0;}.elementor-widget-heading .elementor-heading-title{font-family:var( --e-global-typography-primary-font-family ), Sans-serif;font-size:var( --e-global-typography-primary-font-size );font-weight:var( --e-global-typography-primary-font-weight );color:var( --e-global-color-primary );}.elementor-2081 .elementor-element.elementor-element-0a4d3e5{text-align:start;}.elementor-2081 .elementor-element.elementor-element-0a4d3e5 .elementor-heading-title{font-family:\"Quicksand\", Sans-serif;font-size:22px;font-weight:600;text-transform:none;}.elementor-2081 .elementor-element.elementor-element-0a4d3e5.elementor-element{--align-self:flex-start;--flex-grow:0;--flex-shrink:1;}.elementor-widget-icon.elementor-view-stacked .elementor-icon{background-color:var( --e-global-color-primary );}.elementor-widget-icon.elementor-view-framed .elementor-icon, .elementor-widget-icon.elementor-view-default .elementor-icon{color:var( --e-global-color-primary );border-color:var( --e-global-color-primary );}.elementor-widget-icon.elementor-view-framed .elementor-icon, .elementor-widget-icon.elementor-view-default .elementor-icon svg{fill:var( --e-global-color-primary );}.elementor-2081 .elementor-element.elementor-element-814e981 .elementor-icon-wrapper{text-align:start;}.elementor-2081 .elementor-element.elementor-element-814e981.elementor-view-stacked .elementor-icon{background-color:#D2E1E4;}.elementor-2081 .elementor-element.elementor-element-814e981.elementor-view-framed .elementor-icon, .elementor-2081 .elementor-element.elementor-element-814e981.elementor-view-default .elementor-icon{color:#D2E1E4;border-color:#D2E1E4;}.elementor-2081 .elementor-element.elementor-element-814e981.elementor-view-framed .elementor-icon, .elementor-2081 .elementor-element.elementor-element-814e981.elementor-view-default .elementor-icon svg{fill:#D2E1E4;}.elementor-2081 .elementor-element.elementor-element-814e981 .elementor-icon{font-size:40px;}.elementor-2081 .elementor-element.elementor-element-814e981 .elementor-icon svg{height:40px;}.elementor-2081 .elementor-element.elementor-element-814e981 > .elementor-widget-container{margin:0px 0px 0px 0px;}.elementor-2081 .elementor-element.elementor-element-814e981.elementor-element{--flex-grow:0;--flex-shrink:1;}@media(max-width:1024px){.elementor-widget-image .widget-image-caption{font-size:var( --e-global-typography-text-font-size );}.elementor-widget-heading .elementor-heading-title{font-size:var( --e-global-typography-primary-font-size );}}@media(max-width:767px){.elementor-widget-image .widget-image-caption{font-size:var( --e-global-typography-text-font-size );}.elementor-widget-heading .elementor-heading-title{font-size:var( --e-global-typography-primary-font-size );}}<\/style>\t\t<div data-elementor-type=\"loop-item\" data-elementor-id=\"2081\" class=\"elementor elementor-2081 elementor-2068 elementor-2068 swiper-slide e-loop-item e-loop-item-4025 post-4025 page type-page status-publish has-post-thumbnail hentry\" data-elementor-post-type=\"elementor_library\" role=\"group\" aria-roledescription=\"slide\" data-custom-edit-handle=\"1\">\n\t\t\t<div class=\"elementor-element elementor-element-7d8bdba e-flex e-con-boxed e-con e-parent\" data-id=\"7d8bdba\" data-element_type=\"container\" data-e-type=\"container\">\n\t\t\t\t\t<div class=\"e-con-inner\">\n\t\t\t\t<div class=\"elementor-element elementor-element-6420d0f elementor-widget elementor-widget-image\" data-id=\"6420d0f\" data-element_type=\"widget\" data-e-type=\"widget\" data-widget_type=\"image.default\">\n\t\t\t\t<div class=\"elementor-widget-container\">\n\t\t\t\t\t\t\t\t\t\t\t\t\t\t\t\t<a href=\"https:\/\/rentallorca.com\/blog\/de\/finca-campanet\/\">\n\t\t\t\t\t\t\t<img fetchpriority=\"high\" decoding=\"async\" width=\"600\" height=\"600\" src=\"https:\/\/rentallorca.com\/blog\/wp-content\/uploads\/2026\/04\/finca-rustica-campanet.webp\" class=\"attachment-full size-full wp-image-3970\" alt=\"finca rustica campanet\" srcset=\"https:\/\/rentallorca.com\/blog\/wp-content\/uploads\/2026\/04\/finca-rustica-campanet.webp 600w, https:\/\/rentallorca.com\/blog\/wp-content\/uploads\/2026\/04\/finca-rustica-campanet-300x300.webp 300w, https:\/\/rentallorca.com\/blog\/wp-content\/uploads\/2026\/04\/finca-rustica-campanet-150x150.webp 150w\" sizes=\"(max-width: 600px) 100vw, 600px\" \/>\t\t\t\t\t\t\t\t<\/a>\n\t\t\t\t\t\t\t\t\t\t\t\t\t\t\t<\/div>\n\t\t\t\t<\/div>\n\t\t\t\t<div class=\"elementor-element elementor-element-0a4d3e5 elementor-widget elementor-widget-heading\" data-id=\"0a4d3e5\" data-element_type=\"widget\" data-e-type=\"widget\" data-widget_type=\"heading.default\">\n\t\t\t\t<div class=\"elementor-widget-container\">\n\t\t\t\t\t<h3 class=\"elementor-heading-title elementor-size-default\"><a href=\"https:\/\/rentallorca.com\/blog\/de\/finca-campanet\/\">Buchen Sie eine Finca in Campanet<\/a><\/h3>\t\t\t\t<\/div>\n\t\t\t\t<\/div>\n\t\t\t\t<div class=\"elementor-element elementor-element-814e981 animated-slow elementor-view-default elementor-invisible elementor-widget elementor-widget-icon\" data-id=\"814e981\" data-element_type=\"widget\" data-e-type=\"widget\" data-settings=\"{&quot;_animation&quot;:&quot;headShake&quot;}\" data-widget_type=\"icon.default\">\n\t\t\t\t<div class=\"elementor-widget-container\">\n\t\t\t\t\t\t\t<div class=\"elementor-icon-wrapper\">\n\t\t\t<a class=\"elementor-icon\" href=\"https:\/\/rentallorca.com\/blog\/de\/finca-campanet\/\">\n\t\t\t<svg aria-hidden=\"true\" class=\"e-font-icon-svg e-fas-long-arrow-alt-right\" viewBox=\"0 0 448 512\" xmlns=\"http:\/\/www.w3.org\/2000\/svg\"><path d=\"M313.941 216H12c-6.627 0-12 5.373-12 12v56c0 6.627 5.373 12 12 12h301.941v46.059c0 21.382 25.851 32.09 40.971 16.971l86.059-86.059c9.373-9.373 9.373-24.569 0-33.941l-86.059-86.059c-15.119-15.119-40.971-4.411-40.971 16.971V216z\"><\/path><\/svg>\t\t\t<\/a>\n\t\t<\/div>\n\t\t\t\t\t\t<\/div>\n\t\t\t\t<\/div>\n\t\t\t\t\t<\/div>\n\t\t\t\t<\/div>\n\t\t\t\t<\/div>\n\t\t\t\t<div data-elementor-type=\"loop-item\" data-elementor-id=\"2081\" class=\"elementor elementor-2081 elementor-2068 elementor-2068 swiper-slide e-loop-item e-loop-item-4023 post-4023 page type-page status-publish has-post-thumbnail hentry\" data-elementor-post-type=\"elementor_library\" role=\"group\" aria-roledescription=\"slide\" data-custom-edit-handle=\"1\">\n\t\t\t<div class=\"elementor-element elementor-element-7d8bdba e-flex e-con-boxed e-con e-parent\" data-id=\"7d8bdba\" data-element_type=\"container\" data-e-type=\"container\">\n\t\t\t\t\t<div class=\"e-con-inner\">\n\t\t\t\t<div class=\"elementor-element elementor-element-6420d0f elementor-widget elementor-widget-image\" data-id=\"6420d0f\" data-element_type=\"widget\" data-e-type=\"widget\" data-widget_type=\"image.default\">\n\t\t\t\t<div class=\"elementor-widget-container\">\n\t\t\t\t\t\t\t\t\t\t\t\t\t\t\t\t<a href=\"https:\/\/rentallorca.com\/blog\/de\/finca-in-binissalem-mieten\/\">\n\t\t\t\t\t\t\t<img decoding=\"async\" width=\"600\" height=\"600\" src=\"https:\/\/rentallorca.com\/blog\/wp-content\/uploads\/2026\/04\/finca-binissalem.webp\" class=\"attachment-full size-full wp-image-3967\" alt=\"finca binissalem\" srcset=\"https:\/\/rentallorca.com\/blog\/wp-content\/uploads\/2026\/04\/finca-binissalem.webp 600w, https:\/\/rentallorca.com\/blog\/wp-content\/uploads\/2026\/04\/finca-binissalem-300x300.webp 300w, https:\/\/rentallorca.com\/blog\/wp-content\/uploads\/2026\/04\/finca-binissalem-150x150.webp 150w\" sizes=\"(max-width: 600px) 100vw, 600px\" \/>\t\t\t\t\t\t\t\t<\/a>\n\t\t\t\t\t\t\t\t\t\t\t\t\t\t\t<\/div>\n\t\t\t\t<\/div>\n\t\t\t\t<div class=\"elementor-element elementor-element-0a4d3e5 elementor-widget elementor-widget-heading\" data-id=\"0a4d3e5\" data-element_type=\"widget\" data-e-type=\"widget\" data-widget_type=\"heading.default\">\n\t\t\t\t<div class=\"elementor-widget-container\">\n\t\t\t\t\t<h3 class=\"elementor-heading-title elementor-size-default\"><a href=\"https:\/\/rentallorca.com\/blog\/de\/finca-in-binissalem-mieten\/\">Ihre ideale Finca in Binissalem mieten<\/a><\/h3>\t\t\t\t<\/div>\n\t\t\t\t<\/div>\n\t\t\t\t<div class=\"elementor-element elementor-element-814e981 animated-slow elementor-view-default elementor-invisible elementor-widget elementor-widget-icon\" data-id=\"814e981\" data-element_type=\"widget\" data-e-type=\"widget\" data-settings=\"{&quot;_animation&quot;:&quot;headShake&quot;}\" data-widget_type=\"icon.default\">\n\t\t\t\t<div class=\"elementor-widget-container\">\n\t\t\t\t\t\t\t<div class=\"elementor-icon-wrapper\">\n\t\t\t<a class=\"elementor-icon\" href=\"https:\/\/rentallorca.com\/blog\/de\/finca-in-binissalem-mieten\/\">\n\t\t\t<svg aria-hidden=\"true\" class=\"e-font-icon-svg e-fas-long-arrow-alt-right\" viewBox=\"0 0 448 512\" xmlns=\"http:\/\/www.w3.org\/2000\/svg\"><path d=\"M313.941 216H12c-6.627 0-12 5.373-12 12v56c0 6.627 5.373 12 12 12h301.941v46.059c0 21.382 25.851 32.09 40.971 16.971l86.059-86.059c9.373-9.373 9.373-24.569 0-33.941l-86.059-86.059c-15.119-15.119-40.971-4.411-40.971 16.971V216z\"><\/path><\/svg>\t\t\t<\/a>\n\t\t<\/div>\n\t\t\t\t\t\t<\/div>\n\t\t\t\t<\/div>\n\t\t\t\t\t<\/div>\n\t\t\t\t<\/div>\n\t\t\t\t<\/div>\n\t\t\t\t<div data-elementor-type=\"loop-item\" data-elementor-id=\"2081\" class=\"elementor elementor-2081 elementor-2068 elementor-2068 swiper-slide e-loop-item e-loop-item-4021 post-4021 page type-page status-publish has-post-thumbnail hentry\" data-elementor-post-type=\"elementor_library\" role=\"group\" aria-roledescription=\"slide\" data-custom-edit-handle=\"1\">\n\t\t\t<div class=\"elementor-element elementor-element-7d8bdba e-flex e-con-boxed e-con e-parent\" data-id=\"7d8bdba\" data-element_type=\"container\" data-e-type=\"container\">\n\t\t\t\t\t<div class=\"e-con-inner\">\n\t\t\t\t<div class=\"elementor-element elementor-element-6420d0f elementor-widget elementor-widget-image\" data-id=\"6420d0f\" data-element_type=\"widget\" data-e-type=\"widget\" data-widget_type=\"image.default\">\n\t\t\t\t<div class=\"elementor-widget-container\">\n\t\t\t\t\t\t\t\t\t\t\t\t\t\t\t\t<a href=\"https:\/\/rentallorca.com\/blog\/de\/finca-in-muro\/\">\n\t\t\t\t\t\t\t<img decoding=\"async\" width=\"600\" height=\"600\" src=\"https:\/\/rentallorca.com\/blog\/wp-content\/uploads\/2026\/04\/finca-in-muro.webp\" class=\"attachment-full size-full wp-image-3964\" alt=\"alquiler vacacional muro mallorca\" srcset=\"https:\/\/rentallorca.com\/blog\/wp-content\/uploads\/2026\/04\/finca-in-muro.webp 600w, https:\/\/rentallorca.com\/blog\/wp-content\/uploads\/2026\/04\/finca-in-muro-300x300.webp 300w, https:\/\/rentallorca.com\/blog\/wp-content\/uploads\/2026\/04\/finca-in-muro-150x150.webp 150w\" sizes=\"(max-width: 600px) 100vw, 600px\" \/>\t\t\t\t\t\t\t\t<\/a>\n\t\t\t\t\t\t\t\t\t\t\t\t\t\t\t<\/div>\n\t\t\t\t<\/div>\n\t\t\t\t<div class=\"elementor-element elementor-element-0a4d3e5 elementor-widget elementor-widget-heading\" data-id=\"0a4d3e5\" data-element_type=\"widget\" data-e-type=\"widget\" data-widget_type=\"heading.default\">\n\t\t\t\t<div class=\"elementor-widget-container\">\n\t\t\t\t\t<h3 class=\"elementor-heading-title elementor-size-default\"><a href=\"https:\/\/rentallorca.com\/blog\/de\/finca-in-muro\/\">Buchen Sie eine Finca in Muro<\/a><\/h3>\t\t\t\t<\/div>\n\t\t\t\t<\/div>\n\t\t\t\t<div class=\"elementor-element elementor-element-814e981 animated-slow elementor-view-default elementor-invisible elementor-widget elementor-widget-icon\" data-id=\"814e981\" data-element_type=\"widget\" data-e-type=\"widget\" data-settings=\"{&quot;_animation&quot;:&quot;headShake&quot;}\" data-widget_type=\"icon.default\">\n\t\t\t\t<div class=\"elementor-widget-container\">\n\t\t\t\t\t\t\t<div class=\"elementor-icon-wrapper\">\n\t\t\t<a class=\"elementor-icon\" href=\"https:\/\/rentallorca.com\/blog\/de\/finca-in-muro\/\">\n\t\t\t<svg aria-hidden=\"true\" class=\"e-font-icon-svg e-fas-long-arrow-alt-right\" viewBox=\"0 0 448 512\" xmlns=\"http:\/\/www.w3.org\/2000\/svg\"><path d=\"M313.941 216H12c-6.627 0-12 5.373-12 12v56c0 6.627 5.373 12 12 12h301.941v46.059c0 21.382 25.851 32.09 40.971 16.971l86.059-86.059c9.373-9.373 9.373-24.569 0-33.941l-86.059-86.059c-15.119-15.119-40.971-4.411-40.971 16.971V216z\"><\/path><\/svg>\t\t\t<\/a>\n\t\t<\/div>\n\t\t\t\t\t\t<\/div>\n\t\t\t\t<\/div>\n\t\t\t\t\t<\/div>\n\t\t\t\t<\/div>\n\t\t\t\t<\/div>\n\t\t\t\t<div data-elementor-type=\"loop-item\" data-elementor-id=\"2081\" class=\"elementor elementor-2081 elementor-2068 elementor-2068 swiper-slide e-loop-item e-loop-item-3747 post-3747 page type-page status-publish has-post-thumbnail hentry\" data-elementor-post-type=\"elementor_library\" role=\"group\" aria-roledescription=\"slide\" data-custom-edit-handle=\"1\">\n\t\t\t<div class=\"elementor-element elementor-element-7d8bdba e-flex e-con-boxed e-con e-parent\" data-id=\"7d8bdba\" data-element_type=\"container\" data-e-type=\"container\">\n\t\t\t\t\t<div class=\"e-con-inner\">\n\t\t\t\t<div class=\"elementor-element elementor-element-6420d0f elementor-widget elementor-widget-image\" data-id=\"6420d0f\" data-element_type=\"widget\" data-e-type=\"widget\" data-widget_type=\"image.default\">\n\t\t\t\t<div class=\"elementor-widget-container\">\n\t\t\t\t\t\t\t\t\t\t\t\t\t\t\t\t<a href=\"https:\/\/rentallorca.com\/blog\/de\/mallorca-unterkunft-mit-pool\/\">\n\t\t\t\t\t\t\t<img loading=\"lazy\" decoding=\"async\" width=\"800\" height=\"800\" src=\"https:\/\/rentallorca.com\/blog\/wp-content\/uploads\/2026\/03\/alquiler-vacacional-mallorca-con-piscina.webp\" class=\"attachment-full size-full wp-image-3684\" alt=\"\" srcset=\"https:\/\/rentallorca.com\/blog\/wp-content\/uploads\/2026\/03\/alquiler-vacacional-mallorca-con-piscina.webp 800w, https:\/\/rentallorca.com\/blog\/wp-content\/uploads\/2026\/03\/alquiler-vacacional-mallorca-con-piscina-300x300.webp 300w, https:\/\/rentallorca.com\/blog\/wp-content\/uploads\/2026\/03\/alquiler-vacacional-mallorca-con-piscina-150x150.webp 150w, https:\/\/rentallorca.com\/blog\/wp-content\/uploads\/2026\/03\/alquiler-vacacional-mallorca-con-piscina-768x768.webp 768w\" sizes=\"(max-width: 800px) 100vw, 800px\" \/>\t\t\t\t\t\t\t\t<\/a>\n\t\t\t\t\t\t\t\t\t\t\t\t\t\t\t<\/div>\n\t\t\t\t<\/div>\n\t\t\t\t<div class=\"elementor-element elementor-element-0a4d3e5 elementor-widget elementor-widget-heading\" data-id=\"0a4d3e5\" data-element_type=\"widget\" data-e-type=\"widget\" data-widget_type=\"heading.default\">\n\t\t\t\t<div class=\"elementor-widget-container\">\n\t\t\t\t\t<h3 class=\"elementor-heading-title elementor-size-default\"><a href=\"https:\/\/rentallorca.com\/blog\/de\/mallorca-unterkunft-mit-pool\/\">Mallorca Unterkunft mit Pool<\/a><\/h3>\t\t\t\t<\/div>\n\t\t\t\t<\/div>\n\t\t\t\t<div class=\"elementor-element elementor-element-814e981 animated-slow elementor-view-default elementor-invisible elementor-widget elementor-widget-icon\" data-id=\"814e981\" data-element_type=\"widget\" data-e-type=\"widget\" data-settings=\"{&quot;_animation&quot;:&quot;headShake&quot;}\" data-widget_type=\"icon.default\">\n\t\t\t\t<div class=\"elementor-widget-container\">\n\t\t\t\t\t\t\t<div class=\"elementor-icon-wrapper\">\n\t\t\t<a class=\"elementor-icon\" href=\"https:\/\/rentallorca.com\/blog\/de\/mallorca-unterkunft-mit-pool\/\">\n\t\t\t<svg aria-hidden=\"true\" class=\"e-font-icon-svg e-fas-long-arrow-alt-right\" viewBox=\"0 0 448 512\" xmlns=\"http:\/\/www.w3.org\/2000\/svg\"><path d=\"M313.941 216H12c-6.627 0-12 5.373-12 12v56c0 6.627 5.373 12 12 12h301.941v46.059c0 21.382 25.851 32.09 40.971 16.971l86.059-86.059c9.373-9.373 9.373-24.569 0-33.941l-86.059-86.059c-15.119-15.119-40.971-4.411-40.971 16.971V216z\"><\/path><\/svg>\t\t\t<\/a>\n\t\t<\/div>\n\t\t\t\t\t\t<\/div>\n\t\t\t\t<\/div>\n\t\t\t\t\t<\/div>\n\t\t\t\t<\/div>\n\t\t\t\t<\/div>\n\t\t\t\t<div data-elementor-type=\"loop-item\" data-elementor-id=\"2081\" class=\"elementor elementor-2081 elementor-2068 elementor-2068 swiper-slide e-loop-item e-loop-item-3751 post-3751 page type-page status-publish has-post-thumbnail hentry\" data-elementor-post-type=\"elementor_library\" role=\"group\" aria-roledescription=\"slide\" data-custom-edit-handle=\"1\">\n\t\t\t<div class=\"elementor-element elementor-element-7d8bdba e-flex e-con-boxed e-con e-parent\" data-id=\"7d8bdba\" data-element_type=\"container\" data-e-type=\"container\">\n\t\t\t\t\t<div class=\"e-con-inner\">\n\t\t\t\t<div class=\"elementor-element elementor-element-6420d0f elementor-widget elementor-widget-image\" data-id=\"6420d0f\" data-element_type=\"widget\" data-e-type=\"widget\" data-widget_type=\"image.default\">\n\t\t\t\t<div class=\"elementor-widget-container\">\n\t\t\t\t\t\t\t\t\t\t\t\t\t\t\t\t<a href=\"https:\/\/rentallorca.com\/blog\/de\/ferienwohnung-am-strand-mallorca\/\">\n\t\t\t\t\t\t\t<img loading=\"lazy\" decoding=\"async\" width=\"800\" height=\"800\" src=\"https:\/\/rentallorca.com\/blog\/wp-content\/uploads\/2026\/03\/apartamentos-en-mallorca-cerca-de-playa.webp\" class=\"attachment-full size-full wp-image-3690\" alt=\"\" srcset=\"https:\/\/rentallorca.com\/blog\/wp-content\/uploads\/2026\/03\/apartamentos-en-mallorca-cerca-de-playa.webp 800w, https:\/\/rentallorca.com\/blog\/wp-content\/uploads\/2026\/03\/apartamentos-en-mallorca-cerca-de-playa-300x300.webp 300w, https:\/\/rentallorca.com\/blog\/wp-content\/uploads\/2026\/03\/apartamentos-en-mallorca-cerca-de-playa-150x150.webp 150w, https:\/\/rentallorca.com\/blog\/wp-content\/uploads\/2026\/03\/apartamentos-en-mallorca-cerca-de-playa-768x768.webp 768w\" sizes=\"(max-width: 800px) 100vw, 800px\" \/>\t\t\t\t\t\t\t\t<\/a>\n\t\t\t\t\t\t\t\t\t\t\t\t\t\t\t<\/div>\n\t\t\t\t<\/div>\n\t\t\t\t<div class=\"elementor-element elementor-element-0a4d3e5 elementor-widget elementor-widget-heading\" data-id=\"0a4d3e5\" data-element_type=\"widget\" data-e-type=\"widget\" data-widget_type=\"heading.default\">\n\t\t\t\t<div class=\"elementor-widget-container\">\n\t\t\t\t\t<h3 class=\"elementor-heading-title elementor-size-default\"><a href=\"https:\/\/rentallorca.com\/blog\/de\/ferienwohnung-am-strand-mallorca\/\">Ferienwohnung am Strand Mallorca<\/a><\/h3>\t\t\t\t<\/div>\n\t\t\t\t<\/div>\n\t\t\t\t<div class=\"elementor-element elementor-element-814e981 animated-slow elementor-view-default elementor-invisible elementor-widget elementor-widget-icon\" data-id=\"814e981\" data-element_type=\"widget\" data-e-type=\"widget\" data-settings=\"{&quot;_animation&quot;:&quot;headShake&quot;}\" data-widget_type=\"icon.default\">\n\t\t\t\t<div class=\"elementor-widget-container\">\n\t\t\t\t\t\t\t<div class=\"elementor-icon-wrapper\">\n\t\t\t<a class=\"elementor-icon\" href=\"https:\/\/rentallorca.com\/blog\/de\/ferienwohnung-am-strand-mallorca\/\">\n\t\t\t<svg aria-hidden=\"true\" class=\"e-font-icon-svg e-fas-long-arrow-alt-right\" viewBox=\"0 0 448 512\" xmlns=\"http:\/\/www.w3.org\/2000\/svg\"><path d=\"M313.941 216H12c-6.627 0-12 5.373-12 12v56c0 6.627 5.373 12 12 12h301.941v46.059c0 21.382 25.851 32.09 40.971 16.971l86.059-86.059c9.373-9.373 9.373-24.569 0-33.941l-86.059-86.059c-15.119-15.119-40.971-4.411-40.971 16.971V216z\"><\/path><\/svg>\t\t\t<\/a>\n\t\t<\/div>\n\t\t\t\t\t\t<\/div>\n\t\t\t\t<\/div>\n\t\t\t\t\t<\/div>\n\t\t\t\t<\/div>\n\t\t\t\t<\/div>\n\t\t\t\t<div data-elementor-type=\"loop-item\" data-elementor-id=\"2081\" class=\"elementor elementor-2081 elementor-2068 elementor-2068 swiper-slide e-loop-item e-loop-item-3753 post-3753 page type-page status-publish has-post-thumbnail hentry\" data-elementor-post-type=\"elementor_library\" role=\"group\" aria-roledescription=\"slide\" data-custom-edit-handle=\"1\">\n\t\t\t<div class=\"elementor-element elementor-element-7d8bdba e-flex e-con-boxed e-con e-parent\" data-id=\"7d8bdba\" data-element_type=\"container\" data-e-type=\"container\">\n\t\t\t\t\t<div class=\"e-con-inner\">\n\t\t\t\t<div class=\"elementor-element elementor-element-6420d0f elementor-widget elementor-widget-image\" data-id=\"6420d0f\" data-element_type=\"widget\" data-e-type=\"widget\" data-widget_type=\"image.default\">\n\t\t\t\t<div class=\"elementor-widget-container\">\n\t\t\t\t\t\t\t\t\t\t\t\t\t\t\t\t<a href=\"https:\/\/rentallorca.com\/blog\/de\/haus-mit-pool-auf-mallorca-mieten\/\">\n\t\t\t\t\t\t\t<img loading=\"lazy\" decoding=\"async\" width=\"800\" height=\"800\" src=\"https:\/\/rentallorca.com\/blog\/wp-content\/uploads\/2026\/03\/casas-con-piscina-en-mallorca.webp\" class=\"attachment-full size-full wp-image-3693\" alt=\"\" srcset=\"https:\/\/rentallorca.com\/blog\/wp-content\/uploads\/2026\/03\/casas-con-piscina-en-mallorca.webp 800w, https:\/\/rentallorca.com\/blog\/wp-content\/uploads\/2026\/03\/casas-con-piscina-en-mallorca-300x300.webp 300w, https:\/\/rentallorca.com\/blog\/wp-content\/uploads\/2026\/03\/casas-con-piscina-en-mallorca-150x150.webp 150w, https:\/\/rentallorca.com\/blog\/wp-content\/uploads\/2026\/03\/casas-con-piscina-en-mallorca-768x768.webp 768w\" sizes=\"(max-width: 800px) 100vw, 800px\" \/>\t\t\t\t\t\t\t\t<\/a>\n\t\t\t\t\t\t\t\t\t\t\t\t\t\t\t<\/div>\n\t\t\t\t<\/div>\n\t\t\t\t<div class=\"elementor-element elementor-element-0a4d3e5 elementor-widget elementor-widget-heading\" data-id=\"0a4d3e5\" data-element_type=\"widget\" data-e-type=\"widget\" data-widget_type=\"heading.default\">\n\t\t\t\t<div class=\"elementor-widget-container\">\n\t\t\t\t\t<h3 class=\"elementor-heading-title elementor-size-default\"><a href=\"https:\/\/rentallorca.com\/blog\/de\/haus-mit-pool-auf-mallorca-mieten\/\">Haus mit Pool auf Mallorca mieten<\/a><\/h3>\t\t\t\t<\/div>\n\t\t\t\t<\/div>\n\t\t\t\t<div class=\"elementor-element elementor-element-814e981 animated-slow elementor-view-default elementor-invisible elementor-widget elementor-widget-icon\" data-id=\"814e981\" data-element_type=\"widget\" data-e-type=\"widget\" data-settings=\"{&quot;_animation&quot;:&quot;headShake&quot;}\" data-widget_type=\"icon.default\">\n\t\t\t\t<div class=\"elementor-widget-container\">\n\t\t\t\t\t\t\t<div class=\"elementor-icon-wrapper\">\n\t\t\t<a class=\"elementor-icon\" href=\"https:\/\/rentallorca.com\/blog\/de\/haus-mit-pool-auf-mallorca-mieten\/\">\n\t\t\t<svg aria-hidden=\"true\" class=\"e-font-icon-svg e-fas-long-arrow-alt-right\" viewBox=\"0 0 448 512\" xmlns=\"http:\/\/www.w3.org\/2000\/svg\"><path d=\"M313.941 216H12c-6.627 0-12 5.373-12 12v56c0 6.627 5.373 12 12 12h301.941v46.059c0 21.382 25.851 32.09 40.971 16.971l86.059-86.059c9.373-9.373 9.373-24.569 0-33.941l-86.059-86.059c-15.119-15.119-40.971-4.411-40.971 16.971V216z\"><\/path><\/svg>\t\t\t<\/a>\n\t\t<\/div>\n\t\t\t\t\t\t<\/div>\n\t\t\t\t<\/div>\n\t\t\t\t\t<\/div>\n\t\t\t\t<\/div>\n\t\t\t\t<\/div>\n\t\t\t\t<div data-elementor-type=\"loop-item\" data-elementor-id=\"2081\" class=\"elementor elementor-2081 elementor-2068 elementor-2068 swiper-slide e-loop-item e-loop-item-3743 post-3743 page type-page status-publish has-post-thumbnail hentry\" data-elementor-post-type=\"elementor_library\" role=\"group\" aria-roledescription=\"slide\" data-custom-edit-handle=\"1\">\n\t\t\t<div class=\"elementor-element elementor-element-7d8bdba e-flex e-con-boxed e-con e-parent\" data-id=\"7d8bdba\" data-element_type=\"container\" data-e-type=\"container\">\n\t\t\t\t\t<div class=\"e-con-inner\">\n\t\t\t\t<div class=\"elementor-element elementor-element-6420d0f elementor-widget elementor-widget-image\" data-id=\"6420d0f\" data-element_type=\"widget\" data-e-type=\"widget\" data-widget_type=\"image.default\">\n\t\t\t\t<div class=\"elementor-widget-container\">\n\t\t\t\t\t\t\t\t\t\t\t\t\t\t\t\t<a href=\"https:\/\/rentallorca.com\/blog\/de\/mallorca-unterkunft-am-strand\/\">\n\t\t\t\t\t\t\t<img loading=\"lazy\" decoding=\"async\" width=\"800\" height=\"800\" src=\"https:\/\/rentallorca.com\/blog\/wp-content\/uploads\/2026\/03\/alojamientos-mallorca-pie-de-playa.webp\" class=\"attachment-full size-full wp-image-3678\" alt=\"\" srcset=\"https:\/\/rentallorca.com\/blog\/wp-content\/uploads\/2026\/03\/alojamientos-mallorca-pie-de-playa.webp 800w, https:\/\/rentallorca.com\/blog\/wp-content\/uploads\/2026\/03\/alojamientos-mallorca-pie-de-playa-300x300.webp 300w, https:\/\/rentallorca.com\/blog\/wp-content\/uploads\/2026\/03\/alojamientos-mallorca-pie-de-playa-150x150.webp 150w, https:\/\/rentallorca.com\/blog\/wp-content\/uploads\/2026\/03\/alojamientos-mallorca-pie-de-playa-768x768.webp 768w\" sizes=\"(max-width: 800px) 100vw, 800px\" \/>\t\t\t\t\t\t\t\t<\/a>\n\t\t\t\t\t\t\t\t\t\t\t\t\t\t\t<\/div>\n\t\t\t\t<\/div>\n\t\t\t\t<div class=\"elementor-element elementor-element-0a4d3e5 elementor-widget elementor-widget-heading\" data-id=\"0a4d3e5\" data-element_type=\"widget\" data-e-type=\"widget\" data-widget_type=\"heading.default\">\n\t\t\t\t<div class=\"elementor-widget-container\">\n\t\t\t\t\t<h3 class=\"elementor-heading-title elementor-size-default\"><a href=\"https:\/\/rentallorca.com\/blog\/de\/mallorca-unterkunft-am-strand\/\">Unterk\u00fcnfte auf Mallorca direkt am Strand<\/a><\/h3>\t\t\t\t<\/div>\n\t\t\t\t<\/div>\n\t\t\t\t<div class=\"elementor-element elementor-element-814e981 animated-slow elementor-view-default elementor-invisible elementor-widget elementor-widget-icon\" data-id=\"814e981\" data-element_type=\"widget\" data-e-type=\"widget\" data-settings=\"{&quot;_animation&quot;:&quot;headShake&quot;}\" data-widget_type=\"icon.default\">\n\t\t\t\t<div class=\"elementor-widget-container\">\n\t\t\t\t\t\t\t<div class=\"elementor-icon-wrapper\">\n\t\t\t<a class=\"elementor-icon\" href=\"https:\/\/rentallorca.com\/blog\/de\/mallorca-unterkunft-am-strand\/\">\n\t\t\t<svg aria-hidden=\"true\" class=\"e-font-icon-svg e-fas-long-arrow-alt-right\" viewBox=\"0 0 448 512\" xmlns=\"http:\/\/www.w3.org\/2000\/svg\"><path d=\"M313.941 216H12c-6.627 0-12 5.373-12 12v56c0 6.627 5.373 12 12 12h301.941v46.059c0 21.382 25.851 32.09 40.971 16.971l86.059-86.059c9.373-9.373 9.373-24.569 0-33.941l-86.059-86.059c-15.119-15.119-40.971-4.411-40.971 16.971V216z\"><\/path><\/svg>\t\t\t<\/a>\n\t\t<\/div>\n\t\t\t\t\t\t<\/div>\n\t\t\t\t<\/div>\n\t\t\t\t\t<\/div>\n\t\t\t\t<\/div>\n\t\t\t\t<\/div>\n\t\t\t\t<div data-elementor-type=\"loop-item\" data-elementor-id=\"2081\" class=\"elementor elementor-2081 elementor-2068 elementor-2068 swiper-slide e-loop-item e-loop-item-3749 post-3749 page type-page status-publish has-post-thumbnail hentry\" data-elementor-post-type=\"elementor_library\" role=\"group\" aria-roledescription=\"slide\" data-custom-edit-handle=\"1\">\n\t\t\t<div class=\"elementor-element elementor-element-7d8bdba e-flex e-con-boxed e-con e-parent\" data-id=\"7d8bdba\" data-element_type=\"container\" data-e-type=\"container\">\n\t\t\t\t\t<div class=\"e-con-inner\">\n\t\t\t\t<div class=\"elementor-element elementor-element-6420d0f elementor-widget elementor-widget-image\" data-id=\"6420d0f\" data-element_type=\"widget\" data-e-type=\"widget\" data-widget_type=\"image.default\">\n\t\t\t\t<div class=\"elementor-widget-container\">\n\t\t\t\t\t\t\t\t\t\t\t\t\t\t\t\t<a href=\"https:\/\/rentallorca.com\/blog\/de\/ferienwohnung-mit-pool-mallorca\/\">\n\t\t\t\t\t\t\t<img loading=\"lazy\" decoding=\"async\" width=\"800\" height=\"800\" src=\"https:\/\/rentallorca.com\/blog\/wp-content\/uploads\/2026\/03\/apartamentos-con-piscina-en-mallorca.webp\" class=\"attachment-full size-full wp-image-3687\" alt=\"\" srcset=\"https:\/\/rentallorca.com\/blog\/wp-content\/uploads\/2026\/03\/apartamentos-con-piscina-en-mallorca.webp 800w, https:\/\/rentallorca.com\/blog\/wp-content\/uploads\/2026\/03\/apartamentos-con-piscina-en-mallorca-300x300.webp 300w, https:\/\/rentallorca.com\/blog\/wp-content\/uploads\/2026\/03\/apartamentos-con-piscina-en-mallorca-150x150.webp 150w, https:\/\/rentallorca.com\/blog\/wp-content\/uploads\/2026\/03\/apartamentos-con-piscina-en-mallorca-768x768.webp 768w\" sizes=\"(max-width: 800px) 100vw, 800px\" \/>\t\t\t\t\t\t\t\t<\/a>\n\t\t\t\t\t\t\t\t\t\t\t\t\t\t\t<\/div>\n\t\t\t\t<\/div>\n\t\t\t\t<div class=\"elementor-element elementor-element-0a4d3e5 elementor-widget elementor-widget-heading\" data-id=\"0a4d3e5\" data-element_type=\"widget\" data-e-type=\"widget\" data-widget_type=\"heading.default\">\n\t\t\t\t<div class=\"elementor-widget-container\">\n\t\t\t\t\t<h3 class=\"elementor-heading-title elementor-size-default\"><a href=\"https:\/\/rentallorca.com\/blog\/de\/ferienwohnung-mit-pool-mallorca\/\">Ferienwohnung mit Pool auf Mallorca<\/a><\/h3>\t\t\t\t<\/div>\n\t\t\t\t<\/div>\n\t\t\t\t<div class=\"elementor-element elementor-element-814e981 animated-slow elementor-view-default elementor-invisible elementor-widget elementor-widget-icon\" data-id=\"814e981\" data-element_type=\"widget\" data-e-type=\"widget\" data-settings=\"{&quot;_animation&quot;:&quot;headShake&quot;}\" data-widget_type=\"icon.default\">\n\t\t\t\t<div class=\"elementor-widget-container\">\n\t\t\t\t\t\t\t<div class=\"elementor-icon-wrapper\">\n\t\t\t<a class=\"elementor-icon\" href=\"https:\/\/rentallorca.com\/blog\/de\/ferienwohnung-mit-pool-mallorca\/\">\n\t\t\t<svg aria-hidden=\"true\" class=\"e-font-icon-svg e-fas-long-arrow-alt-right\" viewBox=\"0 0 448 512\" xmlns=\"http:\/\/www.w3.org\/2000\/svg\"><path d=\"M313.941 216H12c-6.627 0-12 5.373-12 12v56c0 6.627 5.373 12 12 12h301.941v46.059c0 21.382 25.851 32.09 40.971 16.971l86.059-86.059c9.373-9.373 9.373-24.569 0-33.941l-86.059-86.059c-15.119-15.119-40.971-4.411-40.971 16.971V216z\"><\/path><\/svg>\t\t\t<\/a>\n\t\t<\/div>\n\t\t\t\t\t\t<\/div>\n\t\t\t\t<\/div>\n\t\t\t\t\t<\/div>\n\t\t\t\t<\/div>\n\t\t\t\t<\/div>\n\t\t\t\t<div data-elementor-type=\"loop-item\" data-elementor-id=\"2081\" class=\"elementor elementor-2081 elementor-2068 elementor-2068 swiper-slide e-loop-item e-loop-item-3745 post-3745 page type-page status-publish has-post-thumbnail hentry\" data-elementor-post-type=\"elementor_library\" role=\"group\" aria-roledescription=\"slide\" data-custom-edit-handle=\"1\">\n\t\t\t<div class=\"elementor-element elementor-element-7d8bdba e-flex e-con-boxed e-con e-parent\" data-id=\"7d8bdba\" data-element_type=\"container\" data-e-type=\"container\">\n\t\t\t\t\t<div class=\"e-con-inner\">\n\t\t\t\t<div class=\"elementor-element elementor-element-6420d0f elementor-widget elementor-widget-image\" data-id=\"6420d0f\" data-element_type=\"widget\" data-e-type=\"widget\" data-widget_type=\"image.default\">\n\t\t\t\t<div class=\"elementor-widget-container\">\n\t\t\t\t\t\t\t\t\t\t\t\t\t\t\t\t<a href=\"https:\/\/rentallorca.com\/blog\/de\/finca-mallorca-mieten-mit-pool\/\">\n\t\t\t\t\t\t\t<img loading=\"lazy\" decoding=\"async\" width=\"800\" height=\"800\" src=\"https:\/\/rentallorca.com\/blog\/wp-content\/uploads\/2026\/03\/alquiler-finca-con-piscina-mallorca.webp\" class=\"attachment-full size-full wp-image-3681\" alt=\"\" srcset=\"https:\/\/rentallorca.com\/blog\/wp-content\/uploads\/2026\/03\/alquiler-finca-con-piscina-mallorca.webp 800w, https:\/\/rentallorca.com\/blog\/wp-content\/uploads\/2026\/03\/alquiler-finca-con-piscina-mallorca-300x300.webp 300w, https:\/\/rentallorca.com\/blog\/wp-content\/uploads\/2026\/03\/alquiler-finca-con-piscina-mallorca-150x150.webp 150w, https:\/\/rentallorca.com\/blog\/wp-content\/uploads\/2026\/03\/alquiler-finca-con-piscina-mallorca-768x768.webp 768w\" sizes=\"(max-width: 800px) 100vw, 800px\" \/>\t\t\t\t\t\t\t\t<\/a>\n\t\t\t\t\t\t\t\t\t\t\t\t\t\t\t<\/div>\n\t\t\t\t<\/div>\n\t\t\t\t<div class=\"elementor-element elementor-element-0a4d3e5 elementor-widget elementor-widget-heading\" data-id=\"0a4d3e5\" data-element_type=\"widget\" data-e-type=\"widget\" data-widget_type=\"heading.default\">\n\t\t\t\t<div class=\"elementor-widget-container\">\n\t\t\t\t\t<h3 class=\"elementor-heading-title elementor-size-default\"><a href=\"https:\/\/rentallorca.com\/blog\/de\/finca-mallorca-mieten-mit-pool\/\">Finca Mallorca mieten mit Pool<\/a><\/h3>\t\t\t\t<\/div>\n\t\t\t\t<\/div>\n\t\t\t\t<div class=\"elementor-element elementor-element-814e981 animated-slow elementor-view-default elementor-invisible elementor-widget elementor-widget-icon\" data-id=\"814e981\" data-element_type=\"widget\" data-e-type=\"widget\" data-settings=\"{&quot;_animation&quot;:&quot;headShake&quot;}\" data-widget_type=\"icon.default\">\n\t\t\t\t<div class=\"elementor-widget-container\">\n\t\t\t\t\t\t\t<div class=\"elementor-icon-wrapper\">\n\t\t\t<a class=\"elementor-icon\" href=\"https:\/\/rentallorca.com\/blog\/de\/finca-mallorca-mieten-mit-pool\/\">\n\t\t\t<svg aria-hidden=\"true\" class=\"e-font-icon-svg e-fas-long-arrow-alt-right\" viewBox=\"0 0 448 512\" xmlns=\"http:\/\/www.w3.org\/2000\/svg\"><path d=\"M313.941 216H12c-6.627 0-12 5.373-12 12v56c0 6.627 5.373 12 12 12h301.941v46.059c0 21.382 25.851 32.09 40.971 16.971l86.059-86.059c9.373-9.373 9.373-24.569 0-33.941l-86.059-86.059c-15.119-15.119-40.971-4.411-40.971 16.971V216z\"><\/path><\/svg>\t\t\t<\/a>\n\t\t<\/div>\n\t\t\t\t\t\t<\/div>\n\t\t\t\t<\/div>\n\t\t\t\t\t<\/div>\n\t\t\t\t<\/div>\n\t\t\t\t<\/div>\n\t\t\t\t<div data-elementor-type=\"loop-item\" data-elementor-id=\"2081\" class=\"elementor elementor-2081 elementor-2068 elementor-2068 swiper-slide e-loop-item e-loop-item-3389 post-3389 page type-page status-publish has-post-thumbnail hentry\" data-elementor-post-type=\"elementor_library\" role=\"group\" aria-roledescription=\"slide\" data-custom-edit-handle=\"1\">\n\t\t\t<div class=\"elementor-element elementor-element-7d8bdba e-flex e-con-boxed e-con e-parent\" data-id=\"7d8bdba\" data-element_type=\"container\" data-e-type=\"container\">\n\t\t\t\t\t<div class=\"e-con-inner\">\n\t\t\t\t<div class=\"elementor-element elementor-element-6420d0f elementor-widget elementor-widget-image\" data-id=\"6420d0f\" data-element_type=\"widget\" data-e-type=\"widget\" data-widget_type=\"image.default\">\n\t\t\t\t<div class=\"elementor-widget-container\">\n\t\t\t\t\t\t\t\t\t\t\t\t\t\t\t\t<a href=\"https:\/\/rentallorca.com\/blog\/de\/ferienhaus-sineu\/\">\n\t\t\t\t\t\t\t<img loading=\"lazy\" decoding=\"async\" width=\"1228\" height=\"854\" src=\"https:\/\/rentallorca.com\/blog\/wp-content\/uploads\/2025\/08\/rentallorca-mallorca-5.webp\" class=\"attachment-full size-full wp-image-2407\" alt=\"\" srcset=\"https:\/\/rentallorca.com\/blog\/wp-content\/uploads\/2025\/08\/rentallorca-mallorca-5.webp 1228w, https:\/\/rentallorca.com\/blog\/wp-content\/uploads\/2025\/08\/rentallorca-mallorca-5-300x209.webp 300w, https:\/\/rentallorca.com\/blog\/wp-content\/uploads\/2025\/08\/rentallorca-mallorca-5-1024x712.webp 1024w, https:\/\/rentallorca.com\/blog\/wp-content\/uploads\/2025\/08\/rentallorca-mallorca-5-768x534.webp 768w\" sizes=\"(max-width: 1228px) 100vw, 1228px\" \/>\t\t\t\t\t\t\t\t<\/a>\n\t\t\t\t\t\t\t\t\t\t\t\t\t\t\t<\/div>\n\t\t\t\t<\/div>\n\t\t\t\t<div class=\"elementor-element elementor-element-0a4d3e5 elementor-widget elementor-widget-heading\" data-id=\"0a4d3e5\" data-element_type=\"widget\" data-e-type=\"widget\" data-widget_type=\"heading.default\">\n\t\t\t\t<div class=\"elementor-widget-container\">\n\t\t\t\t\t<h3 class=\"elementor-heading-title elementor-size-default\"><a href=\"https:\/\/rentallorca.com\/blog\/de\/ferienhaus-sineu\/\">Ferienhaus Sineu<\/a><\/h3>\t\t\t\t<\/div>\n\t\t\t\t<\/div>\n\t\t\t\t<div class=\"elementor-element elementor-element-814e981 animated-slow elementor-view-default elementor-invisible elementor-widget elementor-widget-icon\" data-id=\"814e981\" data-element_type=\"widget\" data-e-type=\"widget\" data-settings=\"{&quot;_animation&quot;:&quot;headShake&quot;}\" data-widget_type=\"icon.default\">\n\t\t\t\t<div class=\"elementor-widget-container\">\n\t\t\t\t\t\t\t<div class=\"elementor-icon-wrapper\">\n\t\t\t<a class=\"elementor-icon\" href=\"https:\/\/rentallorca.com\/blog\/de\/ferienhaus-sineu\/\">\n\t\t\t<svg aria-hidden=\"true\" class=\"e-font-icon-svg e-fas-long-arrow-alt-right\" viewBox=\"0 0 448 512\" xmlns=\"http:\/\/www.w3.org\/2000\/svg\"><path d=\"M313.941 216H12c-6.627 0-12 5.373-12 12v56c0 6.627 5.373 12 12 12h301.941v46.059c0 21.382 25.851 32.09 40.971 16.971l86.059-86.059c9.373-9.373 9.373-24.569 0-33.941l-86.059-86.059c-15.119-15.119-40.971-4.411-40.971 16.971V216z\"><\/path><\/svg>\t\t\t<\/a>\n\t\t<\/div>\n\t\t\t\t\t\t<\/div>\n\t\t\t\t<\/div>\n\t\t\t\t\t<\/div>\n\t\t\t\t<\/div>\n\t\t\t\t<\/div>\n\t\t\t\t<div data-elementor-type=\"loop-item\" data-elementor-id=\"2081\" class=\"elementor elementor-2081 elementor-2068 elementor-2068 swiper-slide e-loop-item e-loop-item-3391 post-3391 page type-page status-publish has-post-thumbnail hentry\" data-elementor-post-type=\"elementor_library\" role=\"group\" aria-roledescription=\"slide\" data-custom-edit-handle=\"1\">\n\t\t\t<div class=\"elementor-element elementor-element-7d8bdba e-flex e-con-boxed e-con e-parent\" data-id=\"7d8bdba\" data-element_type=\"container\" data-e-type=\"container\">\n\t\t\t\t\t<div class=\"e-con-inner\">\n\t\t\t\t<div class=\"elementor-element elementor-element-6420d0f elementor-widget elementor-widget-image\" data-id=\"6420d0f\" data-element_type=\"widget\" data-e-type=\"widget\" data-widget_type=\"image.default\">\n\t\t\t\t<div class=\"elementor-widget-container\">\n\t\t\t\t\t\t\t\t\t\t\t\t\t\t\t\t<a href=\"https:\/\/rentallorca.com\/blog\/de\/finca-in-alaro\/\">\n\t\t\t\t\t\t\t<img loading=\"lazy\" decoding=\"async\" width=\"800\" height=\"800\" src=\"https:\/\/rentallorca.com\/blog\/wp-content\/uploads\/2025\/12\/alaro.webp\" class=\"attachment-full size-full wp-image-3337\" alt=\"\" srcset=\"https:\/\/rentallorca.com\/blog\/wp-content\/uploads\/2025\/12\/alaro.webp 800w, https:\/\/rentallorca.com\/blog\/wp-content\/uploads\/2025\/12\/alaro-300x300.webp 300w, https:\/\/rentallorca.com\/blog\/wp-content\/uploads\/2025\/12\/alaro-150x150.webp 150w, https:\/\/rentallorca.com\/blog\/wp-content\/uploads\/2025\/12\/alaro-768x768.webp 768w\" sizes=\"(max-width: 800px) 100vw, 800px\" \/>\t\t\t\t\t\t\t\t<\/a>\n\t\t\t\t\t\t\t\t\t\t\t\t\t\t\t<\/div>\n\t\t\t\t<\/div>\n\t\t\t\t<div class=\"elementor-element elementor-element-0a4d3e5 elementor-widget elementor-widget-heading\" data-id=\"0a4d3e5\" data-element_type=\"widget\" data-e-type=\"widget\" data-widget_type=\"heading.default\">\n\t\t\t\t<div class=\"elementor-widget-container\">\n\t\t\t\t\t<h3 class=\"elementor-heading-title elementor-size-default\"><a href=\"https:\/\/rentallorca.com\/blog\/de\/finca-in-alaro\/\">Finca in Alar\u00f3<\/a><\/h3>\t\t\t\t<\/div>\n\t\t\t\t<\/div>\n\t\t\t\t<div class=\"elementor-element elementor-element-814e981 animated-slow elementor-view-default elementor-invisible elementor-widget elementor-widget-icon\" data-id=\"814e981\" data-element_type=\"widget\" data-e-type=\"widget\" data-settings=\"{&quot;_animation&quot;:&quot;headShake&quot;}\" data-widget_type=\"icon.default\">\n\t\t\t\t<div class=\"elementor-widget-container\">\n\t\t\t\t\t\t\t<div class=\"elementor-icon-wrapper\">\n\t\t\t<a class=\"elementor-icon\" href=\"https:\/\/rentallorca.com\/blog\/de\/finca-in-alaro\/\">\n\t\t\t<svg aria-hidden=\"true\" class=\"e-font-icon-svg e-fas-long-arrow-alt-right\" viewBox=\"0 0 448 512\" xmlns=\"http:\/\/www.w3.org\/2000\/svg\"><path d=\"M313.941 216H12c-6.627 0-12 5.373-12 12v56c0 6.627 5.373 12 12 12h301.941v46.059c0 21.382 25.851 32.09 40.971 16.971l86.059-86.059c9.373-9.373 9.373-24.569 0-33.941l-86.059-86.059c-15.119-15.119-40.971-4.411-40.971 16.971V216z\"><\/path><\/svg>\t\t\t<\/a>\n\t\t<\/div>\n\t\t\t\t\t\t<\/div>\n\t\t\t\t<\/div>\n\t\t\t\t\t<\/div>\n\t\t\t\t<\/div>\n\t\t\t\t<\/div>\n\t\t\t\t<div data-elementor-type=\"loop-item\" data-elementor-id=\"2081\" class=\"elementor elementor-2081 elementor-2068 elementor-2068 swiper-slide e-loop-item e-loop-item-3393 post-3393 page type-page status-publish has-post-thumbnail hentry\" data-elementor-post-type=\"elementor_library\" role=\"group\" aria-roledescription=\"slide\" data-custom-edit-handle=\"1\">\n\t\t\t<div class=\"elementor-element elementor-element-7d8bdba e-flex e-con-boxed e-con e-parent\" data-id=\"7d8bdba\" data-element_type=\"container\" data-e-type=\"container\">\n\t\t\t\t\t<div class=\"e-con-inner\">\n\t\t\t\t<div class=\"elementor-element elementor-element-6420d0f elementor-widget elementor-widget-image\" data-id=\"6420d0f\" data-element_type=\"widget\" data-e-type=\"widget\" data-widget_type=\"image.default\">\n\t\t\t\t<div class=\"elementor-widget-container\">\n\t\t\t\t\t\t\t\t\t\t\t\t\t\t\t\t<a href=\"https:\/\/rentallorca.com\/blog\/de\/buchen-sie-eine-reizende-finca-in-llubi\/\">\n\t\t\t\t\t\t\t<img loading=\"lazy\" decoding=\"async\" width=\"800\" height=\"800\" src=\"https:\/\/rentallorca.com\/blog\/wp-content\/uploads\/2025\/12\/llubi.webp\" class=\"attachment-full size-full wp-image-3343\" alt=\"\" srcset=\"https:\/\/rentallorca.com\/blog\/wp-content\/uploads\/2025\/12\/llubi.webp 800w, https:\/\/rentallorca.com\/blog\/wp-content\/uploads\/2025\/12\/llubi-300x300.webp 300w, https:\/\/rentallorca.com\/blog\/wp-content\/uploads\/2025\/12\/llubi-150x150.webp 150w, https:\/\/rentallorca.com\/blog\/wp-content\/uploads\/2025\/12\/llubi-768x768.webp 768w\" sizes=\"(max-width: 800px) 100vw, 800px\" \/>\t\t\t\t\t\t\t\t<\/a>\n\t\t\t\t\t\t\t\t\t\t\t\t\t\t\t<\/div>\n\t\t\t\t<\/div>\n\t\t\t\t<div class=\"elementor-element elementor-element-0a4d3e5 elementor-widget elementor-widget-heading\" data-id=\"0a4d3e5\" data-element_type=\"widget\" data-e-type=\"widget\" data-widget_type=\"heading.default\">\n\t\t\t\t<div class=\"elementor-widget-container\">\n\t\t\t\t\t<h3 class=\"elementor-heading-title elementor-size-default\"><a href=\"https:\/\/rentallorca.com\/blog\/de\/buchen-sie-eine-reizende-finca-in-llubi\/\">Buchen Sie eine reizende Finca in Llub\u00ed<\/a><\/h3>\t\t\t\t<\/div>\n\t\t\t\t<\/div>\n\t\t\t\t<div class=\"elementor-element elementor-element-814e981 animated-slow elementor-view-default elementor-invisible elementor-widget elementor-widget-icon\" data-id=\"814e981\" data-element_type=\"widget\" data-e-type=\"widget\" data-settings=\"{&quot;_animation&quot;:&quot;headShake&quot;}\" data-widget_type=\"icon.default\">\n\t\t\t\t<div class=\"elementor-widget-container\">\n\t\t\t\t\t\t\t<div class=\"elementor-icon-wrapper\">\n\t\t\t<a class=\"elementor-icon\" href=\"https:\/\/rentallorca.com\/blog\/de\/buchen-sie-eine-reizende-finca-in-llubi\/\">\n\t\t\t<svg aria-hidden=\"true\" class=\"e-font-icon-svg e-fas-long-arrow-alt-right\" viewBox=\"0 0 448 512\" xmlns=\"http:\/\/www.w3.org\/2000\/svg\"><path d=\"M313.941 216H12c-6.627 0-12 5.373-12 12v56c0 6.627 5.373 12 12 12h301.941v46.059c0 21.382 25.851 32.09 40.971 16.971l86.059-86.059c9.373-9.373 9.373-24.569 0-33.941l-86.059-86.059c-15.119-15.119-40.971-4.411-40.971 16.971V216z\"><\/path><\/svg>\t\t\t<\/a>\n\t\t<\/div>\n\t\t\t\t\t\t<\/div>\n\t\t\t\t<\/div>\n\t\t\t\t\t<\/div>\n\t\t\t\t<\/div>\n\t\t\t\t<\/div>\n\t\t\t\t<div data-elementor-type=\"loop-item\" data-elementor-id=\"2081\" class=\"elementor elementor-2081 elementor-2068 elementor-2068 swiper-slide e-loop-item e-loop-item-3387 post-3387 page type-page status-publish has-post-thumbnail hentry\" data-elementor-post-type=\"elementor_library\" role=\"group\" aria-roledescription=\"slide\" data-custom-edit-handle=\"1\">\n\t\t\t<div class=\"elementor-element elementor-element-7d8bdba e-flex e-con-boxed e-con e-parent\" data-id=\"7d8bdba\" data-element_type=\"container\" data-e-type=\"container\">\n\t\t\t\t\t<div class=\"e-con-inner\">\n\t\t\t\t<div class=\"elementor-element elementor-element-6420d0f elementor-widget elementor-widget-image\" data-id=\"6420d0f\" data-element_type=\"widget\" data-e-type=\"widget\" data-widget_type=\"image.default\">\n\t\t\t\t<div class=\"elementor-widget-container\">\n\t\t\t\t\t\t\t\t\t\t\t\t\t\t\t\t<a href=\"https:\/\/rentallorca.com\/blog\/de\/immobilien-in-montuiri\/\">\n\t\t\t\t\t\t\t<img loading=\"lazy\" decoding=\"async\" width=\"800\" height=\"800\" src=\"https:\/\/rentallorca.com\/blog\/wp-content\/uploads\/2025\/12\/montuiri.webp\" class=\"attachment-full size-full wp-image-3346\" alt=\"\" srcset=\"https:\/\/rentallorca.com\/blog\/wp-content\/uploads\/2025\/12\/montuiri.webp 800w, https:\/\/rentallorca.com\/blog\/wp-content\/uploads\/2025\/12\/montuiri-300x300.webp 300w, https:\/\/rentallorca.com\/blog\/wp-content\/uploads\/2025\/12\/montuiri-150x150.webp 150w, https:\/\/rentallorca.com\/blog\/wp-content\/uploads\/2025\/12\/montuiri-768x768.webp 768w\" sizes=\"(max-width: 800px) 100vw, 800px\" \/>\t\t\t\t\t\t\t\t<\/a>\n\t\t\t\t\t\t\t\t\t\t\t\t\t\t\t<\/div>\n\t\t\t\t<\/div>\n\t\t\t\t<div class=\"elementor-element elementor-element-0a4d3e5 elementor-widget elementor-widget-heading\" data-id=\"0a4d3e5\" data-element_type=\"widget\" data-e-type=\"widget\" data-widget_type=\"heading.default\">\n\t\t\t\t<div class=\"elementor-widget-container\">\n\t\t\t\t\t<h3 class=\"elementor-heading-title elementor-size-default\"><a href=\"https:\/\/rentallorca.com\/blog\/de\/immobilien-in-montuiri\/\">Immobilien in Montu\u00efri<\/a><\/h3>\t\t\t\t<\/div>\n\t\t\t\t<\/div>\n\t\t\t\t<div class=\"elementor-element elementor-element-814e981 animated-slow elementor-view-default elementor-invisible elementor-widget elementor-widget-icon\" data-id=\"814e981\" data-element_type=\"widget\" data-e-type=\"widget\" data-settings=\"{&quot;_animation&quot;:&quot;headShake&quot;}\" data-widget_type=\"icon.default\">\n\t\t\t\t<div class=\"elementor-widget-container\">\n\t\t\t\t\t\t\t<div class=\"elementor-icon-wrapper\">\n\t\t\t<a class=\"elementor-icon\" href=\"https:\/\/rentallorca.com\/blog\/de\/immobilien-in-montuiri\/\">\n\t\t\t<svg aria-hidden=\"true\" class=\"e-font-icon-svg e-fas-long-arrow-alt-right\" viewBox=\"0 0 448 512\" xmlns=\"http:\/\/www.w3.org\/2000\/svg\"><path d=\"M313.941 216H12c-6.627 0-12 5.373-12 12v56c0 6.627 5.373 12 12 12h301.941v46.059c0 21.382 25.851 32.09 40.971 16.971l86.059-86.059c9.373-9.373 9.373-24.569 0-33.941l-86.059-86.059c-15.119-15.119-40.971-4.411-40.971 16.971V216z\"><\/path><\/svg>\t\t\t<\/a>\n\t\t<\/div>\n\t\t\t\t\t\t<\/div>\n\t\t\t\t<\/div>\n\t\t\t\t\t<\/div>\n\t\t\t\t<\/div>\n\t\t\t\t<\/div>\n\t\t\t\t<div data-elementor-type=\"loop-item\" data-elementor-id=\"2081\" class=\"elementor elementor-2081 elementor-2068 elementor-2068 swiper-slide e-loop-item e-loop-item-3575 post-3575 page type-page status-publish has-post-thumbnail hentry\" data-elementor-post-type=\"elementor_library\" role=\"group\" aria-roledescription=\"slide\" data-custom-edit-handle=\"1\">\n\t\t\t<div class=\"elementor-element elementor-element-7d8bdba e-flex e-con-boxed e-con e-parent\" data-id=\"7d8bdba\" data-element_type=\"container\" data-e-type=\"container\">\n\t\t\t\t\t<div class=\"e-con-inner\">\n\t\t\t\t<div class=\"elementor-element elementor-element-6420d0f elementor-widget elementor-widget-image\" data-id=\"6420d0f\" data-element_type=\"widget\" data-e-type=\"widget\" data-widget_type=\"image.default\">\n\t\t\t\t<div class=\"elementor-widget-container\">\n\t\t\t\t\t\t\t\t\t\t\t\t\t\t\t\t<a href=\"https:\/\/rentallorca.com\/blog\/de\/finca-son-servera-mallorca\/\">\n\t\t\t\t\t\t\t<img loading=\"lazy\" decoding=\"async\" width=\"800\" height=\"800\" src=\"https:\/\/rentallorca.com\/blog\/wp-content\/uploads\/2026\/01\/alquiler-son-servera.webp\" class=\"attachment-full size-full wp-image-3534\" alt=\"\" srcset=\"https:\/\/rentallorca.com\/blog\/wp-content\/uploads\/2026\/01\/alquiler-son-servera.webp 800w, https:\/\/rentallorca.com\/blog\/wp-content\/uploads\/2026\/01\/alquiler-son-servera-300x300.webp 300w, https:\/\/rentallorca.com\/blog\/wp-content\/uploads\/2026\/01\/alquiler-son-servera-150x150.webp 150w, https:\/\/rentallorca.com\/blog\/wp-content\/uploads\/2026\/01\/alquiler-son-servera-768x768.webp 768w\" sizes=\"(max-width: 800px) 100vw, 800px\" \/>\t\t\t\t\t\t\t\t<\/a>\n\t\t\t\t\t\t\t\t\t\t\t\t\t\t\t<\/div>\n\t\t\t\t<\/div>\n\t\t\t\t<div class=\"elementor-element elementor-element-0a4d3e5 elementor-widget elementor-widget-heading\" data-id=\"0a4d3e5\" data-element_type=\"widget\" data-e-type=\"widget\" data-widget_type=\"heading.default\">\n\t\t\t\t<div class=\"elementor-widget-container\">\n\t\t\t\t\t<h3 class=\"elementor-heading-title elementor-size-default\"><a href=\"https:\/\/rentallorca.com\/blog\/de\/finca-son-servera-mallorca\/\">Finden Sie eine Finca Son Servera Mallorca<\/a><\/h3>\t\t\t\t<\/div>\n\t\t\t\t<\/div>\n\t\t\t\t<div class=\"elementor-element elementor-element-814e981 animated-slow elementor-view-default elementor-invisible elementor-widget elementor-widget-icon\" data-id=\"814e981\" data-element_type=\"widget\" data-e-type=\"widget\" data-settings=\"{&quot;_animation&quot;:&quot;headShake&quot;}\" data-widget_type=\"icon.default\">\n\t\t\t\t<div class=\"elementor-widget-container\">\n\t\t\t\t\t\t\t<div class=\"elementor-icon-wrapper\">\n\t\t\t<a class=\"elementor-icon\" href=\"https:\/\/rentallorca.com\/blog\/de\/finca-son-servera-mallorca\/\">\n\t\t\t<svg aria-hidden=\"true\" class=\"e-font-icon-svg e-fas-long-arrow-alt-right\" viewBox=\"0 0 448 512\" xmlns=\"http:\/\/www.w3.org\/2000\/svg\"><path d=\"M313.941 216H12c-6.627 0-12 5.373-12 12v56c0 6.627 5.373 12 12 12h301.941v46.059c0 21.382 25.851 32.09 40.971 16.971l86.059-86.059c9.373-9.373 9.373-24.569 0-33.941l-86.059-86.059c-15.119-15.119-40.971-4.411-40.971 16.971V216z\"><\/path><\/svg>\t\t\t<\/a>\n\t\t<\/div>\n\t\t\t\t\t\t<\/div>\n\t\t\t\t<\/div>\n\t\t\t\t\t<\/div>\n\t\t\t\t<\/div>\n\t\t\t\t<\/div>\n\t\t\t\t<div data-elementor-type=\"loop-item\" data-elementor-id=\"2081\" class=\"elementor elementor-2081 elementor-2068 elementor-2068 swiper-slide e-loop-item e-loop-item-3569 post-3569 page type-page status-publish has-post-thumbnail hentry\" data-elementor-post-type=\"elementor_library\" role=\"group\" aria-roledescription=\"slide\" data-custom-edit-handle=\"1\">\n\t\t\t<div class=\"elementor-element elementor-element-7d8bdba e-flex e-con-boxed e-con e-parent\" data-id=\"7d8bdba\" data-element_type=\"container\" data-e-type=\"container\">\n\t\t\t\t\t<div class=\"e-con-inner\">\n\t\t\t\t<div class=\"elementor-element elementor-element-6420d0f elementor-widget elementor-widget-image\" data-id=\"6420d0f\" data-element_type=\"widget\" data-e-type=\"widget\" data-widget_type=\"image.default\">\n\t\t\t\t<div class=\"elementor-widget-container\">\n\t\t\t\t\t\t\t\t\t\t\t\t\t\t\t\t<a href=\"https:\/\/rentallorca.com\/blog\/de\/ferienwohnung-alcanada\/\">\n\t\t\t\t\t\t\t<img loading=\"lazy\" decoding=\"async\" width=\"800\" height=\"800\" src=\"https:\/\/rentallorca.com\/blog\/wp-content\/uploads\/2026\/01\/alquiler-alcanada-alcudia.webp\" class=\"attachment-full size-full wp-image-3528\" alt=\"\" srcset=\"https:\/\/rentallorca.com\/blog\/wp-content\/uploads\/2026\/01\/alquiler-alcanada-alcudia.webp 800w, https:\/\/rentallorca.com\/blog\/wp-content\/uploads\/2026\/01\/alquiler-alcanada-alcudia-300x300.webp 300w, https:\/\/rentallorca.com\/blog\/wp-content\/uploads\/2026\/01\/alquiler-alcanada-alcudia-150x150.webp 150w, https:\/\/rentallorca.com\/blog\/wp-content\/uploads\/2026\/01\/alquiler-alcanada-alcudia-768x768.webp 768w\" sizes=\"(max-width: 800px) 100vw, 800px\" \/>\t\t\t\t\t\t\t\t<\/a>\n\t\t\t\t\t\t\t\t\t\t\t\t\t\t\t<\/div>\n\t\t\t\t<\/div>\n\t\t\t\t<div class=\"elementor-element elementor-element-0a4d3e5 elementor-widget elementor-widget-heading\" data-id=\"0a4d3e5\" data-element_type=\"widget\" data-e-type=\"widget\" data-widget_type=\"heading.default\">\n\t\t\t\t<div class=\"elementor-widget-container\">\n\t\t\t\t\t<h3 class=\"elementor-heading-title elementor-size-default\"><a href=\"https:\/\/rentallorca.com\/blog\/de\/ferienwohnung-alcanada\/\">Finden Sie eine Ferienwohnung Alcanada<\/a><\/h3>\t\t\t\t<\/div>\n\t\t\t\t<\/div>\n\t\t\t\t<div class=\"elementor-element elementor-element-814e981 animated-slow elementor-view-default elementor-invisible elementor-widget elementor-widget-icon\" data-id=\"814e981\" data-element_type=\"widget\" data-e-type=\"widget\" data-settings=\"{&quot;_animation&quot;:&quot;headShake&quot;}\" data-widget_type=\"icon.default\">\n\t\t\t\t<div class=\"elementor-widget-container\">\n\t\t\t\t\t\t\t<div class=\"elementor-icon-wrapper\">\n\t\t\t<a class=\"elementor-icon\" href=\"https:\/\/rentallorca.com\/blog\/de\/ferienwohnung-alcanada\/\">\n\t\t\t<svg aria-hidden=\"true\" class=\"e-font-icon-svg e-fas-long-arrow-alt-right\" viewBox=\"0 0 448 512\" xmlns=\"http:\/\/www.w3.org\/2000\/svg\"><path d=\"M313.941 216H12c-6.627 0-12 5.373-12 12v56c0 6.627 5.373 12 12 12h301.941v46.059c0 21.382 25.851 32.09 40.971 16.971l86.059-86.059c9.373-9.373 9.373-24.569 0-33.941l-86.059-86.059c-15.119-15.119-40.971-4.411-40.971 16.971V216z\"><\/path><\/svg>\t\t\t<\/a>\n\t\t<\/div>\n\t\t\t\t\t\t<\/div>\n\t\t\t\t<\/div>\n\t\t\t\t\t<\/div>\n\t\t\t\t<\/div>\n\t\t\t\t<\/div>\n\t\t\t\t<\/div>\n\t\t<\/div>\n\t\t\t\t\t\t<\/div>\n\t\t\t\t<\/div>\n\t\t\t\t\t<\/div>\n\t\t\t\t<\/div>\n\t\t\t\t<\/div>\n\t\t","protected":false},"excerpt":{"rendered":"<p>Ihre Reise nach Mallorca Bereiten Sie Ihre Reise nach Mallorca durch unsere Artikel vor, in denen wir die malerischsten und charmantesten Orte der Insel erkunden. Von der Sch\u00f6nheit der K\u00fcsten von Alcudia und Pollensa bis hin zur Authentizit\u00e4t von Soller und Petra f\u00fchren wir Sie an Orte voller Geschichte, Natur und lokaler Gastronomie. Wenn Sie [&hellip;]<\/p>\n","protected":false},"author":2,"featured_media":153,"parent":0,"menu_order":0,"comment_status":"closed","ping_status":"closed","template":"","meta":{"footnotes":""},"class_list":["post-197","page","type-page","status-publish","has-post-thumbnail","hentry"],"yoast_head":"<!-- This site is optimized with the Yoast SEO plugin v27.5 - https:\/\/yoast.com\/product\/yoast-seo-wordpress\/ -->\n<title>Planen Sie Ihre Reise nach Mallorca mit Rentallorca<\/title>\n<meta name=\"description\" content=\"Bereiten Sie Ihre Reise nach Mallorca mit unseren Artikeln vor. Finden Sie Informationen und Tipps von Inselexperten. Planen Sie eine tolle Reise!\" \/>\n<meta name=\"robots\" content=\"index, follow, max-snippet:-1, max-image-preview:large, max-video-preview:-1\" \/>\n<link rel=\"canonical\" href=\"https:\/\/rentallorca.com\/blog\/de\/\" \/>\n<meta property=\"og:locale\" content=\"de_DE\" \/>\n<meta property=\"og:type\" content=\"article\" \/>\n<meta property=\"og:title\" content=\"Planen Sie Ihre Reise nach Mallorca mit Rentallorca\" \/>\n<meta property=\"og:description\" content=\"Bereiten Sie Ihre Reise nach Mallorca mit unseren Artikeln vor. Finden Sie Informationen und Tipps von Inselexperten. Planen Sie eine tolle Reise!\" \/>\n<meta property=\"og:url\" content=\"https:\/\/rentallorca.com\/blog\/de\/\" \/>\n<meta property=\"og:site_name\" content=\"Blog\" \/>\n<meta property=\"article:modified_time\" content=\"2026-01-16T13:05:53+00:00\" \/>\n<meta property=\"og:image\" content=\"https:\/\/rentallorca.com\/blog\/wp-content\/uploads\/2025\/02\/blog-rentallorca-2.webp\" \/>\n\t<meta property=\"og:image:width\" content=\"1920\" \/>\n\t<meta property=\"og:image:height\" content=\"650\" \/>\n\t<meta property=\"og:image:type\" content=\"image\/webp\" \/>\n<meta name=\"twitter:card\" content=\"summary_large_image\" \/>\n<meta name=\"twitter:label1\" content=\"Est. reading time\" \/>\n\t<meta name=\"twitter:data1\" content=\"13 minutes\" \/>\n<script type=\"application\/ld+json\" class=\"yoast-schema-graph\">{\"@context\":\"https:\\\/\\\/schema.org\",\"@graph\":[{\"@type\":\"WebPage\",\"@id\":\"https:\\\/\\\/rentallorca.com\\\/blog\\\/de\\\/\",\"url\":\"https:\\\/\\\/rentallorca.com\\\/blog\\\/de\\\/\",\"name\":\"Planen Sie Ihre Reise nach Mallorca mit Rentallorca\",\"isPartOf\":{\"@id\":\"https:\\\/\\\/rentallorca.com\\\/blog\\\/de\\\/#website\"},\"primaryImageOfPage\":{\"@id\":\"https:\\\/\\\/rentallorca.com\\\/blog\\\/de\\\/#primaryimage\"},\"image\":{\"@id\":\"https:\\\/\\\/rentallorca.com\\\/blog\\\/de\\\/#primaryimage\"},\"thumbnailUrl\":\"https:\\\/\\\/rentallorca.com\\\/blog\\\/wp-content\\\/uploads\\\/2025\\\/02\\\/blog-rentallorca-2.webp\",\"datePublished\":\"2025-01-31T09:04:39+00:00\",\"dateModified\":\"2026-01-16T13:05:53+00:00\",\"description\":\"Bereiten Sie Ihre Reise nach Mallorca mit unseren Artikeln vor. Finden Sie Informationen und Tipps von Inselexperten. Planen Sie eine tolle Reise!\",\"breadcrumb\":{\"@id\":\"https:\\\/\\\/rentallorca.com\\\/blog\\\/de\\\/#breadcrumb\"},\"inLanguage\":\"de\",\"potentialAction\":[{\"@type\":\"ReadAction\",\"target\":[\"https:\\\/\\\/rentallorca.com\\\/blog\\\/de\\\/\"]}]},{\"@type\":\"ImageObject\",\"inLanguage\":\"de\",\"@id\":\"https:\\\/\\\/rentallorca.com\\\/blog\\\/de\\\/#primaryimage\",\"url\":\"https:\\\/\\\/rentallorca.com\\\/blog\\\/wp-content\\\/uploads\\\/2025\\\/02\\\/blog-rentallorca-2.webp\",\"contentUrl\":\"https:\\\/\\\/rentallorca.com\\\/blog\\\/wp-content\\\/uploads\\\/2025\\\/02\\\/blog-rentallorca-2.webp\",\"width\":1920,\"height\":650,\"caption\":\"rentallorca\"},{\"@type\":\"BreadcrumbList\",\"@id\":\"https:\\\/\\\/rentallorca.com\\\/blog\\\/de\\\/#breadcrumb\",\"itemListElement\":[{\"@type\":\"ListItem\",\"position\":1,\"name\":\"Home\",\"item\":\"https:\\\/\\\/rentallorca.com\\\/blog\\\/de\\\/\"},{\"@type\":\"ListItem\",\"position\":2,\"name\":\"Ihre Reise nach Mallorca\"}]},{\"@type\":\"WebSite\",\"@id\":\"https:\\\/\\\/rentallorca.com\\\/blog\\\/de\\\/#website\",\"url\":\"https:\\\/\\\/rentallorca.com\\\/blog\\\/de\\\/\",\"name\":\"Blog\",\"description\":\"Rentallorca\",\"potentialAction\":[{\"@type\":\"SearchAction\",\"target\":{\"@type\":\"EntryPoint\",\"urlTemplate\":\"https:\\\/\\\/rentallorca.com\\\/blog\\\/de\\\/?s={search_term_string}\"},\"query-input\":{\"@type\":\"PropertyValueSpecification\",\"valueRequired\":true,\"valueName\":\"search_term_string\"}}],\"inLanguage\":\"de\"}]}<\/script>\n<!-- \/ Yoast SEO plugin. -->","yoast_head_json":{"title":"Planen Sie Ihre Reise nach Mallorca mit Rentallorca","description":"Bereiten Sie Ihre Reise nach Mallorca mit unseren Artikeln vor. Finden Sie Informationen und Tipps von Inselexperten. Planen Sie eine tolle Reise!","robots":{"index":"index","follow":"follow","max-snippet":"max-snippet:-1","max-image-preview":"max-image-preview:large","max-video-preview":"max-video-preview:-1"},"canonical":"https:\/\/rentallorca.com\/blog\/de\/","og_locale":"de_DE","og_type":"article","og_title":"Planen Sie Ihre Reise nach Mallorca mit Rentallorca","og_description":"Bereiten Sie Ihre Reise nach Mallorca mit unseren Artikeln vor. Finden Sie Informationen und Tipps von Inselexperten. Planen Sie eine tolle Reise!","og_url":"https:\/\/rentallorca.com\/blog\/de\/","og_site_name":"Blog","article_modified_time":"2026-01-16T13:05:53+00:00","og_image":[{"width":1920,"height":650,"url":"https:\/\/rentallorca.com\/blog\/wp-content\/uploads\/2025\/02\/blog-rentallorca-2.webp","type":"image\/webp"}],"twitter_card":"summary_large_image","twitter_misc":{"Est. reading time":"13 minutes"},"schema":{"@context":"https:\/\/schema.org","@graph":[{"@type":"WebPage","@id":"https:\/\/rentallorca.com\/blog\/de\/","url":"https:\/\/rentallorca.com\/blog\/de\/","name":"Planen Sie Ihre Reise nach Mallorca mit Rentallorca","isPartOf":{"@id":"https:\/\/rentallorca.com\/blog\/de\/#website"},"primaryImageOfPage":{"@id":"https:\/\/rentallorca.com\/blog\/de\/#primaryimage"},"image":{"@id":"https:\/\/rentallorca.com\/blog\/de\/#primaryimage"},"thumbnailUrl":"https:\/\/rentallorca.com\/blog\/wp-content\/uploads\/2025\/02\/blog-rentallorca-2.webp","datePublished":"2025-01-31T09:04:39+00:00","dateModified":"2026-01-16T13:05:53+00:00","description":"Bereiten Sie Ihre Reise nach Mallorca mit unseren Artikeln vor. Finden Sie Informationen und Tipps von Inselexperten. Planen Sie eine tolle Reise!","breadcrumb":{"@id":"https:\/\/rentallorca.com\/blog\/de\/#breadcrumb"},"inLanguage":"de","potentialAction":[{"@type":"ReadAction","target":["https:\/\/rentallorca.com\/blog\/de\/"]}]},{"@type":"ImageObject","inLanguage":"de","@id":"https:\/\/rentallorca.com\/blog\/de\/#primaryimage","url":"https:\/\/rentallorca.com\/blog\/wp-content\/uploads\/2025\/02\/blog-rentallorca-2.webp","contentUrl":"https:\/\/rentallorca.com\/blog\/wp-content\/uploads\/2025\/02\/blog-rentallorca-2.webp","width":1920,"height":650,"caption":"rentallorca"},{"@type":"BreadcrumbList","@id":"https:\/\/rentallorca.com\/blog\/de\/#breadcrumb","itemListElement":[{"@type":"ListItem","position":1,"name":"Home","item":"https:\/\/rentallorca.com\/blog\/de\/"},{"@type":"ListItem","position":2,"name":"Ihre Reise nach Mallorca"}]},{"@type":"WebSite","@id":"https:\/\/rentallorca.com\/blog\/de\/#website","url":"https:\/\/rentallorca.com\/blog\/de\/","name":"Blog","description":"Rentallorca","potentialAction":[{"@type":"SearchAction","target":{"@type":"EntryPoint","urlTemplate":"https:\/\/rentallorca.com\/blog\/de\/?s={search_term_string}"},"query-input":{"@type":"PropertyValueSpecification","valueRequired":true,"valueName":"search_term_string"}}],"inLanguage":"de"}]}},"_links":{"self":[{"href":"https:\/\/rentallorca.com\/blog\/de\/wp-json\/wp\/v2\/pages\/197","targetHints":{"allow":["GET"]}}],"collection":[{"href":"https:\/\/rentallorca.com\/blog\/de\/wp-json\/wp\/v2\/pages"}],"about":[{"href":"https:\/\/rentallorca.com\/blog\/de\/wp-json\/wp\/v2\/types\/page"}],"author":[{"embeddable":true,"href":"https:\/\/rentallorca.com\/blog\/de\/wp-json\/wp\/v2\/users\/2"}],"replies":[{"embeddable":true,"href":"https:\/\/rentallorca.com\/blog\/de\/wp-json\/wp\/v2\/comments?post=197"}],"version-history":[{"count":184,"href":"https:\/\/rentallorca.com\/blog\/de\/wp-json\/wp\/v2\/pages\/197\/revisions"}],"predecessor-version":[{"id":3596,"href":"https:\/\/rentallorca.com\/blog\/de\/wp-json\/wp\/v2\/pages\/197\/revisions\/3596"}],"wp:featuredmedia":[{"embeddable":true,"href":"https:\/\/rentallorca.com\/blog\/de\/wp-json\/wp\/v2\/media\/153"}],"wp:attachment":[{"href":"https:\/\/rentallorca.com\/blog\/de\/wp-json\/wp\/v2\/media?parent=197"}],"curies":[{"name":"wp","href":"https:\/\/api.w.org\/{rel}","templated":true}]}}